{"id":1611,"date":"2023-01-28T14:11:36","date_gmt":"2023-01-28T20:11:36","guid":{"rendered":"https:\/\/omnesbands.international\/?page_id=1611"},"modified":"2023-01-28T14:11:38","modified_gmt":"2023-01-28T20:11:38","slug":"alfredo-anduix-rodriguez-2","status":"publish","type":"page","link":"https:\/\/www.omnesbands.international\/de\/alfredo-anduix-rodriguez-2\/","title":{"rendered":"Alfredo Anduix Rodr\u00edguez"},"content":{"rendered":"<div class=\"wp-block-uagb-container uagb-block-82591e48 alignfull uagb-is-root-container\"><div class=\"uagb-container-inner-blocks-wrap\">\n<div class=\"wp-block-uagb-advanced-heading uagb-block-8386a37d\"><h1 class=\"uagb-heading-text\">Alfredo Anduix Rodr\u00edguez<\/h1><\/div>\n<\/div><\/div>\n\n\n\n<div class=\"wp-block-uagb-container uagb-block-208af08f alignfull uagb-is-root-container\"><div class=\"uagb-container-inner-blocks-wrap\">\n<div class=\"wp-block-uagb-container uagb-block-c25ebd50 alignfull uagb-is-root-container\"><div class=\"uagb-container-inner-blocks-wrap\">\n<p>Alfredo Anduix Rodr\u00edguez wurde am 27. November 1960 in Cocentaina geboren. Er studierte seine ersten musikalischen Studien an der Schule der Uni\u00f3n Musical Contestana und setzte sie sp\u00e4ter an den Konservatorien von Alcoy, Alicante, Pamplona und Madrid fort, wo er sich auf Posaune und Dirigieren spezialisierte . Er ist Gr\u00fcndungsmitglied der Sociedad Ateneo Musical de Cocentaina. Derzeit entwickelt er seine berufliche T\u00e4tigkeit in der Gemeinschaft von Madrid, sowohl als Lehrer in Musikschulen und Chorgruppen als auch als Instrumentalist und Komponist.<\/p>\n\n\n<div class=\"woocommerce columns-4\"><ul class=\"products columns-4\">\n<li class=\"desktop-align-left tablet-align-left mobile-align-left ast-product-gallery-layout-horizontal-slider product type-product post-985 status-publish first instock product_cat-musica-de-calle product_tag-alfredo-anduix-rodriguez has-post-thumbnail downloadable virtual taxable purchasable product-type-simple\">\n\t<a href=\"https:\/\/www.omnesbands.international\/de\/produkt\/aitas\/\" class=\"woocommerce-LoopProduct-link woocommerce-loop-product__link\"><img loading=\"lazy\" decoding=\"async\" width=\"300\" height=\"300\" src=\"https:\/\/www.omnesbands.international\/wp-content\/uploads\/2023\/01\/Aitas-300x300.jpg\" class=\"attachment-woocommerce_thumbnail size-woocommerce_thumbnail\" alt=\"Aitas\" srcset=\"https:\/\/www.omnesbands.international\/wp-content\/uploads\/2023\/01\/Aitas-300x300.jpg 300w, https:\/\/www.omnesbands.international\/wp-content\/uploads\/2023\/01\/Aitas-150x150.jpg 150w, https:\/\/www.omnesbands.international\/wp-content\/uploads\/2023\/01\/Aitas-100x100.jpg 100w\" sizes=\"auto, (max-width: 300px) 100vw, 300px\" \/><h2 class=\"woocommerce-loop-product__title\">aitas<\/h2>\n\t<span class=\"price\"><span class=\"woocommerce-Price-amount amount\"><bdi><span class=\"woocommerce-Price-currencySymbol\">&#36;<\/span>30.00<\/bdi><\/span><\/span>\n<\/a><a href=\"\/de\/wp-json\/wp\/v2\/pages\/1611?add-to-cart=985\" aria-describedby=\"woocommerce_loop_add_to_cart_link_describedby_985\" data-quantity=\"1\" class=\"button product_type_simple add_to_cart_button ajax_add_to_cart\" data-product_id=\"985\" data-product_sku=\"AIT-CAL-ESP-22\" aria-label=\"Zum Warenkorb hinzuf\u00fcgen: \u201eAitas\u201c\" rel=\"nofollow\" data-success_message=\"\u201eAitas\u201c wurde deinem Warenkorb hinzugef\u00fcgt\" role=\"button\" data-no-translation=\"\" data-trp-gettext=\"\" data-no-translation-aria-label=\"\" data-no-translation-data-success_message=\"\">In den Warenkorb<\/a>\t<span id=\"woocommerce_loop_add_to_cart_link_describedby_985\" class=\"screen-reader-text\">\n\t\t\t<\/span>\n<\/li>\n<\/ul>\n<\/div>\n<\/div><\/div>\n<\/div><\/div>","protected":false},"excerpt":{"rendered":"<p>Alfredo Anduix Rodr\u00edguez Alfredo Anduix Rodr\u00edguez naci\u00f3 en Cocentaina el 27 de noviembre de 1960. Cursa sus primeros estudios musicales en la escuela de la Uni\u00f3n Musical Contestana, siguiendo posteriormente los mismos en los conservatorios de Alcoy, Alicante, Pamplona y Madrid, donde se especializa en tromb\u00f3n y direcci\u00f3n de coro. Es miembro fundador de la [&hellip;]<\/p>\n","protected":false},"author":4,"featured_media":0,"parent":0,"menu_order":0,"comment_status":"closed","ping_status":"closed","template":"","meta":{"_acf_changed":false,"_uag_custom_page_level_css":"","site-sidebar-layout":"default","site-content-layout":"","ast-site-content-layout":"default","site-content-style":"default","site-sidebar-style":"default","ast-global-header-display":"","ast-banner-title-visibility":"","ast-main-header-display":"","ast-hfb-above-header-display":"","ast-hfb-below-header-display":"","ast-hfb-mobile-header-display":"","site-post-title":"disabled","ast-breadcrumbs-content":"","ast-featured-img":"","footer-sml-layout":"","ast-disable-related-posts":"","theme-transparent-header-meta":"","adv-header-id-meta":"","stick-header-meta":"","header-above-stick-meta":"","header-main-stick-meta":"","header-below-stick-meta":"","astra-migrate-meta-layouts":"default","ast-page-background-enabled":"default","ast-page-background-meta":{"desktop":{"background-color":"","background-image":"","background-repeat":"repeat","background-position":"center center","background-size":"auto","background-attachment":"scroll","background-type":"","background-media":"","overlay-type":"","overlay-color":"","overlay-opacity":"","overlay-gradient":""},"tablet":{"background-color":"","background-image":"","background-repeat":"repeat","background-position":"center center","background-size":"auto","background-attachment":"scroll","background-type":"","background-media":"","overlay-type":"","overlay-color":"","overlay-opacity":"","overlay-gradient":""},"mobile":{"background-color":"","background-image":"","background-repeat":"repeat","background-position":"center center","background-size":"auto","background-attachment":"scroll","background-type":"","background-media":"","overlay-type":"","overlay-color":"","overlay-opacity":"","overlay-gradient":""}},"ast-content-background-meta":{"desktop":{"background-color":"var(--ast-global-color-5)","background-image":"","background-repeat":"repeat","background-position":"center center","background-size":"auto","background-attachment":"scroll","background-type":"","background-media":"","overlay-type":"","overlay-color":"","overlay-opacity":"","overlay-gradient":""},"tablet":{"background-color":"var(--ast-global-color-5)","background-image":"","background-repeat":"repeat","background-position":"center center","background-size":"auto","background-attachment":"scroll","background-type":"","background-media":"","overlay-type":"","overlay-color":"","overlay-opacity":"","overlay-gradient":""},"mobile":{"background-color":"var(--ast-global-color-5)","background-image":"","background-repeat":"repeat","background-position":"center center","background-size":"auto","background-attachment":"scroll","background-type":"","background-media":"","overlay-type":"","overlay-color":"","overlay-opacity":"","overlay-gradient":""}},"footnotes":""},"class_list":["post-1611","page","type-page","status-publish","hentry"],"acf":[],"yoast_head":"<!-- This site is optimized with the Yoast SEO Premium plugin v22.4 (Yoast SEO v27.4) - https:\/\/yoast.com\/product\/yoast-seo-premium-wordpress\/ -->\n<title>Alfredo Anduix Rodr\u00edguez -<\/title>\n<meta name=\"robots\" content=\"index, follow, max-snippet:-1, max-image-preview:large, max-video-preview:-1\" \/>\n<link rel=\"canonical\" href=\"https:\/\/www.omnesbands.international\/de\/alfredo-anduix-rodriguez-2\/\" \/>\n<meta property=\"og:locale\" content=\"de_DE\" \/>\n<meta property=\"og:type\" content=\"article\" \/>\n<meta property=\"og:title\" content=\"Alfredo Anduix Rodr\u00edguez\" \/>\n<meta property=\"og:description\" content=\"Alfredo Anduix Rodr\u00edguez Alfredo Anduix Rodr\u00edguez naci\u00f3 en Cocentaina el 27 de noviembre de 1960. Cursa sus primeros estudios musicales en la escuela de la Uni\u00f3n Musical Contestana, siguiendo posteriormente los mismos en los conservatorios de Alcoy, Alicante, Pamplona y Madrid, donde se especializa en tromb\u00f3n y direcci\u00f3n de coro. Es miembro fundador de la [&hellip;]\" \/>\n<meta property=\"og:url\" content=\"https:\/\/www.omnesbands.international\/de\/alfredo-anduix-rodriguez-2\/\" \/>\n<meta property=\"article:modified_time\" content=\"2023-01-28T20:11:38+00:00\" \/>\n<meta property=\"og:image\" content=\"https:\/\/www.omnesbands.international\/wp-content\/uploads\/2023\/01\/music-sheet-music-snowdrop-7107045.jpg\" \/>\n\t<meta property=\"og:image:width\" content=\"1280\" \/>\n\t<meta property=\"og:image:height\" content=\"742\" \/>\n\t<meta property=\"og:image:type\" content=\"image\/jpeg\" \/>\n<meta name=\"twitter:card\" content=\"summary_large_image\" \/>\n<script type=\"application\/ld+json\" class=\"yoast-schema-graph\">{\"@context\":\"https:\\\/\\\/schema.org\",\"@graph\":[{\"@type\":\"WebPage\",\"@id\":\"https:\\\/\\\/www.omnesbands.international\\\/en\\\/alfredo-anduix-rodriguez-2\\\/\",\"url\":\"https:\\\/\\\/www.omnesbands.international\\\/en\\\/alfredo-anduix-rodriguez-2\\\/\",\"name\":\"Alfredo Anduix Rodr\u00edguez -\",\"isPartOf\":{\"@id\":\"https:\\\/\\\/www.omnesbands.international\\\/#website\"},\"datePublished\":\"2023-01-28T20:11:36+00:00\",\"dateModified\":\"2023-01-28T20:11:38+00:00\",\"breadcrumb\":{\"@id\":\"https:\\\/\\\/www.omnesbands.international\\\/en\\\/alfredo-anduix-rodriguez-2\\\/#breadcrumb\"},\"inLanguage\":\"de\",\"potentialAction\":[{\"@type\":\"ReadAction\",\"target\":[\"https:\\\/\\\/www.omnesbands.international\\\/en\\\/alfredo-anduix-rodriguez-2\\\/\"]}]},{\"@type\":\"BreadcrumbList\",\"@id\":\"https:\\\/\\\/www.omnesbands.international\\\/en\\\/alfredo-anduix-rodriguez-2\\\/#breadcrumb\",\"itemListElement\":[{\"@type\":\"ListItem\",\"position\":1,\"name\":\"Portada\",\"item\":\"https:\\\/\\\/www.omnesbands.international\\\/\"},{\"@type\":\"ListItem\",\"position\":2,\"name\":\"Alfredo Anduix Rodr\u00edguez\"}]},{\"@type\":\"WebSite\",\"@id\":\"https:\\\/\\\/www.omnesbands.international\\\/#website\",\"url\":\"https:\\\/\\\/www.omnesbands.international\\\/\",\"name\":\"OMNESBANDS International\",\"description\":\"Partituras Originales de autores y compositores independientes\",\"publisher\":{\"@id\":\"https:\\\/\\\/www.omnesbands.international\\\/#organization\"},\"potentialAction\":[{\"@type\":\"SearchAction\",\"target\":{\"@type\":\"EntryPoint\",\"urlTemplate\":\"https:\\\/\\\/www.omnesbands.international\\\/?s={search_term_string}\"},\"query-input\":{\"@type\":\"PropertyValueSpecification\",\"valueRequired\":true,\"valueName\":\"search_term_string\"}}],\"inLanguage\":\"de\"},{\"@type\":\"Organization\",\"@id\":\"https:\\\/\\\/www.omnesbands.international\\\/#organization\",\"name\":\"Indra Consultores Internacionales\",\"alternateName\":\"Omnesbands\",\"url\":\"https:\\\/\\\/www.omnesbands.international\\\/\",\"logo\":{\"@type\":\"ImageObject\",\"inLanguage\":\"de\",\"@id\":\"https:\\\/\\\/www.omnesbands.international\\\/#\\\/schema\\\/logo\\\/image\\\/\",\"url\":\"https:\\\/\\\/omnesbands.international\\\/wp-content\\\/uploads\\\/2023\\\/06\\\/Logo-Nuevo-.png\",\"contentUrl\":\"https:\\\/\\\/omnesbands.international\\\/wp-content\\\/uploads\\\/2023\\\/06\\\/Logo-Nuevo-.png\",\"width\":394,\"height\":212,\"caption\":\"Indra Consultores Internacionales\"},\"image\":{\"@id\":\"https:\\\/\\\/www.omnesbands.international\\\/#\\\/schema\\\/logo\\\/image\\\/\"}}]}<\/script>\n<!-- \/ Yoast SEO Premium plugin. -->","yoast_head_json":{"title":"Alfredo Anduix Rodr\u00edguez -","robots":{"index":"index","follow":"follow","max-snippet":"max-snippet:-1","max-image-preview":"max-image-preview:large","max-video-preview":"max-video-preview:-1"},"canonical":"https:\/\/www.omnesbands.international\/de\/alfredo-anduix-rodriguez-2\/","og_locale":"de_DE","og_type":"article","og_title":"Alfredo Anduix Rodr\u00edguez","og_description":"Alfredo Anduix Rodr\u00edguez Alfredo Anduix Rodr\u00edguez naci\u00f3 en Cocentaina el 27 de noviembre de 1960. Cursa sus primeros estudios musicales en la escuela de la Uni\u00f3n Musical Contestana, siguiendo posteriormente los mismos en los conservatorios de Alcoy, Alicante, Pamplona y Madrid, donde se especializa en tromb\u00f3n y direcci\u00f3n de coro. Es miembro fundador de la [&hellip;]","og_url":"https:\/\/www.omnesbands.international\/de\/alfredo-anduix-rodriguez-2\/","article_modified_time":"2023-01-28T20:11:38+00:00","og_image":[{"width":1280,"height":742,"url":"https:\/\/www.omnesbands.international\/wp-content\/uploads\/2023\/01\/music-sheet-music-snowdrop-7107045.jpg","type":"image\/jpeg"}],"twitter_card":"summary_large_image","schema":{"@context":"https:\/\/schema.org","@graph":[{"@type":"WebPage","@id":"https:\/\/www.omnesbands.international\/en\/alfredo-anduix-rodriguez-2\/","url":"https:\/\/www.omnesbands.international\/en\/alfredo-anduix-rodriguez-2\/","name":"Alfredo Anduix Rodr\u00edguez -","isPartOf":{"@id":"https:\/\/www.omnesbands.international\/#website"},"datePublished":"2023-01-28T20:11:36+00:00","dateModified":"2023-01-28T20:11:38+00:00","breadcrumb":{"@id":"https:\/\/www.omnesbands.international\/en\/alfredo-anduix-rodriguez-2\/#breadcrumb"},"inLanguage":"de","potentialAction":[{"@type":"ReadAction","target":["https:\/\/www.omnesbands.international\/en\/alfredo-anduix-rodriguez-2\/"]}]},{"@type":"BreadcrumbList","@id":"https:\/\/www.omnesbands.international\/en\/alfredo-anduix-rodriguez-2\/#breadcrumb","itemListElement":[{"@type":"ListItem","position":1,"name":"Portada","item":"https:\/\/www.omnesbands.international\/"},{"@type":"ListItem","position":2,"name":"Alfredo Anduix Rodr\u00edguez"}]},{"@type":"WebSite","@id":"https:\/\/www.omnesbands.international\/#website","url":"https:\/\/www.omnesbands.international\/","name":"OMNESBANDS International","description":"Original-Noten von unabh\u00e4ngigen Autoren und Komponisten","publisher":{"@id":"https:\/\/www.omnesbands.international\/#organization"},"potentialAction":[{"@type":"SearchAction","target":{"@type":"EntryPoint","urlTemplate":"https:\/\/www.omnesbands.international\/?s={search_term_string}"},"query-input":{"@type":"PropertyValueSpecification","valueRequired":true,"valueName":"search_term_string"}}],"inLanguage":"de"},{"@type":"Organization","@id":"https:\/\/www.omnesbands.international\/#organization","name":"Indra Internationale Berater","alternateName":"Omnesbands","url":"https:\/\/www.omnesbands.international\/","logo":{"@type":"ImageObject","inLanguage":"de","@id":"https:\/\/www.omnesbands.international\/#\/schema\/logo\/image\/","url":"https:\/\/omnesbands.international\/wp-content\/uploads\/2023\/06\/Logo-Nuevo-.png","contentUrl":"https:\/\/omnesbands.international\/wp-content\/uploads\/2023\/06\/Logo-Nuevo-.png","width":394,"height":212,"caption":"Indra Consultores Internacionales"},"image":{"@id":"https:\/\/www.omnesbands.international\/#\/schema\/logo\/image\/"}}]}},"uagb_featured_image_src":{"full":false,"thumbnail":false,"medium":false,"medium_large":false,"large":false,"1536x1536":false,"2048x2048":false,"trp-custom-language-flag":false,"gg_gallery_thumbnail":false,"woocommerce_thumbnail":false,"woocommerce_single":false,"woocommerce_gallery_thumbnail":false},"uagb_author_info":{"display_name":"Melvin R. Portillo A:","author_link":"https:\/\/www.omnesbands.international\/de\/author\/portand\/"},"uagb_comment_info":0,"uagb_excerpt":"Alfredo Anduix Rodr\u00edguez Alfredo Anduix Rodr\u00edguez naci\u00f3 en Cocentaina el 27 de noviembre de 1960. Cursa sus primeros estudios musicales en la escuela de la Uni\u00f3n Musical Contestana, siguiendo posteriormente los mismos en los conservatorios de Alcoy, Alicante, Pamplona y Madrid, donde se especializa en tromb\u00f3n y direcci\u00f3n de coro. Es miembro fundador de la&hellip;","_links":{"self":[{"href":"https:\/\/www.omnesbands.international\/de\/wp-json\/wp\/v2\/pages\/1611","targetHints":{"allow":["GET"]}}],"collection":[{"href":"https:\/\/www.omnesbands.international\/de\/wp-json\/wp\/v2\/pages"}],"about":[{"href":"https:\/\/www.omnesbands.international\/de\/wp-json\/wp\/v2\/types\/page"}],"author":[{"embeddable":true,"href":"https:\/\/www.omnesbands.international\/de\/wp-json\/wp\/v2\/users\/4"}],"replies":[{"embeddable":true,"href":"https:\/\/www.omnesbands.international\/de\/wp-json\/wp\/v2\/comments?post=1611"}],"version-history":[{"count":1,"href":"https:\/\/www.omnesbands.international\/de\/wp-json\/wp\/v2\/pages\/1611\/revisions"}],"predecessor-version":[{"id":1612,"href":"https:\/\/www.omnesbands.international\/de\/wp-json\/wp\/v2\/pages\/1611\/revisions\/1612"}],"wp:attachment":[{"href":"https:\/\/www.omnesbands.international\/de\/wp-json\/wp\/v2\/media?parent=1611"}],"curies":[{"name":"wp","href":"https:\/\/api.w.org\/{rel}","templated":true}]}}