{"id":1664,"date":"2023-01-28T20:17:10","date_gmt":"2023-01-29T02:17:10","guid":{"rendered":"https:\/\/omnesbands.international\/?page_id=1664"},"modified":"2023-01-28T20:17:12","modified_gmt":"2023-01-29T02:17:12","slug":"miguel-angel-ibiza-zaragoza-2","status":"publish","type":"page","link":"https:\/\/www.omnesbands.international\/de\/miguel-angel-ibiza-zaragoza-2\/","title":{"rendered":"MIGUEL ANGEL IBIZA ZARAGOZA"},"content":{"rendered":"<div class=\"wp-block-uagb-container uagb-block-16750bc7 alignfull uagb-is-root-container\"><div class=\"uagb-container-inner-blocks-wrap\">\n<div class=\"wp-block-uagb-advanced-heading uagb-block-d6412667\"><h1 class=\"uagb-heading-text\"><strong>MIGUEL ANGEL IBIZA ZARAGOZA<\/strong><\/h1><\/div>\n<\/div><\/div>\n\n\n\n<div class=\"wp-block-uagb-container uagb-block-ecc9a0b0 alignfull uagb-is-root-container\"><div class=\"uagb-container-inner-blocks-wrap\">\n<div class=\"wp-block-uagb-container uagb-block-ab49e4b7\">\n<p>Er begann sein Musikstudium an der Musikschule der \u201eUni\u00f3n Musical Xeraco\u201c bei Jos\u00e9 Castell\u00f3. Anschlie\u00dfend wechselte er an die Musikhochschulen \u201eOscar Espl\u00e1\u201c in Alicante und \u201eVictoria Eugenia\u201c in Granada, wo er sein Studium der Posaune fortsetzte und den Titel eines Superior-Professors dieser Fachrichtung erhielt. Er hat auch einen professionellen Tuba-Titel und hat Harmonielehre und Kontrapunkt studiert. Dar\u00fcber hinaus absolviert er den Lehrgang f\u00fcr p\u00e4dagogische Eignung an der Universit\u00e4t Almer\u00eda.<\/p>\n<p>Es wird mit Professoren und Solisten von der Statur von Jes\u00fas Juan Oriola (Professor des Oberen Konservatoriums von Alicante), Antonio V. Mas Var\u00f3 (Professor des Oberen Konservatoriums \u201eOscar Espl\u00e0\u201c d&#039;Alacant) und Enrique Ferrando (Solist des Nationalorchester von Spanien), Francisco R. Vega (Solist des K\u00f6niglichen Symphonieorchesters von Sevilla), Alberto Castell\u00f3 (Professor am Konservatorium Gij\u00f3n), Jacques Mauger (Professor am Pariser Konservatorium und internationaler Solist), Javier Colomer (Professor an der Escola). Comarcal de M\u00fasica del Comtat), den Br\u00fcdern Robert und Nick Child (Internationale Euphonium-Solisten) und mit Mitgliedern der Sir Aligator&#039;s Company (darunter Elies Hernandis und Alvaro Mart\u00ednez).<\/p>\n<p>Er hat Verbesserungskurse in Musikanalyse und Harmonie bei Jan D&#039;Haene, Musikanalyse bei Yvan Nommick und Dr. Enrico Fubini, Harmonie angewendet auf Jazz und Pop bei Jacques Luce, Einf\u00fchrung in die Komposition bei Joan E. Canet und Grundlagen der Komposition bei Javier absolviert Artaza und Komposition des Soundtracks \u201eVila de Pego\u201c mit Pascal Gaigne, Arnau Bataller und Xavier Capellas.<\/p>\n<p>Im Bereich der neuen Technologien hat er Kurse wie \u201eNeue Bildungstechnologien f\u00fcr den Unterricht\u201c, \u201eComputergest\u00fctzte Musik\u201c bei Josep Cort\u00e9s (Schule f\u00fcr Musikp\u00e4dagogik Ireneu Segarra) und einen Partiturbearbeitungskurs (Encore-Programm) bei Jorge belegt Suanes (Lehrer an der Aula de M\u00fasica Divisi Academy), \u201eCakewalk\u201c (I Curs d&#039;Inform\u00e1tica Musical de Pedreguer) mit Pedro J. Andani (Komponist und Arrangeur), \u201eEncore\u201c und \u201eFinale 2001\u201c von Aula Actual und gab auch der I-Kurs f\u00fcr Musikinformatik an der Musikschule Pedreguer mit dem Encore-Programm. Er hat au\u00dferdem den Kurs \u201eManagement von Musikschulen\u201c bei Pere Bayona (Schule f\u00fcr Musikp\u00e4dagogik Ireneu Segarra) und in j\u00fcngerer Zeit \u201eP\u00e4dagogisches Coaching\u201c bei Cristina de Arozamena und Musik und Emotionen bei Mauricio Weintraub belegt.<\/p>\n<p>Als Lehrer unterrichtete er Grave Metal, Musiksprache, Harmonie und Chor an den Musikschulen von Xeraco, Xal\u00f3, Gata de Gorgos, Pedreguer, Benissa und an den professionellen Musikkonservatorien von Elche, Elda, Ontinyent und Oliva. Er war au\u00dferdem Studienleiter an der Musikschule Xeraco und Direktor der st\u00e4dtischen Musikschule Pedreguer. Er war Teil des Posaunenquartetts \u201eEquales\u201c. F\u00fcnf Jahre lang war er Direktor und Gr\u00fcnder des Xeraco Polyphonic Choir. In Pedreguer dirigierte er mehrfach das Cor de l&#039;Escola de M\u00fasica und das Cor Sant Bonaventura. Gegen Opposition war er auch Mitglied des Milit\u00e4rmusikkorps.<\/p>\n<p>Als Komponist ist er Autor von mehr als hundert St\u00fccken, von denen einige bei Omnes Bands und Sonata Ediciones ver\u00f6ffentlicht wurden. Dar\u00fcber hinaus ist er Teil der Primary Music-Projekte Solfa.m\u00fasica.es und Cuadernos de M\u00fasica von Editorial Tabarca, f\u00fcr die er 5 Originallieder, 12 Musikgeschichten und die Arrangements von fast 100 beliebten Liedern komponiert hat. In der Welt der Festivalmusik war er nicht nur Finalist bei verschiedenen Wettbewerben (Orihuela-1997, Callosa d&#039;En Sarri\u00e0-2003, l&#039;Olleria-2005, Benidorm-2008 und 2009, Bocairent-2009 und Almer\u00eda 2016). hat folgende Preise erhalten:<\/p>\n<p>*Erster Preis beim XX Ontinyent Festive Music Contest 2005 mit dem maurischen Marsch \u201eZeina\u201c<br \/>*Ehrenvolle Erw\u00e4hnung im III. D\u00e9nia-Kompositionswettbewerb f\u00fcr Dulzainas und Percussion \u201eM\u00fasica al Castell 2005\u201c mit dem christlichen Marsch \u201eDol\u00e7ainers de l&#039;Apocalipsi\u201c<br \/>*Zweiter Preis im IV. Kompositionswettbewerb f\u00fcr Dulzainas und Percussion von D\u00e9nia \u201eM\u00fasica al Castell 2006\u201c mit dem maurischen Marsch \u201eCavall Verd\u201c<br \/>*Erster Preis beim III. Kompositionswettbewerb f\u00fcr maurische und christliche M\u00e4rsche \u201eVila d&#039;Alaqu\u00e0s\u201c 2006 mit dem maurischen Marsch \u201eMissian\u201c<br \/>*Erster Preis beim 1. Kompositionswettbewerb f\u00fcr festliche Musik \u201eFerrer Pastor\u201c in La Font d&#039;En Carr\u00f2s 2011 mit dem christlichen Marsch \u201eCavallers de Carr\u00f2s\u201c<br \/>*Publikumspreis des 1. El Verger Festive Music Composition Contest 2016 mit dem christlichen Marsch \u201eRey David\u201c<br \/>*Dritter Preis beim 4. Kompositionswettbewerb \u201eM\u00fasica Jove\u201c in der Kategorie Jugendband mit dem Werk \u201eKitten &amp; Puppy\u201c<br \/>*Zweiter Preis und lobende Erw\u00e4hnung beim II. Preis f\u00fcr Komposition f\u00fcr Dulzaina und Klavier \u201eFestacarrer d&#039;Ondara\u201c mit dem Werk \u201eDolpia\u201c<br \/>Derzeit ist er Professor f\u00fcr Posaune am St\u00e4dtischen Musikkonservatorium Pedreguer sowie an den Musikschulen Els Poblets und Xeraco. Au\u00dferdem leitet er die Band der Uni\u00f3 Musical Els Poblets. Er geh\u00f6rt au\u00dferdem dem Verband der Musikkomponisten der Mauren und Christen und der SGAE an.<\/p>\n<\/div>\n<\/div><\/div>\n\n\n<div class=\"woocommerce columns-4\"><ul class=\"products columns-4\">\n<li class=\"desktop-align-left tablet-align-left mobile-align-left ast-product-gallery-layout-horizontal-slider product type-product post-1061 status-publish first instock product_cat-musica-de-calle product_tag-miguel-angel-ibiza-zaragoza has-post-thumbnail downloadable virtual taxable purchasable product-type-simple\">\n\t<a href=\"https:\/\/www.omnesbands.international\/de\/produkt\/arnau-de-bosquet\/\" class=\"woocommerce-LoopProduct-link woocommerce-loop-product__link\"><img loading=\"lazy\" decoding=\"async\" width=\"300\" height=\"300\" src=\"https:\/\/www.omnesbands.international\/wp-content\/uploads\/2023\/01\/Arnau-Bosquet-300x300.jpg\" class=\"attachment-woocommerce_thumbnail size-woocommerce_thumbnail\" alt=\"Arnau de Bosquet\" srcset=\"https:\/\/www.omnesbands.international\/wp-content\/uploads\/2023\/01\/Arnau-Bosquet-300x300.jpg 300w, https:\/\/www.omnesbands.international\/wp-content\/uploads\/2023\/01\/Arnau-Bosquet-150x150.jpg 150w, https:\/\/www.omnesbands.international\/wp-content\/uploads\/2023\/01\/Arnau-Bosquet-100x100.jpg 100w\" sizes=\"auto, (max-width: 300px) 100vw, 300px\" \/><h2 class=\"woocommerce-loop-product__title\">Arnau de Bosquet<\/h2>\n\t<span class=\"price\"><span class=\"woocommerce-Price-amount amount\"><bdi><span class=\"woocommerce-Price-currencySymbol\">&#36;<\/span>25.00<\/bdi><\/span><\/span>\n<\/a><a href=\"\/de\/wp-json\/wp\/v2\/pages\/1664?add-to-cart=1061\" aria-describedby=\"woocommerce_loop_add_to_cart_link_describedby_1061\" data-quantity=\"1\" class=\"button product_type_simple add_to_cart_button ajax_add_to_cart\" data-product_id=\"1061\" data-product_sku=\"ARN-CAL-ESP-22\" aria-label=\"Zum Warenkorb hinzuf\u00fcgen: \u201eArnau de Bosquet\u201c\" rel=\"nofollow\" data-success_message=\"\u201eArnau de Bosquet\u201c wurde deinem Warenkorb hinzugef\u00fcgt\" role=\"button\" data-no-translation=\"\" data-trp-gettext=\"\" data-no-translation-aria-label=\"\" data-no-translation-data-success_message=\"\">In den Warenkorb<\/a>\t<span id=\"woocommerce_loop_add_to_cart_link_describedby_1061\" class=\"screen-reader-text\">\n\t\t\t<\/span>\n<\/li>\n<li class=\"desktop-align-left tablet-align-left mobile-align-left ast-product-gallery-layout-horizontal-slider product type-product post-1125 status-publish instock product_cat-pasodobles product_tag-miguel-angel-ibiza-zaragoza has-post-thumbnail downloadable virtual taxable purchasable product-type-simple\">\n\t<a href=\"https:\/\/www.omnesbands.international\/de\/produkt\/centre-artistic-musical-de-pedreguer\/\" class=\"woocommerce-LoopProduct-link woocommerce-loop-product__link\"><img loading=\"lazy\" decoding=\"async\" width=\"300\" height=\"300\" src=\"https:\/\/www.omnesbands.international\/wp-content\/uploads\/2023\/01\/Centre-artistic-musical-de-Pedreguer-1-300x300.jpg\" class=\"attachment-woocommerce_thumbnail size-woocommerce_thumbnail\" alt=\"Centre art\u00edstic musical de Pedreguer\" srcset=\"https:\/\/www.omnesbands.international\/wp-content\/uploads\/2023\/01\/Centre-artistic-musical-de-Pedreguer-1-300x300.jpg 300w, https:\/\/www.omnesbands.international\/wp-content\/uploads\/2023\/01\/Centre-artistic-musical-de-Pedreguer-1-150x150.jpg 150w, https:\/\/www.omnesbands.international\/wp-content\/uploads\/2023\/01\/Centre-artistic-musical-de-Pedreguer-1-12x12.jpg 12w, https:\/\/www.omnesbands.international\/wp-content\/uploads\/2023\/01\/Centre-artistic-musical-de-Pedreguer-1-100x100.jpg 100w\" sizes=\"auto, (max-width: 300px) 100vw, 300px\" \/><h2 class=\"woocommerce-loop-product__title\">Musikalisches k\u00fcnstlerisches Zentrum von Pedreguer<\/h2>\n\t<span class=\"price\"><span class=\"woocommerce-Price-amount amount\"><bdi><span class=\"woocommerce-Price-currencySymbol\">&#36;<\/span>25.00<\/bdi><\/span><\/span>\n<\/a><a href=\"\/de\/wp-json\/wp\/v2\/pages\/1664?add-to-cart=1125\" aria-describedby=\"woocommerce_loop_add_to_cart_link_describedby_1125\" data-quantity=\"1\" class=\"button product_type_simple add_to_cart_button ajax_add_to_cart\" data-product_id=\"1125\" data-product_sku=\"CTR-PAS-ESP-22\" aria-label=\"Zum Warenkorb hinzuf\u00fcgen: \u201eCentre art\u00edstic musical de Pedreguer\u201c\" rel=\"nofollow\" data-success_message=\"\u201eCentre art\u00edstic musical de Pedreguer\u201c wurde deinem Warenkorb hinzugef\u00fcgt\" role=\"button\" data-no-translation=\"\" data-trp-gettext=\"\" data-no-translation-aria-label=\"\" data-no-translation-data-success_message=\"\">In den Warenkorb<\/a>\t<span id=\"woocommerce_loop_add_to_cart_link_describedby_1125\" class=\"screen-reader-text\">\n\t\t\t<\/span>\n<\/li>\n<\/ul>\n<\/div>","protected":false},"excerpt":{"rendered":"<p>MIGUEL \u00c1NGEL IBIZA ZARAGOZ\u00c1 Comienza a estudiar m\u00fasica en el seno de la Escuela de M\u00fasica de la \u201cUni\u00f3n Musical Xeraco\u201d con Jos\u00e9 Castell\u00f3. Posteriormente se traslada a los Conservatorios Superiores de M\u00fasica \u201cOscar Espl\u00e1\u201d de Alicante y \u201cVictoria Eugenia\u201d de Granada donde contin\u00faa los estudios de Tromb\u00f3n y obtiene el T\u00edtulo de Profesor Superior [&hellip;]<\/p>\n","protected":false},"author":4,"featured_media":0,"parent":0,"menu_order":0,"comment_status":"closed","ping_status":"closed","template":"","meta":{"_acf_changed":false,"_uag_custom_page_level_css":"","site-sidebar-layout":"default","site-content-layout":"","ast-site-content-layout":"default","site-content-style":"default","site-sidebar-style":"default","ast-global-header-display":"","ast-banner-title-visibility":"","ast-main-header-display":"","ast-hfb-above-header-display":"","ast-hfb-below-header-display":"","ast-hfb-mobile-header-display":"","site-post-title":"disabled","ast-breadcrumbs-content":"","ast-featured-img":"","footer-sml-layout":"","ast-disable-related-posts":"","theme-transparent-header-meta":"","adv-header-id-meta":"","stick-header-meta":"","header-above-stick-meta":"","header-main-stick-meta":"","header-below-stick-meta":"","astra-migrate-meta-layouts":"default","ast-page-background-enabled":"default","ast-page-background-meta":{"desktop":{"background-color":"","background-image":"","background-repeat":"repeat","background-position":"center center","background-size":"auto","background-attachment":"scroll","background-type":"","background-media":"","overlay-type":"","overlay-color":"","overlay-opacity":"","overlay-gradient":""},"tablet":{"background-color":"","background-image":"","background-repeat":"repeat","background-position":"center center","background-size":"auto","background-attachment":"scroll","background-type":"","background-media":"","overlay-type":"","overlay-color":"","overlay-opacity":"","overlay-gradient":""},"mobile":{"background-color":"","background-image":"","background-repeat":"repeat","background-position":"center center","background-size":"auto","background-attachment":"scroll","background-type":"","background-media":"","overlay-type":"","overlay-color":"","overlay-opacity":"","overlay-gradient":""}},"ast-content-background-meta":{"desktop":{"background-color":"var(--ast-global-color-5)","background-image":"","background-repeat":"repeat","background-position":"center center","background-size":"auto","background-attachment":"scroll","background-type":"","background-media":"","overlay-type":"","overlay-color":"","overlay-opacity":"","overlay-gradient":""},"tablet":{"background-color":"var(--ast-global-color-5)","background-image":"","background-repeat":"repeat","background-position":"center center","background-size":"auto","background-attachment":"scroll","background-type":"","background-media":"","overlay-type":"","overlay-color":"","overlay-opacity":"","overlay-gradient":""},"mobile":{"background-color":"var(--ast-global-color-5)","background-image":"","background-repeat":"repeat","background-position":"center center","background-size":"auto","background-attachment":"scroll","background-type":"","background-media":"","overlay-type":"","overlay-color":"","overlay-opacity":"","overlay-gradient":""}},"footnotes":""},"class_list":["post-1664","page","type-page","status-publish","hentry"],"acf":[],"yoast_head":"<!-- This site is optimized with the Yoast SEO Premium plugin v22.4 (Yoast SEO v27.4) - https:\/\/yoast.com\/product\/yoast-seo-premium-wordpress\/ -->\n<title>MIGUEL \u00c1NGEL IBIZA ZARAGOZ\u00c1 -<\/title>\n<meta name=\"robots\" content=\"index, follow, max-snippet:-1, max-image-preview:large, max-video-preview:-1\" \/>\n<link rel=\"canonical\" href=\"https:\/\/www.omnesbands.international\/de\/miguel-angel-ibiza-zaragoza-2\/\" \/>\n<meta property=\"og:locale\" content=\"de_DE\" \/>\n<meta property=\"og:type\" content=\"article\" \/>\n<meta property=\"og:title\" content=\"MIGUEL \u00c1NGEL IBIZA ZARAGOZ\u00c1\" \/>\n<meta property=\"og:description\" content=\"MIGUEL \u00c1NGEL IBIZA ZARAGOZ\u00c1 Comienza a estudiar m\u00fasica en el seno de la Escuela de M\u00fasica de la \u201cUni\u00f3n Musical Xeraco\u201d con Jos\u00e9 Castell\u00f3. Posteriormente se traslada a los Conservatorios Superiores de M\u00fasica \u201cOscar Espl\u00e1\u201d de Alicante y \u201cVictoria Eugenia\u201d de Granada donde contin\u00faa los estudios de Tromb\u00f3n y obtiene el T\u00edtulo de Profesor Superior [&hellip;]\" \/>\n<meta property=\"og:url\" content=\"https:\/\/www.omnesbands.international\/de\/miguel-angel-ibiza-zaragoza-2\/\" \/>\n<meta property=\"article:modified_time\" content=\"2023-01-29T02:17:12+00:00\" \/>\n<meta property=\"og:image\" content=\"https:\/\/www.omnesbands.international\/wp-content\/uploads\/2023\/01\/music-sheet-music-snowdrop-7107045.jpg\" \/>\n\t<meta property=\"og:image:width\" content=\"1280\" \/>\n\t<meta property=\"og:image:height\" content=\"742\" \/>\n\t<meta property=\"og:image:type\" content=\"image\/jpeg\" \/>\n<meta name=\"twitter:card\" content=\"summary_large_image\" \/>\n<meta name=\"twitter:label1\" content=\"Gesch\u00e4tzte Lesezeit\" \/>\n\t<meta name=\"twitter:data1\" content=\"5\u00a0Minuten\" \/>\n<script type=\"application\/ld+json\" class=\"yoast-schema-graph\">{\"@context\":\"https:\\\/\\\/schema.org\",\"@graph\":[{\"@type\":\"WebPage\",\"@id\":\"https:\\\/\\\/www.omnesbands.international\\\/fr\\\/miguel-angel-ibiza-zaragoza-2\\\/\",\"url\":\"https:\\\/\\\/www.omnesbands.international\\\/fr\\\/miguel-angel-ibiza-zaragoza-2\\\/\",\"name\":\"MIGUEL \u00c1NGEL IBIZA ZARAGOZ\u00c1 -\",\"isPartOf\":{\"@id\":\"https:\\\/\\\/www.omnesbands.international\\\/#website\"},\"datePublished\":\"2023-01-29T02:17:10+00:00\",\"dateModified\":\"2023-01-29T02:17:12+00:00\",\"breadcrumb\":{\"@id\":\"https:\\\/\\\/www.omnesbands.international\\\/fr\\\/miguel-angel-ibiza-zaragoza-2\\\/#breadcrumb\"},\"inLanguage\":\"de\",\"potentialAction\":[{\"@type\":\"ReadAction\",\"target\":[\"https:\\\/\\\/www.omnesbands.international\\\/fr\\\/miguel-angel-ibiza-zaragoza-2\\\/\"]}]},{\"@type\":\"BreadcrumbList\",\"@id\":\"https:\\\/\\\/www.omnesbands.international\\\/fr\\\/miguel-angel-ibiza-zaragoza-2\\\/#breadcrumb\",\"itemListElement\":[{\"@type\":\"ListItem\",\"position\":1,\"name\":\"Portada\",\"item\":\"https:\\\/\\\/www.omnesbands.international\\\/\"},{\"@type\":\"ListItem\",\"position\":2,\"name\":\"MIGUEL \u00c1NGEL IBIZA ZARAGOZ\u00c1\"}]},{\"@type\":\"WebSite\",\"@id\":\"https:\\\/\\\/www.omnesbands.international\\\/#website\",\"url\":\"https:\\\/\\\/www.omnesbands.international\\\/\",\"name\":\"OMNESBANDS International\",\"description\":\"Partituras Originales de autores y compositores independientes\",\"publisher\":{\"@id\":\"https:\\\/\\\/www.omnesbands.international\\\/#organization\"},\"potentialAction\":[{\"@type\":\"SearchAction\",\"target\":{\"@type\":\"EntryPoint\",\"urlTemplate\":\"https:\\\/\\\/www.omnesbands.international\\\/?s={search_term_string}\"},\"query-input\":{\"@type\":\"PropertyValueSpecification\",\"valueRequired\":true,\"valueName\":\"search_term_string\"}}],\"inLanguage\":\"de\"},{\"@type\":\"Organization\",\"@id\":\"https:\\\/\\\/www.omnesbands.international\\\/#organization\",\"name\":\"Indra Consultores Internacionales\",\"alternateName\":\"Omnesbands\",\"url\":\"https:\\\/\\\/www.omnesbands.international\\\/\",\"logo\":{\"@type\":\"ImageObject\",\"inLanguage\":\"de\",\"@id\":\"https:\\\/\\\/www.omnesbands.international\\\/#\\\/schema\\\/logo\\\/image\\\/\",\"url\":\"https:\\\/\\\/omnesbands.international\\\/wp-content\\\/uploads\\\/2023\\\/06\\\/Logo-Nuevo-.png\",\"contentUrl\":\"https:\\\/\\\/omnesbands.international\\\/wp-content\\\/uploads\\\/2023\\\/06\\\/Logo-Nuevo-.png\",\"width\":394,\"height\":212,\"caption\":\"Indra Consultores Internacionales\"},\"image\":{\"@id\":\"https:\\\/\\\/www.omnesbands.international\\\/#\\\/schema\\\/logo\\\/image\\\/\"}}]}<\/script>\n<!-- \/ Yoast SEO Premium plugin. -->","yoast_head_json":{"title":"MIGUEL \u00c1NGEL IBIZA ZARAGOZ\u00c1 -","robots":{"index":"index","follow":"follow","max-snippet":"max-snippet:-1","max-image-preview":"max-image-preview:large","max-video-preview":"max-video-preview:-1"},"canonical":"https:\/\/www.omnesbands.international\/de\/miguel-angel-ibiza-zaragoza-2\/","og_locale":"de_DE","og_type":"article","og_title":"MIGUEL \u00c1NGEL IBIZA ZARAGOZ\u00c1","og_description":"MIGUEL \u00c1NGEL IBIZA ZARAGOZ\u00c1 Comienza a estudiar m\u00fasica en el seno de la Escuela de M\u00fasica de la \u201cUni\u00f3n Musical Xeraco\u201d con Jos\u00e9 Castell\u00f3. Posteriormente se traslada a los Conservatorios Superiores de M\u00fasica \u201cOscar Espl\u00e1\u201d de Alicante y \u201cVictoria Eugenia\u201d de Granada donde contin\u00faa los estudios de Tromb\u00f3n y obtiene el T\u00edtulo de Profesor Superior [&hellip;]","og_url":"https:\/\/www.omnesbands.international\/de\/miguel-angel-ibiza-zaragoza-2\/","article_modified_time":"2023-01-29T02:17:12+00:00","og_image":[{"width":1280,"height":742,"url":"https:\/\/www.omnesbands.international\/wp-content\/uploads\/2023\/01\/music-sheet-music-snowdrop-7107045.jpg","type":"image\/jpeg"}],"twitter_card":"summary_large_image","twitter_misc":{"Gesch\u00e4tzte Lesezeit":"5\u00a0Minuten"},"schema":{"@context":"https:\/\/schema.org","@graph":[{"@type":"WebPage","@id":"https:\/\/www.omnesbands.international\/fr\/miguel-angel-ibiza-zaragoza-2\/","url":"https:\/\/www.omnesbands.international\/fr\/miguel-angel-ibiza-zaragoza-2\/","name":"MIGUEL \u00c1NGEL IBIZA ZARAGOZ\u00c1 -","isPartOf":{"@id":"https:\/\/www.omnesbands.international\/#website"},"datePublished":"2023-01-29T02:17:10+00:00","dateModified":"2023-01-29T02:17:12+00:00","breadcrumb":{"@id":"https:\/\/www.omnesbands.international\/fr\/miguel-angel-ibiza-zaragoza-2\/#breadcrumb"},"inLanguage":"de","potentialAction":[{"@type":"ReadAction","target":["https:\/\/www.omnesbands.international\/fr\/miguel-angel-ibiza-zaragoza-2\/"]}]},{"@type":"BreadcrumbList","@id":"https:\/\/www.omnesbands.international\/fr\/miguel-angel-ibiza-zaragoza-2\/#breadcrumb","itemListElement":[{"@type":"ListItem","position":1,"name":"Portada","item":"https:\/\/www.omnesbands.international\/"},{"@type":"ListItem","position":2,"name":"MIGUEL \u00c1NGEL IBIZA ZARAGOZ\u00c1"}]},{"@type":"WebSite","@id":"https:\/\/www.omnesbands.international\/#website","url":"https:\/\/www.omnesbands.international\/","name":"OMNESBANDS International","description":"Original-Noten von unabh\u00e4ngigen Autoren und Komponisten","publisher":{"@id":"https:\/\/www.omnesbands.international\/#organization"},"potentialAction":[{"@type":"SearchAction","target":{"@type":"EntryPoint","urlTemplate":"https:\/\/www.omnesbands.international\/?s={search_term_string}"},"query-input":{"@type":"PropertyValueSpecification","valueRequired":true,"valueName":"search_term_string"}}],"inLanguage":"de"},{"@type":"Organization","@id":"https:\/\/www.omnesbands.international\/#organization","name":"Indra Internationale Berater","alternateName":"Omnesbands","url":"https:\/\/www.omnesbands.international\/","logo":{"@type":"ImageObject","inLanguage":"de","@id":"https:\/\/www.omnesbands.international\/#\/schema\/logo\/image\/","url":"https:\/\/omnesbands.international\/wp-content\/uploads\/2023\/06\/Logo-Nuevo-.png","contentUrl":"https:\/\/omnesbands.international\/wp-content\/uploads\/2023\/06\/Logo-Nuevo-.png","width":394,"height":212,"caption":"Indra Consultores Internacionales"},"image":{"@id":"https:\/\/www.omnesbands.international\/#\/schema\/logo\/image\/"}}]}},"uagb_featured_image_src":{"full":false,"thumbnail":false,"medium":false,"medium_large":false,"large":false,"1536x1536":false,"2048x2048":false,"trp-custom-language-flag":false,"gg_gallery_thumbnail":false,"woocommerce_thumbnail":false,"woocommerce_single":false,"woocommerce_gallery_thumbnail":false},"uagb_author_info":{"display_name":"Melvin R. Portillo A:","author_link":"https:\/\/www.omnesbands.international\/de\/author\/portand\/"},"uagb_comment_info":0,"uagb_excerpt":"MIGUEL \u00c1NGEL IBIZA ZARAGOZ\u00c1 Comienza a estudiar m\u00fasica en el seno de la Escuela de M\u00fasica de la \u201cUni\u00f3n Musical Xeraco\u201d con Jos\u00e9 Castell\u00f3. Posteriormente se traslada a los Conservatorios Superiores de M\u00fasica \u201cOscar Espl\u00e1\u201d de Alicante y \u201cVictoria Eugenia\u201d de Granada donde contin\u00faa los estudios de Tromb\u00f3n y obtiene el T\u00edtulo de Profesor Superior&hellip;","_links":{"self":[{"href":"https:\/\/www.omnesbands.international\/de\/wp-json\/wp\/v2\/pages\/1664","targetHints":{"allow":["GET"]}}],"collection":[{"href":"https:\/\/www.omnesbands.international\/de\/wp-json\/wp\/v2\/pages"}],"about":[{"href":"https:\/\/www.omnesbands.international\/de\/wp-json\/wp\/v2\/types\/page"}],"author":[{"embeddable":true,"href":"https:\/\/www.omnesbands.international\/de\/wp-json\/wp\/v2\/users\/4"}],"replies":[{"embeddable":true,"href":"https:\/\/www.omnesbands.international\/de\/wp-json\/wp\/v2\/comments?post=1664"}],"version-history":[{"count":1,"href":"https:\/\/www.omnesbands.international\/de\/wp-json\/wp\/v2\/pages\/1664\/revisions"}],"predecessor-version":[{"id":1666,"href":"https:\/\/www.omnesbands.international\/de\/wp-json\/wp\/v2\/pages\/1664\/revisions\/1666"}],"wp:attachment":[{"href":"https:\/\/www.omnesbands.international\/de\/wp-json\/wp\/v2\/media?parent=1664"}],"curies":[{"name":"wp","href":"https:\/\/api.w.org\/{rel}","templated":true}]}}