{"id":1668,"date":"2023-01-28T20:24:22","date_gmt":"2023-01-29T02:24:22","guid":{"rendered":"https:\/\/omnesbands.international\/?page_id=1668"},"modified":"2023-01-28T20:24:26","modified_gmt":"2023-01-29T02:24:26","slug":"angel-garcia-martinez-2","status":"publish","type":"page","link":"https:\/\/www.omnesbands.international\/de\/angel-garcia-martinez-2\/","title":{"rendered":"\u00c1NGEL GARCIA MARTINEZ"},"content":{"rendered":"<div class=\"wp-block-uagb-container uagb-block-a28534bf alignfull uagb-is-root-container\"><div class=\"uagb-container-inner-blocks-wrap\">\n<div class=\"wp-block-uagb-advanced-heading uagb-block-5373438a\"><h1 class=\"uagb-heading-text\"><strong>\u00c1NGEL GARCIA MARTINEZ<\/strong><\/h1><\/div>\n<\/div><\/div>\n\n\n\n<div class=\"wp-block-uagb-container uagb-block-c1963ad4 alignfull uagb-is-root-container\"><div class=\"uagb-container-inner-blocks-wrap\">\n<div class=\"wp-block-uagb-container uagb-block-2edadf80\">\n<p>\u00c1ngel Garc\u00eda Mart\u00ednez wurde in Benifai\u00f3 in eine Musikerfamilie geboren. Eine seiner Gro\u00dfm\u00fctter spielte Geige und die andere Klavier, sein Gro\u00dfvater, sein Onkel und sein Cousin spielen Klarinette, ein anderer Onkel Trompete. Offensichtlich war der Weg nach vorne klar.<br \/>Er begann sein Euphoniumstudium bei den Lehrern \u00c1ngel Tom\u00e1s, Joaqu\u00edn Vidal und Salvador Pellicer. Nach dem Zugang zum Berufsabschluss wechselte er das Euphonium zur Tuba und setzte sein Studium bei Jose Manuel Mi\u00f1ana und Vicente L\u00f3pez an den Konservatorien von Valencia und Castell\u00f3n fort.<br \/>Als Instrumentalist hat er in ganz Spanien mit zahlreichen Orchestern und st\u00e4dtischen Bands zusammengearbeitet und war Teil davon.<br \/>In der Welt der Kammermusik hat er als Solist Musik von Maties Far, Eduardo Nogueroles, Jos\u00e9 Grau und Andr\u00e9s Valero uraufgef\u00fchrt. Von diesem letztgenannten Komponisten hat er das St\u00fcck \u201eVariations on a Vivaldi Theme\u201c f\u00fcr Tuba und Holzbl\u00e4serquintett uraufgef\u00fchrt. Das Quintett, das bei der Premiere auftrat, bestand aus Mitgliedern der New York Philharmonic und wurde von demselben Komponisten dirigiert, aufgenommen auf CD von ML Productions.<br \/>Als Lehrer hat er an verschiedenen Musikschulen auf Mallorca und in der valencianischen Gemeinschaft unterrichtet. Auch in den Konservatorien &quot;Narciso Yepes&quot; von Lorca und dem Professional von Murcia.<br \/>Als Komponist wurde er mehrfach im Bereich Festmusik ausgezeichnet. Er war auch Finalist beim Pasodobles-Wettbewerb des Fallera Mayor of Valencia und beim \u201eII Reinas de Segorbe Composition Contest\u201c. 2019 war er Gewinner des 1. und 2. Preises beim \u201e6th International Youth Music Composition Contest\u201c f\u00fcr Jugendbands. Er wurde au\u00dferdem mit dem ersten Preis in der Kategorie Elementary Level Ensemble des Wettbewerbs der spanischen Vereinigung f\u00fcr Tuba und Euphonium ausgezeichnet. International war er Finalist f\u00fcr den \u201eHarvey Philips Composition Award 2019\u201c, der von der International Tuba-Euphonium Association organisiert wird.<br \/>Andererseits sind seine St\u00fccke f\u00fcr Euphonium und Klavier \u201eDrops\u201c, \u201eBalada d&#039;Argent\u201c, \u201eGu\u00eda Pr\u00e1ctica del Vampiro\u201c, \u201eWest!\u201c und dieser \u201eThe Blowing &amp; the Windy Circus\u201c sind Testst\u00fccke bei nationalen Wettbewerben und an vielen Konservatorien Teil des Tuba-Kursprogramms.<br \/>Er ist derzeit ein voll aktiver Musiker in drei Facetten: Unterrichten, Interpretieren und Komponieren.<br \/>Seit 2008 ist er Professor am Bildungsministerium von Murcia und unterrichtet Tuba- und Kammermusik am Konservatorium von Cartagena. Seit 2006 tut er es auch an der Musikschule des Ateneu Musical d&#039;Albalat de la Ribera.<\/p>\n<\/div>\n<\/div><\/div>\n\n\n<div class=\"woocommerce columns-4\"><\/div>","protected":false},"excerpt":{"rendered":"<p>\u00c1NGEL GARCIA MARTINEZ \u00c1ngel Garc\u00eda Mart\u00ednez naci\u00f3 en Benifai\u00f3 en una familia de m\u00fasicos. Una de sus abuelas tocaba el viol\u00edn y la otra el piano, su abuelo, su t\u00edo y su primo tocan el clarinete, otro t\u00edo la trompeta. Obviamente el camino a seguir era evidente.Empez\u00f3 sus estudios de bombardino con los profesores, \u00c1ngel [&hellip;]<\/p>\n","protected":false},"author":4,"featured_media":0,"parent":0,"menu_order":0,"comment_status":"closed","ping_status":"closed","template":"","meta":{"_acf_changed":false,"_uag_custom_page_level_css":"","site-sidebar-layout":"default","site-content-layout":"","ast-site-content-layout":"default","site-content-style":"default","site-sidebar-style":"default","ast-global-header-display":"","ast-banner-title-visibility":"","ast-main-header-display":"","ast-hfb-above-header-display":"","ast-hfb-below-header-display":"","ast-hfb-mobile-header-display":"","site-post-title":"disabled","ast-breadcrumbs-content":"","ast-featured-img":"","footer-sml-layout":"","ast-disable-related-posts":"","theme-transparent-header-meta":"","adv-header-id-meta":"","stick-header-meta":"","header-above-stick-meta":"","header-main-stick-meta":"","header-below-stick-meta":"","astra-migrate-meta-layouts":"default","ast-page-background-enabled":"default","ast-page-background-meta":{"desktop":{"background-color":"","background-image":"","background-repeat":"repeat","background-position":"center center","background-size":"auto","background-attachment":"scroll","background-type":"","background-media":"","overlay-type":"","overlay-color":"","overlay-opacity":"","overlay-gradient":""},"tablet":{"background-color":"","background-image":"","background-repeat":"repeat","background-position":"center center","background-size":"auto","background-attachment":"scroll","background-type":"","background-media":"","overlay-type":"","overlay-color":"","overlay-opacity":"","overlay-gradient":""},"mobile":{"background-color":"","background-image":"","background-repeat":"repeat","background-position":"center center","background-size":"auto","background-attachment":"scroll","background-type":"","background-media":"","overlay-type":"","overlay-color":"","overlay-opacity":"","overlay-gradient":""}},"ast-content-background-meta":{"desktop":{"background-color":"var(--ast-global-color-5)","background-image":"","background-repeat":"repeat","background-position":"center center","background-size":"auto","background-attachment":"scroll","background-type":"","background-media":"","overlay-type":"","overlay-color":"","overlay-opacity":"","overlay-gradient":""},"tablet":{"background-color":"var(--ast-global-color-5)","background-image":"","background-repeat":"repeat","background-position":"center center","background-size":"auto","background-attachment":"scroll","background-type":"","background-media":"","overlay-type":"","overlay-color":"","overlay-opacity":"","overlay-gradient":""},"mobile":{"background-color":"var(--ast-global-color-5)","background-image":"","background-repeat":"repeat","background-position":"center center","background-size":"auto","background-attachment":"scroll","background-type":"","background-media":"","overlay-type":"","overlay-color":"","overlay-opacity":"","overlay-gradient":""}},"footnotes":""},"class_list":["post-1668","page","type-page","status-publish","hentry"],"acf":[],"yoast_head":"<!-- This site is optimized with the Yoast SEO Premium plugin v22.4 (Yoast SEO v27.4) - https:\/\/yoast.com\/product\/yoast-seo-premium-wordpress\/ -->\n<title>\u00c1NGEL GARCIA MARTINEZ -<\/title>\n<meta name=\"robots\" content=\"index, follow, max-snippet:-1, max-image-preview:large, max-video-preview:-1\" \/>\n<link rel=\"canonical\" href=\"https:\/\/www.omnesbands.international\/de\/angel-garcia-martinez-2\/\" \/>\n<meta property=\"og:locale\" content=\"de_DE\" \/>\n<meta property=\"og:type\" content=\"article\" \/>\n<meta property=\"og:title\" content=\"\u00c1NGEL GARCIA MARTINEZ\" \/>\n<meta property=\"og:description\" content=\"\u00c1NGEL GARCIA MARTINEZ \u00c1ngel Garc\u00eda Mart\u00ednez naci\u00f3 en Benifai\u00f3 en una familia de m\u00fasicos. Una de sus abuelas tocaba el viol\u00edn y la otra el piano, su abuelo, su t\u00edo y su primo tocan el clarinete, otro t\u00edo la trompeta. Obviamente el camino a seguir era evidente.Empez\u00f3 sus estudios de bombardino con los profesores, \u00c1ngel [&hellip;]\" \/>\n<meta property=\"og:url\" content=\"https:\/\/www.omnesbands.international\/de\/angel-garcia-martinez-2\/\" \/>\n<meta property=\"article:modified_time\" content=\"2023-01-29T02:24:26+00:00\" \/>\n<meta property=\"og:image\" content=\"https:\/\/www.omnesbands.international\/wp-content\/uploads\/2023\/01\/music-sheet-music-snowdrop-7107045.jpg\" \/>\n\t<meta property=\"og:image:width\" content=\"1280\" \/>\n\t<meta property=\"og:image:height\" content=\"742\" \/>\n\t<meta property=\"og:image:type\" content=\"image\/jpeg\" \/>\n<meta name=\"twitter:card\" content=\"summary_large_image\" \/>\n<meta name=\"twitter:label1\" content=\"Gesch\u00e4tzte Lesezeit\" \/>\n\t<meta name=\"twitter:data1\" content=\"2\u00a0Minuten\" \/>\n<script type=\"application\/ld+json\" class=\"yoast-schema-graph\">{\"@context\":\"https:\\\/\\\/schema.org\",\"@graph\":[{\"@type\":\"WebPage\",\"@id\":\"https:\\\/\\\/www.omnesbands.international\\\/angel-garcia-martinez-2\\\/\",\"url\":\"https:\\\/\\\/www.omnesbands.international\\\/angel-garcia-martinez-2\\\/\",\"name\":\"\u00c1NGEL GARCIA MARTINEZ -\",\"isPartOf\":{\"@id\":\"https:\\\/\\\/www.omnesbands.international\\\/#website\"},\"datePublished\":\"2023-01-29T02:24:22+00:00\",\"dateModified\":\"2023-01-29T02:24:26+00:00\",\"breadcrumb\":{\"@id\":\"https:\\\/\\\/www.omnesbands.international\\\/angel-garcia-martinez-2\\\/#breadcrumb\"},\"inLanguage\":\"de\",\"potentialAction\":[{\"@type\":\"ReadAction\",\"target\":[\"https:\\\/\\\/www.omnesbands.international\\\/angel-garcia-martinez-2\\\/\"]}]},{\"@type\":\"BreadcrumbList\",\"@id\":\"https:\\\/\\\/www.omnesbands.international\\\/angel-garcia-martinez-2\\\/#breadcrumb\",\"itemListElement\":[{\"@type\":\"ListItem\",\"position\":1,\"name\":\"Portada\",\"item\":\"https:\\\/\\\/www.omnesbands.international\\\/\"},{\"@type\":\"ListItem\",\"position\":2,\"name\":\"\u00c1NGEL GARCIA MARTINEZ\"}]},{\"@type\":\"WebSite\",\"@id\":\"https:\\\/\\\/www.omnesbands.international\\\/#website\",\"url\":\"https:\\\/\\\/www.omnesbands.international\\\/\",\"name\":\"OMNESBANDS International\",\"description\":\"Partituras Originales de autores y compositores independientes\",\"publisher\":{\"@id\":\"https:\\\/\\\/www.omnesbands.international\\\/#organization\"},\"potentialAction\":[{\"@type\":\"SearchAction\",\"target\":{\"@type\":\"EntryPoint\",\"urlTemplate\":\"https:\\\/\\\/www.omnesbands.international\\\/?s={search_term_string}\"},\"query-input\":{\"@type\":\"PropertyValueSpecification\",\"valueRequired\":true,\"valueName\":\"search_term_string\"}}],\"inLanguage\":\"de\"},{\"@type\":\"Organization\",\"@id\":\"https:\\\/\\\/www.omnesbands.international\\\/#organization\",\"name\":\"Indra Consultores Internacionales\",\"alternateName\":\"Omnesbands\",\"url\":\"https:\\\/\\\/www.omnesbands.international\\\/\",\"logo\":{\"@type\":\"ImageObject\",\"inLanguage\":\"de\",\"@id\":\"https:\\\/\\\/www.omnesbands.international\\\/#\\\/schema\\\/logo\\\/image\\\/\",\"url\":\"https:\\\/\\\/omnesbands.international\\\/wp-content\\\/uploads\\\/2023\\\/06\\\/Logo-Nuevo-.png\",\"contentUrl\":\"https:\\\/\\\/omnesbands.international\\\/wp-content\\\/uploads\\\/2023\\\/06\\\/Logo-Nuevo-.png\",\"width\":394,\"height\":212,\"caption\":\"Indra Consultores Internacionales\"},\"image\":{\"@id\":\"https:\\\/\\\/www.omnesbands.international\\\/#\\\/schema\\\/logo\\\/image\\\/\"}}]}<\/script>\n<!-- \/ Yoast SEO Premium plugin. -->","yoast_head_json":{"title":"\u00c1NGEL GARCIA MARTINEZ -","robots":{"index":"index","follow":"follow","max-snippet":"max-snippet:-1","max-image-preview":"max-image-preview:large","max-video-preview":"max-video-preview:-1"},"canonical":"https:\/\/www.omnesbands.international\/de\/angel-garcia-martinez-2\/","og_locale":"de_DE","og_type":"article","og_title":"\u00c1NGEL GARCIA MARTINEZ","og_description":"\u00c1NGEL GARCIA MARTINEZ \u00c1ngel Garc\u00eda Mart\u00ednez naci\u00f3 en Benifai\u00f3 en una familia de m\u00fasicos. Una de sus abuelas tocaba el viol\u00edn y la otra el piano, su abuelo, su t\u00edo y su primo tocan el clarinete, otro t\u00edo la trompeta. Obviamente el camino a seguir era evidente.Empez\u00f3 sus estudios de bombardino con los profesores, \u00c1ngel [&hellip;]","og_url":"https:\/\/www.omnesbands.international\/de\/angel-garcia-martinez-2\/","article_modified_time":"2023-01-29T02:24:26+00:00","og_image":[{"width":1280,"height":742,"url":"https:\/\/www.omnesbands.international\/wp-content\/uploads\/2023\/01\/music-sheet-music-snowdrop-7107045.jpg","type":"image\/jpeg"}],"twitter_card":"summary_large_image","twitter_misc":{"Gesch\u00e4tzte Lesezeit":"2\u00a0Minuten"},"schema":{"@context":"https:\/\/schema.org","@graph":[{"@type":"WebPage","@id":"https:\/\/www.omnesbands.international\/angel-garcia-martinez-2\/","url":"https:\/\/www.omnesbands.international\/angel-garcia-martinez-2\/","name":"\u00c1NGEL GARCIA MARTINEZ -","isPartOf":{"@id":"https:\/\/www.omnesbands.international\/#website"},"datePublished":"2023-01-29T02:24:22+00:00","dateModified":"2023-01-29T02:24:26+00:00","breadcrumb":{"@id":"https:\/\/www.omnesbands.international\/angel-garcia-martinez-2\/#breadcrumb"},"inLanguage":"de","potentialAction":[{"@type":"ReadAction","target":["https:\/\/www.omnesbands.international\/angel-garcia-martinez-2\/"]}]},{"@type":"BreadcrumbList","@id":"https:\/\/www.omnesbands.international\/angel-garcia-martinez-2\/#breadcrumb","itemListElement":[{"@type":"ListItem","position":1,"name":"Portada","item":"https:\/\/www.omnesbands.international\/"},{"@type":"ListItem","position":2,"name":"\u00c1NGEL GARCIA MARTINEZ"}]},{"@type":"WebSite","@id":"https:\/\/www.omnesbands.international\/#website","url":"https:\/\/www.omnesbands.international\/","name":"OMNESBANDS International","description":"Original-Noten von unabh\u00e4ngigen Autoren und Komponisten","publisher":{"@id":"https:\/\/www.omnesbands.international\/#organization"},"potentialAction":[{"@type":"SearchAction","target":{"@type":"EntryPoint","urlTemplate":"https:\/\/www.omnesbands.international\/?s={search_term_string}"},"query-input":{"@type":"PropertyValueSpecification","valueRequired":true,"valueName":"search_term_string"}}],"inLanguage":"de"},{"@type":"Organization","@id":"https:\/\/www.omnesbands.international\/#organization","name":"Indra Internationale Berater","alternateName":"Omnesbands","url":"https:\/\/www.omnesbands.international\/","logo":{"@type":"ImageObject","inLanguage":"de","@id":"https:\/\/www.omnesbands.international\/#\/schema\/logo\/image\/","url":"https:\/\/omnesbands.international\/wp-content\/uploads\/2023\/06\/Logo-Nuevo-.png","contentUrl":"https:\/\/omnesbands.international\/wp-content\/uploads\/2023\/06\/Logo-Nuevo-.png","width":394,"height":212,"caption":"Indra Consultores Internacionales"},"image":{"@id":"https:\/\/www.omnesbands.international\/#\/schema\/logo\/image\/"}}]}},"uagb_featured_image_src":{"full":false,"thumbnail":false,"medium":false,"medium_large":false,"large":false,"1536x1536":false,"2048x2048":false,"trp-custom-language-flag":false,"gg_gallery_thumbnail":false,"woocommerce_thumbnail":false,"woocommerce_single":false,"woocommerce_gallery_thumbnail":false},"uagb_author_info":{"display_name":"Melvin R. Portillo A:","author_link":"https:\/\/www.omnesbands.international\/de\/author\/portand\/"},"uagb_comment_info":0,"uagb_excerpt":"\u00c1NGEL GARCIA MARTINEZ \u00c1ngel Garc\u00eda Mart\u00ednez naci\u00f3 en Benifai\u00f3 en una familia de m\u00fasicos. Una de sus abuelas tocaba el viol\u00edn y la otra el piano, su abuelo, su t\u00edo y su primo tocan el clarinete, otro t\u00edo la trompeta. Obviamente el camino a seguir era evidente.Empez\u00f3 sus estudios de bombardino con los profesores, \u00c1ngel&hellip;","_links":{"self":[{"href":"https:\/\/www.omnesbands.international\/de\/wp-json\/wp\/v2\/pages\/1668","targetHints":{"allow":["GET"]}}],"collection":[{"href":"https:\/\/www.omnesbands.international\/de\/wp-json\/wp\/v2\/pages"}],"about":[{"href":"https:\/\/www.omnesbands.international\/de\/wp-json\/wp\/v2\/types\/page"}],"author":[{"embeddable":true,"href":"https:\/\/www.omnesbands.international\/de\/wp-json\/wp\/v2\/users\/4"}],"replies":[{"embeddable":true,"href":"https:\/\/www.omnesbands.international\/de\/wp-json\/wp\/v2\/comments?post=1668"}],"version-history":[{"count":2,"href":"https:\/\/www.omnesbands.international\/de\/wp-json\/wp\/v2\/pages\/1668\/revisions"}],"predecessor-version":[{"id":1670,"href":"https:\/\/www.omnesbands.international\/de\/wp-json\/wp\/v2\/pages\/1668\/revisions\/1670"}],"wp:attachment":[{"href":"https:\/\/www.omnesbands.international\/de\/wp-json\/wp\/v2\/media?parent=1668"}],"curies":[{"name":"wp","href":"https:\/\/api.w.org\/{rel}","templated":true}]}}