{"id":1684,"date":"2023-01-28T21:28:00","date_gmt":"2023-01-29T03:28:00","guid":{"rendered":"https:\/\/omnesbands.international\/?page_id=1684"},"modified":"2023-01-28T21:29:19","modified_gmt":"2023-01-29T03:29:19","slug":"javier-martinez-campos-2","status":"publish","type":"page","link":"https:\/\/www.omnesbands.international\/de\/javier-martinez-campos-2\/","title":{"rendered":"JAVIER MARTINEZ FELDER"},"content":{"rendered":"<div class=\"wp-block-uagb-container uagb-block-6b98c799 alignfull uagb-is-root-container\"><div class=\"uagb-container-inner-blocks-wrap\">\n<div class=\"wp-block-uagb-advanced-heading uagb-block-9e8c46a8\"><h1 class=\"uagb-heading-text\"><strong>JAVIER MARTINEZ FELDER<\/strong><\/h1><\/div>\n<\/div><\/div>\n\n\n\n<div class=\"wp-block-uagb-container uagb-block-205b5527 alignfull uagb-is-root-container\"><div class=\"uagb-container-inner-blocks-wrap\">\n<div class=\"wp-block-uagb-container uagb-block-0519b96c\">\n<p>Geboren im Dezember 1989 in Valencia. Er begann sein Musikstudium im Alter von 4 Jahren an der CEDAM-Akademie in Madrid und setzte sein mittleres Studium am Getafe Professional Conservatory of Music bei M\u00aa Nieves Collado fort. Er studierte Cello am K\u00f6niglichen Musikkonservatorium von Madrid bei Professor Iagoba Fanlo und Komposition (J. Medina, A. Romero, M. Seco, Z. de la Cruz, B. Dozza, E. Armenteros, A. Carretero). , beide schlossen sie 2011 mit Auszeichnung ab.<br>Von 2005 bis 2011 perfektionierte er sein Cellostudium bei Miguel Jim\u00e9nez (Solist des Nationalorchesters von Spanien).<br>Er hat den Master of Music und das Konzertexamen (Master of Soloist, mit Auszeichnung) an der Robert-Schumann-Hochschule in D\u00fcsseldorf (Deutschland) bei Professor Gregor Horsch (Solist des Royal Concertgebouw Orchestra of Amsterdam) abgeschlossen und studierte ebenfalls in Paris (Frankreich). in der \u201eClasse d&#039;Excellence\u201c der Louis Vuitton Foundation bei Professor Gautier Capu\u00e7on.<br>Er besitzt einen Master-Abschluss in \u201eMusical Creation and Performance\u201c der Universit\u00e4t Rey Juan Carlos (Madrid), einen Master-Abschluss in Musikmanagement und den Titel \u201eTechnician in Music Industry Management\u201c der Miguel de Cervantes European University \u2013 IGECA. <br>Er besuchte Kurse zur musikalischen Verbesserung in der Fachrichtung Cello bei Anner Bylsma, Edgar Gredler, \u00c1ngel Luis Quintana, Marie Paule Milone, Christopher Vandespar und Dimas Moreno; und Meisterkurse bei Pieter Wispelwey, Jens Peter Maintz, Wen-Sinn Yang, Wolfgang Emanuel Schmidt, Antoaneta Emanuilova, Alexander Bouzlov, Torleif Thed\u00e9en, Johannes Krebs, David Strange, Gregor Horsch, Tam\u00e1s Varga, Nikolaus Trieb, J\u00e9r\u00f4me T\u00e9tard, Asier Polo und das Quiroga Quartett. In der Barockcello-Spezialit\u00e4t mit Gaetano Nasillo und Josetxu Obreg\u00f3n (La Ritirata); in Komposition, Instrumentierung und Orchestrierung bei Leonardo Balada, Ertugrul Sevsay, J. M\u00aa S\u00e1nchez Verd\u00fa, Bernardo Adam Ferrero, Gregory Fritze (Berklee), Andr\u00e9s Valero-Castells und Ferrer Ferran; und in der Regie mit Jos\u00e9 Rafael Pascual-Vilaplana und Jan Van der Roost.<br>Als Cellist spielte er unter der Leitung von Dirigenten wie Gustavo Dudamel, Lutz K\u00f6hler, Esa-Pekka Salonen, Vladimir Ashkenazy, Gianandrea Noseda, Peter E\u00f6tvos, Alondra de la Parra, Lorenzo Viotti, Giancarlo Guerrero, David Afkham und Reinbert de Leeuw , Jac van Steen, Erik Nielsen, Christian Zacharias, Alexander Bloch, Pablo Gonz\u00e1lez, Eliahu Inbal, Crist\u00f3bal Halftter, Juanjo Mena, Antoni Ros Marb\u00e1... in Auditorien und Konzerts\u00e4len wie der Carnegie Hall in New York, der Symphony Hall in Boston, Kennedy Center for the Performing Arts in Washington DC, Concertgebouw in Amsterdam, Auditorio Nacional M\u00fasica in Madrid, Palau de la M\u00fasica in Valencia, Palau de les Arts Reina Sof\u00eda in Valencia, Palau de la M\u00fasica Catalana in Barcelona, Gubelkian-Stiftung in Lissabon , Konzerthaus am Gendarmenmarkt Berlin, K\u00f6lner Philharmonie, Filharmonia Narodowa in Warschau, Emirates Palace in Abu Dhabi, Tokyo International Forum, Royal Opera House Muscat usw.<br>Von 2015 bis 2019 war er Cello-Assistenzsolist des Bilbao Symphony Orchestra (BOS), Akademiker des Mahler Chamber Orchestra (MCO) und der D\u00fcsseldorfer Symphoniker, Mitglied des European Union Youth Orchestra (EUYO), Orquesta Juvenil Iberoamericana (OJI). unter der Leitung von Gustavo Dudamel und Mitglied und Solocellist des Nationalen Jugendorchesters Spaniens (JONDE), des Niederl\u00e4ndischen Jugendorchesters (NJO) und des Jove Orquestra de la Generalitat Valenciana (JOGV).<br>Er hat mit dem Mahler Chamber Orchestra (MCO), den Duisburger Philharmonikern, dem Symphonieorchester von Teneriffa, dem Beethoven Orchester Bonn, der Kammeroper K\u00f6ln, den D\u00fcsseldorfer Symphonikern, dem Andr\u00e9s Segovia Chamber Orchestra, dem Filarmon\u00eda Orchestra, der Bilbao Municipal Band usw. zusammengearbeitet.<br>Als Solist spielte er mit dem Symphonieorchester der RSH D\u00fcsseldorf, dem Jove Orquestra de la Generalitat Valenciana (JOGV), dem Orquestra Simf\u00f2nica l&#039;Om de Picassent, dem Orchester des Professional Conservatory of Music of Getafe... und gab Konzerte in Auditorien wie die Tonhalle in D\u00fcsseldorf (Deutschland), Palau de la M\u00fasica de Valencia, Moeser Auditorium \u2013 University of North Carolina (USA), North Carolina Museum of Arts Raleigh, Th\u00e9\u00e2tre du Casino \u00c9vian-Les-Bains (Frankreich), Auditorium \u2013 Fondation Louis Vuitton (Frankreich), Teatre-Auditori de la Vila-Joiosa usw.<br>Als Komponist war er Gast und Gast des Nationalen Jugendorchesters Spaniens (JONDE, 2012, 2016), des P\u00f2dium Matadepera (Barcelona, 2018) und des Festival dels Horts (Valencia, 2019) und erhielt auch Auftr\u00e4ge von das Junge Nationalorchester Spaniens und das Ministerium f\u00fcr Kultur und Bildung, die SGAE\/AEOS-Stiftung \u2013 Bilbao Symphony Orchestra, das Nationale Institut f\u00fcr darstellende Kunst und Musik INAEM, L&#039;Orchestre Parfum (Paris), Antara Korai Choral Group, das Board Central Unter anderem Fallera von Valencia, Cor Valenci\u00e0 de Clarinets, Ajuntament de Montserrat oder die Stadtkapelle Txistularis von Bilbao \u2013 BilbaoMusika.<br>Seine Werke wurden in der Memorial Hall \u2013 University of North Carolina, Chapel Hill (USA), der Carnegie Mellon University School of Music in Pittsburg (USA), der Cit\u00e9 de la Musique (Paris), der Fondation Louis Vuitton (Paris) und dem National Auditorium aufgef\u00fchrt Musik von Madrid, Palau de la M\u00fasica von Valencia, Palau der katalanischen Musik, Monumentaltheater von Madrid, Euskalduna-Palast von Bilbao, Opernpalast von A Coru\u00f1a, Auditorium des Provinzrats von Alicante ADDA, Musiekgebouw aan&#039;t IJ (Amsterdam), Bernard Haitinkzaal (Amsterdam), Universit\u00e4t Caldas (Kolumbien), Palais Wittgenstein (D\u00fcsseldorf, Deutschland), Teatros el Canal in Madrid... von Solisten und Gruppen wie Gautier Capu\u00e7on (internationaler Solist), G\u00e1bor Tark\u00f6vi (Trompetensolist der Berliner). Philharmoniker), das Galizische Symphonieorchester OSG, das Spanische Rundfunk- und Fernsehsinfonieorchester RTVE, das Bilbao Symphony Orchestra BOS, das Orquestra Simf\u00f2nica del Vall\u00e8s OSV, Spanish Brass, das Carnegie Mellon Contemporary Ensemble, das European Union Youth Orchestra EUYO, die Akademie f\u00fcr zeitgen\u00f6ssische Musik von la JONDE, das Collegium Instrumentale de Valencia, Mitglieder des New York Philharmonic Orchestra, UNC Wind Ensemble (USA), Municipal Symphonic Band of Madrid, Municipal Band of Valencia, Municipal Band of Bilbao, Municipal Band of Albacete, Municipal Band of Castell\u00f3n, Band Municipal of Almer\u00eda, usw.<br>Seine Kompositionen werden von Verlagen wie Scomegna Edizioni Musicali (Italien), G\u00e9rard Billaudot \u00c9diteur (Frankreich), Piles, OmnesBands, DAS\u00cd-Flautas Ediciones, Ediciones Tot per l&#039;aire, SB Edicions und JMC Ediciones ver\u00f6ffentlicht.<\/p>\n<\/div>\n<\/div><\/div>\n\n\n<div class=\"woocommerce columns-4\"><ul class=\"products columns-4\">\n<li class=\"desktop-align-left tablet-align-left mobile-align-left ast-product-gallery-layout-horizontal-slider product type-product post-1115 status-publish first instock product_cat-pasodobles product_tag-javier-martinez-campos has-post-thumbnail downloadable virtual taxable purchasable product-type-simple\">\n\t<a href=\"https:\/\/www.omnesbands.international\/de\/produkt\/carmen-monzonis-valero\/\" class=\"woocommerce-LoopProduct-link woocommerce-loop-product__link\"><img loading=\"lazy\" decoding=\"async\" width=\"300\" height=\"300\" src=\"https:\/\/www.omnesbands.international\/wp-content\/uploads\/2023\/01\/Carmen-Monzonis-Valero-300x300.jpg\" class=\"attachment-woocommerce_thumbnail size-woocommerce_thumbnail\" alt=\"Carmen Monzonis Valero\" srcset=\"https:\/\/www.omnesbands.international\/wp-content\/uploads\/2023\/01\/Carmen-Monzonis-Valero-300x300.jpg 300w, https:\/\/www.omnesbands.international\/wp-content\/uploads\/2023\/01\/Carmen-Monzonis-Valero-150x150.jpg 150w, https:\/\/www.omnesbands.international\/wp-content\/uploads\/2023\/01\/Carmen-Monzonis-Valero-100x100.jpg 100w\" sizes=\"auto, (max-width: 300px) 100vw, 300px\" \/><h2 class=\"woocommerce-loop-product__title\">Carmen Monzonis Valero<\/h2>\n\t<span class=\"price\"><span class=\"woocommerce-Price-amount amount\"><bdi><span class=\"woocommerce-Price-currencySymbol\">&#36;<\/span>30.00<\/bdi><\/span><\/span>\n<\/a><a href=\"\/de\/wp-json\/wp\/v2\/pages\/1684?add-to-cart=1115\" aria-describedby=\"woocommerce_loop_add_to_cart_link_describedby_1115\" data-quantity=\"1\" class=\"button product_type_simple add_to_cart_button ajax_add_to_cart\" data-product_id=\"1115\" data-product_sku=\"CAR-PAS-ESP-22\" aria-label=\"Zum Warenkorb hinzuf\u00fcgen: \u201eCarmen Monzonis Valero\u201c\" rel=\"nofollow\" data-success_message=\"\u201eCarmen Monzonis Valero\u201c wurde deinem Warenkorb hinzugef\u00fcgt\" role=\"button\" data-no-translation=\"\" data-trp-gettext=\"\" data-no-translation-aria-label=\"\" data-no-translation-data-success_message=\"\">In den Warenkorb<\/a>\t<span id=\"woocommerce_loop_add_to_cart_link_describedby_1115\" class=\"screen-reader-text\">\n\t\t\t<\/span>\n<\/li>\n<li class=\"desktop-align-left tablet-align-left mobile-align-left ast-product-gallery-layout-horizontal-slider product type-product post-1380 status-publish instock product_cat-pasodobles product_tag-javier-martinez-campos has-post-thumbnail downloadable virtual taxable purchasable product-type-simple\">\n\t<a href=\"https:\/\/www.omnesbands.international\/de\/produkt\/sant-roc-2011\/\" class=\"woocommerce-LoopProduct-link woocommerce-loop-product__link\"><img loading=\"lazy\" decoding=\"async\" width=\"300\" height=\"300\" src=\"https:\/\/www.omnesbands.international\/wp-content\/uploads\/2023\/01\/Sant-Roc-300x300.jpg\" class=\"attachment-woocommerce_thumbnail size-woocommerce_thumbnail\" alt=\"Sant Roc 2011\" srcset=\"https:\/\/www.omnesbands.international\/wp-content\/uploads\/2023\/01\/Sant-Roc-300x300.jpg 300w, https:\/\/www.omnesbands.international\/wp-content\/uploads\/2023\/01\/Sant-Roc-150x150.jpg 150w, https:\/\/www.omnesbands.international\/wp-content\/uploads\/2023\/01\/Sant-Roc-100x100.jpg 100w\" sizes=\"auto, (max-width: 300px) 100vw, 300px\" \/><h2 class=\"woocommerce-loop-product__title\">Saint Roc 2011<\/h2>\n\t<span class=\"price\"><span class=\"woocommerce-Price-amount amount\"><bdi><span class=\"woocommerce-Price-currencySymbol\">&#36;<\/span>25.00<\/bdi><\/span><\/span>\n<\/a><a href=\"\/de\/wp-json\/wp\/v2\/pages\/1684?add-to-cart=1380\" aria-describedby=\"woocommerce_loop_add_to_cart_link_describedby_1380\" data-quantity=\"1\" class=\"button product_type_simple add_to_cart_button ajax_add_to_cart\" data-product_id=\"1380\" data-product_sku=\"SAN-PAS-ESP-22\" aria-label=\"Zum Warenkorb hinzuf\u00fcgen: \u201eSant Roc 2011\u201c\" rel=\"nofollow\" data-success_message=\"\u201eSant Roc 2011\u201c wurde deinem Warenkorb hinzugef\u00fcgt\" role=\"button\" data-no-translation=\"\" data-trp-gettext=\"\" data-no-translation-aria-label=\"\" data-no-translation-data-success_message=\"\">In den Warenkorb<\/a>\t<span id=\"woocommerce_loop_add_to_cart_link_describedby_1380\" class=\"screen-reader-text\">\n\t\t\t<\/span>\n<\/li>\n<\/ul>\n<\/div>","protected":false},"excerpt":{"rendered":"<p>JAVIER MART\u00cdNEZ CAMPOS Nace en Valencia en diciembre de 1989. Comenz\u00f3 sus estudios musicales a la edad de los 4 a\u00f1os en la Academia CEDAM de Madrid, continuando el grado medio en el Conservatorio Profesional de M\u00fasica de Getafe con M\u00aa Nieves Collado. Estudi\u00f3 en el Real Conservatorio Superior de M\u00fasica de Madrid las especialidades [&hellip;]<\/p>\n","protected":false},"author":4,"featured_media":0,"parent":0,"menu_order":0,"comment_status":"closed","ping_status":"closed","template":"","meta":{"_acf_changed":false,"_uag_custom_page_level_css":"","site-sidebar-layout":"default","site-content-layout":"","ast-site-content-layout":"default","site-content-style":"default","site-sidebar-style":"default","ast-global-header-display":"","ast-banner-title-visibility":"","ast-main-header-display":"","ast-hfb-above-header-display":"","ast-hfb-below-header-display":"","ast-hfb-mobile-header-display":"","site-post-title":"disabled","ast-breadcrumbs-content":"","ast-featured-img":"","footer-sml-layout":"","ast-disable-related-posts":"","theme-transparent-header-meta":"","adv-header-id-meta":"","stick-header-meta":"","header-above-stick-meta":"","header-main-stick-meta":"","header-below-stick-meta":"","astra-migrate-meta-layouts":"default","ast-page-background-enabled":"default","ast-page-background-meta":{"desktop":{"background-color":"","background-image":"","background-repeat":"repeat","background-position":"center center","background-size":"auto","background-attachment":"scroll","background-type":"","background-media":"","overlay-type":"","overlay-color":"","overlay-opacity":"","overlay-gradient":""},"tablet":{"background-color":"","background-image":"","background-repeat":"repeat","background-position":"center center","background-size":"auto","background-attachment":"scroll","background-type":"","background-media":"","overlay-type":"","overlay-color":"","overlay-opacity":"","overlay-gradient":""},"mobile":{"background-color":"","background-image":"","background-repeat":"repeat","background-position":"center center","background-size":"auto","background-attachment":"scroll","background-type":"","background-media":"","overlay-type":"","overlay-color":"","overlay-opacity":"","overlay-gradient":""}},"ast-content-background-meta":{"desktop":{"background-color":"var(--ast-global-color-5)","background-image":"","background-repeat":"repeat","background-position":"center center","background-size":"auto","background-attachment":"scroll","background-type":"","background-media":"","overlay-type":"","overlay-color":"","overlay-opacity":"","overlay-gradient":""},"tablet":{"background-color":"var(--ast-global-color-5)","background-image":"","background-repeat":"repeat","background-position":"center center","background-size":"auto","background-attachment":"scroll","background-type":"","background-media":"","overlay-type":"","overlay-color":"","overlay-opacity":"","overlay-gradient":""},"mobile":{"background-color":"var(--ast-global-color-5)","background-image":"","background-repeat":"repeat","background-position":"center center","background-size":"auto","background-attachment":"scroll","background-type":"","background-media":"","overlay-type":"","overlay-color":"","overlay-opacity":"","overlay-gradient":""}},"footnotes":""},"class_list":["post-1684","page","type-page","status-publish","hentry"],"acf":[],"yoast_head":"<!-- This site is optimized with the Yoast SEO Premium plugin v22.4 (Yoast SEO v27.4) - https:\/\/yoast.com\/product\/yoast-seo-premium-wordpress\/ -->\n<title>JAVIER MART\u00cdNEZ CAMPOS -<\/title>\n<meta name=\"robots\" content=\"index, follow, max-snippet:-1, max-image-preview:large, max-video-preview:-1\" \/>\n<link rel=\"canonical\" href=\"https:\/\/www.omnesbands.international\/de\/javier-martinez-campos-2\/\" \/>\n<meta property=\"og:locale\" content=\"de_DE\" \/>\n<meta property=\"og:type\" content=\"article\" \/>\n<meta property=\"og:title\" content=\"JAVIER MART\u00cdNEZ CAMPOS\" \/>\n<meta property=\"og:description\" content=\"JAVIER MART\u00cdNEZ CAMPOS Nace en Valencia en diciembre de 1989. Comenz\u00f3 sus estudios musicales a la edad de los 4 a\u00f1os en la Academia CEDAM de Madrid, continuando el grado medio en el Conservatorio Profesional de M\u00fasica de Getafe con M\u00aa Nieves Collado. Estudi\u00f3 en el Real Conservatorio Superior de M\u00fasica de Madrid las especialidades [&hellip;]\" \/>\n<meta property=\"og:url\" content=\"https:\/\/www.omnesbands.international\/de\/javier-martinez-campos-2\/\" \/>\n<meta property=\"article:modified_time\" content=\"2023-01-29T03:29:19+00:00\" \/>\n<meta property=\"og:image\" content=\"https:\/\/www.omnesbands.international\/wp-content\/uploads\/2023\/01\/music-sheet-music-snowdrop-7107045.jpg\" \/>\n\t<meta property=\"og:image:width\" content=\"1280\" \/>\n\t<meta property=\"og:image:height\" content=\"742\" \/>\n\t<meta property=\"og:image:type\" content=\"image\/jpeg\" \/>\n<meta name=\"twitter:card\" content=\"summary_large_image\" \/>\n<meta name=\"twitter:label1\" content=\"Gesch\u00e4tzte Lesezeit\" \/>\n\t<meta name=\"twitter:data1\" content=\"5\u00a0Minuten\" \/>\n<script type=\"application\/ld+json\" class=\"yoast-schema-graph\">{\"@context\":\"https:\\\/\\\/schema.org\",\"@graph\":[{\"@type\":\"WebPage\",\"@id\":\"https:\\\/\\\/www.omnesbands.international\\\/en\\\/javier-martinez-campos-2\\\/\",\"url\":\"https:\\\/\\\/www.omnesbands.international\\\/en\\\/javier-martinez-campos-2\\\/\",\"name\":\"JAVIER MART\u00cdNEZ CAMPOS -\",\"isPartOf\":{\"@id\":\"https:\\\/\\\/www.omnesbands.international\\\/#website\"},\"datePublished\":\"2023-01-29T03:28:00+00:00\",\"dateModified\":\"2023-01-29T03:29:19+00:00\",\"breadcrumb\":{\"@id\":\"https:\\\/\\\/www.omnesbands.international\\\/en\\\/javier-martinez-campos-2\\\/#breadcrumb\"},\"inLanguage\":\"de\",\"potentialAction\":[{\"@type\":\"ReadAction\",\"target\":[\"https:\\\/\\\/www.omnesbands.international\\\/en\\\/javier-martinez-campos-2\\\/\"]}]},{\"@type\":\"BreadcrumbList\",\"@id\":\"https:\\\/\\\/www.omnesbands.international\\\/en\\\/javier-martinez-campos-2\\\/#breadcrumb\",\"itemListElement\":[{\"@type\":\"ListItem\",\"position\":1,\"name\":\"Portada\",\"item\":\"https:\\\/\\\/www.omnesbands.international\\\/\"},{\"@type\":\"ListItem\",\"position\":2,\"name\":\"JAVIER MART\u00cdNEZ CAMPOS\"}]},{\"@type\":\"WebSite\",\"@id\":\"https:\\\/\\\/www.omnesbands.international\\\/#website\",\"url\":\"https:\\\/\\\/www.omnesbands.international\\\/\",\"name\":\"OMNESBANDS International\",\"description\":\"Partituras Originales de autores y compositores independientes\",\"publisher\":{\"@id\":\"https:\\\/\\\/www.omnesbands.international\\\/#organization\"},\"potentialAction\":[{\"@type\":\"SearchAction\",\"target\":{\"@type\":\"EntryPoint\",\"urlTemplate\":\"https:\\\/\\\/www.omnesbands.international\\\/?s={search_term_string}\"},\"query-input\":{\"@type\":\"PropertyValueSpecification\",\"valueRequired\":true,\"valueName\":\"search_term_string\"}}],\"inLanguage\":\"de\"},{\"@type\":\"Organization\",\"@id\":\"https:\\\/\\\/www.omnesbands.international\\\/#organization\",\"name\":\"Indra Consultores Internacionales\",\"alternateName\":\"Omnesbands\",\"url\":\"https:\\\/\\\/www.omnesbands.international\\\/\",\"logo\":{\"@type\":\"ImageObject\",\"inLanguage\":\"de\",\"@id\":\"https:\\\/\\\/www.omnesbands.international\\\/#\\\/schema\\\/logo\\\/image\\\/\",\"url\":\"https:\\\/\\\/omnesbands.international\\\/wp-content\\\/uploads\\\/2023\\\/06\\\/Logo-Nuevo-.png\",\"contentUrl\":\"https:\\\/\\\/omnesbands.international\\\/wp-content\\\/uploads\\\/2023\\\/06\\\/Logo-Nuevo-.png\",\"width\":394,\"height\":212,\"caption\":\"Indra Consultores Internacionales\"},\"image\":{\"@id\":\"https:\\\/\\\/www.omnesbands.international\\\/#\\\/schema\\\/logo\\\/image\\\/\"}}]}<\/script>\n<!-- \/ Yoast SEO Premium plugin. -->","yoast_head_json":{"title":"JAVIER MART\u00cdNEZ CAMPOS -","robots":{"index":"index","follow":"follow","max-snippet":"max-snippet:-1","max-image-preview":"max-image-preview:large","max-video-preview":"max-video-preview:-1"},"canonical":"https:\/\/www.omnesbands.international\/de\/javier-martinez-campos-2\/","og_locale":"de_DE","og_type":"article","og_title":"JAVIER MART\u00cdNEZ CAMPOS","og_description":"JAVIER MART\u00cdNEZ CAMPOS Nace en Valencia en diciembre de 1989. Comenz\u00f3 sus estudios musicales a la edad de los 4 a\u00f1os en la Academia CEDAM de Madrid, continuando el grado medio en el Conservatorio Profesional de M\u00fasica de Getafe con M\u00aa Nieves Collado. Estudi\u00f3 en el Real Conservatorio Superior de M\u00fasica de Madrid las especialidades [&hellip;]","og_url":"https:\/\/www.omnesbands.international\/de\/javier-martinez-campos-2\/","article_modified_time":"2023-01-29T03:29:19+00:00","og_image":[{"width":1280,"height":742,"url":"https:\/\/www.omnesbands.international\/wp-content\/uploads\/2023\/01\/music-sheet-music-snowdrop-7107045.jpg","type":"image\/jpeg"}],"twitter_card":"summary_large_image","twitter_misc":{"Gesch\u00e4tzte Lesezeit":"5\u00a0Minuten"},"schema":{"@context":"https:\/\/schema.org","@graph":[{"@type":"WebPage","@id":"https:\/\/www.omnesbands.international\/en\/javier-martinez-campos-2\/","url":"https:\/\/www.omnesbands.international\/en\/javier-martinez-campos-2\/","name":"JAVIER MART\u00cdNEZ CAMPOS -","isPartOf":{"@id":"https:\/\/www.omnesbands.international\/#website"},"datePublished":"2023-01-29T03:28:00+00:00","dateModified":"2023-01-29T03:29:19+00:00","breadcrumb":{"@id":"https:\/\/www.omnesbands.international\/en\/javier-martinez-campos-2\/#breadcrumb"},"inLanguage":"de","potentialAction":[{"@type":"ReadAction","target":["https:\/\/www.omnesbands.international\/en\/javier-martinez-campos-2\/"]}]},{"@type":"BreadcrumbList","@id":"https:\/\/www.omnesbands.international\/en\/javier-martinez-campos-2\/#breadcrumb","itemListElement":[{"@type":"ListItem","position":1,"name":"Portada","item":"https:\/\/www.omnesbands.international\/"},{"@type":"ListItem","position":2,"name":"JAVIER MART\u00cdNEZ CAMPOS"}]},{"@type":"WebSite","@id":"https:\/\/www.omnesbands.international\/#website","url":"https:\/\/www.omnesbands.international\/","name":"OMNESBANDS International","description":"Original-Noten von unabh\u00e4ngigen Autoren und Komponisten","publisher":{"@id":"https:\/\/www.omnesbands.international\/#organization"},"potentialAction":[{"@type":"SearchAction","target":{"@type":"EntryPoint","urlTemplate":"https:\/\/www.omnesbands.international\/?s={search_term_string}"},"query-input":{"@type":"PropertyValueSpecification","valueRequired":true,"valueName":"search_term_string"}}],"inLanguage":"de"},{"@type":"Organization","@id":"https:\/\/www.omnesbands.international\/#organization","name":"Indra Internationale Berater","alternateName":"Omnesbands","url":"https:\/\/www.omnesbands.international\/","logo":{"@type":"ImageObject","inLanguage":"de","@id":"https:\/\/www.omnesbands.international\/#\/schema\/logo\/image\/","url":"https:\/\/omnesbands.international\/wp-content\/uploads\/2023\/06\/Logo-Nuevo-.png","contentUrl":"https:\/\/omnesbands.international\/wp-content\/uploads\/2023\/06\/Logo-Nuevo-.png","width":394,"height":212,"caption":"Indra Consultores Internacionales"},"image":{"@id":"https:\/\/www.omnesbands.international\/#\/schema\/logo\/image\/"}}]}},"uagb_featured_image_src":{"full":false,"thumbnail":false,"medium":false,"medium_large":false,"large":false,"1536x1536":false,"2048x2048":false,"trp-custom-language-flag":false,"gg_gallery_thumbnail":false,"woocommerce_thumbnail":false,"woocommerce_single":false,"woocommerce_gallery_thumbnail":false},"uagb_author_info":{"display_name":"Melvin R. Portillo A:","author_link":"https:\/\/www.omnesbands.international\/de\/author\/portand\/"},"uagb_comment_info":0,"uagb_excerpt":"JAVIER MART\u00cdNEZ CAMPOS Nace en Valencia en diciembre de 1989. Comenz\u00f3 sus estudios musicales a la edad de los 4 a\u00f1os en la Academia CEDAM de Madrid, continuando el grado medio en el Conservatorio Profesional de M\u00fasica de Getafe con M\u00aa Nieves Collado. Estudi\u00f3 en el Real Conservatorio Superior de M\u00fasica de Madrid las especialidades&hellip;","_links":{"self":[{"href":"https:\/\/www.omnesbands.international\/de\/wp-json\/wp\/v2\/pages\/1684","targetHints":{"allow":["GET"]}}],"collection":[{"href":"https:\/\/www.omnesbands.international\/de\/wp-json\/wp\/v2\/pages"}],"about":[{"href":"https:\/\/www.omnesbands.international\/de\/wp-json\/wp\/v2\/types\/page"}],"author":[{"embeddable":true,"href":"https:\/\/www.omnesbands.international\/de\/wp-json\/wp\/v2\/users\/4"}],"replies":[{"embeddable":true,"href":"https:\/\/www.omnesbands.international\/de\/wp-json\/wp\/v2\/comments?post=1684"}],"version-history":[{"count":2,"href":"https:\/\/www.omnesbands.international\/de\/wp-json\/wp\/v2\/pages\/1684\/revisions"}],"predecessor-version":[{"id":1686,"href":"https:\/\/www.omnesbands.international\/de\/wp-json\/wp\/v2\/pages\/1684\/revisions\/1686"}],"wp:attachment":[{"href":"https:\/\/www.omnesbands.international\/de\/wp-json\/wp\/v2\/media?parent=1684"}],"curies":[{"name":"wp","href":"https:\/\/api.w.org\/{rel}","templated":true}]}}