{"id":1702,"date":"2023-01-28T22:10:54","date_gmt":"2023-01-29T04:10:54","guid":{"rendered":"https:\/\/omnesbands.international\/?page_id=1702"},"modified":"2023-01-28T22:13:10","modified_gmt":"2023-01-29T04:13:10","slug":"jose-rafael-pascual-vilaplana-2","status":"publish","type":"page","link":"https:\/\/www.omnesbands.international\/de\/jose-rafael-pascual-vilaplana-2\/","title":{"rendered":"JOS\u00c9 RAFAEL PASCUAL-VILAPLANA"},"content":{"rendered":"<div class=\"wp-block-uagb-container uagb-block-4503403a alignfull uagb-is-root-container\"><div class=\"uagb-container-inner-blocks-wrap\">\n<div class=\"wp-block-uagb-advanced-heading uagb-block-275e72f4\"><h1 class=\"uagb-heading-text\"><strong>JOS\u00c9 RAFAEL PASCUAL-VILAPLANA<\/strong><\/h1><\/div>\n<\/div><\/div>\n\n\n\n<div class=\"wp-block-uagb-container uagb-block-21895d72 alignfull uagb-is-root-container\"><div class=\"uagb-container-inner-blocks-wrap\">\n<div class=\"wp-block-uagb-container uagb-block-f7f5c3fd\">\n<p>Er wurde am 30. April 1971 in Muro (Alicante) geboren, wo er sein Musikstudium mit Euphonium und Klavier an der Uni\u00f3n Musical de Muro begann. Seine Lehrer waren Salvador Mart\u00ednez und M\u00aa Angeles Palacios. Sp\u00e4ter setzte er sein Berufsstudium am St\u00e4dtischen Konservatorium von Alcoi und am H\u00f6heren Konservatorium von Valencia fort. Er studiert Banddirigieren bei dem niederl\u00e4ndischen Lehrer Jan COBER (\u201eBrabants Conservatorium\u201c in Tilburg) und dem amerikanischen Dirigenten Eugene CORPORON (University of North Texas). Er studierte Orchesterdirigieren in Wien bei den Lehrern Karl \u00d6STERREICHER, Yuji YUHASA und Hans Graf. Seine Regiekenntnisse hat er in verschiedenen Kursen bei Lehrern wie James Croft, Jos\u00e9 Collado, Gerardo P\u00e9rez Busquier, Norman Milan\u00e9s und George Pehlivanian erweitert. Er studierte Harmonielehre und Komposition bei Rafael Alcaraz und Javier Darias.<\/p>\n<p>Er besuchte Musikp\u00e4dagogikkurse bei den Lehrern Diego Ram\u00f3n Lluch, Ana Luc\u00eda Frega und Maravillas D\u00edaz an der regionalen Musikschule Vall d&#039;Albaida.<\/p>\n<p>Er arbeitete als Chefdirigent verschiedener Bands in Alicante (Castell de Castells und Muro) und Valencia (UM de Y\u00e1tova), wobei seine T\u00e4tigkeit in der Gruppe f\u00fcr traditionelle Musik \u201eLa Xafig\u00e0\u201c (1988-1996), der Band der Associaci\u00f3 Uni\u00f3, hervorzuheben ist Musical de Bocairent (1994-1998), in der Band der k\u00fcnstlerisch-musikalischen Gruppe \u201eEl Trabajo\u201c von Xixona (1995-2002), in der Band der Societat Uni\u00f3 Musical de Muro (2002-2007) und in der Band von die Musikgesellschaft \u201eLa Nova\u201c von X\u00e0tiva (2007-2009). Von 2001 bis 2014 war er Chefdirigent des Albacete Symphony Orchestra. Er war Gastdirigent der Nationalkapelle von Kuba, der Musikkapellen des Tilburg-Konservatoriums, der Stadtkapellen von Alicante, Barcelona, Bilbao, Castell\u00f3n, A Coru\u00f1a, Madrid, Palma de Mallorca, Pontevedra, Sta. Cruz de Teneriffa, Santander, Santiago de Compostela und Vitoria, Stadtkapelle von Matanzas (Kuba), Stadtkapelle von Buenos Aires (Argentinien), Band der Fakult\u00e4t f\u00fcr Philosophie und Literatur der Universit\u00e4t von Buenos Aires, Symphoniekapelle von Montevideo, Nationale Jugendkapelle von Kolumbien, Band der K\u00f6niglichen Niederl\u00e4ndischen Marine von Rotterdam, Band des Oberen Konservatoriums von Maastricht, Band des Oberen Konservatoriums der Kanarischen Inseln, Band und Orchester des CS des F\u00fcrstentums Asturien, Band von MUSIKENE, Band des Oberen Konservatoriums von Ja\u00e9n , Sinfonieorchester von Sta. Maria da Feira (Portugal), Bairrada Symphonieorchester (Portugal), Portugiesische Symphoniekapelle von Porto, Jungend Blasorchester von Bayern, AULOS Blasorchester der Schweiz, Civica Filarmonica di Lugano, Band der Streitkr\u00e4fte Sloweniens, Symphonische Band des Turina-Festivals von Sevilla, Band des Albacete Professional Conservatory, Band des Tortosa-Konservatoriums, Band des Torrelavega-Konservatoriums, Band des Calahorra-Konservatoriums, Band des Pontevedra-Konservatoriums, Band und Orchester des Almansa-Konservatoriums, Band von der Verband der Musikvereine der Valencianischen F\u00f6deration (Inhabersaison 2002), Band der Murcian Federation of Bands, Band der Navarra Federation of Bands, Band des Provinzrats von Tarragona, Matanzas Symphony Orchestra, Bukarest Symphony Orchestra (Rum\u00e4nien), \u201eManuel de Falla\u201c Kammerorchester von C\u00e1diz, Chor der Universit\u00e4t von C\u00e1diz, Albacete Symphony Orchestra, Castell\u00f3n Symphony Orchestra, Murcia Symphony Orchestra, UCAM Murcia Symphony Orchestra, Vall\u00e9s Symphony Orchestra, Castilla y Le\u00f3n Symphony Orchestra, Philharmonie Las Palmas de Gran Canaria Orchester, Bilbao BOS Symphony Orchestra, CAMERA MUSICAE Orchestra of Tarragona (Hauptgastdirigent 2010-2013), Donostiarra Orfe\u00f3n, Bilbao Choral Society, Discantus Choir of Murcia, ... sowie mit verschiedenen Bandgruppen aus der Valencianischen Gemeinschaft, Galizien, die Kanarischen Inseln, Kastilien-La Mancha, Murcia, Katalonien,\u2026<\/p>\n<p>Als Dirigent hat er mit Solisten wie Sergei Nakariakov, Jorgen van Rijen, Ben van Dijk, Spanish Brass, Ximo Vicedo, Lito Fontana, Luis Gonz\u00e1lez, Pacho Flores, Manuel Blanco, Rub\u00e9n Sime\u00f3, Albert Guinovart und Pedro Valero zusammengearbeitet. Yulia Nefiodova, Pablo Su\u00e1rez, Asier Polo, Josep Trescol\u00ed, Luisa Pereira, Ashan Pillai, Joana Guillen, Claudi Arimany, Jos\u00e9 Franch-Ballester, Nuno Pinto, Albert Guinovart, Vicente Alberola, Juan Ferrer, Conrado Moya... Ebenso hat er arbeitete in lyrischen Produktionen mit S\u00e4ngerinnen wie Elisabete Matos, Ana M\u00aa S\u00e1nchez, Estrella Morente, Amparo Navarro, Mar\u00eda Ribera, Estefan\u00eda Perdomo, Cristina S\u00e1nchez, Ruth Rosique, Carmen Sol\u00eds, Olatz Saitua, Ulrike Haller, Marta Ubieta, Miren Urbieta, Marif\u00e9 Nogales , Miren de Miguel, Andeka Gorrotxategui, Andr\u00e9s del Pino, Alberto Arrabal, Javier Agull\u00f3, Fernando Latorre, Jospe Dom\u00e9nech, Toni Marsol, Mikeldi Atxalandabaso, Be\u00f1at Egiarte oder Elisabete Matos.<br>Er ist Komponist verschiedener Werke f\u00fcr Blasorchester und Instrumentalensemble. Einige seiner Werke erscheinen in Editorial Piles, Editorial Tot per l&#039;Aire, Ediciones GTE, Editorial Omnes Bands of Valencia und seinem eigenen Verlag Pascual-Vilaplana Music. Er nimmt regelm\u00e4\u00dfig als Jury an verschiedenen Kompositionswettbewerben f\u00fcr Banda teil (Altea, Bocairent, Benidorm, Callosa, Calpe, Elda, Pego, D\u00e8nia, Algemess\u00ed, Sant Vicent del Raspeig...). Er wurde zur Internationalen Jury des Schweizerischen Nationalen Musikkapellenwettbewerbs in Montreux im Jahr 2001, des Pordenone Dirigentenwettbewerbs (Italien, 2006), des Italienischen Schweizer Musikkapellenwettbewerbs in Lugano (2009) und des Internationalen Dirigentenwettbewerbs ernannt der WMC von Kerkrade (2010), der Dirigentenwettbewerb der Toskana (Italien, 2010), der Nationale Bandwettbewerb Kolumbiens in der Stadt Paipa (2010), der Internationale Wettbewerb \u201eFlicorno d&#039;Oro\u201c von Riva del Garda (Italien). , 2014) sowie Jury der Provinzial-Bandwettbewerbe von Alicante (2001) und Castell\u00f3n (2002) und des La Senia Band-Wettbewerbs (2006). Er hat Auftragswerke f\u00fcr Gruppen wie Spanish Brass Luur Metalls, 2i2 Quartet, Ximo Vicedo, Luis Gonz\u00e1lez, Juan C. Matamoros, Francisco Gonz\u00e1lez Azor\u00edn, Juanjo Munera, David Abell\u00e1n oder Juan Manuel G\u00f3mez geschrieben. 2006 brachte er sein Musical Balansiyy\u00e0 mit Texten von Carlos Veiga zur Urauff\u00fchrung und trat in Valencia, Torrevieja, Madrid und Rabat (Marokko) auf.<\/p>\n<p>Er war Gastkomponist bei verschiedenen Festivals wie dem Elda Band Contest (1999), dem Cocentaina \u201eFira Tots Sants\u201c Choral Contest (2013), SBALZ (Alzira, 2015), der Tubala Brass Week (Tafalla, 2018) oder dem International Band Contest von Altea (2018).<\/p>\n<p>Er ist Regisseur von mehr als drei\u00dfig CDs f\u00fcr Plattenlabels wie RTVE, Floc, Audioart, Molenaar, De Haske oder L&#039;Auditori Digital.<\/p>\n<p>Seit Januar 2015 ist er Haupt- und k\u00fcnstlerischer Leiter der Bilbao Municipal Music Band. Seit 2018 ist er Miteigent\u00fcmer der Barcelona Municipal Band. Au\u00dferdem ist er Gr\u00fcndungsdirektor des Orquestra de Vents Filharmonia und Hauptgastdirigent der Portugiesischen Symphoniekapelle von Porto. Von 2007 bis 2018 war er k\u00fcnstlerischer Leiter und Lehrer der Kurse zur musikalischen Verbesserung am Istituto Musicale Guido Alberto Fano in Spilimbergo (Italien). Seit 1995 ist er Lehrer an der Escola Comarcal de M\u00fasica de la Vall d&#039;Albaida 1999 bis 2004 an der Akademie \u201eAllegro\u201c in Valencia und von 2002 bis 2007 am l&#039;ECM del Comtat. Er hat verschiedene Dirigierkurse in Deutschland, Holland, der Schweiz (Konservatorium Freiburg), Italien, Frankreich, Portugal, Argentinien und Kolumbien unterrichtet. Er ist Mitglied der SGAE, Gr\u00fcndungsmitglied der ACMMIC Composers Association (Associaci\u00f3 de Composers de M\u00fasica de Moros i Cristians) und COSICOVA (Vereinigung der valencianischen Symphoniker).<\/p>\n<p>1991 wurde ihm die Auszeichnung \u201eBatuta del Mtro\u201c verliehen. Guillermo Tom\u00e1s\u00bb von der National Band of Cuba in Havanna. 1997 gewann er den ersten Preis \u201eGolden Baton\u201c des \u201e8. Internationaler Dirigentenwettbewerb\u00bb des WMC von Kerkrade (Holland). Im April 2000 erhielt er den ersten Preis \u201eBaton of Honor\u201c vom \u201e1st. European Conductors&#039; Competition\u201c, organisiert von der EBBA (European Brass Band Association) in der Symphony Hall in der englischen Stadt Birmingham, wof\u00fcr er zum \u201eEuropean Conductor Champion 2000\u201c ernannt wurde. Im Oktober desselben Jahres wurde er als einziger Spanier ausgew\u00e4hlt, die Oper im \u201eVI. Concorso per a Giovanni Directore d&#039;Orchestra de la Comunit\u00e0 European\u201c zu dirigieren, der von der Franco-Capuana-Stiftung in Rom, der Academia Chigiana in Siena und dem Teatro Lirico organisiert wurde Sperimentale von Spoleto (Italien). Im Jahr 2004 erhielt er den Euterpe-Preis der F\u00f6deration der Musikvereine der valencianischen Gemeinschaft in zwei Kategorien: Banddirigieren und Musikkomposition f\u00fcr das Festival. Im Jahr 2010 erhielt er den Nationalen Musikpreis \u201eIgnacio Morales Nieva\u201c des Castilla Music Festival \u201eThe Mancha\u00bb. 2012 erhielt er zusammen mit dem Albacete Symphony Orchestra den Preis f\u00fcr die beste Musicalshow in Castilla La Mancha. 2020 erhielt er f\u00fcr seine musikalische Karriere den MAITENA Award der Bilbao Choral Society.<\/p>\n<\/div>\n<\/div><\/div>\n\n\n<div class=\"woocommerce columns-4\"><ul class=\"products columns-4\">\n<li class=\"desktop-align-left tablet-align-left mobile-align-left ast-product-gallery-layout-horizontal-slider product type-product post-1098 status-publish first instock product_cat-pasodobles product_tag-jose-rafael-pascual-vilaplana has-post-thumbnail downloadable virtual taxable purchasable product-type-simple\">\n\t<a href=\"https:\/\/www.omnesbands.international\/de\/produkt\/al-abed-alkasar\/\" class=\"woocommerce-LoopProduct-link woocommerce-loop-product__link\"><img loading=\"lazy\" decoding=\"async\" width=\"300\" height=\"300\" src=\"https:\/\/www.omnesbands.international\/wp-content\/uploads\/2023\/01\/Al-Abed-Alkasar-1-300x300.jpg\" class=\"attachment-woocommerce_thumbnail size-woocommerce_thumbnail\" alt=\"Al Abed Alkasar\" srcset=\"https:\/\/www.omnesbands.international\/wp-content\/uploads\/2023\/01\/Al-Abed-Alkasar-1-300x300.jpg 300w, https:\/\/www.omnesbands.international\/wp-content\/uploads\/2023\/01\/Al-Abed-Alkasar-1-150x150.jpg 150w, https:\/\/www.omnesbands.international\/wp-content\/uploads\/2023\/01\/Al-Abed-Alkasar-1-11x12.jpg 11w, https:\/\/www.omnesbands.international\/wp-content\/uploads\/2023\/01\/Al-Abed-Alkasar-1-100x100.jpg 100w\" sizes=\"auto, (max-width: 300px) 100vw, 300px\" \/><h2 class=\"woocommerce-loop-product__title\">al-abed-alkasar<\/h2>\n\t<span class=\"price\"><span class=\"woocommerce-Price-amount amount\"><bdi><span class=\"woocommerce-Price-currencySymbol\">&#36;<\/span>25.00<\/bdi><\/span><\/span>\n<\/a><a href=\"\/de\/wp-json\/wp\/v2\/pages\/1702?add-to-cart=1098\" aria-describedby=\"woocommerce_loop_add_to_cart_link_describedby_1098\" data-quantity=\"1\" class=\"button product_type_simple add_to_cart_button ajax_add_to_cart\" data-product_id=\"1098\" data-product_sku=\"AL-PAS-ESP-22\" aria-label=\"Zum Warenkorb hinzuf\u00fcgen: \u201eAl Abed Alkasar\u201c\" rel=\"nofollow\" data-success_message=\"\u201eAl Abed Alkasar\u201c wurde deinem Warenkorb hinzugef\u00fcgt\" role=\"button\" data-no-translation=\"\" data-trp-gettext=\"\" data-no-translation-aria-label=\"\" data-no-translation-data-success_message=\"\">In den Warenkorb<\/a>\t<span id=\"woocommerce_loop_add_to_cart_link_describedby_1098\" class=\"screen-reader-text\">\n\t\t\t<\/span>\n<\/li>\n<li class=\"desktop-align-left tablet-align-left mobile-align-left ast-product-gallery-layout-horizontal-slider product type-product post-1053 status-publish instock product_cat-musica-de-calle product_tag-jose-rafael-pascual-vilaplana has-post-thumbnail downloadable virtual taxable purchasable product-type-simple\">\n\t<a href=\"https:\/\/www.omnesbands.international\/de\/produkt\/als-feixucs\/\" class=\"woocommerce-LoopProduct-link woocommerce-loop-product__link\"><img loading=\"lazy\" decoding=\"async\" width=\"300\" height=\"300\" src=\"https:\/\/www.omnesbands.international\/wp-content\/uploads\/2023\/01\/Als-Feixucs-300x300.jpg\" class=\"attachment-woocommerce_thumbnail size-woocommerce_thumbnail\" alt=\"Als Feixucs\" srcset=\"https:\/\/www.omnesbands.international\/wp-content\/uploads\/2023\/01\/Als-Feixucs-300x300.jpg 300w, https:\/\/www.omnesbands.international\/wp-content\/uploads\/2023\/01\/Als-Feixucs-150x150.jpg 150w, https:\/\/www.omnesbands.international\/wp-content\/uploads\/2023\/01\/Als-Feixucs-100x100.jpg 100w\" sizes=\"auto, (max-width: 300px) 100vw, 300px\" \/><h2 class=\"woocommerce-loop-product__title\">Als Feixucs<\/h2>\n\t<span class=\"price\"><span class=\"woocommerce-Price-amount amount\"><bdi><span class=\"woocommerce-Price-currencySymbol\">&#36;<\/span>25.00<\/bdi><\/span><\/span>\n<\/a><a href=\"\/de\/wp-json\/wp\/v2\/pages\/1702?add-to-cart=1053\" aria-describedby=\"woocommerce_loop_add_to_cart_link_describedby_1053\" data-quantity=\"1\" class=\"button product_type_simple add_to_cart_button ajax_add_to_cart\" data-product_id=\"1053\" data-product_sku=\"FEI-CAL-ESP-22\" aria-label=\"Zum Warenkorb hinzuf\u00fcgen: \u201eAls Feixucs\u201c\" rel=\"nofollow\" data-success_message=\"\u201eAls Feixucs\u201c wurde deinem Warenkorb hinzugef\u00fcgt\" role=\"button\" data-no-translation=\"\" data-trp-gettext=\"\" data-no-translation-aria-label=\"\" data-no-translation-data-success_message=\"\">In den Warenkorb<\/a>\t<span id=\"woocommerce_loop_add_to_cart_link_describedby_1053\" class=\"screen-reader-text\">\n\t\t\t<\/span>\n<\/li>\n<li class=\"desktop-align-left tablet-align-left mobile-align-left ast-product-gallery-layout-horizontal-slider product type-product post-1087 status-publish instock product_cat-musica-de-calle product_tag-jose-rafael-pascual-vilaplana has-post-thumbnail featured downloadable virtual taxable purchasable product-type-simple\">\n\t<a href=\"https:\/\/www.omnesbands.international\/de\/produkt\/creu-darsuf\/\" class=\"woocommerce-LoopProduct-link woocommerce-loop-product__link\"><img loading=\"lazy\" decoding=\"async\" width=\"300\" height=\"300\" src=\"https:\/\/www.omnesbands.international\/wp-content\/uploads\/2023\/01\/Creu-Darsuf-300x300.jpg\" class=\"attachment-woocommerce_thumbnail size-woocommerce_thumbnail\" alt=\"Creu d&#039;Arsuf\" srcset=\"https:\/\/www.omnesbands.international\/wp-content\/uploads\/2023\/01\/Creu-Darsuf-300x300.jpg 300w, https:\/\/www.omnesbands.international\/wp-content\/uploads\/2023\/01\/Creu-Darsuf-150x150.jpg 150w, https:\/\/www.omnesbands.international\/wp-content\/uploads\/2023\/01\/Creu-Darsuf-100x100.jpg 100w\" sizes=\"auto, (max-width: 300px) 100vw, 300px\" \/><h2 class=\"woocommerce-loop-product__title\">Creu d\u2019Arsuf<\/h2>\n\t<span class=\"price\"><span class=\"woocommerce-Price-amount amount\"><bdi><span class=\"woocommerce-Price-currencySymbol\">&#36;<\/span>30.00<\/bdi><\/span><\/span>\n<\/a><a href=\"\/de\/wp-json\/wp\/v2\/pages\/1702?add-to-cart=1087\" aria-describedby=\"woocommerce_loop_add_to_cart_link_describedby_1087\" data-quantity=\"1\" class=\"button product_type_simple add_to_cart_button ajax_add_to_cart\" data-product_id=\"1087\" data-product_sku=\"ARS-CAL-ESP-22\" aria-label=\"Zum Warenkorb hinzuf\u00fcgen: \u201eCreu d&#039;Arsuf\u201c\" rel=\"nofollow\" data-success_message=\"\u201eCreu d&#039;Arsuf\u201c wurde deinem Warenkorb hinzugef\u00fcgt\" role=\"button\" data-no-translation=\"\" data-trp-gettext=\"\" data-no-translation-aria-label=\"\" data-no-translation-data-success_message=\"\">In den Warenkorb<\/a>\t<span id=\"woocommerce_loop_add_to_cart_link_describedby_1087\" class=\"screen-reader-text\">\n\t\t\t<\/span>\n<\/li>\n<li class=\"desktop-align-left tablet-align-left mobile-align-left ast-product-gallery-layout-horizontal-slider product type-product post-1092 status-publish last instock product_cat-musica-de-calle product_tag-jose-rafael-pascual-vilaplana has-post-thumbnail downloadable virtual taxable purchasable product-type-simple\">\n\t<a href=\"https:\/\/www.omnesbands.international\/de\/produkt\/crusllan\/\" class=\"woocommerce-LoopProduct-link woocommerce-loop-product__link\"><img loading=\"lazy\" decoding=\"async\" width=\"300\" height=\"300\" src=\"https:\/\/www.omnesbands.international\/wp-content\/uploads\/2023\/01\/Crusllan-300x300.jpg\" class=\"attachment-woocommerce_thumbnail size-woocommerce_thumbnail\" alt=\"Crusllan\" srcset=\"https:\/\/www.omnesbands.international\/wp-content\/uploads\/2023\/01\/Crusllan-300x300.jpg 300w, https:\/\/www.omnesbands.international\/wp-content\/uploads\/2023\/01\/Crusllan-150x150.jpg 150w, https:\/\/www.omnesbands.international\/wp-content\/uploads\/2023\/01\/Crusllan-100x100.jpg 100w\" sizes=\"auto, (max-width: 300px) 100vw, 300px\" \/><h2 class=\"woocommerce-loop-product__title\">Cruslan<\/h2>\n\t<span class=\"price\"><span class=\"woocommerce-Price-amount amount\"><bdi><span class=\"woocommerce-Price-currencySymbol\">&#36;<\/span>30.00<\/bdi><\/span><\/span>\n<\/a><a href=\"\/de\/wp-json\/wp\/v2\/pages\/1702?add-to-cart=1092\" aria-describedby=\"woocommerce_loop_add_to_cart_link_describedby_1092\" data-quantity=\"1\" class=\"button product_type_simple add_to_cart_button ajax_add_to_cart\" data-product_id=\"1092\" data-product_sku=\"CRU-CAL-ESP-22\" aria-label=\"Zum Warenkorb hinzuf\u00fcgen: \u201eCrusllan\u201c\" rel=\"nofollow\" data-success_message=\"\u201eCrusllan\u201c wurde deinem Warenkorb hinzugef\u00fcgt\" role=\"button\" data-no-translation=\"\" data-trp-gettext=\"\" data-no-translation-aria-label=\"\" data-no-translation-data-success_message=\"\">In den Warenkorb<\/a>\t<span id=\"woocommerce_loop_add_to_cart_link_describedby_1092\" class=\"screen-reader-text\">\n\t\t\t<\/span>\n<\/li>\n<li class=\"desktop-align-left tablet-align-left mobile-align-left ast-product-gallery-layout-horizontal-slider product type-product post-1094 status-publish first instock product_cat-musica-de-calle product_tag-jose-rafael-pascual-vilaplana has-post-thumbnail downloadable virtual taxable purchasable product-type-simple\">\n\t<a href=\"https:\/\/www.omnesbands.international\/de\/produkt\/diego\/\" class=\"woocommerce-LoopProduct-link woocommerce-loop-product__link\"><img loading=\"lazy\" decoding=\"async\" width=\"300\" height=\"300\" src=\"https:\/\/www.omnesbands.international\/wp-content\/uploads\/2023\/01\/Diego-1-300x300.jpg\" class=\"attachment-woocommerce_thumbnail size-woocommerce_thumbnail\" alt=\"Diego\" srcset=\"https:\/\/www.omnesbands.international\/wp-content\/uploads\/2023\/01\/Diego-1-300x300.jpg 300w, https:\/\/www.omnesbands.international\/wp-content\/uploads\/2023\/01\/Diego-1-150x150.jpg 150w, https:\/\/www.omnesbands.international\/wp-content\/uploads\/2023\/01\/Diego-1-11x12.jpg 11w, https:\/\/www.omnesbands.international\/wp-content\/uploads\/2023\/01\/Diego-1-100x100.jpg 100w\" sizes=\"auto, (max-width: 300px) 100vw, 300px\" \/><h2 class=\"woocommerce-loop-product__title\">Diego<\/h2>\n\t<span class=\"price\"><span class=\"woocommerce-Price-amount amount\"><bdi><span class=\"woocommerce-Price-currencySymbol\">&#36;<\/span>30.00<\/bdi><\/span><\/span>\n<\/a><a href=\"\/de\/wp-json\/wp\/v2\/pages\/1702?add-to-cart=1094\" aria-describedby=\"woocommerce_loop_add_to_cart_link_describedby_1094\" data-quantity=\"1\" class=\"button product_type_simple add_to_cart_button ajax_add_to_cart\" data-product_id=\"1094\" data-product_sku=\"DIE-CAL-ESP-22\" aria-label=\"Zum Warenkorb hinzuf\u00fcgen: \u201eDiego\u201c\" rel=\"nofollow\" data-success_message=\"\u201eDiego\u201c wurde deinem Warenkorb hinzugef\u00fcgt\" role=\"button\" data-no-translation=\"\" data-trp-gettext=\"\" data-no-translation-aria-label=\"\" data-no-translation-data-success_message=\"\">In den Warenkorb<\/a>\t<span id=\"woocommerce_loop_add_to_cart_link_describedby_1094\" class=\"screen-reader-text\">\n\t\t\t<\/span>\n<\/li>\n<li class=\"desktop-align-left tablet-align-left mobile-align-left ast-product-gallery-layout-horizontal-slider product type-product post-1198 status-publish instock product_cat-musica-de-calle product_tag-jose-rafael-pascual-vilaplana has-post-thumbnail downloadable virtual taxable purchasable product-type-simple\">\n\t<a href=\"https:\/\/www.omnesbands.international\/de\/produkt\/isfanaj\/\" class=\"woocommerce-LoopProduct-link woocommerce-loop-product__link\"><img loading=\"lazy\" decoding=\"async\" width=\"300\" height=\"300\" src=\"https:\/\/www.omnesbands.international\/wp-content\/uploads\/2023\/01\/Isfanaj-300x300.jpeg\" class=\"attachment-woocommerce_thumbnail size-woocommerce_thumbnail\" alt=\"Isfanaj\" srcset=\"https:\/\/www.omnesbands.international\/wp-content\/uploads\/2023\/01\/Isfanaj-300x300.jpeg 300w, https:\/\/www.omnesbands.international\/wp-content\/uploads\/2023\/01\/Isfanaj-150x150.jpeg 150w, https:\/\/www.omnesbands.international\/wp-content\/uploads\/2023\/01\/Isfanaj-100x100.jpeg 100w\" sizes=\"auto, (max-width: 300px) 100vw, 300px\" \/><h2 class=\"woocommerce-loop-product__title\">Isfan\u00e1j<\/h2>\n\t<span class=\"price\"><span class=\"woocommerce-Price-amount amount\"><bdi><span class=\"woocommerce-Price-currencySymbol\">&#36;<\/span>25.00<\/bdi><\/span><\/span>\n<\/a><a href=\"\/de\/wp-json\/wp\/v2\/pages\/1702?add-to-cart=1198\" aria-describedby=\"woocommerce_loop_add_to_cart_link_describedby_1198\" data-quantity=\"1\" class=\"button product_type_simple add_to_cart_button ajax_add_to_cart\" data-product_id=\"1198\" data-product_sku=\"ISF-CAL-ESP-22\" aria-label=\"Zum Warenkorb hinzuf\u00fcgen: \u201eIsfan\u00e1j\u201c\" rel=\"nofollow\" data-success_message=\"\u201eIsfan\u00e1j\u201c wurde deinem Warenkorb hinzugef\u00fcgt\" role=\"button\" data-no-translation=\"\" data-trp-gettext=\"\" data-no-translation-aria-label=\"\" data-no-translation-data-success_message=\"\">In den Warenkorb<\/a>\t<span id=\"woocommerce_loop_add_to_cart_link_describedby_1198\" class=\"screen-reader-text\">\n\t\t\t<\/span>\n<\/li>\n<li class=\"desktop-align-left tablet-align-left mobile-align-left ast-product-gallery-layout-horizontal-slider product type-product post-1200 status-publish instock product_cat-musica-de-calle product_tag-jose-rafael-pascual-vilaplana has-post-thumbnail downloadable virtual taxable purchasable product-type-simple\">\n\t<a href=\"https:\/\/www.omnesbands.international\/de\/produkt\/jessica\/\" class=\"woocommerce-LoopProduct-link woocommerce-loop-product__link\"><img loading=\"lazy\" decoding=\"async\" width=\"300\" height=\"300\" src=\"https:\/\/www.omnesbands.international\/wp-content\/uploads\/2023\/01\/Jessica-1-300x300.jpg\" class=\"attachment-woocommerce_thumbnail size-woocommerce_thumbnail\" alt=\"Jessica\" srcset=\"https:\/\/www.omnesbands.international\/wp-content\/uploads\/2023\/01\/Jessica-1-300x300.jpg 300w, https:\/\/www.omnesbands.international\/wp-content\/uploads\/2023\/01\/Jessica-1-150x150.jpg 150w, https:\/\/www.omnesbands.international\/wp-content\/uploads\/2023\/01\/Jessica-1-100x100.jpg 100w\" sizes=\"auto, (max-width: 300px) 100vw, 300px\" \/><h2 class=\"woocommerce-loop-product__title\">Jessica<\/h2>\n\t<span class=\"price\"><span class=\"woocommerce-Price-amount amount\"><bdi><span class=\"woocommerce-Price-currencySymbol\">&#36;<\/span>30.00<\/bdi><\/span><\/span>\n<\/a><a href=\"\/de\/wp-json\/wp\/v2\/pages\/1702?add-to-cart=1200\" aria-describedby=\"woocommerce_loop_add_to_cart_link_describedby_1200\" data-quantity=\"1\" class=\"button product_type_simple add_to_cart_button ajax_add_to_cart\" data-product_id=\"1200\" data-product_sku=\"JES-CAL-ESP-22\" aria-label=\"Zum Warenkorb hinzuf\u00fcgen: \u201eJ\u00e9ssica\u201c\" rel=\"nofollow\" data-success_message=\"\u201eJ\u00e9ssica\u201c wurde deinem Warenkorb hinzugef\u00fcgt\" role=\"button\" data-no-translation=\"\" data-trp-gettext=\"\" data-no-translation-aria-label=\"\" data-no-translation-data-success_message=\"\">In den Warenkorb<\/a>\t<span id=\"woocommerce_loop_add_to_cart_link_describedby_1200\" class=\"screen-reader-text\">\n\t\t\t<\/span>\n<\/li>\n<li class=\"desktop-align-left tablet-align-left mobile-align-left ast-product-gallery-layout-horizontal-slider product type-product post-1203 status-publish last instock product_cat-musica-de-calle product_tag-jose-rafael-pascual-vilaplana has-post-thumbnail downloadable virtual taxable purchasable product-type-simple\">\n\t<a href=\"https:\/\/www.omnesbands.international\/de\/produkt\/jizam\/\" class=\"woocommerce-LoopProduct-link woocommerce-loop-product__link\"><img loading=\"lazy\" decoding=\"async\" width=\"300\" height=\"300\" src=\"https:\/\/www.omnesbands.international\/wp-content\/uploads\/2023\/01\/Jizan-1-300x300.jpg\" class=\"attachment-woocommerce_thumbnail size-woocommerce_thumbnail\" alt=\"Jizan\" srcset=\"https:\/\/www.omnesbands.international\/wp-content\/uploads\/2023\/01\/Jizan-1-300x300.jpg 300w, https:\/\/www.omnesbands.international\/wp-content\/uploads\/2023\/01\/Jizan-1-150x150.jpg 150w, https:\/\/www.omnesbands.international\/wp-content\/uploads\/2023\/01\/Jizan-1-100x100.jpg 100w\" sizes=\"auto, (max-width: 300px) 100vw, 300px\" \/><h2 class=\"woocommerce-loop-product__title\">Jizan<\/h2>\n\t<span class=\"price\"><span class=\"woocommerce-Price-amount amount\"><bdi><span class=\"woocommerce-Price-currencySymbol\">&#36;<\/span>30.00<\/bdi><\/span><\/span>\n<\/a><a href=\"\/de\/wp-json\/wp\/v2\/pages\/1702?add-to-cart=1203\" aria-describedby=\"woocommerce_loop_add_to_cart_link_describedby_1203\" data-quantity=\"1\" class=\"button product_type_simple add_to_cart_button ajax_add_to_cart\" data-product_id=\"1203\" data-product_sku=\"JIZ-CAL-ESP-22\" aria-label=\"Zum Warenkorb hinzuf\u00fcgen: \u201eJiz\u00e1n\u201c\" rel=\"nofollow\" data-success_message=\"\u201eJiz\u00e1n\u201c wurde deinem Warenkorb hinzugef\u00fcgt\" role=\"button\" data-no-translation=\"\" data-trp-gettext=\"\" data-no-translation-aria-label=\"\" data-no-translation-data-success_message=\"\">In den Warenkorb<\/a>\t<span id=\"woocommerce_loop_add_to_cart_link_describedby_1203\" class=\"screen-reader-text\">\n\t\t\t<\/span>\n<\/li>\n<li class=\"desktop-align-left tablet-align-left mobile-align-left ast-product-gallery-layout-horizontal-slider product type-product post-1209 status-publish first instock product_cat-musica-de-calle product_tag-jose-rafael-pascual-vilaplana has-post-thumbnail downloadable virtual taxable purchasable product-type-simple\">\n\t<a href=\"https:\/\/www.omnesbands.international\/de\/produkt\/la-neta-del-manya\/\" class=\"woocommerce-LoopProduct-link woocommerce-loop-product__link\"><img loading=\"lazy\" decoding=\"async\" width=\"300\" height=\"300\" src=\"https:\/\/www.omnesbands.international\/wp-content\/uploads\/2023\/01\/La-Neta-del-Manya-1-300x300.jpg\" class=\"attachment-woocommerce_thumbnail size-woocommerce_thumbnail\" alt=\"La Neta del Manya\" srcset=\"https:\/\/www.omnesbands.international\/wp-content\/uploads\/2023\/01\/La-Neta-del-Manya-1-300x300.jpg 300w, https:\/\/www.omnesbands.international\/wp-content\/uploads\/2023\/01\/La-Neta-del-Manya-1-150x150.jpg 150w, https:\/\/www.omnesbands.international\/wp-content\/uploads\/2023\/01\/La-Neta-del-Manya-1-100x100.jpg 100w\" sizes=\"auto, (max-width: 300px) 100vw, 300px\" \/><h2 class=\"woocommerce-loop-product__title\">Das Netz von Manya<\/h2>\n\t<span class=\"price\"><span class=\"woocommerce-Price-amount amount\"><bdi><span class=\"woocommerce-Price-currencySymbol\">&#36;<\/span>25.00<\/bdi><\/span><\/span>\n<\/a><a href=\"\/de\/wp-json\/wp\/v2\/pages\/1702?add-to-cart=1209\" aria-describedby=\"woocommerce_loop_add_to_cart_link_describedby_1209\" data-quantity=\"1\" class=\"button product_type_simple add_to_cart_button ajax_add_to_cart\" data-product_id=\"1209\" data-product_sku=\"NET-CAL-ESP-22\" aria-label=\"Zum Warenkorb hinzuf\u00fcgen: \u201eLa Neta del Manya\u201c\" rel=\"nofollow\" data-success_message=\"\u201eLa Neta del Manya\u201c wurde deinem Warenkorb hinzugef\u00fcgt\" role=\"button\" data-no-translation=\"\" data-trp-gettext=\"\" data-no-translation-aria-label=\"\" data-no-translation-data-success_message=\"\">In den Warenkorb<\/a>\t<span id=\"woocommerce_loop_add_to_cart_link_describedby_1209\" class=\"screen-reader-text\">\n\t\t\t<\/span>\n<\/li>\n<li class=\"desktop-align-left tablet-align-left mobile-align-left ast-product-gallery-layout-horizontal-slider product type-product post-1217 status-publish instock product_cat-musica-de-calle product_tag-jose-rafael-pascual-vilaplana has-post-thumbnail downloadable virtual taxable purchasable product-type-simple\">\n\t<a href=\"https:\/\/www.omnesbands.international\/de\/produkt\/llaners\/\" class=\"woocommerce-LoopProduct-link woocommerce-loop-product__link\"><img loading=\"lazy\" decoding=\"async\" width=\"300\" height=\"300\" src=\"https:\/\/www.omnesbands.international\/wp-content\/uploads\/2023\/01\/Llaners-1-300x300.jpg\" class=\"attachment-woocommerce_thumbnail size-woocommerce_thumbnail\" alt=\"Llaners\" srcset=\"https:\/\/www.omnesbands.international\/wp-content\/uploads\/2023\/01\/Llaners-1-300x300.jpg 300w, https:\/\/www.omnesbands.international\/wp-content\/uploads\/2023\/01\/Llaners-1-150x150.jpg 150w, https:\/\/www.omnesbands.international\/wp-content\/uploads\/2023\/01\/Llaners-1-100x100.jpg 100w\" sizes=\"auto, (max-width: 300px) 100vw, 300px\" \/><h2 class=\"woocommerce-loop-product__title\">Llaner<\/h2>\n\t<span class=\"price\"><span class=\"woocommerce-Price-amount amount\"><bdi><span class=\"woocommerce-Price-currencySymbol\">&#36;<\/span>25.00<\/bdi><\/span><\/span>\n<\/a><a href=\"\/de\/wp-json\/wp\/v2\/pages\/1702?add-to-cart=1217\" aria-describedby=\"woocommerce_loop_add_to_cart_link_describedby_1217\" data-quantity=\"1\" class=\"button product_type_simple add_to_cart_button ajax_add_to_cart\" data-product_id=\"1217\" data-product_sku=\"LLA-CAL-ESP-22\" aria-label=\"Zum Warenkorb hinzuf\u00fcgen: \u201eLlaners\u201c\" rel=\"nofollow\" data-success_message=\"\u201eLlaners\u201c wurde deinem Warenkorb hinzugef\u00fcgt\" role=\"button\" data-no-translation=\"\" data-trp-gettext=\"\" data-no-translation-aria-label=\"\" data-no-translation-data-success_message=\"\">In den Warenkorb<\/a>\t<span id=\"woocommerce_loop_add_to_cart_link_describedby_1217\" class=\"screen-reader-text\">\n\t\t\t<\/span>\n<\/li>\n<li class=\"desktop-align-left tablet-align-left mobile-align-left ast-product-gallery-layout-horizontal-slider product type-product post-1350 status-publish instock product_cat-pasodobles product_tag-jose-rafael-pascual-vilaplana has-post-thumbnail downloadable virtual taxable purchasable product-type-simple\">\n\t<a href=\"https:\/\/www.omnesbands.international\/de\/produkt\/machaco\/\" class=\"woocommerce-LoopProduct-link woocommerce-loop-product__link\"><img loading=\"lazy\" decoding=\"async\" width=\"300\" height=\"300\" src=\"https:\/\/www.omnesbands.international\/wp-content\/uploads\/2023\/01\/Machaco-300x300.jpg\" class=\"attachment-woocommerce_thumbnail size-woocommerce_thumbnail\" alt=\"Machaco\" srcset=\"https:\/\/www.omnesbands.international\/wp-content\/uploads\/2023\/01\/Machaco-300x300.jpg 300w, https:\/\/www.omnesbands.international\/wp-content\/uploads\/2023\/01\/Machaco-150x150.jpg 150w, https:\/\/www.omnesbands.international\/wp-content\/uploads\/2023\/01\/Machaco-100x100.jpg 100w\" sizes=\"auto, (max-width: 300px) 100vw, 300px\" \/><h2 class=\"woocommerce-loop-product__title\">Machaco<\/h2>\n\t<span class=\"price\"><span class=\"woocommerce-Price-amount amount\"><bdi><span class=\"woocommerce-Price-currencySymbol\">&#36;<\/span>25.00<\/bdi><\/span><\/span>\n<\/a><a href=\"\/de\/wp-json\/wp\/v2\/pages\/1702?add-to-cart=1350\" aria-describedby=\"woocommerce_loop_add_to_cart_link_describedby_1350\" data-quantity=\"1\" class=\"button product_type_simple add_to_cart_button ajax_add_to_cart\" data-product_id=\"1350\" data-product_sku=\"MAC-PAS-ESP-22\" aria-label=\"Zum Warenkorb hinzuf\u00fcgen: \u201eMachaco\u201c\" rel=\"nofollow\" data-success_message=\"\u201eMachaco\u201c wurde deinem Warenkorb hinzugef\u00fcgt\" role=\"button\" data-no-translation=\"\" data-trp-gettext=\"\" data-no-translation-aria-label=\"\" data-no-translation-data-success_message=\"\">In den Warenkorb<\/a>\t<span id=\"woocommerce_loop_add_to_cart_link_describedby_1350\" class=\"screen-reader-text\">\n\t\t\t<\/span>\n<\/li>\n<li class=\"desktop-align-left tablet-align-left mobile-align-left ast-product-gallery-layout-horizontal-slider product type-product post-1353 status-publish last instock product_cat-pasodobles product_tag-jose-rafael-pascual-vilaplana has-post-thumbnail downloadable virtual taxable purchasable product-type-simple\">\n\t<a href=\"https:\/\/www.omnesbands.international\/de\/produkt\/1353\/\" class=\"woocommerce-LoopProduct-link woocommerce-loop-product__link\"><img loading=\"lazy\" decoding=\"async\" width=\"300\" height=\"300\" src=\"https:\/\/www.omnesbands.international\/wp-content\/uploads\/2023\/01\/Maido-1-300x300.jpg\" class=\"attachment-woocommerce_thumbnail size-woocommerce_thumbnail\" alt=\"Maido\" srcset=\"https:\/\/www.omnesbands.international\/wp-content\/uploads\/2023\/01\/Maido-1-300x300.jpg 300w, https:\/\/www.omnesbands.international\/wp-content\/uploads\/2023\/01\/Maido-1-150x150.jpg 150w, https:\/\/www.omnesbands.international\/wp-content\/uploads\/2023\/01\/Maido-1-12x12.jpg 12w, https:\/\/www.omnesbands.international\/wp-content\/uploads\/2023\/01\/Maido-1-100x100.jpg 100w\" sizes=\"auto, (max-width: 300px) 100vw, 300px\" \/><h2 class=\"woocommerce-loop-product__title\">Maido<\/h2>\n\t<span class=\"price\"><span class=\"woocommerce-Price-amount amount\"><bdi><span class=\"woocommerce-Price-currencySymbol\">&#36;<\/span>30.00<\/bdi><\/span><\/span>\n<\/a><a href=\"\/de\/wp-json\/wp\/v2\/pages\/1702?add-to-cart=1353\" aria-describedby=\"woocommerce_loop_add_to_cart_link_describedby_1353\" data-quantity=\"1\" class=\"button product_type_simple add_to_cart_button ajax_add_to_cart\" data-product_id=\"1353\" data-product_sku=\"MAI-PAS-ESP-22\" aria-label=\"Zum Warenkorb hinzuf\u00fcgen: \u201eMaido\u201c\" rel=\"nofollow\" data-success_message=\"\u201eMaido\u201c wurde deinem Warenkorb hinzugef\u00fcgt\" role=\"button\" data-no-translation=\"\" data-trp-gettext=\"\" data-no-translation-aria-label=\"\" data-no-translation-data-success_message=\"\">In den Warenkorb<\/a>\t<span id=\"woocommerce_loop_add_to_cart_link_describedby_1353\" class=\"screen-reader-text\">\n\t\t\t<\/span>\n<\/li>\n<li class=\"desktop-align-left tablet-align-left mobile-align-left ast-product-gallery-layout-horizontal-slider product type-product post-1230 status-publish first instock product_cat-musica-de-calle product_tag-jose-rafael-pascual-vilaplana has-post-thumbnail downloadable virtual taxable purchasable product-type-simple\">\n\t<a href=\"https:\/\/www.omnesbands.international\/de\/produkt\/odracir\/\" class=\"woocommerce-LoopProduct-link woocommerce-loop-product__link\"><img loading=\"lazy\" decoding=\"async\" width=\"300\" height=\"300\" src=\"https:\/\/www.omnesbands.international\/wp-content\/uploads\/2023\/01\/Odracir-1-300x300.jpg\" class=\"attachment-woocommerce_thumbnail size-woocommerce_thumbnail\" alt=\"Odracir\" srcset=\"https:\/\/www.omnesbands.international\/wp-content\/uploads\/2023\/01\/Odracir-1-300x300.jpg 300w, https:\/\/www.omnesbands.international\/wp-content\/uploads\/2023\/01\/Odracir-1-150x150.jpg 150w, https:\/\/www.omnesbands.international\/wp-content\/uploads\/2023\/01\/Odracir-1-11x12.jpg 11w, https:\/\/www.omnesbands.international\/wp-content\/uploads\/2023\/01\/Odracir-1-100x100.jpg 100w\" sizes=\"auto, (max-width: 300px) 100vw, 300px\" \/><h2 class=\"woocommerce-loop-product__title\">odracir<\/h2>\n\t<span class=\"price\"><span class=\"woocommerce-Price-amount amount\"><bdi><span class=\"woocommerce-Price-currencySymbol\">&#36;<\/span>25.00<\/bdi><\/span><\/span>\n<\/a><a href=\"\/de\/wp-json\/wp\/v2\/pages\/1702?add-to-cart=1230\" aria-describedby=\"woocommerce_loop_add_to_cart_link_describedby_1230\" data-quantity=\"1\" class=\"button product_type_simple add_to_cart_button ajax_add_to_cart\" data-product_id=\"1230\" data-product_sku=\"ODR-CAL-ESP-22\" aria-label=\"Zum Warenkorb hinzuf\u00fcgen: \u201eOdracir\u201c\" rel=\"nofollow\" data-success_message=\"\u201eOdracir\u201c wurde deinem Warenkorb hinzugef\u00fcgt\" role=\"button\" data-no-translation=\"\" data-trp-gettext=\"\" data-no-translation-aria-label=\"\" data-no-translation-data-success_message=\"\">In den Warenkorb<\/a>\t<span id=\"woocommerce_loop_add_to_cart_link_describedby_1230\" class=\"screen-reader-text\">\n\t\t\t<\/span>\n<\/li>\n<li class=\"desktop-align-left tablet-align-left mobile-align-left ast-product-gallery-layout-horizontal-slider product type-product post-1371 status-publish instock product_cat-pasodobles product_tag-jose-rafael-pascual-vilaplana has-post-thumbnail downloadable virtual taxable purchasable product-type-simple\">\n\t<a href=\"https:\/\/www.omnesbands.international\/de\/produkt\/pepe-landivio\/\" class=\"woocommerce-LoopProduct-link woocommerce-loop-product__link\"><img loading=\"lazy\" decoding=\"async\" width=\"300\" height=\"300\" src=\"https:\/\/www.omnesbands.international\/wp-content\/uploads\/2023\/01\/Pepe-Landivio-2-300x300.jpg\" class=\"attachment-woocommerce_thumbnail size-woocommerce_thumbnail\" alt=\"Pepe L&#039;Andivio\" srcset=\"https:\/\/www.omnesbands.international\/wp-content\/uploads\/2023\/01\/Pepe-Landivio-2-300x300.jpg 300w, https:\/\/www.omnesbands.international\/wp-content\/uploads\/2023\/01\/Pepe-Landivio-2-150x150.jpg 150w, https:\/\/www.omnesbands.international\/wp-content\/uploads\/2023\/01\/Pepe-Landivio-2-100x100.jpg 100w\" sizes=\"auto, (max-width: 300px) 100vw, 300px\" \/><h2 class=\"woocommerce-loop-product__title\">Pepe L\u2019Andivio<\/h2>\n\t<span class=\"price\"><span class=\"woocommerce-Price-amount amount\"><bdi><span class=\"woocommerce-Price-currencySymbol\">&#36;<\/span>25.00<\/bdi><\/span><\/span>\n<\/a><a href=\"\/de\/wp-json\/wp\/v2\/pages\/1702?add-to-cart=1371\" aria-describedby=\"woocommerce_loop_add_to_cart_link_describedby_1371\" data-quantity=\"1\" class=\"button product_type_simple add_to_cart_button ajax_add_to_cart\" data-product_id=\"1371\" data-product_sku=\"PEP-PAS-ESP-22\" aria-label=\"Zum Warenkorb hinzuf\u00fcgen: \u201ePepe L&#039;Andivio\u201c\" rel=\"nofollow\" data-success_message=\"\u201ePepe L&#039;Andivio\u201c wurde deinem Warenkorb hinzugef\u00fcgt\" role=\"button\" data-no-translation=\"\" data-trp-gettext=\"\" data-no-translation-aria-label=\"\" data-no-translation-data-success_message=\"\">In den Warenkorb<\/a>\t<span id=\"woocommerce_loop_add_to_cart_link_describedby_1371\" class=\"screen-reader-text\">\n\t\t\t<\/span>\n<\/li>\n<li class=\"desktop-align-left tablet-align-left mobile-align-left ast-product-gallery-layout-horizontal-slider product type-product post-1245 status-publish instock product_cat-musica-de-calle product_tag-jose-rafael-pascual-vilaplana has-post-thumbnail downloadable virtual taxable purchasable product-type-simple\">\n\t<a href=\"https:\/\/www.omnesbands.international\/de\/produkt\/raspeig\/\" class=\"woocommerce-LoopProduct-link woocommerce-loop-product__link\"><img loading=\"lazy\" decoding=\"async\" width=\"300\" height=\"300\" src=\"https:\/\/www.omnesbands.international\/wp-content\/uploads\/2023\/01\/Raspeig-1-300x300.jpg\" class=\"attachment-woocommerce_thumbnail size-woocommerce_thumbnail\" alt=\"Raspeig\" srcset=\"https:\/\/www.omnesbands.international\/wp-content\/uploads\/2023\/01\/Raspeig-1-300x300.jpg 300w, https:\/\/www.omnesbands.international\/wp-content\/uploads\/2023\/01\/Raspeig-1-150x150.jpg 150w, https:\/\/www.omnesbands.international\/wp-content\/uploads\/2023\/01\/Raspeig-1-100x100.jpg 100w\" sizes=\"auto, (max-width: 300px) 100vw, 300px\" \/><h2 class=\"woocommerce-loop-product__title\">raspeig<\/h2>\n\t<span class=\"price\"><span class=\"woocommerce-Price-amount amount\"><bdi><span class=\"woocommerce-Price-currencySymbol\">&#36;<\/span>30.00<\/bdi><\/span><\/span>\n<\/a><a href=\"\/de\/wp-json\/wp\/v2\/pages\/1702?add-to-cart=1245\" aria-describedby=\"woocommerce_loop_add_to_cart_link_describedby_1245\" data-quantity=\"1\" class=\"button product_type_simple add_to_cart_button ajax_add_to_cart\" data-product_id=\"1245\" data-product_sku=\"RAS-CAL-ESP-22\" aria-label=\"Zum Warenkorb hinzuf\u00fcgen: \u201eRaspeig\u201c\" rel=\"nofollow\" data-success_message=\"\u201eRaspeig\u201c wurde deinem Warenkorb hinzugef\u00fcgt\" role=\"button\" data-no-translation=\"\" data-trp-gettext=\"\" data-no-translation-aria-label=\"\" data-no-translation-data-success_message=\"\">In den Warenkorb<\/a>\t<span id=\"woocommerce_loop_add_to_cart_link_describedby_1245\" class=\"screen-reader-text\">\n\t\t\t<\/span>\n<\/li>\n<li class=\"desktop-align-left tablet-align-left mobile-align-left ast-product-gallery-layout-horizontal-slider product type-product post-1261 status-publish last instock product_cat-musica-de-calle product_tag-jose-rafael-pascual-vilaplana has-post-thumbnail downloadable virtual taxable purchasable product-type-simple\">\n\t<a href=\"https:\/\/www.omnesbands.international\/de\/produkt\/senor-antonio\/\" class=\"woocommerce-LoopProduct-link woocommerce-loop-product__link\"><img loading=\"lazy\" decoding=\"async\" width=\"300\" height=\"300\" src=\"https:\/\/www.omnesbands.international\/wp-content\/uploads\/2023\/01\/Senor-Antonio-1-300x300.jpg\" class=\"attachment-woocommerce_thumbnail size-woocommerce_thumbnail\" alt=\"Senor Antonio\" srcset=\"https:\/\/www.omnesbands.international\/wp-content\/uploads\/2023\/01\/Senor-Antonio-1-300x300.jpg 300w, https:\/\/www.omnesbands.international\/wp-content\/uploads\/2023\/01\/Senor-Antonio-1-150x150.jpg 150w, https:\/\/www.omnesbands.international\/wp-content\/uploads\/2023\/01\/Senor-Antonio-1-100x100.jpg 100w\" sizes=\"auto, (max-width: 300px) 100vw, 300px\" \/><h2 class=\"woocommerce-loop-product__title\">Herr Antonius<\/h2>\n\t<span class=\"price\"><span class=\"woocommerce-Price-amount amount\"><bdi><span class=\"woocommerce-Price-currencySymbol\">&#36;<\/span>25.00<\/bdi><\/span><\/span>\n<\/a><a href=\"\/de\/wp-json\/wp\/v2\/pages\/1702?add-to-cart=1261\" aria-describedby=\"woocommerce_loop_add_to_cart_link_describedby_1261\" data-quantity=\"1\" class=\"button product_type_simple add_to_cart_button ajax_add_to_cart\" data-product_id=\"1261\" data-product_sku=\"SEN-CAL-ESP-22\" aria-label=\"Zum Warenkorb hinzuf\u00fcgen: \u201eSe\u00f1or Antonio\u201c\" rel=\"nofollow\" data-success_message=\"\u201eSe\u00f1or Antonio\u201c wurde deinem Warenkorb hinzugef\u00fcgt\" role=\"button\" data-no-translation=\"\" data-trp-gettext=\"\" data-no-translation-aria-label=\"\" data-no-translation-data-success_message=\"\">In den Warenkorb<\/a>\t<span id=\"woocommerce_loop_add_to_cart_link_describedby_1261\" class=\"screen-reader-text\">\n\t\t\t<\/span>\n<\/li>\n<li class=\"desktop-align-left tablet-align-left mobile-align-left ast-product-gallery-layout-horizontal-slider product type-product post-1294 status-publish first instock product_cat-musica-de-calle product_tag-jose-rafael-pascual-vilaplana has-post-thumbnail featured downloadable virtual taxable purchasable product-type-simple\">\n\t<a href=\"https:\/\/www.omnesbands.international\/de\/produkt\/tudmir\/\" class=\"woocommerce-LoopProduct-link woocommerce-loop-product__link\"><img loading=\"lazy\" decoding=\"async\" width=\"300\" height=\"300\" src=\"https:\/\/www.omnesbands.international\/wp-content\/uploads\/2023\/01\/Tudmir-1-300x300.jpg\" class=\"attachment-woocommerce_thumbnail size-woocommerce_thumbnail\" alt=\"Tudmir\" srcset=\"https:\/\/www.omnesbands.international\/wp-content\/uploads\/2023\/01\/Tudmir-1-300x300.jpg 300w, https:\/\/www.omnesbands.international\/wp-content\/uploads\/2023\/01\/Tudmir-1-150x150.jpg 150w, https:\/\/www.omnesbands.international\/wp-content\/uploads\/2023\/01\/Tudmir-1-100x100.jpg 100w\" sizes=\"auto, (max-width: 300px) 100vw, 300px\" \/><h2 class=\"woocommerce-loop-product__title\">Tudmir<\/h2>\n\t<span class=\"price\"><span class=\"woocommerce-Price-amount amount\"><bdi><span class=\"woocommerce-Price-currencySymbol\">&#36;<\/span>30.00<\/bdi><\/span><\/span>\n<\/a><a href=\"\/de\/wp-json\/wp\/v2\/pages\/1702?add-to-cart=1294\" aria-describedby=\"woocommerce_loop_add_to_cart_link_describedby_1294\" data-quantity=\"1\" class=\"button product_type_simple add_to_cart_button ajax_add_to_cart\" data-product_id=\"1294\" data-product_sku=\"TUD-CAL-ESP-22\" aria-label=\"Zum Warenkorb hinzuf\u00fcgen: \u201eTudmir\u201c\" rel=\"nofollow\" data-success_message=\"\u201eTudmir\u201c wurde deinem Warenkorb hinzugef\u00fcgt\" role=\"button\" data-no-translation=\"\" data-trp-gettext=\"\" data-no-translation-aria-label=\"\" data-no-translation-data-success_message=\"\">In den Warenkorb<\/a>\t<span id=\"woocommerce_loop_add_to_cart_link_describedby_1294\" class=\"screen-reader-text\">\n\t\t\t<\/span>\n<\/li>\n<li class=\"desktop-align-left tablet-align-left mobile-align-left ast-product-gallery-layout-horizontal-slider product type-product post-1302 status-publish instock product_cat-musica-de-calle product_tag-jose-rafael-pascual-vilaplana has-post-thumbnail downloadable virtual taxable purchasable product-type-simple\">\n\t<a href=\"https:\/\/www.omnesbands.international\/de\/produkt\/xubuch\/\" class=\"woocommerce-LoopProduct-link woocommerce-loop-product__link\"><img loading=\"lazy\" decoding=\"async\" width=\"300\" height=\"300\" src=\"https:\/\/www.omnesbands.international\/wp-content\/uploads\/2023\/01\/Xubuch-1-300x300.jpg\" class=\"attachment-woocommerce_thumbnail size-woocommerce_thumbnail\" alt=\"Xubuch\" srcset=\"https:\/\/www.omnesbands.international\/wp-content\/uploads\/2023\/01\/Xubuch-1-300x300.jpg 300w, https:\/\/www.omnesbands.international\/wp-content\/uploads\/2023\/01\/Xubuch-1-150x150.jpg 150w, https:\/\/www.omnesbands.international\/wp-content\/uploads\/2023\/01\/Xubuch-1-11x12.jpg 11w, https:\/\/www.omnesbands.international\/wp-content\/uploads\/2023\/01\/Xubuch-1-100x100.jpg 100w\" sizes=\"auto, (max-width: 300px) 100vw, 300px\" \/><h2 class=\"woocommerce-loop-product__title\">Xubuch<\/h2>\n\t<span class=\"price\"><span class=\"woocommerce-Price-amount amount\"><bdi><span class=\"woocommerce-Price-currencySymbol\">&#36;<\/span>30.00<\/bdi><\/span><\/span>\n<\/a><a href=\"\/de\/wp-json\/wp\/v2\/pages\/1702?add-to-cart=1302\" aria-describedby=\"woocommerce_loop_add_to_cart_link_describedby_1302\" data-quantity=\"1\" class=\"button product_type_simple add_to_cart_button ajax_add_to_cart\" data-product_id=\"1302\" data-product_sku=\"XUB-CAL-ESP-22\" aria-label=\"Zum Warenkorb hinzuf\u00fcgen: \u201eXubuch\u201c\" rel=\"nofollow\" data-success_message=\"\u201eXubuch\u201c wurde deinem Warenkorb hinzugef\u00fcgt\" role=\"button\" data-no-translation=\"\" data-trp-gettext=\"\" data-no-translation-aria-label=\"\" data-no-translation-data-success_message=\"\">In den Warenkorb<\/a>\t<span id=\"woocommerce_loop_add_to_cart_link_describedby_1302\" class=\"screen-reader-text\">\n\t\t\t<\/span>\n<\/li>\n<\/ul>\n<\/div>","protected":false},"excerpt":{"rendered":"<p>JOS\u00c9 RAFAEL PASCUAL-VILAPLANA Nace el 30 de abril de 1971 en Muro (Alicante) donde inicia sus estudios musicales con el bombardino y el piano en la Uni\u00f3n Musical de Muro, siendo sus profesores Salvador Mart\u00ednez y M\u00aa Angeles Palacios. M\u00e1s tarde continua sus estudios profesionales en el Conservatorio Municipal de Alcoi y en el Conservatorio [&hellip;]<\/p>\n","protected":false},"author":4,"featured_media":0,"parent":0,"menu_order":0,"comment_status":"closed","ping_status":"closed","template":"","meta":{"_acf_changed":false,"_uag_custom_page_level_css":"","site-sidebar-layout":"default","site-content-layout":"","ast-site-content-layout":"default","site-content-style":"default","site-sidebar-style":"default","ast-global-header-display":"","ast-banner-title-visibility":"","ast-main-header-display":"","ast-hfb-above-header-display":"","ast-hfb-below-header-display":"","ast-hfb-mobile-header-display":"","site-post-title":"disabled","ast-breadcrumbs-content":"","ast-featured-img":"","footer-sml-layout":"","ast-disable-related-posts":"","theme-transparent-header-meta":"","adv-header-id-meta":"","stick-header-meta":"","header-above-stick-meta":"","header-main-stick-meta":"","header-below-stick-meta":"","astra-migrate-meta-layouts":"default","ast-page-background-enabled":"default","ast-page-background-meta":{"desktop":{"background-color":"","background-image":"","background-repeat":"repeat","background-position":"center center","background-size":"auto","background-attachment":"scroll","background-type":"","background-media":"","overlay-type":"","overlay-color":"","overlay-opacity":"","overlay-gradient":""},"tablet":{"background-color":"","background-image":"","background-repeat":"repeat","background-position":"center center","background-size":"auto","background-attachment":"scroll","background-type":"","background-media":"","overlay-type":"","overlay-color":"","overlay-opacity":"","overlay-gradient":""},"mobile":{"background-color":"","background-image":"","background-repeat":"repeat","background-position":"center center","background-size":"auto","background-attachment":"scroll","background-type":"","background-media":"","overlay-type":"","overlay-color":"","overlay-opacity":"","overlay-gradient":""}},"ast-content-background-meta":{"desktop":{"background-color":"var(--ast-global-color-5)","background-image":"","background-repeat":"repeat","background-position":"center center","background-size":"auto","background-attachment":"scroll","background-type":"","background-media":"","overlay-type":"","overlay-color":"","overlay-opacity":"","overlay-gradient":""},"tablet":{"background-color":"var(--ast-global-color-5)","background-image":"","background-repeat":"repeat","background-position":"center center","background-size":"auto","background-attachment":"scroll","background-type":"","background-media":"","overlay-type":"","overlay-color":"","overlay-opacity":"","overlay-gradient":""},"mobile":{"background-color":"var(--ast-global-color-5)","background-image":"","background-repeat":"repeat","background-position":"center center","background-size":"auto","background-attachment":"scroll","background-type":"","background-media":"","overlay-type":"","overlay-color":"","overlay-opacity":"","overlay-gradient":""}},"footnotes":""},"class_list":["post-1702","page","type-page","status-publish","hentry"],"acf":[],"yoast_head":"<!-- This site is optimized with the Yoast SEO Premium plugin v22.4 (Yoast SEO v27.4) - https:\/\/yoast.com\/product\/yoast-seo-premium-wordpress\/ -->\n<title>JOS\u00c9 RAFAEL PASCUAL-VILAPLANA -<\/title>\n<meta name=\"robots\" content=\"index, follow, max-snippet:-1, max-image-preview:large, max-video-preview:-1\" \/>\n<link rel=\"canonical\" href=\"https:\/\/www.omnesbands.international\/de\/jose-rafael-pascual-vilaplana-2\/\" \/>\n<meta property=\"og:locale\" content=\"de_DE\" \/>\n<meta property=\"og:type\" content=\"article\" \/>\n<meta property=\"og:title\" content=\"JOS\u00c9 RAFAEL PASCUAL-VILAPLANA\" \/>\n<meta property=\"og:description\" content=\"JOS\u00c9 RAFAEL PASCUAL-VILAPLANA Nace el 30 de abril de 1971 en Muro (Alicante) donde inicia sus estudios musicales con el bombardino y el piano en la Uni\u00f3n Musical de Muro, siendo sus profesores Salvador Mart\u00ednez y M\u00aa Angeles Palacios. M\u00e1s tarde continua sus estudios profesionales en el Conservatorio Municipal de Alcoi y en el Conservatorio [&hellip;]\" \/>\n<meta property=\"og:url\" content=\"https:\/\/www.omnesbands.international\/de\/jose-rafael-pascual-vilaplana-2\/\" \/>\n<meta property=\"article:modified_time\" content=\"2023-01-29T04:13:10+00:00\" \/>\n<meta property=\"og:image\" content=\"https:\/\/www.omnesbands.international\/wp-content\/uploads\/2023\/01\/music-sheet-music-snowdrop-7107045.jpg\" \/>\n\t<meta property=\"og:image:width\" content=\"1280\" \/>\n\t<meta property=\"og:image:height\" content=\"742\" \/>\n\t<meta property=\"og:image:type\" content=\"image\/jpeg\" \/>\n<meta name=\"twitter:card\" content=\"summary_large_image\" \/>\n<meta name=\"twitter:label1\" content=\"Gesch\u00e4tzte Lesezeit\" \/>\n\t<meta name=\"twitter:data1\" content=\"7\u00a0Minuten\" \/>\n<script type=\"application\/ld+json\" class=\"yoast-schema-graph\">{\"@context\":\"https:\\\/\\\/schema.org\",\"@graph\":[{\"@type\":\"WebPage\",\"@id\":\"https:\\\/\\\/www.omnesbands.international\\\/jose-rafael-pascual-vilaplana-2\\\/\",\"url\":\"https:\\\/\\\/www.omnesbands.international\\\/jose-rafael-pascual-vilaplana-2\\\/\",\"name\":\"JOS\u00c9 RAFAEL PASCUAL-VILAPLANA -\",\"isPartOf\":{\"@id\":\"https:\\\/\\\/www.omnesbands.international\\\/#website\"},\"datePublished\":\"2023-01-29T04:10:54+00:00\",\"dateModified\":\"2023-01-29T04:13:10+00:00\",\"breadcrumb\":{\"@id\":\"https:\\\/\\\/www.omnesbands.international\\\/jose-rafael-pascual-vilaplana-2\\\/#breadcrumb\"},\"inLanguage\":\"de\",\"potentialAction\":[{\"@type\":\"ReadAction\",\"target\":[\"https:\\\/\\\/www.omnesbands.international\\\/jose-rafael-pascual-vilaplana-2\\\/\"]}]},{\"@type\":\"BreadcrumbList\",\"@id\":\"https:\\\/\\\/www.omnesbands.international\\\/jose-rafael-pascual-vilaplana-2\\\/#breadcrumb\",\"itemListElement\":[{\"@type\":\"ListItem\",\"position\":1,\"name\":\"Portada\",\"item\":\"https:\\\/\\\/www.omnesbands.international\\\/\"},{\"@type\":\"ListItem\",\"position\":2,\"name\":\"JOS\u00c9 RAFAEL PASCUAL-VILAPLANA\"}]},{\"@type\":\"WebSite\",\"@id\":\"https:\\\/\\\/www.omnesbands.international\\\/#website\",\"url\":\"https:\\\/\\\/www.omnesbands.international\\\/\",\"name\":\"OMNESBANDS International\",\"description\":\"Partituras Originales de autores y compositores independientes\",\"publisher\":{\"@id\":\"https:\\\/\\\/www.omnesbands.international\\\/#organization\"},\"potentialAction\":[{\"@type\":\"SearchAction\",\"target\":{\"@type\":\"EntryPoint\",\"urlTemplate\":\"https:\\\/\\\/www.omnesbands.international\\\/?s={search_term_string}\"},\"query-input\":{\"@type\":\"PropertyValueSpecification\",\"valueRequired\":true,\"valueName\":\"search_term_string\"}}],\"inLanguage\":\"de\"},{\"@type\":\"Organization\",\"@id\":\"https:\\\/\\\/www.omnesbands.international\\\/#organization\",\"name\":\"Indra Consultores Internacionales\",\"alternateName\":\"Omnesbands\",\"url\":\"https:\\\/\\\/www.omnesbands.international\\\/\",\"logo\":{\"@type\":\"ImageObject\",\"inLanguage\":\"de\",\"@id\":\"https:\\\/\\\/www.omnesbands.international\\\/#\\\/schema\\\/logo\\\/image\\\/\",\"url\":\"https:\\\/\\\/omnesbands.international\\\/wp-content\\\/uploads\\\/2023\\\/06\\\/Logo-Nuevo-.png\",\"contentUrl\":\"https:\\\/\\\/omnesbands.international\\\/wp-content\\\/uploads\\\/2023\\\/06\\\/Logo-Nuevo-.png\",\"width\":394,\"height\":212,\"caption\":\"Indra Consultores Internacionales\"},\"image\":{\"@id\":\"https:\\\/\\\/www.omnesbands.international\\\/#\\\/schema\\\/logo\\\/image\\\/\"}}]}<\/script>\n<!-- \/ Yoast SEO Premium plugin. -->","yoast_head_json":{"title":"JOS\u00c9 RAFAEL PASCUAL-VILAPLANA -","robots":{"index":"index","follow":"follow","max-snippet":"max-snippet:-1","max-image-preview":"max-image-preview:large","max-video-preview":"max-video-preview:-1"},"canonical":"https:\/\/www.omnesbands.international\/de\/jose-rafael-pascual-vilaplana-2\/","og_locale":"de_DE","og_type":"article","og_title":"JOS\u00c9 RAFAEL PASCUAL-VILAPLANA","og_description":"JOS\u00c9 RAFAEL PASCUAL-VILAPLANA Nace el 30 de abril de 1971 en Muro (Alicante) donde inicia sus estudios musicales con el bombardino y el piano en la Uni\u00f3n Musical de Muro, siendo sus profesores Salvador Mart\u00ednez y M\u00aa Angeles Palacios. M\u00e1s tarde continua sus estudios profesionales en el Conservatorio Municipal de Alcoi y en el Conservatorio [&hellip;]","og_url":"https:\/\/www.omnesbands.international\/de\/jose-rafael-pascual-vilaplana-2\/","article_modified_time":"2023-01-29T04:13:10+00:00","og_image":[{"width":1280,"height":742,"url":"https:\/\/www.omnesbands.international\/wp-content\/uploads\/2023\/01\/music-sheet-music-snowdrop-7107045.jpg","type":"image\/jpeg"}],"twitter_card":"summary_large_image","twitter_misc":{"Gesch\u00e4tzte Lesezeit":"7\u00a0Minuten"},"schema":{"@context":"https:\/\/schema.org","@graph":[{"@type":"WebPage","@id":"https:\/\/www.omnesbands.international\/jose-rafael-pascual-vilaplana-2\/","url":"https:\/\/www.omnesbands.international\/jose-rafael-pascual-vilaplana-2\/","name":"JOS\u00c9 RAFAEL PASCUAL-VILAPLANA -","isPartOf":{"@id":"https:\/\/www.omnesbands.international\/#website"},"datePublished":"2023-01-29T04:10:54+00:00","dateModified":"2023-01-29T04:13:10+00:00","breadcrumb":{"@id":"https:\/\/www.omnesbands.international\/jose-rafael-pascual-vilaplana-2\/#breadcrumb"},"inLanguage":"de","potentialAction":[{"@type":"ReadAction","target":["https:\/\/www.omnesbands.international\/jose-rafael-pascual-vilaplana-2\/"]}]},{"@type":"BreadcrumbList","@id":"https:\/\/www.omnesbands.international\/jose-rafael-pascual-vilaplana-2\/#breadcrumb","itemListElement":[{"@type":"ListItem","position":1,"name":"Portada","item":"https:\/\/www.omnesbands.international\/"},{"@type":"ListItem","position":2,"name":"JOS\u00c9 RAFAEL PASCUAL-VILAPLANA"}]},{"@type":"WebSite","@id":"https:\/\/www.omnesbands.international\/#website","url":"https:\/\/www.omnesbands.international\/","name":"OMNESBANDS International","description":"Original-Noten von unabh\u00e4ngigen Autoren und Komponisten","publisher":{"@id":"https:\/\/www.omnesbands.international\/#organization"},"potentialAction":[{"@type":"SearchAction","target":{"@type":"EntryPoint","urlTemplate":"https:\/\/www.omnesbands.international\/?s={search_term_string}"},"query-input":{"@type":"PropertyValueSpecification","valueRequired":true,"valueName":"search_term_string"}}],"inLanguage":"de"},{"@type":"Organization","@id":"https:\/\/www.omnesbands.international\/#organization","name":"Indra Internationale Berater","alternateName":"Omnesbands","url":"https:\/\/www.omnesbands.international\/","logo":{"@type":"ImageObject","inLanguage":"de","@id":"https:\/\/www.omnesbands.international\/#\/schema\/logo\/image\/","url":"https:\/\/omnesbands.international\/wp-content\/uploads\/2023\/06\/Logo-Nuevo-.png","contentUrl":"https:\/\/omnesbands.international\/wp-content\/uploads\/2023\/06\/Logo-Nuevo-.png","width":394,"height":212,"caption":"Indra Consultores Internacionales"},"image":{"@id":"https:\/\/www.omnesbands.international\/#\/schema\/logo\/image\/"}}]}},"uagb_featured_image_src":{"full":false,"thumbnail":false,"medium":false,"medium_large":false,"large":false,"1536x1536":false,"2048x2048":false,"trp-custom-language-flag":false,"gg_gallery_thumbnail":false,"woocommerce_thumbnail":false,"woocommerce_single":false,"woocommerce_gallery_thumbnail":false},"uagb_author_info":{"display_name":"Melvin R. Portillo A:","author_link":"https:\/\/www.omnesbands.international\/de\/author\/portand\/"},"uagb_comment_info":0,"uagb_excerpt":"JOS\u00c9 RAFAEL PASCUAL-VILAPLANA Nace el 30 de abril de 1971 en Muro (Alicante) donde inicia sus estudios musicales con el bombardino y el piano en la Uni\u00f3n Musical de Muro, siendo sus profesores Salvador Mart\u00ednez y M\u00aa Angeles Palacios. M\u00e1s tarde continua sus estudios profesionales en el Conservatorio Municipal de Alcoi y en el Conservatorio&hellip;","_links":{"self":[{"href":"https:\/\/www.omnesbands.international\/de\/wp-json\/wp\/v2\/pages\/1702","targetHints":{"allow":["GET"]}}],"collection":[{"href":"https:\/\/www.omnesbands.international\/de\/wp-json\/wp\/v2\/pages"}],"about":[{"href":"https:\/\/www.omnesbands.international\/de\/wp-json\/wp\/v2\/types\/page"}],"author":[{"embeddable":true,"href":"https:\/\/www.omnesbands.international\/de\/wp-json\/wp\/v2\/users\/4"}],"replies":[{"embeddable":true,"href":"https:\/\/www.omnesbands.international\/de\/wp-json\/wp\/v2\/comments?post=1702"}],"version-history":[{"count":3,"href":"https:\/\/www.omnesbands.international\/de\/wp-json\/wp\/v2\/pages\/1702\/revisions"}],"predecessor-version":[{"id":1705,"href":"https:\/\/www.omnesbands.international\/de\/wp-json\/wp\/v2\/pages\/1702\/revisions\/1705"}],"wp:attachment":[{"href":"https:\/\/www.omnesbands.international\/de\/wp-json\/wp\/v2\/media?parent=1702"}],"curies":[{"name":"wp","href":"https:\/\/api.w.org\/{rel}","templated":true}]}}