{"id":1724,"date":"2023-01-29T08:11:48","date_gmt":"2023-01-29T14:11:48","guid":{"rendered":"https:\/\/omnesbands.international\/?page_id=1724"},"modified":"2023-01-29T08:12:27","modified_gmt":"2023-01-29T14:12:27","slug":"josep-vicent-asensi-seva-2","status":"publish","type":"page","link":"https:\/\/www.omnesbands.international\/de\/josep-vicent-asensi-seva-2\/","title":{"rendered":"JOSEP VICENT ASENSI SEVA"},"content":{"rendered":"<div class=\"wp-block-uagb-container uagb-block-c285e150 alignfull uagb-is-root-container\"><div class=\"uagb-container-inner-blocks-wrap\">\n<div class=\"wp-block-uagb-advanced-heading uagb-block-32e4cdec\"><h1 class=\"uagb-heading-text\"><strong>JOSEP VICENT ASENSI SEVA<\/strong><\/h1><\/div>\n<\/div><\/div>\n\n\n\n<div class=\"wp-block-uagb-container uagb-block-3d83def0 alignfull uagb-is-root-container\"><div class=\"uagb-container-inner-blocks-wrap\">\n<div class=\"wp-block-uagb-container uagb-block-eca2ff85\">\n<p>Jos\u00e9 Vicente Asensi Seva stammt aus Sella (Alicante), wo er seine musikalische Ausbildung an der Sociedad Uni\u00f3n Musical La Aurora begann und diese sp\u00e4ter an den Konservatorien von Alicante und Valencia abschloss. Derzeit ist er Professor f\u00fcr Komposition am \u00d3scar Espl\u00e1-Musikkonservatorium in Alicante, wo er seit Juli 2012 die Position des Direktors innehat.<\/p>\n<p>Dar\u00fcber hinaus leitet er den polyphonen Chor \u201eJuan y Gin\u00e9s P\u00e9rez\u201c und das Kammerorchester der Associaci\u00f2 d&#039;Amics de la M\u00fasica de Callosa d&#039;En Sarri\u00e0. Zuvor war er unter anderem Professor und Leiter der Musikkapellen der Uni\u00f3n Musical La Aurora de Sella, Alcoletja, des Conservatorio Superior de M\u00fasica de Murcia, La Primitiva de Callosa d&#039;En Sarri\u00e0 und der F\u00f6deration der Musikvereine der valencianischen Gemeinschaft .<\/p>\n<p>Sein Kompositionskatalog umfasst Chormusik, Kammermusik, Musik f\u00fcr die Mauren- und Christenfeste und symphonische Musik f\u00fcr eine Blasorchester. Jos\u00e9 Vicente Asensi gewann den ersten Preis f\u00fcr Komposition und den zweiten Preis mit dem christlichen Marsch \u201eAz-Bo\u201c beim 11. Nationalen Festival-Musikwettbewerb, der 1994 vom Stadtrat und der Festeros-Gesellschaft von Ontinyent organisiert wurde. Im Jahr 2006 erhielt er die besondere Erw\u00e4hnung des Federaci\u00f3 Choral de Catalunya-Wettbewerbs f\u00fcr sein Werk \u201eVella Sepharad\u201c.<\/p>\n<p>Dar\u00fcber hinaus war er Mitglied zahlreicher Kompositionswettbewerbsgremien und Musikbandwettbewerbe. Er hat auch eine gro\u00dfe Anzahl von Aufnahmen und ist Mitautor der Ausgabe des Buches \u201eMemories of Youth\u201c von Tom\u00e1s de Cotes, das 1999 von der Stadtverwaltung von Callosa d&#039;En Sarri\u00e0 und dem Kulturinstitut Alicante Juan Gil-Albert herausgegeben wurde .<\/p>\n<p>Jos\u00e9 Vicente Asensi ist Gr\u00fcnder und Direktor der Musikschule \u201eJos\u00e9 Segu\u00ed\u201c in Callosa d&#039;En Sarri\u00e0 bis zum Studienjahr 2002\/03 und seit 2005 stellvertretender Direktor des International Lyric Festival und der Curs d&#039;Alt Perfectly for Cantants von Callosa d&#039;En Sarri\u00e0. Er hat auch monografische Kurse geleitet und Konferenzen und Pr\u00e4sentationen zu verschiedenen Themen gehalten.<\/p>\n<\/div>\n<\/div><\/div>\n\n\n<div class=\"woocommerce columns-4\"><ul class=\"products columns-4\">\n<li class=\"desktop-align-left tablet-align-left mobile-align-left ast-product-gallery-layout-horizontal-slider product type-product post-1333 status-publish first instock product_cat-pasodobles product_tag-ignacio-sanchez-navarro product_tag-josep-vicent-asensi-seva has-post-thumbnail downloadable virtual taxable purchasable product-type-simple\">\n\t<a href=\"https:\/\/www.omnesbands.international\/de\/produkt\/juanito-segui\/\" class=\"woocommerce-LoopProduct-link woocommerce-loop-product__link\"><img loading=\"lazy\" decoding=\"async\" width=\"300\" height=\"300\" src=\"https:\/\/www.omnesbands.international\/wp-content\/uploads\/2023\/01\/Juanito-Segui-1-300x300.jpg\" class=\"attachment-woocommerce_thumbnail size-woocommerce_thumbnail\" alt=\"Juanito Segui\" srcset=\"https:\/\/www.omnesbands.international\/wp-content\/uploads\/2023\/01\/Juanito-Segui-1-300x300.jpg 300w, https:\/\/www.omnesbands.international\/wp-content\/uploads\/2023\/01\/Juanito-Segui-1-150x150.jpg 150w, https:\/\/www.omnesbands.international\/wp-content\/uploads\/2023\/01\/Juanito-Segui-1-100x100.jpg 100w\" sizes=\"auto, (max-width: 300px) 100vw, 300px\" \/><h2 class=\"woocommerce-loop-product__title\">Juanito folgte<\/h2>\n\t<span class=\"price\"><span class=\"woocommerce-Price-amount amount\"><bdi><span class=\"woocommerce-Price-currencySymbol\">&#36;<\/span>25.00<\/bdi><\/span><\/span>\n<\/a><a href=\"\/de\/wp-json\/wp\/v2\/pages\/1724?add-to-cart=1333\" aria-describedby=\"woocommerce_loop_add_to_cart_link_describedby_1333\" data-quantity=\"1\" class=\"button product_type_simple add_to_cart_button ajax_add_to_cart\" data-product_id=\"1333\" data-product_sku=\"SEG-PAS-ESP-22\" aria-label=\"Zum Warenkorb hinzuf\u00fcgen: \u201eJuanito Segu\u00ed\u201c\" rel=\"nofollow\" data-success_message=\"\u201eJuanito Segu\u00ed\u201c wurde deinem Warenkorb hinzugef\u00fcgt\" role=\"button\" data-no-translation=\"\" data-trp-gettext=\"\" data-no-translation-aria-label=\"\" data-no-translation-data-success_message=\"\">In den Warenkorb<\/a>\t<span id=\"woocommerce_loop_add_to_cart_link_describedby_1333\" class=\"screen-reader-text\">\n\t\t\t<\/span>\n<\/li>\n<\/ul>\n<\/div>","protected":false},"excerpt":{"rendered":"<p>JOSEP VICENT ASENSI SEVA Jos\u00e9 Vicente Asensi Seva es natural de Sella (Alicante), donde inicia su aprendizaje musical en la Sociedad Uni\u00f3n Musical La Aurora y que completa posteriormente en los conservatorios de Alicante y Valencia. Actualmente es profesor de Composici\u00f3n en el Conservatorio Superior de M\u00fasica \u00d3scar Espl\u00e1 de Alicante donde desempe\u00f1a, desde julio [&hellip;]<\/p>\n","protected":false},"author":4,"featured_media":0,"parent":0,"menu_order":0,"comment_status":"closed","ping_status":"closed","template":"","meta":{"_acf_changed":false,"_uag_custom_page_level_css":"","site-sidebar-layout":"default","site-content-layout":"","ast-site-content-layout":"default","site-content-style":"default","site-sidebar-style":"default","ast-global-header-display":"","ast-banner-title-visibility":"","ast-main-header-display":"","ast-hfb-above-header-display":"","ast-hfb-below-header-display":"","ast-hfb-mobile-header-display":"","site-post-title":"disabled","ast-breadcrumbs-content":"","ast-featured-img":"","footer-sml-layout":"","ast-disable-related-posts":"","theme-transparent-header-meta":"","adv-header-id-meta":"","stick-header-meta":"","header-above-stick-meta":"","header-main-stick-meta":"","header-below-stick-meta":"","astra-migrate-meta-layouts":"default","ast-page-background-enabled":"default","ast-page-background-meta":{"desktop":{"background-color":"","background-image":"","background-repeat":"repeat","background-position":"center center","background-size":"auto","background-attachment":"scroll","background-type":"","background-media":"","overlay-type":"","overlay-color":"","overlay-opacity":"","overlay-gradient":""},"tablet":{"background-color":"","background-image":"","background-repeat":"repeat","background-position":"center center","background-size":"auto","background-attachment":"scroll","background-type":"","background-media":"","overlay-type":"","overlay-color":"","overlay-opacity":"","overlay-gradient":""},"mobile":{"background-color":"","background-image":"","background-repeat":"repeat","background-position":"center center","background-size":"auto","background-attachment":"scroll","background-type":"","background-media":"","overlay-type":"","overlay-color":"","overlay-opacity":"","overlay-gradient":""}},"ast-content-background-meta":{"desktop":{"background-color":"var(--ast-global-color-5)","background-image":"","background-repeat":"repeat","background-position":"center center","background-size":"auto","background-attachment":"scroll","background-type":"","background-media":"","overlay-type":"","overlay-color":"","overlay-opacity":"","overlay-gradient":""},"tablet":{"background-color":"var(--ast-global-color-5)","background-image":"","background-repeat":"repeat","background-position":"center center","background-size":"auto","background-attachment":"scroll","background-type":"","background-media":"","overlay-type":"","overlay-color":"","overlay-opacity":"","overlay-gradient":""},"mobile":{"background-color":"var(--ast-global-color-5)","background-image":"","background-repeat":"repeat","background-position":"center center","background-size":"auto","background-attachment":"scroll","background-type":"","background-media":"","overlay-type":"","overlay-color":"","overlay-opacity":"","overlay-gradient":""}},"footnotes":""},"class_list":["post-1724","page","type-page","status-publish","hentry"],"acf":[],"yoast_head":"<!-- This site is optimized with the Yoast SEO Premium plugin v22.4 (Yoast SEO v27.4) - https:\/\/yoast.com\/product\/yoast-seo-premium-wordpress\/ -->\n<title>JOSEP VICENT ASENSI SEVA -<\/title>\n<meta name=\"robots\" content=\"index, follow, max-snippet:-1, max-image-preview:large, max-video-preview:-1\" \/>\n<link rel=\"canonical\" href=\"https:\/\/www.omnesbands.international\/de\/josep-vicent-asensi-seva-2\/\" \/>\n<meta property=\"og:locale\" content=\"de_DE\" \/>\n<meta property=\"og:type\" content=\"article\" \/>\n<meta property=\"og:title\" content=\"JOSEP VICENT ASENSI SEVA\" \/>\n<meta property=\"og:description\" content=\"JOSEP VICENT ASENSI SEVA Jos\u00e9 Vicente Asensi Seva es natural de Sella (Alicante), donde inicia su aprendizaje musical en la Sociedad Uni\u00f3n Musical La Aurora y que completa posteriormente en los conservatorios de Alicante y Valencia. Actualmente es profesor de Composici\u00f3n en el Conservatorio Superior de M\u00fasica \u00d3scar Espl\u00e1 de Alicante donde desempe\u00f1a, desde julio [&hellip;]\" \/>\n<meta property=\"og:url\" content=\"https:\/\/www.omnesbands.international\/de\/josep-vicent-asensi-seva-2\/\" \/>\n<meta property=\"article:modified_time\" content=\"2023-01-29T14:12:27+00:00\" \/>\n<meta property=\"og:image\" content=\"https:\/\/www.omnesbands.international\/wp-content\/uploads\/2023\/01\/music-sheet-music-snowdrop-7107045.jpg\" \/>\n\t<meta property=\"og:image:width\" content=\"1280\" \/>\n\t<meta property=\"og:image:height\" content=\"742\" \/>\n\t<meta property=\"og:image:type\" content=\"image\/jpeg\" \/>\n<meta name=\"twitter:card\" content=\"summary_large_image\" \/>\n<meta name=\"twitter:label1\" content=\"Gesch\u00e4tzte Lesezeit\" \/>\n\t<meta name=\"twitter:data1\" content=\"2\u00a0Minuten\" \/>\n<script type=\"application\/ld+json\" class=\"yoast-schema-graph\">{\"@context\":\"https:\\\/\\\/schema.org\",\"@graph\":[{\"@type\":\"WebPage\",\"@id\":\"https:\\\/\\\/www.omnesbands.international\\\/josep-vicent-asensi-seva-2\\\/\",\"url\":\"https:\\\/\\\/www.omnesbands.international\\\/josep-vicent-asensi-seva-2\\\/\",\"name\":\"JOSEP VICENT ASENSI SEVA -\",\"isPartOf\":{\"@id\":\"https:\\\/\\\/www.omnesbands.international\\\/#website\"},\"datePublished\":\"2023-01-29T14:11:48+00:00\",\"dateModified\":\"2023-01-29T14:12:27+00:00\",\"breadcrumb\":{\"@id\":\"https:\\\/\\\/www.omnesbands.international\\\/josep-vicent-asensi-seva-2\\\/#breadcrumb\"},\"inLanguage\":\"de\",\"potentialAction\":[{\"@type\":\"ReadAction\",\"target\":[\"https:\\\/\\\/www.omnesbands.international\\\/josep-vicent-asensi-seva-2\\\/\"]}]},{\"@type\":\"BreadcrumbList\",\"@id\":\"https:\\\/\\\/www.omnesbands.international\\\/josep-vicent-asensi-seva-2\\\/#breadcrumb\",\"itemListElement\":[{\"@type\":\"ListItem\",\"position\":1,\"name\":\"Portada\",\"item\":\"https:\\\/\\\/www.omnesbands.international\\\/\"},{\"@type\":\"ListItem\",\"position\":2,\"name\":\"JOSEP VICENT ASENSI SEVA\"}]},{\"@type\":\"WebSite\",\"@id\":\"https:\\\/\\\/www.omnesbands.international\\\/#website\",\"url\":\"https:\\\/\\\/www.omnesbands.international\\\/\",\"name\":\"OMNESBANDS International\",\"description\":\"Partituras Originales de autores y compositores independientes\",\"publisher\":{\"@id\":\"https:\\\/\\\/www.omnesbands.international\\\/#organization\"},\"potentialAction\":[{\"@type\":\"SearchAction\",\"target\":{\"@type\":\"EntryPoint\",\"urlTemplate\":\"https:\\\/\\\/www.omnesbands.international\\\/?s={search_term_string}\"},\"query-input\":{\"@type\":\"PropertyValueSpecification\",\"valueRequired\":true,\"valueName\":\"search_term_string\"}}],\"inLanguage\":\"de\"},{\"@type\":\"Organization\",\"@id\":\"https:\\\/\\\/www.omnesbands.international\\\/#organization\",\"name\":\"Indra Consultores Internacionales\",\"alternateName\":\"Omnesbands\",\"url\":\"https:\\\/\\\/www.omnesbands.international\\\/\",\"logo\":{\"@type\":\"ImageObject\",\"inLanguage\":\"de\",\"@id\":\"https:\\\/\\\/www.omnesbands.international\\\/#\\\/schema\\\/logo\\\/image\\\/\",\"url\":\"https:\\\/\\\/omnesbands.international\\\/wp-content\\\/uploads\\\/2023\\\/06\\\/Logo-Nuevo-.png\",\"contentUrl\":\"https:\\\/\\\/omnesbands.international\\\/wp-content\\\/uploads\\\/2023\\\/06\\\/Logo-Nuevo-.png\",\"width\":394,\"height\":212,\"caption\":\"Indra Consultores Internacionales\"},\"image\":{\"@id\":\"https:\\\/\\\/www.omnesbands.international\\\/#\\\/schema\\\/logo\\\/image\\\/\"}}]}<\/script>\n<!-- \/ Yoast SEO Premium plugin. -->","yoast_head_json":{"title":"JOSEP VICENT ASENSI SEVA -","robots":{"index":"index","follow":"follow","max-snippet":"max-snippet:-1","max-image-preview":"max-image-preview:large","max-video-preview":"max-video-preview:-1"},"canonical":"https:\/\/www.omnesbands.international\/de\/josep-vicent-asensi-seva-2\/","og_locale":"de_DE","og_type":"article","og_title":"JOSEP VICENT ASENSI SEVA","og_description":"JOSEP VICENT ASENSI SEVA Jos\u00e9 Vicente Asensi Seva es natural de Sella (Alicante), donde inicia su aprendizaje musical en la Sociedad Uni\u00f3n Musical La Aurora y que completa posteriormente en los conservatorios de Alicante y Valencia. Actualmente es profesor de Composici\u00f3n en el Conservatorio Superior de M\u00fasica \u00d3scar Espl\u00e1 de Alicante donde desempe\u00f1a, desde julio [&hellip;]","og_url":"https:\/\/www.omnesbands.international\/de\/josep-vicent-asensi-seva-2\/","article_modified_time":"2023-01-29T14:12:27+00:00","og_image":[{"width":1280,"height":742,"url":"https:\/\/www.omnesbands.international\/wp-content\/uploads\/2023\/01\/music-sheet-music-snowdrop-7107045.jpg","type":"image\/jpeg"}],"twitter_card":"summary_large_image","twitter_misc":{"Gesch\u00e4tzte Lesezeit":"2\u00a0Minuten"},"schema":{"@context":"https:\/\/schema.org","@graph":[{"@type":"WebPage","@id":"https:\/\/www.omnesbands.international\/josep-vicent-asensi-seva-2\/","url":"https:\/\/www.omnesbands.international\/josep-vicent-asensi-seva-2\/","name":"JOSEP VICENT ASENSI SEVA -","isPartOf":{"@id":"https:\/\/www.omnesbands.international\/#website"},"datePublished":"2023-01-29T14:11:48+00:00","dateModified":"2023-01-29T14:12:27+00:00","breadcrumb":{"@id":"https:\/\/www.omnesbands.international\/josep-vicent-asensi-seva-2\/#breadcrumb"},"inLanguage":"de","potentialAction":[{"@type":"ReadAction","target":["https:\/\/www.omnesbands.international\/josep-vicent-asensi-seva-2\/"]}]},{"@type":"BreadcrumbList","@id":"https:\/\/www.omnesbands.international\/josep-vicent-asensi-seva-2\/#breadcrumb","itemListElement":[{"@type":"ListItem","position":1,"name":"Portada","item":"https:\/\/www.omnesbands.international\/"},{"@type":"ListItem","position":2,"name":"JOSEP VICENT ASENSI SEVA"}]},{"@type":"WebSite","@id":"https:\/\/www.omnesbands.international\/#website","url":"https:\/\/www.omnesbands.international\/","name":"OMNESBANDS International","description":"Original-Noten von unabh\u00e4ngigen Autoren und Komponisten","publisher":{"@id":"https:\/\/www.omnesbands.international\/#organization"},"potentialAction":[{"@type":"SearchAction","target":{"@type":"EntryPoint","urlTemplate":"https:\/\/www.omnesbands.international\/?s={search_term_string}"},"query-input":{"@type":"PropertyValueSpecification","valueRequired":true,"valueName":"search_term_string"}}],"inLanguage":"de"},{"@type":"Organization","@id":"https:\/\/www.omnesbands.international\/#organization","name":"Indra Internationale Berater","alternateName":"Omnesbands","url":"https:\/\/www.omnesbands.international\/","logo":{"@type":"ImageObject","inLanguage":"de","@id":"https:\/\/www.omnesbands.international\/#\/schema\/logo\/image\/","url":"https:\/\/omnesbands.international\/wp-content\/uploads\/2023\/06\/Logo-Nuevo-.png","contentUrl":"https:\/\/omnesbands.international\/wp-content\/uploads\/2023\/06\/Logo-Nuevo-.png","width":394,"height":212,"caption":"Indra Consultores Internacionales"},"image":{"@id":"https:\/\/www.omnesbands.international\/#\/schema\/logo\/image\/"}}]}},"uagb_featured_image_src":{"full":false,"thumbnail":false,"medium":false,"medium_large":false,"large":false,"1536x1536":false,"2048x2048":false,"trp-custom-language-flag":false,"gg_gallery_thumbnail":false,"woocommerce_thumbnail":false,"woocommerce_single":false,"woocommerce_gallery_thumbnail":false},"uagb_author_info":{"display_name":"Melvin R. Portillo A:","author_link":"https:\/\/www.omnesbands.international\/de\/author\/portand\/"},"uagb_comment_info":0,"uagb_excerpt":"JOSEP VICENT ASENSI SEVA Jos\u00e9 Vicente Asensi Seva es natural de Sella (Alicante), donde inicia su aprendizaje musical en la Sociedad Uni\u00f3n Musical La Aurora y que completa posteriormente en los conservatorios de Alicante y Valencia. Actualmente es profesor de Composici\u00f3n en el Conservatorio Superior de M\u00fasica \u00d3scar Espl\u00e1 de Alicante donde desempe\u00f1a, desde julio&hellip;","_links":{"self":[{"href":"https:\/\/www.omnesbands.international\/de\/wp-json\/wp\/v2\/pages\/1724","targetHints":{"allow":["GET"]}}],"collection":[{"href":"https:\/\/www.omnesbands.international\/de\/wp-json\/wp\/v2\/pages"}],"about":[{"href":"https:\/\/www.omnesbands.international\/de\/wp-json\/wp\/v2\/types\/page"}],"author":[{"embeddable":true,"href":"https:\/\/www.omnesbands.international\/de\/wp-json\/wp\/v2\/users\/4"}],"replies":[{"embeddable":true,"href":"https:\/\/www.omnesbands.international\/de\/wp-json\/wp\/v2\/comments?post=1724"}],"version-history":[{"count":2,"href":"https:\/\/www.omnesbands.international\/de\/wp-json\/wp\/v2\/pages\/1724\/revisions"}],"predecessor-version":[{"id":1726,"href":"https:\/\/www.omnesbands.international\/de\/wp-json\/wp\/v2\/pages\/1724\/revisions\/1726"}],"wp:attachment":[{"href":"https:\/\/www.omnesbands.international\/de\/wp-json\/wp\/v2\/media?parent=1724"}],"curies":[{"name":"wp","href":"https:\/\/api.w.org\/{rel}","templated":true}]}}