{"id":1734,"date":"2023-01-29T08:33:10","date_gmt":"2023-01-29T14:33:10","guid":{"rendered":"https:\/\/omnesbands.international\/?page_id=1734"},"modified":"2023-01-29T08:35:14","modified_gmt":"2023-01-29T14:35:14","slug":"juan-manuel-molina-milla-2","status":"publish","type":"page","link":"https:\/\/www.omnesbands.international\/de\/juan-manuel-molina-milla-2\/","title":{"rendered":"JUAN MANUEL MOLINA MILL\u00c0"},"content":{"rendered":"<div class=\"wp-block-uagb-container uagb-block-8d170ce7 alignfull uagb-is-root-container\"><div class=\"uagb-container-inner-blocks-wrap\">\n<div class=\"wp-block-uagb-advanced-heading uagb-block-4b96627a\"><h1 class=\"uagb-heading-text\"><strong>JUAN MANUEL MOLINA MILL\u00c0<\/strong><\/h1><\/div>\n<\/div><\/div>\n\n\n\n<div class=\"wp-block-uagb-container uagb-block-5ad1816b alignfull uagb-is-root-container\"><div class=\"uagb-container-inner-blocks-wrap\">\n<div class=\"wp-block-uagb-container uagb-block-c1f42671\">\n<p>Juan Manuel Molina Mill\u00e1 (Agost, 1940-2018) begann sein Musikstudium bei seinem Vater D. Juan Molina Pay\u00e1, dem Meisterdirektor der Band Uni\u00f3n Musical de Agost. Sein Vater f\u00fchrte ihn in Form einer kostenlosen Einschreibung in die Musiktheoriepr\u00fcfung am K\u00f6niglichen Konservatorium von Madrid ein und bestand alle Musiktheoriekurse in derselben Pr\u00fcfung mit Auszeichnung.<\/p>\n<p>Er studierte privat Trompete in Madrid und legte seine Pr\u00fcfungen am Konservatorium ab, wobei die Einschreibung in alle Kurse kostenlos war. Das letzte Jahr seines Studiums absolvierte er am \u00d3scar Espl\u00e1-Konservatorium in Alicante, wo er die Note \u201eOutstanding with Honour\u201c erhielt, ein Diplom, das er von Herrn \u00d3scar Espl\u00e1 mit seiner Unterschrift erhielt.<\/p>\n<p>Als Trompeter nahm er eine herausragende Stellung in seinem Beruf ein und tourte durch das ganze Land und weite Teile des Auslands. Er teilt B\u00fchnen mit bedeutenden in- und ausl\u00e4ndischen K\u00fcnstlern: unter anderem Henry Mancini, Liza Minelly, Augusto Alguer\u00f3, Pedro Iturralde und Jos\u00e9 Torregrosa.<\/p>\n<p>Nehmen Sie an wichtigen Jobs bei Fernsehaufnahmen, Shows und Festivals teil.<\/p>\n<p>Studieren Sie Harmonie, Kontrapunkt und Fuge, Komposition und Instrumentierung. Sein Schaffen als Komponist ist breit gef\u00e4chert und vielf\u00e4ltig; Er komponiert Hymnen, Prozessionsm\u00e4rsche, Pasodobles, Vokalmusik, f\u00fcr Ch\u00f6re usw. Gewinnt Preise bei nationalen Wettbewerben.<\/p>\n<p>In Bezug auf seine Rolle als Direktor der Sociedad Filarmonica Uni\u00f3n Musical de Agost im Jahr 1977 im Mai w\u00fcrdigt die Gesellschaft den Direktor und gro\u00dfen F\u00f6rderer der Musik in unserer Stadt seit 47 Jahren, Herrn Juan Molina Pay\u00e1. Er wurde sp\u00e4ter durch seinen Sohn, Herrn Juan Manuel Molina Milla, ersetzt. 1978 nahm er am Wettbewerb der Excma teil. Provinzrat, der in der ersten Phase 1979 den ersten Platz in der 2. Kategorie erreichte und im selben Wettbewerb erneut den ersten Preis gewann, dessen Finale in Rafal (Alicante) stattfand. 1982 nahm er am selben Wettbewerb teil und nahm in der ersten Kategorie teil. Fortsetzung dieser Arbeit als Direktor bis Januar 1985, wo ihm Herr Adolfo Pi\u00f1ero vorausging. Er nahm diese Arbeit in einer zweiten Phase von November 1991 bis 1992 wieder auf, wobei ihm Herr Juan Jos\u00e9 Cuenca Ant\u00f3n folgte.<\/p>\n<p>Sein wichtigstes Werk ist die seiner Heimatstadt gewidmete Trilogie mit dem Titel Cantos de Agost. Es gibt drei Werke, die fast die gesamte Folklore der Stadt Agost abdecken. La Serenata (Lieder an die Jungfrau), Cants del Record (Arbeitslieder) und El Rey Moro (beliebte T\u00e4nze f\u00fcr Spa\u00df und Freizeit). Das Werk ist sowohl harmonisch als auch kontrapunktisch gut ausgearbeitet. Die Themen werden klar dargelegt und mit einem tiefen symphonischen Gesp\u00fcr entwickelt. Das Werk ist f\u00fcr Symphonieorchester komponiert.<\/p>\n<\/div>\n<\/div><\/div>\n\n\n<div class=\"woocommerce columns-4\"><ul class=\"products columns-4\">\n<li class=\"desktop-align-left tablet-align-left mobile-align-left ast-product-gallery-layout-horizontal-slider product type-product post-1329 status-publish first instock product_cat-pasodobles product_tag-juan-manuel-molina-milla has-post-thumbnail downloadable virtual taxable purchasable product-type-simple\">\n\t<a href=\"https:\/\/www.omnesbands.international\/de\/produkt\/juan-felipe\/\" class=\"woocommerce-LoopProduct-link woocommerce-loop-product__link\"><img loading=\"lazy\" decoding=\"async\" width=\"300\" height=\"300\" src=\"https:\/\/www.omnesbands.international\/wp-content\/uploads\/2023\/01\/Juan-Felipe-1-300x300.jpg\" class=\"attachment-woocommerce_thumbnail size-woocommerce_thumbnail\" alt=\"Juan Felipe\" srcset=\"https:\/\/www.omnesbands.international\/wp-content\/uploads\/2023\/01\/Juan-Felipe-1-300x300.jpg 300w, https:\/\/www.omnesbands.international\/wp-content\/uploads\/2023\/01\/Juan-Felipe-1-150x150.jpg 150w, https:\/\/www.omnesbands.international\/wp-content\/uploads\/2023\/01\/Juan-Felipe-1-100x100.jpg 100w\" sizes=\"auto, (max-width: 300px) 100vw, 300px\" \/><h2 class=\"woocommerce-loop-product__title\">Juan Philipp<\/h2>\n\t<span class=\"price\"><span class=\"woocommerce-Price-amount amount\"><bdi><span class=\"woocommerce-Price-currencySymbol\">&#36;<\/span>25.00<\/bdi><\/span><\/span>\n<\/a><a href=\"\/de\/wp-json\/wp\/v2\/pages\/1734?add-to-cart=1329\" aria-describedby=\"woocommerce_loop_add_to_cart_link_describedby_1329\" data-quantity=\"1\" class=\"button product_type_simple add_to_cart_button ajax_add_to_cart\" data-product_id=\"1329\" data-product_sku=\"JUA-PAS-ESP-22\" aria-label=\"Zum Warenkorb hinzuf\u00fcgen: \u201eJuan Felipe\u201c\" rel=\"nofollow\" data-success_message=\"\u201eJuan Felipe\u201c wurde deinem Warenkorb hinzugef\u00fcgt\" role=\"button\" data-no-translation=\"\" data-trp-gettext=\"\" data-no-translation-aria-label=\"\" data-no-translation-data-success_message=\"\">In den Warenkorb<\/a>\t<span id=\"woocommerce_loop_add_to_cart_link_describedby_1329\" class=\"screen-reader-text\">\n\t\t\t<\/span>\n<\/li>\n<\/ul>\n<\/div>","protected":false},"excerpt":{"rendered":"<p>JUAN MANUEL MOLINA MILL\u00c0 Juan Manuel Molina Mill\u00e1 (Agost, 1940-2018) comenz\u00f3 sus estudios musicales de la mano de su padre D. Juan Molina Pay\u00e1, maestro director de la banda Uni\u00f3n Musical de Agost. Su padre le present\u00f3 al examen de solfeo, en la modalidad de matr\u00edcula libre, en el Real Conservatorio de Madrid, sacando en [&hellip;]<\/p>\n","protected":false},"author":4,"featured_media":0,"parent":0,"menu_order":0,"comment_status":"closed","ping_status":"closed","template":"","meta":{"_acf_changed":false,"_uag_custom_page_level_css":"","site-sidebar-layout":"default","site-content-layout":"","ast-site-content-layout":"default","site-content-style":"default","site-sidebar-style":"default","ast-global-header-display":"","ast-banner-title-visibility":"","ast-main-header-display":"","ast-hfb-above-header-display":"","ast-hfb-below-header-display":"","ast-hfb-mobile-header-display":"","site-post-title":"disabled","ast-breadcrumbs-content":"","ast-featured-img":"","footer-sml-layout":"","ast-disable-related-posts":"","theme-transparent-header-meta":"","adv-header-id-meta":"","stick-header-meta":"","header-above-stick-meta":"","header-main-stick-meta":"","header-below-stick-meta":"","astra-migrate-meta-layouts":"default","ast-page-background-enabled":"default","ast-page-background-meta":{"desktop":{"background-color":"","background-image":"","background-repeat":"repeat","background-position":"center center","background-size":"auto","background-attachment":"scroll","background-type":"","background-media":"","overlay-type":"","overlay-color":"","overlay-opacity":"","overlay-gradient":""},"tablet":{"background-color":"","background-image":"","background-repeat":"repeat","background-position":"center center","background-size":"auto","background-attachment":"scroll","background-type":"","background-media":"","overlay-type":"","overlay-color":"","overlay-opacity":"","overlay-gradient":""},"mobile":{"background-color":"","background-image":"","background-repeat":"repeat","background-position":"center center","background-size":"auto","background-attachment":"scroll","background-type":"","background-media":"","overlay-type":"","overlay-color":"","overlay-opacity":"","overlay-gradient":""}},"ast-content-background-meta":{"desktop":{"background-color":"var(--ast-global-color-5)","background-image":"","background-repeat":"repeat","background-position":"center center","background-size":"auto","background-attachment":"scroll","background-type":"","background-media":"","overlay-type":"","overlay-color":"","overlay-opacity":"","overlay-gradient":""},"tablet":{"background-color":"var(--ast-global-color-5)","background-image":"","background-repeat":"repeat","background-position":"center center","background-size":"auto","background-attachment":"scroll","background-type":"","background-media":"","overlay-type":"","overlay-color":"","overlay-opacity":"","overlay-gradient":""},"mobile":{"background-color":"var(--ast-global-color-5)","background-image":"","background-repeat":"repeat","background-position":"center center","background-size":"auto","background-attachment":"scroll","background-type":"","background-media":"","overlay-type":"","overlay-color":"","overlay-opacity":"","overlay-gradient":""}},"footnotes":""},"class_list":["post-1734","page","type-page","status-publish","hentry"],"acf":[],"yoast_head":"<!-- This site is optimized with the Yoast SEO Premium plugin v22.4 (Yoast SEO v27.4) - https:\/\/yoast.com\/product\/yoast-seo-premium-wordpress\/ -->\n<title>JUAN MANUEL MOLINA MILL\u00c0 -<\/title>\n<meta name=\"robots\" content=\"index, follow, max-snippet:-1, max-image-preview:large, max-video-preview:-1\" \/>\n<link rel=\"canonical\" href=\"https:\/\/www.omnesbands.international\/de\/juan-manuel-molina-milla-2\/\" \/>\n<meta property=\"og:locale\" content=\"de_DE\" \/>\n<meta property=\"og:type\" content=\"article\" \/>\n<meta property=\"og:title\" content=\"JUAN MANUEL MOLINA MILL\u00c0\" \/>\n<meta property=\"og:description\" content=\"JUAN MANUEL MOLINA MILL\u00c0 Juan Manuel Molina Mill\u00e1 (Agost, 1940-2018) comenz\u00f3 sus estudios musicales de la mano de su padre D. Juan Molina Pay\u00e1, maestro director de la banda Uni\u00f3n Musical de Agost. Su padre le present\u00f3 al examen de solfeo, en la modalidad de matr\u00edcula libre, en el Real Conservatorio de Madrid, sacando en [&hellip;]\" \/>\n<meta property=\"og:url\" content=\"https:\/\/www.omnesbands.international\/de\/juan-manuel-molina-milla-2\/\" \/>\n<meta property=\"article:modified_time\" content=\"2023-01-29T14:35:14+00:00\" \/>\n<meta property=\"og:image\" content=\"https:\/\/www.omnesbands.international\/wp-content\/uploads\/2023\/01\/music-sheet-music-snowdrop-7107045.jpg\" \/>\n\t<meta property=\"og:image:width\" content=\"1280\" \/>\n\t<meta property=\"og:image:height\" content=\"742\" \/>\n\t<meta property=\"og:image:type\" content=\"image\/jpeg\" \/>\n<meta name=\"twitter:card\" content=\"summary_large_image\" \/>\n<meta name=\"twitter:label1\" content=\"Gesch\u00e4tzte Lesezeit\" \/>\n\t<meta name=\"twitter:data1\" content=\"2\u00a0Minuten\" \/>\n<script type=\"application\/ld+json\" class=\"yoast-schema-graph\">{\"@context\":\"https:\\\/\\\/schema.org\",\"@graph\":[{\"@type\":\"WebPage\",\"@id\":\"https:\\\/\\\/www.omnesbands.international\\\/juan-manuel-molina-milla-2\\\/\",\"url\":\"https:\\\/\\\/www.omnesbands.international\\\/juan-manuel-molina-milla-2\\\/\",\"name\":\"JUAN MANUEL MOLINA MILL\u00c0 -\",\"isPartOf\":{\"@id\":\"https:\\\/\\\/www.omnesbands.international\\\/#website\"},\"datePublished\":\"2023-01-29T14:33:10+00:00\",\"dateModified\":\"2023-01-29T14:35:14+00:00\",\"breadcrumb\":{\"@id\":\"https:\\\/\\\/www.omnesbands.international\\\/juan-manuel-molina-milla-2\\\/#breadcrumb\"},\"inLanguage\":\"de\",\"potentialAction\":[{\"@type\":\"ReadAction\",\"target\":[\"https:\\\/\\\/www.omnesbands.international\\\/juan-manuel-molina-milla-2\\\/\"]}]},{\"@type\":\"BreadcrumbList\",\"@id\":\"https:\\\/\\\/www.omnesbands.international\\\/juan-manuel-molina-milla-2\\\/#breadcrumb\",\"itemListElement\":[{\"@type\":\"ListItem\",\"position\":1,\"name\":\"Portada\",\"item\":\"https:\\\/\\\/www.omnesbands.international\\\/\"},{\"@type\":\"ListItem\",\"position\":2,\"name\":\"JUAN MANUEL MOLINA MILL\u00c0\"}]},{\"@type\":\"WebSite\",\"@id\":\"https:\\\/\\\/www.omnesbands.international\\\/#website\",\"url\":\"https:\\\/\\\/www.omnesbands.international\\\/\",\"name\":\"OMNESBANDS International\",\"description\":\"Partituras Originales de autores y compositores independientes\",\"publisher\":{\"@id\":\"https:\\\/\\\/www.omnesbands.international\\\/#organization\"},\"potentialAction\":[{\"@type\":\"SearchAction\",\"target\":{\"@type\":\"EntryPoint\",\"urlTemplate\":\"https:\\\/\\\/www.omnesbands.international\\\/?s={search_term_string}\"},\"query-input\":{\"@type\":\"PropertyValueSpecification\",\"valueRequired\":true,\"valueName\":\"search_term_string\"}}],\"inLanguage\":\"de\"},{\"@type\":\"Organization\",\"@id\":\"https:\\\/\\\/www.omnesbands.international\\\/#organization\",\"name\":\"Indra Consultores Internacionales\",\"alternateName\":\"Omnesbands\",\"url\":\"https:\\\/\\\/www.omnesbands.international\\\/\",\"logo\":{\"@type\":\"ImageObject\",\"inLanguage\":\"de\",\"@id\":\"https:\\\/\\\/www.omnesbands.international\\\/#\\\/schema\\\/logo\\\/image\\\/\",\"url\":\"https:\\\/\\\/omnesbands.international\\\/wp-content\\\/uploads\\\/2023\\\/06\\\/Logo-Nuevo-.png\",\"contentUrl\":\"https:\\\/\\\/omnesbands.international\\\/wp-content\\\/uploads\\\/2023\\\/06\\\/Logo-Nuevo-.png\",\"width\":394,\"height\":212,\"caption\":\"Indra Consultores Internacionales\"},\"image\":{\"@id\":\"https:\\\/\\\/www.omnesbands.international\\\/#\\\/schema\\\/logo\\\/image\\\/\"}}]}<\/script>\n<!-- \/ Yoast SEO Premium plugin. -->","yoast_head_json":{"title":"JUAN MANUEL MOLINA MILL\u00c0 -","robots":{"index":"index","follow":"follow","max-snippet":"max-snippet:-1","max-image-preview":"max-image-preview:large","max-video-preview":"max-video-preview:-1"},"canonical":"https:\/\/www.omnesbands.international\/de\/juan-manuel-molina-milla-2\/","og_locale":"de_DE","og_type":"article","og_title":"JUAN MANUEL MOLINA MILL\u00c0","og_description":"JUAN MANUEL MOLINA MILL\u00c0 Juan Manuel Molina Mill\u00e1 (Agost, 1940-2018) comenz\u00f3 sus estudios musicales de la mano de su padre D. Juan Molina Pay\u00e1, maestro director de la banda Uni\u00f3n Musical de Agost. Su padre le present\u00f3 al examen de solfeo, en la modalidad de matr\u00edcula libre, en el Real Conservatorio de Madrid, sacando en [&hellip;]","og_url":"https:\/\/www.omnesbands.international\/de\/juan-manuel-molina-milla-2\/","article_modified_time":"2023-01-29T14:35:14+00:00","og_image":[{"width":1280,"height":742,"url":"https:\/\/www.omnesbands.international\/wp-content\/uploads\/2023\/01\/music-sheet-music-snowdrop-7107045.jpg","type":"image\/jpeg"}],"twitter_card":"summary_large_image","twitter_misc":{"Gesch\u00e4tzte Lesezeit":"2\u00a0Minuten"},"schema":{"@context":"https:\/\/schema.org","@graph":[{"@type":"WebPage","@id":"https:\/\/www.omnesbands.international\/juan-manuel-molina-milla-2\/","url":"https:\/\/www.omnesbands.international\/juan-manuel-molina-milla-2\/","name":"JUAN MANUEL MOLINA MILL\u00c0 -","isPartOf":{"@id":"https:\/\/www.omnesbands.international\/#website"},"datePublished":"2023-01-29T14:33:10+00:00","dateModified":"2023-01-29T14:35:14+00:00","breadcrumb":{"@id":"https:\/\/www.omnesbands.international\/juan-manuel-molina-milla-2\/#breadcrumb"},"inLanguage":"de","potentialAction":[{"@type":"ReadAction","target":["https:\/\/www.omnesbands.international\/juan-manuel-molina-milla-2\/"]}]},{"@type":"BreadcrumbList","@id":"https:\/\/www.omnesbands.international\/juan-manuel-molina-milla-2\/#breadcrumb","itemListElement":[{"@type":"ListItem","position":1,"name":"Portada","item":"https:\/\/www.omnesbands.international\/"},{"@type":"ListItem","position":2,"name":"JUAN MANUEL MOLINA MILL\u00c0"}]},{"@type":"WebSite","@id":"https:\/\/www.omnesbands.international\/#website","url":"https:\/\/www.omnesbands.international\/","name":"OMNESBANDS International","description":"Original-Noten von unabh\u00e4ngigen Autoren und Komponisten","publisher":{"@id":"https:\/\/www.omnesbands.international\/#organization"},"potentialAction":[{"@type":"SearchAction","target":{"@type":"EntryPoint","urlTemplate":"https:\/\/www.omnesbands.international\/?s={search_term_string}"},"query-input":{"@type":"PropertyValueSpecification","valueRequired":true,"valueName":"search_term_string"}}],"inLanguage":"de"},{"@type":"Organization","@id":"https:\/\/www.omnesbands.international\/#organization","name":"Indra Internationale Berater","alternateName":"Omnesbands","url":"https:\/\/www.omnesbands.international\/","logo":{"@type":"ImageObject","inLanguage":"de","@id":"https:\/\/www.omnesbands.international\/#\/schema\/logo\/image\/","url":"https:\/\/omnesbands.international\/wp-content\/uploads\/2023\/06\/Logo-Nuevo-.png","contentUrl":"https:\/\/omnesbands.international\/wp-content\/uploads\/2023\/06\/Logo-Nuevo-.png","width":394,"height":212,"caption":"Indra Consultores Internacionales"},"image":{"@id":"https:\/\/www.omnesbands.international\/#\/schema\/logo\/image\/"}}]}},"uagb_featured_image_src":{"full":false,"thumbnail":false,"medium":false,"medium_large":false,"large":false,"1536x1536":false,"2048x2048":false,"trp-custom-language-flag":false,"gg_gallery_thumbnail":false,"woocommerce_thumbnail":false,"woocommerce_single":false,"woocommerce_gallery_thumbnail":false},"uagb_author_info":{"display_name":"Melvin R. Portillo A:","author_link":"https:\/\/www.omnesbands.international\/de\/author\/portand\/"},"uagb_comment_info":0,"uagb_excerpt":"JUAN MANUEL MOLINA MILL\u00c0 Juan Manuel Molina Mill\u00e1 (Agost, 1940-2018) comenz\u00f3 sus estudios musicales de la mano de su padre D. Juan Molina Pay\u00e1, maestro director de la banda Uni\u00f3n Musical de Agost. Su padre le present\u00f3 al examen de solfeo, en la modalidad de matr\u00edcula libre, en el Real Conservatorio de Madrid, sacando en&hellip;","_links":{"self":[{"href":"https:\/\/www.omnesbands.international\/de\/wp-json\/wp\/v2\/pages\/1734","targetHints":{"allow":["GET"]}}],"collection":[{"href":"https:\/\/www.omnesbands.international\/de\/wp-json\/wp\/v2\/pages"}],"about":[{"href":"https:\/\/www.omnesbands.international\/de\/wp-json\/wp\/v2\/types\/page"}],"author":[{"embeddable":true,"href":"https:\/\/www.omnesbands.international\/de\/wp-json\/wp\/v2\/users\/4"}],"replies":[{"embeddable":true,"href":"https:\/\/www.omnesbands.international\/de\/wp-json\/wp\/v2\/comments?post=1734"}],"version-history":[{"count":3,"href":"https:\/\/www.omnesbands.international\/de\/wp-json\/wp\/v2\/pages\/1734\/revisions"}],"predecessor-version":[{"id":1737,"href":"https:\/\/www.omnesbands.international\/de\/wp-json\/wp\/v2\/pages\/1734\/revisions\/1737"}],"wp:attachment":[{"href":"https:\/\/www.omnesbands.international\/de\/wp-json\/wp\/v2\/media?parent=1734"}],"curies":[{"name":"wp","href":"https:\/\/api.w.org\/{rel}","templated":true}]}}