{"id":1758,"date":"2023-01-29T09:38:45","date_gmt":"2023-01-29T15:38:45","guid":{"rendered":"https:\/\/omnesbands.international\/?page_id=1758"},"modified":"2023-01-29T09:38:50","modified_gmt":"2023-01-29T15:38:50","slug":"miguel-angel-mas-2","status":"publish","type":"page","link":"https:\/\/www.omnesbands.international\/de\/miguel-angel-mas-2\/","title":{"rendered":"MIGUEL ANGEL MEHR"},"content":{"rendered":"<div class=\"wp-block-uagb-container uagb-block-a8f88a09 alignfull uagb-is-root-container\"><div class=\"uagb-container-inner-blocks-wrap\">\n<div class=\"wp-block-uagb-advanced-heading uagb-block-3f536972\"><h1 class=\"uagb-heading-text\"><strong>MIGUEL ANGEL MEHR<\/strong><\/h1><\/div>\n<\/div><\/div>\n\n\n\n<div class=\"wp-block-uagb-container uagb-block-c288a89b alignfull uagb-is-root-container\"><div class=\"uagb-container-inner-blocks-wrap\">\n<div class=\"wp-block-uagb-container uagb-block-fc7f58a9\">\n<p>Er wurde in Ca\u00f1ada (Alicante) geboren und begann sein Studium an der \u00f6rtlichen Musikschule und am Oscar Espl\u00e1-Konservatorium in Alicante. Kurz darauf wechselte er an das Professionelle Musikkonservatorium in Villena, wo er das Mittelstudium im Saxophon bei Professor D. Jos\u00e9 Luna Mart\u00ednez abschloss. Er schlie\u00dft au\u00dferdem die Grundausbildung in der Fachrichtung Gitarre ab. Sp\u00e4ter erhielt er einen Platz f\u00fcr fortgeschrittene Saxophonkurse am Musikkonservatorium von Murcia: \u201eManuel Massotti Littel\u201c bei Professor D. Antonio Salas P\u00e9rez, wo er den fortgeschrittenen Abschluss in der Fachrichtung Saxophon mit der Qualifikation \u201eHervorragend\u201c abschloss. .<\/p>\n<p>Er hat verschiedene Kurse zur musikalischen Verbesserung bei verschiedenen renommierten Lehrern besucht und organisiert, sowohl in den Bereichen Saxophon als auch Bandleitung, P\u00e4dagogik und anderen Fachgebieten.<\/p>\n<p>Im Jahr 2003 erhielt er das Zertifikat f\u00fcr p\u00e4dagogische Eignung an der Universit\u00e4t Alicante. Seine musikalische Unruhe und seine gro\u00dfe Leidenschaft f\u00fcr das Mauren- und Christenfest haben ihn dazu gebracht, sein bescheidenes Sandkorn in die Welt der Festspielmusik einzubringen und mehrere St\u00fccke f\u00fcr dieses Musikgenre zu komponieren, das er so sehr bewundert. 2004 ver\u00f6ffentlichte er eine CD mit eigenen St\u00fccken aus M\u00fasica Festera.<\/p>\n<p>Derzeit gibt es sechs CDs dieser Musikrichtung, die einige Kompositionen dieses Musikers aus Alicante enthalten. Das Ergebnis seines Enthusiasmus und seiner Arbeit sind die Anerkennungen, die er in verschiedenen Wettbewerben erhalten hat: Finalist beim VII. Wettbewerb \u201eVilla de Benidorm\u201c im Jahr 2001. Zweiter Preis und 1. Publikumspreis beim VIII. Kompositionswettbewerb Callosa d&#039;en Sarri\u00e0 2002 . 1. Preis beim Kompositionswettbewerb der Comparsa de Moros Nuevos de Villena 2003. Zweiter Preis durch Volksabstimmung beim XIX. Ontinyent Festival-Musikwettbewerb 2004 und zweiter Preis beim XX. Ontinyent Festival-Musikwettbewerb 2005.<\/p>\n<p>Er war Mitglied mehrerer Kammermusikgruppen, wirkt auch in Ensembles und \u201eBig Bands\u201c sowie in verschiedenen Bandgruppen bei Konzerten und Aufnahmen als Musiker oder musikalischer Berater mit.<\/p>\n<p>Im Januar 2005 wurde er als Mitglied der Jury des III. Musikwettbewerbs des Festivals Altea la Vella ausgew\u00e4hlt. Er war Mitglied der Stadtkapelle von Villena und der Uni\u00f3n Musical de Ca\u00f1ada, seiner Heimatstadt.<\/p>\n<p>Derzeit nimmt er die Aufgaben als Sekundarschullehrer wahr. Gleichzeitig ist er Saxophonlehrer an der regionalen Musikschule Vall d&#039;Albaida, die 11 valencianische St\u00e4dte umfasst, und an der regionalen Schule L&#039;Alacant\u00ed-Alcoi\u00e0 und leitet die Jugendkapelle Ibi und Xixona.<\/p>\n<\/div>\n<\/div><\/div>\n\n\n<div class=\"woocommerce columns-4\"><\/div>","protected":false},"excerpt":{"rendered":"<p>MIGUEL ANGEL MAS Natural de Ca\u00f1ada (Alicante), comienza sus estudios en la Escuela de M\u00fasica local y en el conservatorio Oscar Espl\u00e1 de Alicante. Poco despu\u00e9s se traslada al Conservatorio Profesional de M\u00fasica de Villena, donde finalizar\u00eda el Grado Medio de saxof\u00f3n con el profesor: D. Jos\u00e9 Luna Mart\u00ednez. Adem\u00e1s completa el Grado Elemental en [&hellip;]<\/p>\n","protected":false},"author":4,"featured_media":0,"parent":0,"menu_order":0,"comment_status":"closed","ping_status":"closed","template":"","meta":{"_acf_changed":false,"_uag_custom_page_level_css":"","site-sidebar-layout":"default","site-content-layout":"","ast-site-content-layout":"default","site-content-style":"default","site-sidebar-style":"default","ast-global-header-display":"","ast-banner-title-visibility":"","ast-main-header-display":"","ast-hfb-above-header-display":"","ast-hfb-below-header-display":"","ast-hfb-mobile-header-display":"","site-post-title":"disabled","ast-breadcrumbs-content":"","ast-featured-img":"","footer-sml-layout":"","ast-disable-related-posts":"","theme-transparent-header-meta":"","adv-header-id-meta":"","stick-header-meta":"","header-above-stick-meta":"","header-main-stick-meta":"","header-below-stick-meta":"","astra-migrate-meta-layouts":"default","ast-page-background-enabled":"default","ast-page-background-meta":{"desktop":{"background-color":"","background-image":"","background-repeat":"repeat","background-position":"center center","background-size":"auto","background-attachment":"scroll","background-type":"","background-media":"","overlay-type":"","overlay-color":"","overlay-opacity":"","overlay-gradient":""},"tablet":{"background-color":"","background-image":"","background-repeat":"repeat","background-position":"center center","background-size":"auto","background-attachment":"scroll","background-type":"","background-media":"","overlay-type":"","overlay-color":"","overlay-opacity":"","overlay-gradient":""},"mobile":{"background-color":"","background-image":"","background-repeat":"repeat","background-position":"center center","background-size":"auto","background-attachment":"scroll","background-type":"","background-media":"","overlay-type":"","overlay-color":"","overlay-opacity":"","overlay-gradient":""}},"ast-content-background-meta":{"desktop":{"background-color":"var(--ast-global-color-5)","background-image":"","background-repeat":"repeat","background-position":"center center","background-size":"auto","background-attachment":"scroll","background-type":"","background-media":"","overlay-type":"","overlay-color":"","overlay-opacity":"","overlay-gradient":""},"tablet":{"background-color":"var(--ast-global-color-5)","background-image":"","background-repeat":"repeat","background-position":"center center","background-size":"auto","background-attachment":"scroll","background-type":"","background-media":"","overlay-type":"","overlay-color":"","overlay-opacity":"","overlay-gradient":""},"mobile":{"background-color":"var(--ast-global-color-5)","background-image":"","background-repeat":"repeat","background-position":"center center","background-size":"auto","background-attachment":"scroll","background-type":"","background-media":"","overlay-type":"","overlay-color":"","overlay-opacity":"","overlay-gradient":""}},"footnotes":""},"class_list":["post-1758","page","type-page","status-publish","hentry"],"acf":[],"yoast_head":"<!-- This site is optimized with the Yoast SEO Premium plugin v22.4 (Yoast SEO v27.4) - https:\/\/yoast.com\/product\/yoast-seo-premium-wordpress\/ -->\n<title>MIGUEL ANGEL MAS -<\/title>\n<meta name=\"robots\" content=\"index, follow, max-snippet:-1, max-image-preview:large, max-video-preview:-1\" \/>\n<link rel=\"canonical\" href=\"https:\/\/www.omnesbands.international\/de\/miguel-angel-mas-2\/\" \/>\n<meta property=\"og:locale\" content=\"de_DE\" \/>\n<meta property=\"og:type\" content=\"article\" \/>\n<meta property=\"og:title\" content=\"MIGUEL ANGEL MAS\" \/>\n<meta property=\"og:description\" content=\"MIGUEL ANGEL MAS Natural de Ca\u00f1ada (Alicante), comienza sus estudios en la Escuela de M\u00fasica local y en el conservatorio Oscar Espl\u00e1 de Alicante. Poco despu\u00e9s se traslada al Conservatorio Profesional de M\u00fasica de Villena, donde finalizar\u00eda el Grado Medio de saxof\u00f3n con el profesor: D. Jos\u00e9 Luna Mart\u00ednez. Adem\u00e1s completa el Grado Elemental en [&hellip;]\" \/>\n<meta property=\"og:url\" content=\"https:\/\/www.omnesbands.international\/de\/miguel-angel-mas-2\/\" \/>\n<meta property=\"article:modified_time\" content=\"2023-01-29T15:38:50+00:00\" \/>\n<meta property=\"og:image\" content=\"https:\/\/www.omnesbands.international\/wp-content\/uploads\/2023\/01\/music-sheet-music-snowdrop-7107045.jpg\" \/>\n\t<meta property=\"og:image:width\" content=\"1280\" \/>\n\t<meta property=\"og:image:height\" content=\"742\" \/>\n\t<meta property=\"og:image:type\" content=\"image\/jpeg\" \/>\n<meta name=\"twitter:card\" content=\"summary_large_image\" \/>\n<meta name=\"twitter:label1\" content=\"Gesch\u00e4tzte Lesezeit\" \/>\n\t<meta name=\"twitter:data1\" content=\"2\u00a0Minuten\" \/>\n<script type=\"application\/ld+json\" class=\"yoast-schema-graph\">{\"@context\":\"https:\\\/\\\/schema.org\",\"@graph\":[{\"@type\":\"WebPage\",\"@id\":\"https:\\\/\\\/www.omnesbands.international\\\/miguel-angel-mas-2\\\/\",\"url\":\"https:\\\/\\\/www.omnesbands.international\\\/miguel-angel-mas-2\\\/\",\"name\":\"MIGUEL ANGEL MAS -\",\"isPartOf\":{\"@id\":\"https:\\\/\\\/www.omnesbands.international\\\/#website\"},\"datePublished\":\"2023-01-29T15:38:45+00:00\",\"dateModified\":\"2023-01-29T15:38:50+00:00\",\"breadcrumb\":{\"@id\":\"https:\\\/\\\/www.omnesbands.international\\\/miguel-angel-mas-2\\\/#breadcrumb\"},\"inLanguage\":\"de\",\"potentialAction\":[{\"@type\":\"ReadAction\",\"target\":[\"https:\\\/\\\/www.omnesbands.international\\\/miguel-angel-mas-2\\\/\"]}]},{\"@type\":\"BreadcrumbList\",\"@id\":\"https:\\\/\\\/www.omnesbands.international\\\/miguel-angel-mas-2\\\/#breadcrumb\",\"itemListElement\":[{\"@type\":\"ListItem\",\"position\":1,\"name\":\"Portada\",\"item\":\"https:\\\/\\\/www.omnesbands.international\\\/\"},{\"@type\":\"ListItem\",\"position\":2,\"name\":\"MIGUEL ANGEL MAS\"}]},{\"@type\":\"WebSite\",\"@id\":\"https:\\\/\\\/www.omnesbands.international\\\/#website\",\"url\":\"https:\\\/\\\/www.omnesbands.international\\\/\",\"name\":\"OMNESBANDS International\",\"description\":\"Partituras Originales de autores y compositores independientes\",\"publisher\":{\"@id\":\"https:\\\/\\\/www.omnesbands.international\\\/#organization\"},\"potentialAction\":[{\"@type\":\"SearchAction\",\"target\":{\"@type\":\"EntryPoint\",\"urlTemplate\":\"https:\\\/\\\/www.omnesbands.international\\\/?s={search_term_string}\"},\"query-input\":{\"@type\":\"PropertyValueSpecification\",\"valueRequired\":true,\"valueName\":\"search_term_string\"}}],\"inLanguage\":\"de\"},{\"@type\":\"Organization\",\"@id\":\"https:\\\/\\\/www.omnesbands.international\\\/#organization\",\"name\":\"Indra Consultores Internacionales\",\"alternateName\":\"Omnesbands\",\"url\":\"https:\\\/\\\/www.omnesbands.international\\\/\",\"logo\":{\"@type\":\"ImageObject\",\"inLanguage\":\"de\",\"@id\":\"https:\\\/\\\/www.omnesbands.international\\\/#\\\/schema\\\/logo\\\/image\\\/\",\"url\":\"https:\\\/\\\/omnesbands.international\\\/wp-content\\\/uploads\\\/2023\\\/06\\\/Logo-Nuevo-.png\",\"contentUrl\":\"https:\\\/\\\/omnesbands.international\\\/wp-content\\\/uploads\\\/2023\\\/06\\\/Logo-Nuevo-.png\",\"width\":394,\"height\":212,\"caption\":\"Indra Consultores Internacionales\"},\"image\":{\"@id\":\"https:\\\/\\\/www.omnesbands.international\\\/#\\\/schema\\\/logo\\\/image\\\/\"}}]}<\/script>\n<!-- \/ Yoast SEO Premium plugin. -->","yoast_head_json":{"title":"MIGUEL ANGEL MAS -","robots":{"index":"index","follow":"follow","max-snippet":"max-snippet:-1","max-image-preview":"max-image-preview:large","max-video-preview":"max-video-preview:-1"},"canonical":"https:\/\/www.omnesbands.international\/de\/miguel-angel-mas-2\/","og_locale":"de_DE","og_type":"article","og_title":"MIGUEL ANGEL MAS","og_description":"MIGUEL ANGEL MAS Natural de Ca\u00f1ada (Alicante), comienza sus estudios en la Escuela de M\u00fasica local y en el conservatorio Oscar Espl\u00e1 de Alicante. Poco despu\u00e9s se traslada al Conservatorio Profesional de M\u00fasica de Villena, donde finalizar\u00eda el Grado Medio de saxof\u00f3n con el profesor: D. Jos\u00e9 Luna Mart\u00ednez. Adem\u00e1s completa el Grado Elemental en [&hellip;]","og_url":"https:\/\/www.omnesbands.international\/de\/miguel-angel-mas-2\/","article_modified_time":"2023-01-29T15:38:50+00:00","og_image":[{"width":1280,"height":742,"url":"https:\/\/www.omnesbands.international\/wp-content\/uploads\/2023\/01\/music-sheet-music-snowdrop-7107045.jpg","type":"image\/jpeg"}],"twitter_card":"summary_large_image","twitter_misc":{"Gesch\u00e4tzte Lesezeit":"2\u00a0Minuten"},"schema":{"@context":"https:\/\/schema.org","@graph":[{"@type":"WebPage","@id":"https:\/\/www.omnesbands.international\/miguel-angel-mas-2\/","url":"https:\/\/www.omnesbands.international\/miguel-angel-mas-2\/","name":"MIGUEL ANGEL MAS -","isPartOf":{"@id":"https:\/\/www.omnesbands.international\/#website"},"datePublished":"2023-01-29T15:38:45+00:00","dateModified":"2023-01-29T15:38:50+00:00","breadcrumb":{"@id":"https:\/\/www.omnesbands.international\/miguel-angel-mas-2\/#breadcrumb"},"inLanguage":"de","potentialAction":[{"@type":"ReadAction","target":["https:\/\/www.omnesbands.international\/miguel-angel-mas-2\/"]}]},{"@type":"BreadcrumbList","@id":"https:\/\/www.omnesbands.international\/miguel-angel-mas-2\/#breadcrumb","itemListElement":[{"@type":"ListItem","position":1,"name":"Portada","item":"https:\/\/www.omnesbands.international\/"},{"@type":"ListItem","position":2,"name":"MIGUEL ANGEL MAS"}]},{"@type":"WebSite","@id":"https:\/\/www.omnesbands.international\/#website","url":"https:\/\/www.omnesbands.international\/","name":"OMNESBANDS International","description":"Original-Noten von unabh\u00e4ngigen Autoren und Komponisten","publisher":{"@id":"https:\/\/www.omnesbands.international\/#organization"},"potentialAction":[{"@type":"SearchAction","target":{"@type":"EntryPoint","urlTemplate":"https:\/\/www.omnesbands.international\/?s={search_term_string}"},"query-input":{"@type":"PropertyValueSpecification","valueRequired":true,"valueName":"search_term_string"}}],"inLanguage":"de"},{"@type":"Organization","@id":"https:\/\/www.omnesbands.international\/#organization","name":"Indra Internationale Berater","alternateName":"Omnesbands","url":"https:\/\/www.omnesbands.international\/","logo":{"@type":"ImageObject","inLanguage":"de","@id":"https:\/\/www.omnesbands.international\/#\/schema\/logo\/image\/","url":"https:\/\/omnesbands.international\/wp-content\/uploads\/2023\/06\/Logo-Nuevo-.png","contentUrl":"https:\/\/omnesbands.international\/wp-content\/uploads\/2023\/06\/Logo-Nuevo-.png","width":394,"height":212,"caption":"Indra Consultores Internacionales"},"image":{"@id":"https:\/\/www.omnesbands.international\/#\/schema\/logo\/image\/"}}]}},"uagb_featured_image_src":{"full":false,"thumbnail":false,"medium":false,"medium_large":false,"large":false,"1536x1536":false,"2048x2048":false,"trp-custom-language-flag":false,"gg_gallery_thumbnail":false,"woocommerce_thumbnail":false,"woocommerce_single":false,"woocommerce_gallery_thumbnail":false},"uagb_author_info":{"display_name":"Melvin R. Portillo A:","author_link":"https:\/\/www.omnesbands.international\/de\/author\/portand\/"},"uagb_comment_info":0,"uagb_excerpt":"MIGUEL ANGEL MAS Natural de Ca\u00f1ada (Alicante), comienza sus estudios en la Escuela de M\u00fasica local y en el conservatorio Oscar Espl\u00e1 de Alicante. Poco despu\u00e9s se traslada al Conservatorio Profesional de M\u00fasica de Villena, donde finalizar\u00eda el Grado Medio de saxof\u00f3n con el profesor: D. Jos\u00e9 Luna Mart\u00ednez. Adem\u00e1s completa el Grado Elemental en&hellip;","_links":{"self":[{"href":"https:\/\/www.omnesbands.international\/de\/wp-json\/wp\/v2\/pages\/1758","targetHints":{"allow":["GET"]}}],"collection":[{"href":"https:\/\/www.omnesbands.international\/de\/wp-json\/wp\/v2\/pages"}],"about":[{"href":"https:\/\/www.omnesbands.international\/de\/wp-json\/wp\/v2\/types\/page"}],"author":[{"embeddable":true,"href":"https:\/\/www.omnesbands.international\/de\/wp-json\/wp\/v2\/users\/4"}],"replies":[{"embeddable":true,"href":"https:\/\/www.omnesbands.international\/de\/wp-json\/wp\/v2\/comments?post=1758"}],"version-history":[{"count":1,"href":"https:\/\/www.omnesbands.international\/de\/wp-json\/wp\/v2\/pages\/1758\/revisions"}],"predecessor-version":[{"id":1759,"href":"https:\/\/www.omnesbands.international\/de\/wp-json\/wp\/v2\/pages\/1758\/revisions\/1759"}],"wp:attachment":[{"href":"https:\/\/www.omnesbands.international\/de\/wp-json\/wp\/v2\/media?parent=1758"}],"curies":[{"name":"wp","href":"https:\/\/api.w.org\/{rel}","templated":true}]}}