{"id":1789,"date":"2023-01-29T16:29:15","date_gmt":"2023-01-29T22:29:15","guid":{"rendered":"https:\/\/omnesbands.international\/?page_id=1789"},"modified":"2023-02-03T18:50:13","modified_gmt":"2023-02-04T00:50:13","slug":"sergi-querol-i-tormo-2","status":"publish","type":"page","link":"https:\/\/www.omnesbands.international\/de\/sergi-querol-i-tormo-2\/","title":{"rendered":"SERGI QUEROL I TORMO"},"content":{"rendered":"<div class=\"wp-block-uagb-container uagb-block-71ec0d13 alignfull uagb-is-root-container\"><div class=\"uagb-container-inner-blocks-wrap\">\n<div class=\"wp-block-uagb-advanced-heading uagb-block-74d1b5e7\"><h1 class=\"uagb-heading-text\"><strong>SERGI QUEROL I TORMO<\/strong><\/h1><\/div>\n<\/div><\/div>\n\n\n\n<div class=\"wp-block-uagb-container uagb-block-86d4c2a3 alignfull uagb-is-root-container\"><div class=\"uagb-container-inner-blocks-wrap\">\n<div class=\"wp-block-uagb-container uagb-block-16a674bb\">\n<p>Sie wurde am 26. November 1970 in Albaida (Valencia) geboren und begann im Alter von 7 Jahren mit dem Unterrichten bei ihrer Cousine Esperanza in der Welt der Musik. Er setzte seine musikalische Ausbildung an der Schule \u201eUni\u00f3 Musical d&#039;Albaida UAranya\u201c fort, besuchte die Klassen der Lehrer Francisco Mart\u00ednez Molla und Dami\u00e1n Soler Va\u00f1\u00f3 und trat der Band sp\u00e4ter als Posaunist bei.<\/p>\n<p>Sp\u00e4ter erweiterte er sein Studium an der Albaida Municipal Music School, wo er Posaune bei Francisco N\u00e1jera Perona studierte. f\u00fcr Musikalische Sprache bei Patricia Porta und Ana Albert und f\u00fcr Chor bei Jos\u00e9 Soler. Er trat in das professionelle Musikkonservatorium \u201eMelchor Gomis\u201c in Ontinyent ein, wo er seine Studien in verschiedenen Bereichen erweiterte: Musikalische Sprache bei Juan Jos\u00e9 Silvestre. Klavier mit Maria Moncunill und Basilio Fern\u00e1ndez. Kammermusik mit Pilar Ferrero. Oscar Aparisi und Jos\u00e9 Vte. Prinz. aus Trnb\u00f3n mit Francisco N\u00e1jera. Jesus Gasc\u00f3. Antonio \u00c1lvarez und F\u00e9lix Garc\u00eda. Orchester mit Sergio Alapont. Inmaculada Mateu und Manel Garc\u00eda. von Armon\u00eda mit Tom\u00e1s Gilabert und Jes\u00fas Vizca\u00edno. Chor mit Jos\u00e9 Soler und Inmaculada Mateu. f\u00fcr Musikgeschichte bei Angel Mart\u00ednez Escutia und Maria Benavent und f\u00fcr Musikanalyse bei Claudia Montero und Ram\u00f3n Jover.<\/p>\n<p><br \/>Er hat au\u00dferdem Banddirigieren bei dem renommierten Professor Jos\u00e9 Rafael Pascual Vilaplana studiert. Instrumentierung mit Ram\u00f3n Garc\u00eda i Soler und Musikanalyse mit Tom\u00e1s Gilabert. Er hat verschiedene Werke der M\u00fasica Festera komponiert und eine monografische CD mit verschiedenen St\u00fccken mit dem Titel \u201eGratus\u201c aufgenommen und ver\u00f6ffentlicht.<\/p>\n<p><br \/>Er komponierte auch die Fanfare \u201eMillenium\u201c. Les Campanes de Albaida \u2013 f\u00fcr die historische Einweihung und Segnung der im Jahr 2oo3 restaurierten Albaida-Glocken. Er hat auch \u201eSagittarius\u201c aufgenommen. eine Popmusik-CD, die verschiedene Musikstile wie Bolero kombiniert. die Ballade. usw Seine musikalische T\u00e4tigkeit ist der Komposition von Blasmusik gewidmet, wobei seine Kompositionen in der festlichen Welt ein hohes Ma\u00df an Akzeptanz und Anh\u00e4ngern erreichen.<\/p>\n<p><br \/>Er hat verschiedene Kompositionswettbewerbe f\u00fcr religi\u00f6se Musik f\u00fcr Kinderch\u00f6re gewonnen und war stellvertretender Direktor der \u201eUni\u00f3 Musical dAlbaida\u201c UAranya, zeitgleich mit der Zeit von Maestro Ram\u00f3n Garc\u00eda i Soler als Direktor.<\/p>\n<\/div>\n<\/div><\/div>\n\n\n<div class=\"woocommerce columns-4\"><\/div>","protected":false},"excerpt":{"rendered":"<p>SERGI QUEROL I TORMO Nace en Albaida (Valencia) el 26 de noviembre de ig7o y se inicia en el mundo de la m\u00fasica impartiendo clases con su prima Esperanza a la edad de 7 a\u00f1os. Sigue su formaci\u00f3n musical en la escuela de la &#8220;Uni\u00f3 Musical d&#8217;Albaida UAranya asistiendo a las clases de los maestros [&hellip;]<\/p>\n","protected":false},"author":4,"featured_media":0,"parent":0,"menu_order":0,"comment_status":"closed","ping_status":"closed","template":"","meta":{"_acf_changed":false,"_uag_custom_page_level_css":"","site-sidebar-layout":"default","site-content-layout":"","ast-site-content-layout":"default","site-content-style":"default","site-sidebar-style":"default","ast-global-header-display":"","ast-banner-title-visibility":"","ast-main-header-display":"","ast-hfb-above-header-display":"","ast-hfb-below-header-display":"","ast-hfb-mobile-header-display":"","site-post-title":"disabled","ast-breadcrumbs-content":"","ast-featured-img":"","footer-sml-layout":"","ast-disable-related-posts":"","theme-transparent-header-meta":"","adv-header-id-meta":"","stick-header-meta":"","header-above-stick-meta":"","header-main-stick-meta":"","header-below-stick-meta":"","astra-migrate-meta-layouts":"default","ast-page-background-enabled":"default","ast-page-background-meta":{"desktop":{"background-color":"","background-image":"","background-repeat":"repeat","background-position":"center center","background-size":"auto","background-attachment":"scroll","background-type":"","background-media":"","overlay-type":"","overlay-color":"","overlay-opacity":"","overlay-gradient":""},"tablet":{"background-color":"","background-image":"","background-repeat":"repeat","background-position":"center center","background-size":"auto","background-attachment":"scroll","background-type":"","background-media":"","overlay-type":"","overlay-color":"","overlay-opacity":"","overlay-gradient":""},"mobile":{"background-color":"","background-image":"","background-repeat":"repeat","background-position":"center center","background-size":"auto","background-attachment":"scroll","background-type":"","background-media":"","overlay-type":"","overlay-color":"","overlay-opacity":"","overlay-gradient":""}},"ast-content-background-meta":{"desktop":{"background-color":"var(--ast-global-color-5)","background-image":"","background-repeat":"repeat","background-position":"center center","background-size":"auto","background-attachment":"scroll","background-type":"","background-media":"","overlay-type":"","overlay-color":"","overlay-opacity":"","overlay-gradient":""},"tablet":{"background-color":"var(--ast-global-color-5)","background-image":"","background-repeat":"repeat","background-position":"center center","background-size":"auto","background-attachment":"scroll","background-type":"","background-media":"","overlay-type":"","overlay-color":"","overlay-opacity":"","overlay-gradient":""},"mobile":{"background-color":"var(--ast-global-color-5)","background-image":"","background-repeat":"repeat","background-position":"center center","background-size":"auto","background-attachment":"scroll","background-type":"","background-media":"","overlay-type":"","overlay-color":"","overlay-opacity":"","overlay-gradient":""}},"footnotes":""},"class_list":["post-1789","page","type-page","status-publish","hentry"],"acf":[],"yoast_head":"<!-- This site is optimized with the Yoast SEO Premium plugin v22.4 (Yoast SEO v27.4) - https:\/\/yoast.com\/product\/yoast-seo-premium-wordpress\/ -->\n<title>SERGI QUEROL I TORMO -<\/title>\n<meta name=\"robots\" content=\"index, follow, max-snippet:-1, max-image-preview:large, max-video-preview:-1\" \/>\n<link rel=\"canonical\" href=\"https:\/\/www.omnesbands.international\/de\/sergi-querol-i-tormo-2\/\" \/>\n<meta property=\"og:locale\" content=\"de_DE\" \/>\n<meta property=\"og:type\" content=\"article\" \/>\n<meta property=\"og:title\" content=\"SERGI QUEROL I TORMO\" \/>\n<meta property=\"og:description\" content=\"SERGI QUEROL I TORMO Nace en Albaida (Valencia) el 26 de noviembre de ig7o y se inicia en el mundo de la m\u00fasica impartiendo clases con su prima Esperanza a la edad de 7 a\u00f1os. Sigue su formaci\u00f3n musical en la escuela de la &#8220;Uni\u00f3 Musical d&#8217;Albaida UAranya asistiendo a las clases de los maestros [&hellip;]\" \/>\n<meta property=\"og:url\" content=\"https:\/\/www.omnesbands.international\/de\/sergi-querol-i-tormo-2\/\" \/>\n<meta property=\"article:modified_time\" content=\"2023-02-04T00:50:13+00:00\" \/>\n<meta property=\"og:image\" content=\"https:\/\/www.omnesbands.international\/wp-content\/uploads\/2023\/01\/music-sheet-music-snowdrop-7107045.jpg\" \/>\n\t<meta property=\"og:image:width\" content=\"1280\" \/>\n\t<meta property=\"og:image:height\" content=\"742\" \/>\n\t<meta property=\"og:image:type\" content=\"image\/jpeg\" \/>\n<meta name=\"twitter:card\" content=\"summary_large_image\" \/>\n<meta name=\"twitter:label1\" content=\"Gesch\u00e4tzte Lesezeit\" \/>\n\t<meta name=\"twitter:data1\" content=\"2\u00a0Minuten\" \/>\n<script type=\"application\/ld+json\" class=\"yoast-schema-graph\">{\"@context\":\"https:\\\/\\\/schema.org\",\"@graph\":[{\"@type\":\"WebPage\",\"@id\":\"https:\\\/\\\/www.omnesbands.international\\\/sergi-querol-i-tormo-2\\\/\",\"url\":\"https:\\\/\\\/www.omnesbands.international\\\/sergi-querol-i-tormo-2\\\/\",\"name\":\"SERGI QUEROL I TORMO -\",\"isPartOf\":{\"@id\":\"https:\\\/\\\/www.omnesbands.international\\\/#website\"},\"datePublished\":\"2023-01-29T22:29:15+00:00\",\"dateModified\":\"2023-02-04T00:50:13+00:00\",\"breadcrumb\":{\"@id\":\"https:\\\/\\\/www.omnesbands.international\\\/sergi-querol-i-tormo-2\\\/#breadcrumb\"},\"inLanguage\":\"de\",\"potentialAction\":[{\"@type\":\"ReadAction\",\"target\":[\"https:\\\/\\\/www.omnesbands.international\\\/sergi-querol-i-tormo-2\\\/\"]}]},{\"@type\":\"BreadcrumbList\",\"@id\":\"https:\\\/\\\/www.omnesbands.international\\\/sergi-querol-i-tormo-2\\\/#breadcrumb\",\"itemListElement\":[{\"@type\":\"ListItem\",\"position\":1,\"name\":\"Portada\",\"item\":\"https:\\\/\\\/www.omnesbands.international\\\/\"},{\"@type\":\"ListItem\",\"position\":2,\"name\":\"SERGI QUEROL I TORMO\"}]},{\"@type\":\"WebSite\",\"@id\":\"https:\\\/\\\/www.omnesbands.international\\\/#website\",\"url\":\"https:\\\/\\\/www.omnesbands.international\\\/\",\"name\":\"OMNESBANDS International\",\"description\":\"Partituras Originales de autores y compositores independientes\",\"publisher\":{\"@id\":\"https:\\\/\\\/www.omnesbands.international\\\/#organization\"},\"potentialAction\":[{\"@type\":\"SearchAction\",\"target\":{\"@type\":\"EntryPoint\",\"urlTemplate\":\"https:\\\/\\\/www.omnesbands.international\\\/?s={search_term_string}\"},\"query-input\":{\"@type\":\"PropertyValueSpecification\",\"valueRequired\":true,\"valueName\":\"search_term_string\"}}],\"inLanguage\":\"de\"},{\"@type\":\"Organization\",\"@id\":\"https:\\\/\\\/www.omnesbands.international\\\/#organization\",\"name\":\"Indra Consultores Internacionales\",\"alternateName\":\"Omnesbands\",\"url\":\"https:\\\/\\\/www.omnesbands.international\\\/\",\"logo\":{\"@type\":\"ImageObject\",\"inLanguage\":\"de\",\"@id\":\"https:\\\/\\\/www.omnesbands.international\\\/#\\\/schema\\\/logo\\\/image\\\/\",\"url\":\"https:\\\/\\\/omnesbands.international\\\/wp-content\\\/uploads\\\/2023\\\/06\\\/Logo-Nuevo-.png\",\"contentUrl\":\"https:\\\/\\\/omnesbands.international\\\/wp-content\\\/uploads\\\/2023\\\/06\\\/Logo-Nuevo-.png\",\"width\":394,\"height\":212,\"caption\":\"Indra Consultores Internacionales\"},\"image\":{\"@id\":\"https:\\\/\\\/www.omnesbands.international\\\/#\\\/schema\\\/logo\\\/image\\\/\"}}]}<\/script>\n<!-- \/ Yoast SEO Premium plugin. -->","yoast_head_json":{"title":"SERGI QUEROL I TORMO -","robots":{"index":"index","follow":"follow","max-snippet":"max-snippet:-1","max-image-preview":"max-image-preview:large","max-video-preview":"max-video-preview:-1"},"canonical":"https:\/\/www.omnesbands.international\/de\/sergi-querol-i-tormo-2\/","og_locale":"de_DE","og_type":"article","og_title":"SERGI QUEROL I TORMO","og_description":"SERGI QUEROL I TORMO Nace en Albaida (Valencia) el 26 de noviembre de ig7o y se inicia en el mundo de la m\u00fasica impartiendo clases con su prima Esperanza a la edad de 7 a\u00f1os. Sigue su formaci\u00f3n musical en la escuela de la &#8220;Uni\u00f3 Musical d&#8217;Albaida UAranya asistiendo a las clases de los maestros [&hellip;]","og_url":"https:\/\/www.omnesbands.international\/de\/sergi-querol-i-tormo-2\/","article_modified_time":"2023-02-04T00:50:13+00:00","og_image":[{"width":1280,"height":742,"url":"https:\/\/www.omnesbands.international\/wp-content\/uploads\/2023\/01\/music-sheet-music-snowdrop-7107045.jpg","type":"image\/jpeg"}],"twitter_card":"summary_large_image","twitter_misc":{"Gesch\u00e4tzte Lesezeit":"2\u00a0Minuten"},"schema":{"@context":"https:\/\/schema.org","@graph":[{"@type":"WebPage","@id":"https:\/\/www.omnesbands.international\/sergi-querol-i-tormo-2\/","url":"https:\/\/www.omnesbands.international\/sergi-querol-i-tormo-2\/","name":"SERGI QUEROL I TORMO -","isPartOf":{"@id":"https:\/\/www.omnesbands.international\/#website"},"datePublished":"2023-01-29T22:29:15+00:00","dateModified":"2023-02-04T00:50:13+00:00","breadcrumb":{"@id":"https:\/\/www.omnesbands.international\/sergi-querol-i-tormo-2\/#breadcrumb"},"inLanguage":"de","potentialAction":[{"@type":"ReadAction","target":["https:\/\/www.omnesbands.international\/sergi-querol-i-tormo-2\/"]}]},{"@type":"BreadcrumbList","@id":"https:\/\/www.omnesbands.international\/sergi-querol-i-tormo-2\/#breadcrumb","itemListElement":[{"@type":"ListItem","position":1,"name":"Portada","item":"https:\/\/www.omnesbands.international\/"},{"@type":"ListItem","position":2,"name":"SERGI QUEROL I TORMO"}]},{"@type":"WebSite","@id":"https:\/\/www.omnesbands.international\/#website","url":"https:\/\/www.omnesbands.international\/","name":"OMNESBANDS International","description":"Original-Noten von unabh\u00e4ngigen Autoren und Komponisten","publisher":{"@id":"https:\/\/www.omnesbands.international\/#organization"},"potentialAction":[{"@type":"SearchAction","target":{"@type":"EntryPoint","urlTemplate":"https:\/\/www.omnesbands.international\/?s={search_term_string}"},"query-input":{"@type":"PropertyValueSpecification","valueRequired":true,"valueName":"search_term_string"}}],"inLanguage":"de"},{"@type":"Organization","@id":"https:\/\/www.omnesbands.international\/#organization","name":"Indra Internationale Berater","alternateName":"Omnesbands","url":"https:\/\/www.omnesbands.international\/","logo":{"@type":"ImageObject","inLanguage":"de","@id":"https:\/\/www.omnesbands.international\/#\/schema\/logo\/image\/","url":"https:\/\/omnesbands.international\/wp-content\/uploads\/2023\/06\/Logo-Nuevo-.png","contentUrl":"https:\/\/omnesbands.international\/wp-content\/uploads\/2023\/06\/Logo-Nuevo-.png","width":394,"height":212,"caption":"Indra Consultores Internacionales"},"image":{"@id":"https:\/\/www.omnesbands.international\/#\/schema\/logo\/image\/"}}]}},"uagb_featured_image_src":{"full":false,"thumbnail":false,"medium":false,"medium_large":false,"large":false,"1536x1536":false,"2048x2048":false,"trp-custom-language-flag":false,"gg_gallery_thumbnail":false,"woocommerce_thumbnail":false,"woocommerce_single":false,"woocommerce_gallery_thumbnail":false},"uagb_author_info":{"display_name":"Melvin R. Portillo A:","author_link":"https:\/\/www.omnesbands.international\/de\/author\/portand\/"},"uagb_comment_info":0,"uagb_excerpt":"SERGI QUEROL I TORMO Nace en Albaida (Valencia) el 26 de noviembre de ig7o y se inicia en el mundo de la m\u00fasica impartiendo clases con su prima Esperanza a la edad de 7 a\u00f1os. Sigue su formaci\u00f3n musical en la escuela de la &#8220;Uni\u00f3 Musical d&#8217;Albaida UAranya asistiendo a las clases de los maestros&hellip;","_links":{"self":[{"href":"https:\/\/www.omnesbands.international\/de\/wp-json\/wp\/v2\/pages\/1789","targetHints":{"allow":["GET"]}}],"collection":[{"href":"https:\/\/www.omnesbands.international\/de\/wp-json\/wp\/v2\/pages"}],"about":[{"href":"https:\/\/www.omnesbands.international\/de\/wp-json\/wp\/v2\/types\/page"}],"author":[{"embeddable":true,"href":"https:\/\/www.omnesbands.international\/de\/wp-json\/wp\/v2\/users\/4"}],"replies":[{"embeddable":true,"href":"https:\/\/www.omnesbands.international\/de\/wp-json\/wp\/v2\/comments?post=1789"}],"version-history":[{"count":4,"href":"https:\/\/www.omnesbands.international\/de\/wp-json\/wp\/v2\/pages\/1789\/revisions"}],"predecessor-version":[{"id":1855,"href":"https:\/\/www.omnesbands.international\/de\/wp-json\/wp\/v2\/pages\/1789\/revisions\/1855"}],"wp:attachment":[{"href":"https:\/\/www.omnesbands.international\/de\/wp-json\/wp\/v2\/media?parent=1789"}],"curies":[{"name":"wp","href":"https:\/\/api.w.org\/{rel}","templated":true}]}}