{"id":1804,"date":"2023-01-29T18:19:28","date_gmt":"2023-01-30T00:19:28","guid":{"rendered":"https:\/\/omnesbands.international\/?page_id=1804"},"modified":"2023-01-29T18:20:16","modified_gmt":"2023-01-30T00:20:16","slug":"vicent-cerda-i-peris-2","status":"publish","type":"page","link":"https:\/\/www.omnesbands.international\/de\/vicent-cerda-i-peris-2\/","title":{"rendered":"VICENT CERD\u00c1 I PERIS"},"content":{"rendered":"<div class=\"wp-block-uagb-container uagb-block-ec3c21f9 alignfull uagb-is-root-container\"><div class=\"uagb-container-inner-blocks-wrap\">\n<div class=\"wp-block-uagb-advanced-heading uagb-block-a26dd92a\"><h1 class=\"uagb-heading-text\"><strong>VICENT CERD\u00c1 I PERIS<\/strong><\/h1><\/div>\n<\/div><\/div>\n\n\n\n<div class=\"wp-block-uagb-container uagb-block-d0bc1752 alignfull uagb-is-root-container\"><div class=\"uagb-container-inner-blocks-wrap\">\n<div class=\"wp-block-uagb-container uagb-block-5245636d\">\n<p>Der junge Komponist aus der valencianischen Stadt Vallada, Vicent Cerd\u00e0 i Peris, absolvierte sein Studium in den Fachgebieten Euphonium, Stabposaune und Klavier an der Musikschule der Uni\u00f3n Protectora Musical von Vallada und gleichzeitig an der Musikschule der Alzira Musikgesellschaft. Anschlie\u00dfend schloss er sein h\u00f6heres Studium in der instrumentalen Fachrichtung Euphonium am Musikkonservatorium \u201eJoaqu\u00edn Rodrigo\u201c in Valencia (Jahrgang 2004) und am Musikkonservatorium \u201eManuel Castillo\u201c in Sevilla (Jahrgang 2006) ab. Er hat bei gro\u00dfen internationalen Solisten in seinem Fachgebiet, dem Euphonium, studiert, wie zum Beispiel: Steven Mead, Juan Jos\u00e9 Munera, Patrick Harrild und viele mehr.\u00a0<\/p>\n<p>Als Interpret trat er in ganz Spanien auf, darunter auch in Frankreich und Holland. Hervorzuheben ist unter anderem seine Soloauff\u00fchrung von \u201eRhapsody for Euphonium\u201c mit der Banda Jove de la Societat Musical d&#039;Alzira, deren Interpretation im Radio ausgestrahlt wurde 9.<\/p>\n<p>Er arbeitet regelm\u00e4\u00dfig mit verschiedenen Bands in der Valencianischen Gemeinschaft und Andalusien zusammen und ist Leiter der Posaunen der Arrabat Band.<\/p>\n<p>Als Komponist lohnt es sich, sein Repertoire im Bereich Prozessionsmusik und Festmusik hervorzuheben. Sein Katalog festlicher Musik umfasst mehrere Auftragskompositionen f\u00fcr die Mauren- und Christenfeste von San Bl\u00e1s (Alicante), insbesondere f\u00fcr verschiedene Kapit\u00e4ne. Und innerhalb des Katalogs der Prozessionsmusik ist die Vielfalt der St\u00fccke zu erw\u00e4hnen, die den Bruderschaften der Stadt Sevilla gewidmet sind und im Auftrag dieser und von diesen angefertigt wurden, wo ihre St\u00fccke derzeit weiterhin in verschiedenen Bruderschaften gespielt werden.<\/p>\n<\/div>\n<\/div><\/div>\n\n\n<div class=\"woocommerce columns-4\"><ul class=\"products columns-4\">\n<li class=\"desktop-align-left tablet-align-left mobile-align-left ast-product-gallery-layout-horizontal-slider product type-product post-967 status-publish first instock product_cat-musica-religiosa product_tag-vicent-cerda-i-peris has-post-thumbnail downloadable virtual taxable purchasable product-type-simple\">\n\t<a href=\"https:\/\/www.omnesbands.international\/de\/produkt\/esperanza-de-alicante-coronada\/\" class=\"woocommerce-LoopProduct-link woocommerce-loop-product__link\"><img loading=\"lazy\" decoding=\"async\" width=\"300\" height=\"300\" src=\"https:\/\/www.omnesbands.international\/wp-content\/uploads\/2023\/01\/Esperanza-de-Alicante-Coronada-300x300.jpg\" class=\"attachment-woocommerce_thumbnail size-woocommerce_thumbnail\" alt=\"Esperanza de Alicante Coronada\" srcset=\"https:\/\/www.omnesbands.international\/wp-content\/uploads\/2023\/01\/Esperanza-de-Alicante-Coronada-300x300.jpg 300w, https:\/\/www.omnesbands.international\/wp-content\/uploads\/2023\/01\/Esperanza-de-Alicante-Coronada-150x150.jpg 150w, https:\/\/www.omnesbands.international\/wp-content\/uploads\/2023\/01\/Esperanza-de-Alicante-Coronada-100x100.jpg 100w\" sizes=\"auto, (max-width: 300px) 100vw, 300px\" \/><h2 class=\"woocommerce-loop-product__title\">Hoffnung von Alicante gekr\u00f6nt<\/h2>\n\t<span class=\"price\"><span class=\"woocommerce-Price-amount amount\"><bdi><span class=\"woocommerce-Price-currencySymbol\">&#36;<\/span>25.00<\/bdi><\/span><\/span>\n<\/a><a href=\"\/de\/wp-json\/wp\/v2\/pages\/1804?add-to-cart=967\" aria-describedby=\"woocommerce_loop_add_to_cart_link_describedby_967\" data-quantity=\"1\" class=\"button product_type_simple add_to_cart_button ajax_add_to_cart\" data-product_id=\"967\" data-product_sku=\"ESP-REL-ESP-22\" aria-label=\"Zum Warenkorb hinzuf\u00fcgen: \u201eEsperanza de Alicante Coronada\u201c\" rel=\"nofollow\" data-success_message=\"\u201eEsperanza de Alicante Coronada\u201c wurde deinem Warenkorb hinzugef\u00fcgt\" role=\"button\" data-no-translation=\"\" data-trp-gettext=\"\" data-no-translation-aria-label=\"\" data-no-translation-data-success_message=\"\">In den Warenkorb<\/a>\t<span id=\"woocommerce_loop_add_to_cart_link_describedby_967\" class=\"screen-reader-text\">\n\t\t\t<\/span>\n<\/li>\n<li class=\"desktop-align-left tablet-align-left mobile-align-left ast-product-gallery-layout-horizontal-slider product type-product post-980 status-publish instock product_cat-musica-religiosa product_tag-vicent-cerda-i-peris has-post-thumbnail downloadable virtual taxable purchasable product-type-simple\">\n\t<a href=\"https:\/\/www.omnesbands.international\/de\/produkt\/980\/\" class=\"woocommerce-LoopProduct-link woocommerce-loop-product__link\"><img loading=\"lazy\" decoding=\"async\" width=\"300\" height=\"300\" src=\"https:\/\/www.omnesbands.international\/wp-content\/uploads\/2023\/01\/Sol-de-Esperanza-300x300.jpg\" class=\"attachment-woocommerce_thumbnail size-woocommerce_thumbnail\" alt=\"Sol de Esperanza\" srcset=\"https:\/\/www.omnesbands.international\/wp-content\/uploads\/2023\/01\/Sol-de-Esperanza-300x300.jpg 300w, https:\/\/www.omnesbands.international\/wp-content\/uploads\/2023\/01\/Sol-de-Esperanza-150x150.jpg 150w, https:\/\/www.omnesbands.international\/wp-content\/uploads\/2023\/01\/Sol-de-Esperanza-100x100.jpg 100w\" sizes=\"auto, (max-width: 300px) 100vw, 300px\" \/><h2 class=\"woocommerce-loop-product__title\">Sonne der Hoffnung<\/h2>\n\t<span class=\"price\"><span class=\"woocommerce-Price-amount amount\"><bdi><span class=\"woocommerce-Price-currencySymbol\">&#36;<\/span>25.00<\/bdi><\/span><\/span>\n<\/a><a href=\"\/de\/wp-json\/wp\/v2\/pages\/1804?add-to-cart=980\" aria-describedby=\"woocommerce_loop_add_to_cart_link_describedby_980\" data-quantity=\"1\" class=\"button product_type_simple add_to_cart_button ajax_add_to_cart\" data-product_id=\"980\" data-product_sku=\"SOL-REL-ESP-22\" aria-label=\"Zum Warenkorb hinzuf\u00fcgen: \u201eSol de Esperanza\u201c\" rel=\"nofollow\" data-success_message=\"\u201eSol de Esperanza\u201c wurde deinem Warenkorb hinzugef\u00fcgt\" role=\"button\" data-no-translation=\"\" data-trp-gettext=\"\" data-no-translation-aria-label=\"\" data-no-translation-data-success_message=\"\">In den Warenkorb<\/a>\t<span id=\"woocommerce_loop_add_to_cart_link_describedby_980\" class=\"screen-reader-text\">\n\t\t\t<\/span>\n<\/li>\n<\/ul>\n<\/div>","protected":false},"excerpt":{"rendered":"<p>VICENT CERD\u00c1 I PERIS El joven compositor de la localidad valenciana de Vallada, Vicent Cerd\u00e0 i Peris, realiza sus estudios en las especialidades de Bombardino, Tromb\u00f3n de Varas y Piano en la escuela de m\u00fasica de la Uni\u00f3n Protectora Musical de Vallada y al mismo tiempo en la escuela de m\u00fasica de la Societat Musical [&hellip;]<\/p>\n","protected":false},"author":4,"featured_media":0,"parent":0,"menu_order":0,"comment_status":"closed","ping_status":"closed","template":"","meta":{"_acf_changed":false,"_uag_custom_page_level_css":"","site-sidebar-layout":"default","site-content-layout":"","ast-site-content-layout":"default","site-content-style":"default","site-sidebar-style":"default","ast-global-header-display":"","ast-banner-title-visibility":"","ast-main-header-display":"","ast-hfb-above-header-display":"","ast-hfb-below-header-display":"","ast-hfb-mobile-header-display":"","site-post-title":"disabled","ast-breadcrumbs-content":"","ast-featured-img":"","footer-sml-layout":"","ast-disable-related-posts":"","theme-transparent-header-meta":"","adv-header-id-meta":"","stick-header-meta":"","header-above-stick-meta":"","header-main-stick-meta":"","header-below-stick-meta":"","astra-migrate-meta-layouts":"default","ast-page-background-enabled":"default","ast-page-background-meta":{"desktop":{"background-color":"","background-image":"","background-repeat":"repeat","background-position":"center center","background-size":"auto","background-attachment":"scroll","background-type":"","background-media":"","overlay-type":"","overlay-color":"","overlay-opacity":"","overlay-gradient":""},"tablet":{"background-color":"","background-image":"","background-repeat":"repeat","background-position":"center center","background-size":"auto","background-attachment":"scroll","background-type":"","background-media":"","overlay-type":"","overlay-color":"","overlay-opacity":"","overlay-gradient":""},"mobile":{"background-color":"","background-image":"","background-repeat":"repeat","background-position":"center center","background-size":"auto","background-attachment":"scroll","background-type":"","background-media":"","overlay-type":"","overlay-color":"","overlay-opacity":"","overlay-gradient":""}},"ast-content-background-meta":{"desktop":{"background-color":"var(--ast-global-color-5)","background-image":"","background-repeat":"repeat","background-position":"center center","background-size":"auto","background-attachment":"scroll","background-type":"","background-media":"","overlay-type":"","overlay-color":"","overlay-opacity":"","overlay-gradient":""},"tablet":{"background-color":"var(--ast-global-color-5)","background-image":"","background-repeat":"repeat","background-position":"center center","background-size":"auto","background-attachment":"scroll","background-type":"","background-media":"","overlay-type":"","overlay-color":"","overlay-opacity":"","overlay-gradient":""},"mobile":{"background-color":"var(--ast-global-color-5)","background-image":"","background-repeat":"repeat","background-position":"center center","background-size":"auto","background-attachment":"scroll","background-type":"","background-media":"","overlay-type":"","overlay-color":"","overlay-opacity":"","overlay-gradient":""}},"footnotes":""},"class_list":["post-1804","page","type-page","status-publish","hentry"],"acf":[],"yoast_head":"<!-- This site is optimized with the Yoast SEO Premium plugin v22.4 (Yoast SEO v27.4) - https:\/\/yoast.com\/product\/yoast-seo-premium-wordpress\/ -->\n<title>VICENT CERD\u00c1 I PERIS -<\/title>\n<meta name=\"robots\" content=\"index, follow, max-snippet:-1, max-image-preview:large, max-video-preview:-1\" \/>\n<link rel=\"canonical\" href=\"https:\/\/www.omnesbands.international\/de\/vicent-cerda-i-peris-2\/\" \/>\n<meta property=\"og:locale\" content=\"de_DE\" \/>\n<meta property=\"og:type\" content=\"article\" \/>\n<meta property=\"og:title\" content=\"VICENT CERD\u00c1 I PERIS\" \/>\n<meta property=\"og:description\" content=\"VICENT CERD\u00c1 I PERIS El joven compositor de la localidad valenciana de Vallada, Vicent Cerd\u00e0 i Peris, realiza sus estudios en las especialidades de Bombardino, Tromb\u00f3n de Varas y Piano en la escuela de m\u00fasica de la Uni\u00f3n Protectora Musical de Vallada y al mismo tiempo en la escuela de m\u00fasica de la Societat Musical [&hellip;]\" \/>\n<meta property=\"og:url\" content=\"https:\/\/www.omnesbands.international\/de\/vicent-cerda-i-peris-2\/\" \/>\n<meta property=\"article:modified_time\" content=\"2023-01-30T00:20:16+00:00\" \/>\n<meta property=\"og:image\" content=\"https:\/\/www.omnesbands.international\/wp-content\/uploads\/2023\/01\/music-sheet-music-snowdrop-7107045.jpg\" \/>\n\t<meta property=\"og:image:width\" content=\"1280\" \/>\n\t<meta property=\"og:image:height\" content=\"742\" \/>\n\t<meta property=\"og:image:type\" content=\"image\/jpeg\" \/>\n<meta name=\"twitter:card\" content=\"summary_large_image\" \/>\n<meta name=\"twitter:label1\" content=\"Gesch\u00e4tzte Lesezeit\" \/>\n\t<meta name=\"twitter:data1\" content=\"1\u00a0Minute\" \/>\n<script type=\"application\/ld+json\" class=\"yoast-schema-graph\">{\"@context\":\"https:\\\/\\\/schema.org\",\"@graph\":[{\"@type\":\"WebPage\",\"@id\":\"https:\\\/\\\/www.omnesbands.international\\\/fr\\\/vicent-cerda-i-peris-2\\\/\",\"url\":\"https:\\\/\\\/www.omnesbands.international\\\/fr\\\/vicent-cerda-i-peris-2\\\/\",\"name\":\"VICENT CERD\u00c1 I PERIS -\",\"isPartOf\":{\"@id\":\"https:\\\/\\\/www.omnesbands.international\\\/#website\"},\"datePublished\":\"2023-01-30T00:19:28+00:00\",\"dateModified\":\"2023-01-30T00:20:16+00:00\",\"breadcrumb\":{\"@id\":\"https:\\\/\\\/www.omnesbands.international\\\/fr\\\/vicent-cerda-i-peris-2\\\/#breadcrumb\"},\"inLanguage\":\"de\",\"potentialAction\":[{\"@type\":\"ReadAction\",\"target\":[\"https:\\\/\\\/www.omnesbands.international\\\/fr\\\/vicent-cerda-i-peris-2\\\/\"]}]},{\"@type\":\"BreadcrumbList\",\"@id\":\"https:\\\/\\\/www.omnesbands.international\\\/fr\\\/vicent-cerda-i-peris-2\\\/#breadcrumb\",\"itemListElement\":[{\"@type\":\"ListItem\",\"position\":1,\"name\":\"Portada\",\"item\":\"https:\\\/\\\/www.omnesbands.international\\\/\"},{\"@type\":\"ListItem\",\"position\":2,\"name\":\"VICENT CERD\u00c1 I PERIS\"}]},{\"@type\":\"WebSite\",\"@id\":\"https:\\\/\\\/www.omnesbands.international\\\/#website\",\"url\":\"https:\\\/\\\/www.omnesbands.international\\\/\",\"name\":\"OMNESBANDS International\",\"description\":\"Partituras Originales de autores y compositores independientes\",\"publisher\":{\"@id\":\"https:\\\/\\\/www.omnesbands.international\\\/#organization\"},\"potentialAction\":[{\"@type\":\"SearchAction\",\"target\":{\"@type\":\"EntryPoint\",\"urlTemplate\":\"https:\\\/\\\/www.omnesbands.international\\\/?s={search_term_string}\"},\"query-input\":{\"@type\":\"PropertyValueSpecification\",\"valueRequired\":true,\"valueName\":\"search_term_string\"}}],\"inLanguage\":\"de\"},{\"@type\":\"Organization\",\"@id\":\"https:\\\/\\\/www.omnesbands.international\\\/#organization\",\"name\":\"Indra Consultores Internacionales\",\"alternateName\":\"Omnesbands\",\"url\":\"https:\\\/\\\/www.omnesbands.international\\\/\",\"logo\":{\"@type\":\"ImageObject\",\"inLanguage\":\"de\",\"@id\":\"https:\\\/\\\/www.omnesbands.international\\\/#\\\/schema\\\/logo\\\/image\\\/\",\"url\":\"https:\\\/\\\/omnesbands.international\\\/wp-content\\\/uploads\\\/2023\\\/06\\\/Logo-Nuevo-.png\",\"contentUrl\":\"https:\\\/\\\/omnesbands.international\\\/wp-content\\\/uploads\\\/2023\\\/06\\\/Logo-Nuevo-.png\",\"width\":394,\"height\":212,\"caption\":\"Indra Consultores Internacionales\"},\"image\":{\"@id\":\"https:\\\/\\\/www.omnesbands.international\\\/#\\\/schema\\\/logo\\\/image\\\/\"}}]}<\/script>\n<!-- \/ Yoast SEO Premium plugin. -->","yoast_head_json":{"title":"VICENT CERD\u00c1 I PERIS -","robots":{"index":"index","follow":"follow","max-snippet":"max-snippet:-1","max-image-preview":"max-image-preview:large","max-video-preview":"max-video-preview:-1"},"canonical":"https:\/\/www.omnesbands.international\/de\/vicent-cerda-i-peris-2\/","og_locale":"de_DE","og_type":"article","og_title":"VICENT CERD\u00c1 I PERIS","og_description":"VICENT CERD\u00c1 I PERIS El joven compositor de la localidad valenciana de Vallada, Vicent Cerd\u00e0 i Peris, realiza sus estudios en las especialidades de Bombardino, Tromb\u00f3n de Varas y Piano en la escuela de m\u00fasica de la Uni\u00f3n Protectora Musical de Vallada y al mismo tiempo en la escuela de m\u00fasica de la Societat Musical [&hellip;]","og_url":"https:\/\/www.omnesbands.international\/de\/vicent-cerda-i-peris-2\/","article_modified_time":"2023-01-30T00:20:16+00:00","og_image":[{"width":1280,"height":742,"url":"https:\/\/www.omnesbands.international\/wp-content\/uploads\/2023\/01\/music-sheet-music-snowdrop-7107045.jpg","type":"image\/jpeg"}],"twitter_card":"summary_large_image","twitter_misc":{"Gesch\u00e4tzte Lesezeit":"1\u00a0Minute"},"schema":{"@context":"https:\/\/schema.org","@graph":[{"@type":"WebPage","@id":"https:\/\/www.omnesbands.international\/fr\/vicent-cerda-i-peris-2\/","url":"https:\/\/www.omnesbands.international\/fr\/vicent-cerda-i-peris-2\/","name":"VICENT CERD\u00c1 I PERIS -","isPartOf":{"@id":"https:\/\/www.omnesbands.international\/#website"},"datePublished":"2023-01-30T00:19:28+00:00","dateModified":"2023-01-30T00:20:16+00:00","breadcrumb":{"@id":"https:\/\/www.omnesbands.international\/fr\/vicent-cerda-i-peris-2\/#breadcrumb"},"inLanguage":"de","potentialAction":[{"@type":"ReadAction","target":["https:\/\/www.omnesbands.international\/fr\/vicent-cerda-i-peris-2\/"]}]},{"@type":"BreadcrumbList","@id":"https:\/\/www.omnesbands.international\/fr\/vicent-cerda-i-peris-2\/#breadcrumb","itemListElement":[{"@type":"ListItem","position":1,"name":"Portada","item":"https:\/\/www.omnesbands.international\/"},{"@type":"ListItem","position":2,"name":"VICENT CERD\u00c1 I PERIS"}]},{"@type":"WebSite","@id":"https:\/\/www.omnesbands.international\/#website","url":"https:\/\/www.omnesbands.international\/","name":"OMNESBANDS International","description":"Original-Noten von unabh\u00e4ngigen Autoren und Komponisten","publisher":{"@id":"https:\/\/www.omnesbands.international\/#organization"},"potentialAction":[{"@type":"SearchAction","target":{"@type":"EntryPoint","urlTemplate":"https:\/\/www.omnesbands.international\/?s={search_term_string}"},"query-input":{"@type":"PropertyValueSpecification","valueRequired":true,"valueName":"search_term_string"}}],"inLanguage":"de"},{"@type":"Organization","@id":"https:\/\/www.omnesbands.international\/#organization","name":"Indra Internationale Berater","alternateName":"Omnesbands","url":"https:\/\/www.omnesbands.international\/","logo":{"@type":"ImageObject","inLanguage":"de","@id":"https:\/\/www.omnesbands.international\/#\/schema\/logo\/image\/","url":"https:\/\/omnesbands.international\/wp-content\/uploads\/2023\/06\/Logo-Nuevo-.png","contentUrl":"https:\/\/omnesbands.international\/wp-content\/uploads\/2023\/06\/Logo-Nuevo-.png","width":394,"height":212,"caption":"Indra Consultores Internacionales"},"image":{"@id":"https:\/\/www.omnesbands.international\/#\/schema\/logo\/image\/"}}]}},"uagb_featured_image_src":{"full":false,"thumbnail":false,"medium":false,"medium_large":false,"large":false,"1536x1536":false,"2048x2048":false,"trp-custom-language-flag":false,"gg_gallery_thumbnail":false,"woocommerce_thumbnail":false,"woocommerce_single":false,"woocommerce_gallery_thumbnail":false},"uagb_author_info":{"display_name":"Melvin R. Portillo A:","author_link":"https:\/\/www.omnesbands.international\/de\/author\/portand\/"},"uagb_comment_info":0,"uagb_excerpt":"VICENT CERD\u00c1 I PERIS El joven compositor de la localidad valenciana de Vallada, Vicent Cerd\u00e0 i Peris, realiza sus estudios en las especialidades de Bombardino, Tromb\u00f3n de Varas y Piano en la escuela de m\u00fasica de la Uni\u00f3n Protectora Musical de Vallada y al mismo tiempo en la escuela de m\u00fasica de la Societat Musical&hellip;","_links":{"self":[{"href":"https:\/\/www.omnesbands.international\/de\/wp-json\/wp\/v2\/pages\/1804","targetHints":{"allow":["GET"]}}],"collection":[{"href":"https:\/\/www.omnesbands.international\/de\/wp-json\/wp\/v2\/pages"}],"about":[{"href":"https:\/\/www.omnesbands.international\/de\/wp-json\/wp\/v2\/types\/page"}],"author":[{"embeddable":true,"href":"https:\/\/www.omnesbands.international\/de\/wp-json\/wp\/v2\/users\/4"}],"replies":[{"embeddable":true,"href":"https:\/\/www.omnesbands.international\/de\/wp-json\/wp\/v2\/comments?post=1804"}],"version-history":[{"count":2,"href":"https:\/\/www.omnesbands.international\/de\/wp-json\/wp\/v2\/pages\/1804\/revisions"}],"predecessor-version":[{"id":1806,"href":"https:\/\/www.omnesbands.international\/de\/wp-json\/wp\/v2\/pages\/1804\/revisions\/1806"}],"wp:attachment":[{"href":"https:\/\/www.omnesbands.international\/de\/wp-json\/wp\/v2\/media?parent=1804"}],"curies":[{"name":"wp","href":"https:\/\/api.w.org\/{rel}","templated":true}]}}