{"id":1192,"date":"2023-01-24T23:44:51","date_gmt":"2023-01-25T05:44:51","guid":{"rendered":"https:\/\/omnesbands.international\/?post_type=product&#038;p=1192"},"modified":"2023-11-13T17:56:19","modified_gmt":"2023-11-13T23:56:19","slug":"fiore","status":"publish","type":"product","link":"https:\/\/www.omnesbands.international\/de\/produkt\/fiore\/","title":{"rendered":"Blume"},"content":{"rendered":"<p>Mora March vom Autor JUAN LLOREN\u00c7 BELDA. Im Laufe seiner Karriere studierte er Klarinette bei Jos\u00e9 Barber\u00e1, Rogelio Blasco, Juanjo Borras, Salvador Navarro, Antoni Ribera und Francisco Florido. Au\u00dferdem hat er Klarinetten-Verbesserungskurse bei Juanjo Borr\u00e0s, Miguel \u00c1ngel Tamarit, Francisco Florido, Enrique P\u00e9rez und Miguel Espejo besucht. Im Bereich der Harmonielehre studierte er bei Juan Enrique Canet, Esmarado I\u00f1esta, Francisco Javier Costa, Joaqu\u00edn Civera, Daniel Juan Ferrero und Jos\u00e9 Vicent Asensi; und hat einen Auffrischungskurs bei Norman Milan\u00e9s absolviert. Im Bereich P\u00e4dagogik hat er bei M\u00aa Carmen Sansaloni und Carmen Agull\u00f3 studiert und zwei Auffrischungskurse bei Maravillas D\u00edaz und Ana Lucia Frega belegt. Au\u00dferdem studierte er Blasinstrumentendidaktik bei Sylvia Schwarzenbach.<\/p>","protected":false},"excerpt":{"rendered":"<p>Mora March vom Autor JUAN LLOREN\u00c7 BELDA. Im Laufe seiner Karriere studierte er Klarinette bei Jos\u00e9 Barber\u00e1, Rogelio Blasco, Juanjo Borras, Salvador Navarro, Antoni Ribera und Francisco Florido. Au\u00dferdem hat er Klarinetten-Verbesserungskurse bei Juanjo Borr\u00e0s, Miguel \u00c1ngel Tamarit, Francisco Florido, Enrique P\u00e9rez und Miguel Espejo besucht. Im Bereich der Harmonielehre studierte er bei Juan Enrique Canet, Esmarado I\u00f1esta, Francisco Javier Costa, Joaqu\u00edn Civera, Daniel Juan Ferrero und Jos\u00e9 Vicent Asensi; und hat einen Auffrischungskurs bei Norman Milan\u00e9s absolviert. Im Bereich P\u00e4dagogik hat er bei M\u00aa Carmen Sansaloni und Carmen Agull\u00f3 studiert und zwei Auffrischungskurse bei Maravillas D\u00edaz und Ana Lucia Frega belegt. Au\u00dferdem studierte er Blasinstrumentendidaktik bei Sylvia Schwarzenbach.<\/p>","protected":false},"featured_media":2722,"comment_status":"open","ping_status":"closed","template":"","meta":{"_acf_changed":false,"_uag_custom_page_level_css":"","site-sidebar-layout":"default","site-content-layout":"default","ast-site-content-layout":"default","site-content-style":"default","site-sidebar-style":"default","ast-global-header-display":"","ast-banner-title-visibility":"","ast-main-header-display":"","ast-hfb-above-header-display":"","ast-hfb-below-header-display":"","ast-hfb-mobile-header-display":"","site-post-title":"","ast-breadcrumbs-content":"","ast-featured-img":"","footer-sml-layout":"","ast-disable-related-posts":"","theme-transparent-header-meta":"default","adv-header-id-meta":"","stick-header-meta":"default","header-above-stick-meta":"","header-main-stick-meta":"","header-below-stick-meta":"","astra-migrate-meta-layouts":"set","ast-page-background-enabled":"default","ast-page-background-meta":{"desktop":{"background-color":"","background-image":"","background-repeat":"repeat","background-position":"center center","background-size":"auto","background-attachment":"scroll","background-type":"","background-media":"","overlay-type":"","overlay-color":"","overlay-opacity":"","overlay-gradient":""},"tablet":{"background-color":"","background-image":"","background-repeat":"repeat","background-position":"center center","background-size":"auto","background-attachment":"scroll","background-type":"","background-media":"","overlay-type":"","overlay-color":"","overlay-opacity":"","overlay-gradient":""},"mobile":{"background-color":"","background-image":"","background-repeat":"repeat","background-position":"center center","background-size":"auto","background-attachment":"scroll","background-type":"","background-media":"","overlay-type":"","overlay-color":"","overlay-opacity":"","overlay-gradient":""}},"ast-content-background-meta":{"desktop":{"background-color":"var(--ast-global-color-5)","background-image":"","background-repeat":"repeat","background-position":"center center","background-size":"auto","background-attachment":"scroll","background-type":"","background-media":"","overlay-type":"","overlay-color":"","overlay-opacity":"","overlay-gradient":""},"tablet":{"background-color":"var(--ast-global-color-5)","background-image":"","background-repeat":"repeat","background-position":"center center","background-size":"auto","background-attachment":"scroll","background-type":"","background-media":"","overlay-type":"","overlay-color":"","overlay-opacity":"","overlay-gradient":""},"mobile":{"background-color":"var(--ast-global-color-5)","background-image":"","background-repeat":"repeat","background-position":"center center","background-size":"auto","background-attachment":"scroll","background-type":"","background-media":"","overlay-type":"","overlay-color":"","overlay-opacity":"","overlay-gradient":""}}},"product_brand":[],"product_cat":[28],"product_tag":[77],"class_list":{"0":"post-1192","1":"product","2":"type-product","3":"status-publish","4":"has-post-thumbnail","6":"product_cat-musica-de-calle","7":"product_tag-llorenc-belda-juan","8":"desktop-align-left","9":"tablet-align-left","10":"mobile-align-left","11":"ast-product-gallery-layout-horizontal-slider","13":"first","14":"instock","15":"downloadable","16":"virtual","17":"taxable","18":"purchasable","19":"product-type-simple"},"acf":[],"yoast_head":"<!-- This site is optimized with the Yoast SEO Premium plugin v22.4 (Yoast SEO v27.4) - https:\/\/yoast.com\/product\/yoast-seo-premium-wordpress\/ -->\n<title>Fiore -<\/title>\n<meta name=\"description\" content=\"Partituras de m\u00fasica de calle para Orquestas y bandas. M\u00fasica escrita\" \/>\n<meta name=\"robots\" content=\"index, follow, max-snippet:-1, max-image-preview:large, max-video-preview:-1\" \/>\n<link rel=\"canonical\" href=\"https:\/\/www.omnesbands.international\/de\/product\/fiore\/\" \/>\n<meta property=\"og:locale\" content=\"de_DE\" \/>\n<meta property=\"og:type\" content=\"article\" \/>\n<meta property=\"og:title\" content=\"Fiore\" \/>\n<meta property=\"og:description\" content=\"Partituras de m\u00fasica de calle para Orquestas y bandas. M\u00fasica escrita\" \/>\n<meta property=\"og:url\" content=\"https:\/\/www.omnesbands.international\/de\/product\/fiore\/\" \/>\n<meta property=\"article:modified_time\" content=\"2023-11-13T23:56:19+00:00\" \/>\n<meta property=\"og:image\" content=\"https:\/\/www.omnesbands.international\/wp-content\/uploads\/2023\/01\/Fiore-1.jpg\" \/>\n\t<meta property=\"og:image:width\" content=\"696\" \/>\n\t<meta property=\"og:image:height\" content=\"809\" \/>\n\t<meta property=\"og:image:type\" content=\"image\/jpeg\" \/>\n<meta name=\"twitter:card\" content=\"summary_large_image\" \/>\n<meta name=\"twitter:label1\" content=\"Preis\" \/>\n\t<meta name=\"twitter:data1\" content=\"&#036;25.00\" \/>\n\t<meta name=\"twitter:label2\" content=\"Verf\u00fcgbarkeit\" \/>\n\t<meta name=\"twitter:data2\" content=\"Auf Lager\" \/>\n<script type=\"application\/ld+json\" class=\"yoast-schema-graph\">{\"@context\":\"https:\\\/\\\/schema.org\",\"@graph\":[{\"@type\":\"WebPage\",\"@id\":\"https:\\\/\\\/www.omnesbands.international\\\/ja\\\/product\\\/fiore\\\/\",\"url\":\"https:\\\/\\\/www.omnesbands.international\\\/ja\\\/product\\\/fiore\\\/\",\"name\":\"Fiore -\",\"isPartOf\":{\"@id\":\"https:\\\/\\\/www.omnesbands.international\\\/#website\"},\"primaryImageOfPage\":{\"@id\":\"https:\\\/\\\/www.omnesbands.international\\\/ja\\\/product\\\/fiore\\\/#primaryimage\"},\"image\":{\"@id\":\"https:\\\/\\\/www.omnesbands.international\\\/ja\\\/product\\\/fiore\\\/#primaryimage\"},\"thumbnailUrl\":\"https:\\\/\\\/www.omnesbands.international\\\/wp-content\\\/uploads\\\/2023\\\/01\\\/Fiore-1.jpg\",\"datePublished\":\"2023-01-25T05:44:51+00:00\",\"dateModified\":\"2023-11-13T23:56:19+00:00\",\"description\":\"Partituras de m\u00fasica de calle para Orquestas y bandas. M\u00fasica escrita\",\"breadcrumb\":{\"@id\":\"https:\\\/\\\/www.omnesbands.international\\\/ja\\\/product\\\/fiore\\\/#breadcrumb\"},\"inLanguage\":\"de\",\"potentialAction\":[{\"@type\":\"ReadAction\",\"target\":[\"https:\\\/\\\/www.omnesbands.international\\\/ja\\\/product\\\/fiore\\\/\"]}]},{\"@type\":\"ImageObject\",\"inLanguage\":\"de\",\"@id\":\"https:\\\/\\\/www.omnesbands.international\\\/ja\\\/product\\\/fiore\\\/#primaryimage\",\"url\":\"https:\\\/\\\/www.omnesbands.international\\\/wp-content\\\/uploads\\\/2023\\\/01\\\/Fiore-1.jpg\",\"contentUrl\":\"https:\\\/\\\/www.omnesbands.international\\\/wp-content\\\/uploads\\\/2023\\\/01\\\/Fiore-1.jpg\",\"width\":696,\"height\":809,\"caption\":\"Fiore\"},{\"@type\":\"BreadcrumbList\",\"@id\":\"https:\\\/\\\/www.omnesbands.international\\\/ja\\\/product\\\/fiore\\\/#breadcrumb\",\"itemListElement\":[{\"@type\":\"ListItem\",\"position\":1,\"name\":\"Portada\",\"item\":\"https:\\\/\\\/www.omnesbands.international\\\/\"},{\"@type\":\"ListItem\",\"position\":2,\"name\":\"Tienda\",\"item\":\"https:\\\/\\\/www.omnesbands.international\\\/en\\\/shop\\\/\"},{\"@type\":\"ListItem\",\"position\":3,\"name\":\"Fiore\"}]},{\"@type\":\"WebSite\",\"@id\":\"https:\\\/\\\/www.omnesbands.international\\\/#website\",\"url\":\"https:\\\/\\\/www.omnesbands.international\\\/\",\"name\":\"OMNESBANDS International\",\"description\":\"Partituras Originales de autores y compositores independientes\",\"publisher\":{\"@id\":\"https:\\\/\\\/www.omnesbands.international\\\/#organization\"},\"potentialAction\":[{\"@type\":\"SearchAction\",\"target\":{\"@type\":\"EntryPoint\",\"urlTemplate\":\"https:\\\/\\\/www.omnesbands.international\\\/?s={search_term_string}\"},\"query-input\":{\"@type\":\"PropertyValueSpecification\",\"valueRequired\":true,\"valueName\":\"search_term_string\"}}],\"inLanguage\":\"de\"},{\"@type\":\"Organization\",\"@id\":\"https:\\\/\\\/www.omnesbands.international\\\/#organization\",\"name\":\"Indra Consultores Internacionales\",\"alternateName\":\"Omnesbands\",\"url\":\"https:\\\/\\\/www.omnesbands.international\\\/\",\"logo\":{\"@type\":\"ImageObject\",\"inLanguage\":\"de\",\"@id\":\"https:\\\/\\\/www.omnesbands.international\\\/#\\\/schema\\\/logo\\\/image\\\/\",\"url\":\"https:\\\/\\\/omnesbands.international\\\/wp-content\\\/uploads\\\/2023\\\/06\\\/Logo-Nuevo-.png\",\"contentUrl\":\"https:\\\/\\\/omnesbands.international\\\/wp-content\\\/uploads\\\/2023\\\/06\\\/Logo-Nuevo-.png\",\"width\":394,\"height\":212,\"caption\":\"Indra Consultores Internacionales\"},\"image\":{\"@id\":\"https:\\\/\\\/www.omnesbands.international\\\/#\\\/schema\\\/logo\\\/image\\\/\"}}]}<\/script>\n<meta property=\"product:price:amount\" content=\"25.00\" \/>\n<meta property=\"product:price:currency\" content=\"USD\" \/>\n<meta property=\"og:availability\" content=\"instock\" \/>\n<meta property=\"product:availability\" content=\"instock\" \/>\n<meta property=\"product:retailer_item_id\" content=\"FIO-CAL-ESP-22\" \/>\n<meta property=\"product:condition\" content=\"new\" \/>\n<!-- \/ Yoast SEO Premium plugin. -->","yoast_head_json":{"title":"Fiore -","description":"Partituras de m\u00fasica de calle para Orquestas y bandas. M\u00fasica escrita","robots":{"index":"index","follow":"follow","max-snippet":"max-snippet:-1","max-image-preview":"max-image-preview:large","max-video-preview":"max-video-preview:-1"},"canonical":"https:\/\/www.omnesbands.international\/de\/product\/fiore\/","og_locale":"de_DE","og_type":"article","og_title":"Fiore","og_description":"Partituras de m\u00fasica de calle para Orquestas y bandas. M\u00fasica escrita","og_url":"https:\/\/www.omnesbands.international\/de\/product\/fiore\/","article_modified_time":"2023-11-13T23:56:19+00:00","og_image":[{"width":696,"height":809,"url":"https:\/\/www.omnesbands.international\/wp-content\/uploads\/2023\/01\/Fiore-1.jpg","type":"image\/jpeg"}],"twitter_card":"summary_large_image","twitter_misc":{"Preis":"&#36;25.00","Verf\u00fcgbarkeit":"Auf Lager"},"schema":{"@context":"https:\/\/schema.org","@graph":[{"@type":"WebPage","@id":"https:\/\/www.omnesbands.international\/ja\/product\/fiore\/","url":"https:\/\/www.omnesbands.international\/ja\/product\/fiore\/","name":"Fiore -","isPartOf":{"@id":"https:\/\/www.omnesbands.international\/#website"},"primaryImageOfPage":{"@id":"https:\/\/www.omnesbands.international\/ja\/product\/fiore\/#primaryimage"},"image":{"@id":"https:\/\/www.omnesbands.international\/ja\/product\/fiore\/#primaryimage"},"thumbnailUrl":"https:\/\/www.omnesbands.international\/wp-content\/uploads\/2023\/01\/Fiore-1.jpg","datePublished":"2023-01-25T05:44:51+00:00","dateModified":"2023-11-13T23:56:19+00:00","description":"Partituras de m\u00fasica de calle para Orquestas y bandas. M\u00fasica escrita","breadcrumb":{"@id":"https:\/\/www.omnesbands.international\/ja\/product\/fiore\/#breadcrumb"},"inLanguage":"de","potentialAction":[{"@type":"ReadAction","target":["https:\/\/www.omnesbands.international\/ja\/product\/fiore\/"]}]},{"@type":"ImageObject","inLanguage":"de","@id":"https:\/\/www.omnesbands.international\/ja\/product\/fiore\/#primaryimage","url":"https:\/\/www.omnesbands.international\/wp-content\/uploads\/2023\/01\/Fiore-1.jpg","contentUrl":"https:\/\/www.omnesbands.international\/wp-content\/uploads\/2023\/01\/Fiore-1.jpg","width":696,"height":809,"caption":"Fiore"},{"@type":"BreadcrumbList","@id":"https:\/\/www.omnesbands.international\/ja\/product\/fiore\/#breadcrumb","itemListElement":[{"@type":"ListItem","position":1,"name":"Portada","item":"https:\/\/www.omnesbands.international\/"},{"@type":"ListItem","position":2,"name":"Tienda","item":"https:\/\/www.omnesbands.international\/en\/shop\/"},{"@type":"ListItem","position":3,"name":"Fiore"}]},{"@type":"WebSite","@id":"https:\/\/www.omnesbands.international\/#website","url":"https:\/\/www.omnesbands.international\/","name":"OMNESBANDS International","description":"Original-Noten von unabh\u00e4ngigen Autoren und Komponisten","publisher":{"@id":"https:\/\/www.omnesbands.international\/#organization"},"potentialAction":[{"@type":"SearchAction","target":{"@type":"EntryPoint","urlTemplate":"https:\/\/www.omnesbands.international\/?s={search_term_string}"},"query-input":{"@type":"PropertyValueSpecification","valueRequired":true,"valueName":"search_term_string"}}],"inLanguage":"de"},{"@type":"Organization","@id":"https:\/\/www.omnesbands.international\/#organization","name":"Indra Internationale Berater","alternateName":"Omnesbands","url":"https:\/\/www.omnesbands.international\/","logo":{"@type":"ImageObject","inLanguage":"de","@id":"https:\/\/www.omnesbands.international\/#\/schema\/logo\/image\/","url":"https:\/\/omnesbands.international\/wp-content\/uploads\/2023\/06\/Logo-Nuevo-.png","contentUrl":"https:\/\/omnesbands.international\/wp-content\/uploads\/2023\/06\/Logo-Nuevo-.png","width":394,"height":212,"caption":"Indra Consultores Internacionales"},"image":{"@id":"https:\/\/www.omnesbands.international\/#\/schema\/logo\/image\/"}}]},"product_price_amount":"25.00","product_price_currency":"USD","og_availability":"instock","product_availability":"instock","product_retailer_item_id":"FIO-CAL-ESP-22","product_condition":"new"},"uagb_featured_image_src":{"full":["https:\/\/www.omnesbands.international\/wp-content\/uploads\/2023\/01\/Fiore-1.jpg",696,809,false],"thumbnail":["https:\/\/www.omnesbands.international\/wp-content\/uploads\/2023\/01\/Fiore-1-150x150.jpg",150,150,true],"medium":["https:\/\/www.omnesbands.international\/wp-content\/uploads\/2023\/01\/Fiore-1-258x300.jpg",258,300,true],"medium_large":["https:\/\/www.omnesbands.international\/wp-content\/uploads\/2023\/01\/Fiore-1.jpg",696,809,false],"large":["https:\/\/www.omnesbands.international\/wp-content\/uploads\/2023\/01\/Fiore-1.jpg",696,809,false],"1536x1536":["https:\/\/www.omnesbands.international\/wp-content\/uploads\/2023\/01\/Fiore-1.jpg",696,809,false],"2048x2048":["https:\/\/www.omnesbands.international\/wp-content\/uploads\/2023\/01\/Fiore-1.jpg",696,809,false],"trp-custom-language-flag":["https:\/\/www.omnesbands.international\/wp-content\/uploads\/2023\/01\/Fiore-1-10x12.jpg",10,12,true],"gg_gallery_thumbnail":["https:\/\/www.omnesbands.international\/wp-content\/uploads\/2023\/01\/Fiore-1-450x250.jpg",450,250,true],"woocommerce_thumbnail":["https:\/\/www.omnesbands.international\/wp-content\/uploads\/2023\/01\/Fiore-1-300x300.jpg",300,300,true],"woocommerce_single":["https:\/\/www.omnesbands.international\/wp-content\/uploads\/2023\/01\/Fiore-1-600x697.jpg",600,697,true],"woocommerce_gallery_thumbnail":["https:\/\/www.omnesbands.international\/wp-content\/uploads\/2023\/01\/Fiore-1-100x100.jpg",100,100,true]},"uagb_author_info":{"display_name":"Melvin R. Portillo A:","author_link":"https:\/\/www.omnesbands.international\/de\/author\/"},"uagb_comment_info":0,"uagb_excerpt":"Marcha Mora del autor JUAN LLOREN\u00c7 BELDA. A lo largo de su carrera ha estudiado clarinete con Jos\u00e9 Barber\u00e1, Rogelio Blasco, Juanjo Borras, Salvador Navarro, Antoni Ribera y Francisco Florido. Y ha realizado cursillos de perfeccionamiento de clarinete con Juanjo Borr\u00e0s, Miguel \u00c1ngel Tamarit, Francisco Florido, Enrique P\u00e9rez, y Miguel Espejo. En el campo de&hellip;","_links":{"self":[{"href":"https:\/\/www.omnesbands.international\/de\/wp-json\/wp\/v2\/product\/1192","targetHints":{"allow":["GET"]}}],"collection":[{"href":"https:\/\/www.omnesbands.international\/de\/wp-json\/wp\/v2\/product"}],"about":[{"href":"https:\/\/www.omnesbands.international\/de\/wp-json\/wp\/v2\/types\/product"}],"replies":[{"embeddable":true,"href":"https:\/\/www.omnesbands.international\/de\/wp-json\/wp\/v2\/comments?post=1192"}],"wp:featuredmedia":[{"embeddable":true,"href":"https:\/\/www.omnesbands.international\/de\/wp-json\/wp\/v2\/media\/2722"}],"wp:attachment":[{"href":"https:\/\/www.omnesbands.international\/de\/wp-json\/wp\/v2\/media?parent=1192"}],"wp:term":[{"taxonomy":"product_brand","embeddable":true,"href":"https:\/\/www.omnesbands.international\/de\/wp-json\/wp\/v2\/product_brand?post=1192"},{"taxonomy":"product_cat","embeddable":true,"href":"https:\/\/www.omnesbands.international\/de\/wp-json\/wp\/v2\/product_cat?post=1192"},{"taxonomy":"product_tag","embeddable":true,"href":"https:\/\/www.omnesbands.international\/de\/wp-json\/wp\/v2\/product_tag?post=1192"}],"curies":[{"name":"wp","href":"https:\/\/api.w.org\/{rel}","templated":true}]}}