{"id":993,"date":"2023-01-23T21:40:25","date_gmt":"2023-01-24T03:40:25","guid":{"rendered":"https:\/\/omnesbands.international\/?post_type=product&#038;p=993"},"modified":"2023-12-02T14:49:16","modified_gmt":"2023-12-02T20:49:16","slug":"cantares-de-la-nueva-tierra","status":"publish","type":"product","link":"https:\/\/www.omnesbands.international\/de\/produkt\/cantares-de-la-nueva-tierra\/","title":{"rendered":"Lieder der neuen Erde"},"content":{"rendered":"<p>Das Gedenkwerk zum 400. Jahrestag der Abfassung der Carta Puebla de Chella (Valencia) wurde am 16. Dezember 2011 in J\u00e1vea (Alicante) w\u00e4hrend des Weihnachtskonzerts des Blasorchesters des Berufskonservatoriums f\u00fcr Musik von Javea uraufgef\u00fchrt .<\/p>\n<p>W\u00e4hrend der R\u00fcckeroberung von Jaime I. im Jahr 1250 ergaben sich die in Chella verbliebenen Mauren ihm und das Bauernhaus wurde von Jaime an Pere Dovit gespendet, obwohl es sp\u00e4ter wieder in die Krone integriert wurde. 1341 \u00fcbergab es Pedro IV. von Aragon an Tom\u00e1s de Ulmis, der es 1356 an den Grafen von Denia \u00fcbergab, der es 1382 an Pedro Escintelles und diesen wiederum an Alfonso, Herzog von Gand\u00eda, verkaufte. Nach Alfonsos Tod kehrte Chella zur\u00fcck, um Teil der Krone zu werden, w\u00fcrde aber bald in die H\u00e4nde der Herz\u00f6ge von Gand\u00eda und der Grafen von Oliva zur\u00fcckkehren. Im 16. Jahrhundert ging es in den Besitz der Familie Borja \u00fcber. Die ans\u00e4ssigen Mauren erhoben sich w\u00e4hrend der Rebellion der Alpujarra (1568 bis 1571) w\u00e4hrend der Herrschaft von Philipp II. 1571 wurden sie besiegt und vertrieben. Neue treue Mauren bev\u00f6lkerten die Gemeinde neu, verlie\u00dfen sie aber auch 1609 w\u00e4hrend der von Felipe III im Jahr 1609 verf\u00fcgten Vertreibung der Moriscos.<\/p>\n<p>Chella w\u00e4re mit 90 gebauten H\u00e4usern f\u00fcr zwei Jahre aufgegeben worden, das h\u00e4tte das Ende der Bev\u00f6lkerung bedeuten k\u00f6nnen. 1611 kamen Vasallen von Carlos de Borja in Chella an, um es wieder aufzubauen und sich als seine neuen Siedler niederzulassen. Im selben Jahr, am 11. Juli, wird die Bev\u00f6lkerungsurkunde ausgearbeitet, die die Gr\u00fcndung der Stadt als solche offiziell macht.<\/p>\n<p>So finden wir typische Elemente der islamisch-afrikanischen Folklore wie modale Tonleitern (Macamat), Rhythmen, T\u00e4nze und Instrumente wie die Darbuka, die Djembe oder die Blockfl\u00f6te (\u00e4hnlich der Ney-Fl\u00f6te) sowie Fluktuationen und mikrotonale Wendungen typisch von m\u00fcndlichen \u00dcberlieferungen. Diese arabischen Reminiszenzen basieren auf der Verwendung von Variation und Improvisation als Korrespondenz mit der typischen Improvisation der arabischen Folklore (Taksim). Wir finden auch Hinweise auf die westliche Musik der Zeit (ca. 1600) wie die Verwendung von Gedenkfanfaren, die Verwendung von modalen Wendungen, tonale\/modale Mehrdeutigkeiten und insbesondere das Erscheinen eines Zitats aus der Motette \u201eO magnum mysterium\u201c von TL von Victoria (ca. 147 bis 165).<\/p>\n<p>Die Arbeit ist wie folgt aufgebaut:<\/p>\n<p>\u2013 Einf\u00fchrung (c. 1-17): als einleitende Fanfare, in der die Hauptelemente des Werks vorgestellt werden.<\/p>\n<p>\u2013 1. Abschnitt (ca. 18-30): Die Blockfl\u00f6te (imitiert die arabische Nay-Fl\u00f6te) tr\u00e4gt in Form eines Gebets ein Thema mit mikrotonalen Wendungen vor, das in einer Darbuka-Improvisation kulminiert.<\/p>\n<p>\u2013 2. Abschnitt (ca. 31-140): Ein Hauptthema erscheint in Form eines arabischen Tanzes, der durch Improvisation und schriftliche Verzierungen in Anlehnung an die Improvisationstechniken der islamischen Musik (Taksim) in all seinen Elementen st\u00e4ndig variiert. Am Ende dieses Abschnitts wird der Tanz allm\u00e4hlich verw\u00e4ssert und von einem melodischen Element absorbiert, das das Aussterben des Islamismus und den \u00dcbergang zum Westen darstellt.<\/p>\n<p>\u2013 3. Abschnitt (ca. 141-179): Ein weiteres Solo erscheint, in diesem Fall f\u00fcr Saxophon, das dem ersten Fl\u00f6tensolo gegen\u00fcbersteht (West vs. Islam). Im Verlauf dieses Soloteils wird nach und nach ein Zitat aus der Motette \u201eO magnum mysterium\u201c von T. L. de Victoria erscheinen, das die \u201eChristianisierung\u201c des Westens repr\u00e4sentiert. Am Ende dieses Abschnitts erscheint eine aufw\u00e4ndige \u00dcberleitung mit Elementen der Er\u00f6ffnungsfanfare.<\/p>\n<p>\u2013 4. Abschnitt (ca. 180-245): Dieser Abschnitt stellt den Konflikt der beiden Kulturen dar, Elemente und Ressourcen aus den vorgenannten Abschnitten tauchen auf, allerdings mit einem gr\u00f6\u00dferen \u00dcbergewicht von Elementen der westlichen Tradition, die zu einem &quot;majest\u00e4tischen Andante&quot; f\u00fchren.<\/p>\n<p>\u2013 5. Abschnitt (ca. 246-273): \u201eMajest\u00e4tisches Andante\u201c, das den Sieg des Westens \u00fcber den Islam darstellt und die Elemente der Anfangsfanfare aufgreift. Allerdings hat nicht der ganze Abschnitt diese siegreiche Atmosph\u00e4re, es tauchen Elemente verzerrender und dissonanter Natur auf ... ein Schatten, ein Zweifel, eine Frage ... warum war eine Koexistenz nicht m\u00f6glich? ...<\/p>\n<p>Diese Arbeit kann in zwei Versionen vorgelegt werden; eine rein musikalische Version oder eine Version mit einem Erz\u00e4hler, der Texte der Zeit rezitiert (Cervantes, Quevedo, G\u00f3ngora, Lope de Vega, Juan del Enzina...) mit Musik durchsetzt.<\/p>","protected":false},"excerpt":{"rendered":"<p>&quot;Songs of the New Land&quot; wurde zum Gedenken an den 400. Jahrestag der Charta von Puebla de Chella (Valencia) geschrieben.<\/p>","protected":false},"featured_media":994,"comment_status":"open","ping_status":"closed","template":"","meta":{"_acf_changed":false,"_uag_custom_page_level_css":"","site-sidebar-layout":"default","site-content-layout":"default","ast-site-content-layout":"default","site-content-style":"default","site-sidebar-style":"default","ast-global-header-display":"","ast-banner-title-visibility":"","ast-main-header-display":"","ast-hfb-above-header-display":"","ast-hfb-below-header-display":"","ast-hfb-mobile-header-display":"","site-post-title":"","ast-breadcrumbs-content":"","ast-featured-img":"","footer-sml-layout":"","ast-disable-related-posts":"","theme-transparent-header-meta":"default","adv-header-id-meta":"","stick-header-meta":"default","header-above-stick-meta":"","header-main-stick-meta":"","header-below-stick-meta":"","astra-migrate-meta-layouts":"set","ast-page-background-enabled":"default","ast-page-background-meta":{"desktop":{"background-color":"","background-image":"","background-repeat":"repeat","background-position":"center center","background-size":"auto","background-attachment":"scroll","background-type":"","background-media":"","overlay-type":"","overlay-color":"","overlay-opacity":"","overlay-gradient":""},"tablet":{"background-color":"","background-image":"","background-repeat":"repeat","background-position":"center center","background-size":"auto","background-attachment":"scroll","background-type":"","background-media":"","overlay-type":"","overlay-color":"","overlay-opacity":"","overlay-gradient":""},"mobile":{"background-color":"","background-image":"","background-repeat":"repeat","background-position":"center center","background-size":"auto","background-attachment":"scroll","background-type":"","background-media":"","overlay-type":"","overlay-color":"","overlay-opacity":"","overlay-gradient":""}},"ast-content-background-meta":{"desktop":{"background-color":"var(--ast-global-color-5)","background-image":"","background-repeat":"repeat","background-position":"center center","background-size":"auto","background-attachment":"scroll","background-type":"","background-media":"","overlay-type":"","overlay-color":"","overlay-opacity":"","overlay-gradient":""},"tablet":{"background-color":"var(--ast-global-color-5)","background-image":"","background-repeat":"repeat","background-position":"center center","background-size":"auto","background-attachment":"scroll","background-type":"","background-media":"","overlay-type":"","overlay-color":"","overlay-opacity":"","overlay-gradient":""},"mobile":{"background-color":"var(--ast-global-color-5)","background-image":"","background-repeat":"repeat","background-position":"center center","background-size":"auto","background-attachment":"scroll","background-type":"","background-media":"","overlay-type":"","overlay-color":"","overlay-opacity":"","overlay-gradient":""}}},"product_brand":[],"product_cat":[24],"product_tag":[63],"class_list":{"0":"post-993","1":"product","2":"type-product","3":"status-publish","4":"has-post-thumbnail","6":"product_cat-sinfonicas","7":"product_tag-jose-miguel-fayos-jordan","8":"desktop-align-left","9":"tablet-align-left","10":"mobile-align-left","11":"ast-product-gallery-layout-horizontal-slider","13":"first","14":"instock","15":"downloadable","16":"virtual","17":"taxable","18":"purchasable","19":"product-type-simple"},"acf":[],"yoast_head":"<!-- This site is optimized with the Yoast SEO Premium plugin v22.4 (Yoast SEO v27.4) - https:\/\/yoast.com\/product\/yoast-seo-premium-wordpress\/ -->\n<title>Cantares de la Nueva Tierra -<\/title>\n<meta name=\"description\" content=\"Partituras de m\u00fasica Sinf\u00f3nica para Orquestas y bandas. M\u00fasica escrita.\" \/>\n<meta name=\"robots\" content=\"index, follow, max-snippet:-1, max-image-preview:large, max-video-preview:-1\" \/>\n<link rel=\"canonical\" href=\"https:\/\/www.omnesbands.international\/de\/produkt\/cantares-de-la-nueva-tierra\/\" \/>\n<meta property=\"og:locale\" content=\"de_DE\" \/>\n<meta property=\"og:type\" content=\"article\" \/>\n<meta property=\"og:title\" content=\"Cantares de la Nueva Tierra\" \/>\n<meta property=\"og:description\" content=\"Partituras de m\u00fasica Sinf\u00f3nica para Orquestas y bandas. M\u00fasica escrita.\" \/>\n<meta property=\"og:url\" content=\"https:\/\/www.omnesbands.international\/de\/produkt\/cantares-de-la-nueva-tierra\/\" \/>\n<meta property=\"article:modified_time\" content=\"2023-12-02T20:49:16+00:00\" \/>\n<meta property=\"og:image\" content=\"https:\/\/www.omnesbands.international\/wp-content\/uploads\/2023\/01\/Cantares-de-la-Nueva-Tierra.jpg\" \/>\n\t<meta property=\"og:image:width\" content=\"600\" \/>\n\t<meta property=\"og:image:height\" content=\"420\" \/>\n\t<meta property=\"og:image:type\" content=\"image\/jpeg\" \/>\n<meta name=\"twitter:card\" content=\"summary_large_image\" \/>\n<meta name=\"twitter:label1\" content=\"Preis\" \/>\n\t<meta name=\"twitter:data1\" content=\"&#036;45.00\" \/>\n\t<meta name=\"twitter:label2\" content=\"Verf\u00fcgbarkeit\" \/>\n\t<meta name=\"twitter:data2\" content=\"Auf Lager\" \/>\n<script type=\"application\/ld+json\" class=\"yoast-schema-graph\">{\"@context\":\"https:\\\/\\\/schema.org\",\"@graph\":[{\"@type\":\"WebPage\",\"@id\":\"https:\\\/\\\/www.omnesbands.international\\\/producto\\\/cantares-de-la-nueva-tierra\\\/\",\"url\":\"https:\\\/\\\/www.omnesbands.international\\\/producto\\\/cantares-de-la-nueva-tierra\\\/\",\"name\":\"Cantares de la Nueva Tierra -\",\"isPartOf\":{\"@id\":\"https:\\\/\\\/www.omnesbands.international\\\/#website\"},\"primaryImageOfPage\":{\"@id\":\"https:\\\/\\\/www.omnesbands.international\\\/producto\\\/cantares-de-la-nueva-tierra\\\/#primaryimage\"},\"image\":{\"@id\":\"https:\\\/\\\/www.omnesbands.international\\\/producto\\\/cantares-de-la-nueva-tierra\\\/#primaryimage\"},\"thumbnailUrl\":\"https:\\\/\\\/www.omnesbands.international\\\/wp-content\\\/uploads\\\/2023\\\/01\\\/Cantares-de-la-Nueva-Tierra.jpg\",\"datePublished\":\"2023-01-24T03:40:25+00:00\",\"dateModified\":\"2023-12-02T20:49:16+00:00\",\"description\":\"Partituras de m\u00fasica Sinf\u00f3nica para Orquestas y bandas. M\u00fasica escrita.\",\"breadcrumb\":{\"@id\":\"https:\\\/\\\/www.omnesbands.international\\\/producto\\\/cantares-de-la-nueva-tierra\\\/#breadcrumb\"},\"inLanguage\":\"de\",\"potentialAction\":[{\"@type\":\"ReadAction\",\"target\":[\"https:\\\/\\\/www.omnesbands.international\\\/producto\\\/cantares-de-la-nueva-tierra\\\/\"]}]},{\"@type\":\"ImageObject\",\"inLanguage\":\"de\",\"@id\":\"https:\\\/\\\/www.omnesbands.international\\\/producto\\\/cantares-de-la-nueva-tierra\\\/#primaryimage\",\"url\":\"https:\\\/\\\/www.omnesbands.international\\\/wp-content\\\/uploads\\\/2023\\\/01\\\/Cantares-de-la-Nueva-Tierra.jpg\",\"contentUrl\":\"https:\\\/\\\/www.omnesbands.international\\\/wp-content\\\/uploads\\\/2023\\\/01\\\/Cantares-de-la-Nueva-Tierra.jpg\",\"width\":600,\"height\":420,\"caption\":\"Cantares de la Nueva Tierra\"},{\"@type\":\"BreadcrumbList\",\"@id\":\"https:\\\/\\\/www.omnesbands.international\\\/producto\\\/cantares-de-la-nueva-tierra\\\/#breadcrumb\",\"itemListElement\":[{\"@type\":\"ListItem\",\"position\":1,\"name\":\"Portada\",\"item\":\"https:\\\/\\\/www.omnesbands.international\\\/\"},{\"@type\":\"ListItem\",\"position\":2,\"name\":\"Tienda\",\"item\":\"https:\\\/\\\/www.omnesbands.international\\\/en\\\/shop\\\/\"},{\"@type\":\"ListItem\",\"position\":3,\"name\":\"Cantares de la Nueva Tierra\"}]},{\"@type\":\"WebSite\",\"@id\":\"https:\\\/\\\/www.omnesbands.international\\\/#website\",\"url\":\"https:\\\/\\\/www.omnesbands.international\\\/\",\"name\":\"OMNESBANDS International\",\"description\":\"Partituras Originales de autores y compositores independientes\",\"publisher\":{\"@id\":\"https:\\\/\\\/www.omnesbands.international\\\/#organization\"},\"potentialAction\":[{\"@type\":\"SearchAction\",\"target\":{\"@type\":\"EntryPoint\",\"urlTemplate\":\"https:\\\/\\\/www.omnesbands.international\\\/?s={search_term_string}\"},\"query-input\":{\"@type\":\"PropertyValueSpecification\",\"valueRequired\":true,\"valueName\":\"search_term_string\"}}],\"inLanguage\":\"de\"},{\"@type\":\"Organization\",\"@id\":\"https:\\\/\\\/www.omnesbands.international\\\/#organization\",\"name\":\"Indra Consultores Internacionales\",\"alternateName\":\"Omnesbands\",\"url\":\"https:\\\/\\\/www.omnesbands.international\\\/\",\"logo\":{\"@type\":\"ImageObject\",\"inLanguage\":\"de\",\"@id\":\"https:\\\/\\\/www.omnesbands.international\\\/#\\\/schema\\\/logo\\\/image\\\/\",\"url\":\"https:\\\/\\\/omnesbands.international\\\/wp-content\\\/uploads\\\/2023\\\/06\\\/Logo-Nuevo-.png\",\"contentUrl\":\"https:\\\/\\\/omnesbands.international\\\/wp-content\\\/uploads\\\/2023\\\/06\\\/Logo-Nuevo-.png\",\"width\":394,\"height\":212,\"caption\":\"Indra Consultores Internacionales\"},\"image\":{\"@id\":\"https:\\\/\\\/www.omnesbands.international\\\/#\\\/schema\\\/logo\\\/image\\\/\"}}]}<\/script>\n<meta property=\"product:price:amount\" content=\"45.00\" \/>\n<meta property=\"product:price:currency\" content=\"USD\" \/>\n<meta property=\"og:availability\" content=\"instock\" \/>\n<meta property=\"product:availability\" content=\"instock\" \/>\n<meta property=\"product:retailer_item_id\" content=\"CAN-SIN-ESP-22\" \/>\n<meta property=\"product:condition\" content=\"new\" \/>\n<!-- \/ Yoast SEO Premium plugin. -->","yoast_head_json":{"title":"Cantares de la Nueva Tierra -","description":"Partituras de m\u00fasica Sinf\u00f3nica para Orquestas y bandas. M\u00fasica escrita.","robots":{"index":"index","follow":"follow","max-snippet":"max-snippet:-1","max-image-preview":"max-image-preview:large","max-video-preview":"max-video-preview:-1"},"canonical":"https:\/\/www.omnesbands.international\/de\/produkt\/cantares-de-la-nueva-tierra\/","og_locale":"de_DE","og_type":"article","og_title":"Cantares de la Nueva Tierra","og_description":"Partituras de m\u00fasica Sinf\u00f3nica para Orquestas y bandas. M\u00fasica escrita.","og_url":"https:\/\/www.omnesbands.international\/de\/produkt\/cantares-de-la-nueva-tierra\/","article_modified_time":"2023-12-02T20:49:16+00:00","og_image":[{"width":600,"height":420,"url":"https:\/\/www.omnesbands.international\/wp-content\/uploads\/2023\/01\/Cantares-de-la-Nueva-Tierra.jpg","type":"image\/jpeg"}],"twitter_card":"summary_large_image","twitter_misc":{"Preis":"&#36;45.00","Verf\u00fcgbarkeit":"Auf Lager"},"schema":{"@context":"https:\/\/schema.org","@graph":[{"@type":"WebPage","@id":"https:\/\/www.omnesbands.international\/producto\/cantares-de-la-nueva-tierra\/","url":"https:\/\/www.omnesbands.international\/producto\/cantares-de-la-nueva-tierra\/","name":"Cantares de la Nueva Tierra -","isPartOf":{"@id":"https:\/\/www.omnesbands.international\/#website"},"primaryImageOfPage":{"@id":"https:\/\/www.omnesbands.international\/producto\/cantares-de-la-nueva-tierra\/#primaryimage"},"image":{"@id":"https:\/\/www.omnesbands.international\/producto\/cantares-de-la-nueva-tierra\/#primaryimage"},"thumbnailUrl":"https:\/\/www.omnesbands.international\/wp-content\/uploads\/2023\/01\/Cantares-de-la-Nueva-Tierra.jpg","datePublished":"2023-01-24T03:40:25+00:00","dateModified":"2023-12-02T20:49:16+00:00","description":"Partituras de m\u00fasica Sinf\u00f3nica para Orquestas y bandas. M\u00fasica escrita.","breadcrumb":{"@id":"https:\/\/www.omnesbands.international\/producto\/cantares-de-la-nueva-tierra\/#breadcrumb"},"inLanguage":"de","potentialAction":[{"@type":"ReadAction","target":["https:\/\/www.omnesbands.international\/producto\/cantares-de-la-nueva-tierra\/"]}]},{"@type":"ImageObject","inLanguage":"de","@id":"https:\/\/www.omnesbands.international\/producto\/cantares-de-la-nueva-tierra\/#primaryimage","url":"https:\/\/www.omnesbands.international\/wp-content\/uploads\/2023\/01\/Cantares-de-la-Nueva-Tierra.jpg","contentUrl":"https:\/\/www.omnesbands.international\/wp-content\/uploads\/2023\/01\/Cantares-de-la-Nueva-Tierra.jpg","width":600,"height":420,"caption":"Cantares de la Nueva Tierra"},{"@type":"BreadcrumbList","@id":"https:\/\/www.omnesbands.international\/producto\/cantares-de-la-nueva-tierra\/#breadcrumb","itemListElement":[{"@type":"ListItem","position":1,"name":"Portada","item":"https:\/\/www.omnesbands.international\/"},{"@type":"ListItem","position":2,"name":"Tienda","item":"https:\/\/www.omnesbands.international\/en\/shop\/"},{"@type":"ListItem","position":3,"name":"Cantares de la Nueva Tierra"}]},{"@type":"WebSite","@id":"https:\/\/www.omnesbands.international\/#website","url":"https:\/\/www.omnesbands.international\/","name":"OMNESBANDS International","description":"Original-Noten von unabh\u00e4ngigen Autoren und Komponisten","publisher":{"@id":"https:\/\/www.omnesbands.international\/#organization"},"potentialAction":[{"@type":"SearchAction","target":{"@type":"EntryPoint","urlTemplate":"https:\/\/www.omnesbands.international\/?s={search_term_string}"},"query-input":{"@type":"PropertyValueSpecification","valueRequired":true,"valueName":"search_term_string"}}],"inLanguage":"de"},{"@type":"Organization","@id":"https:\/\/www.omnesbands.international\/#organization","name":"Indra Internationale Berater","alternateName":"Omnesbands","url":"https:\/\/www.omnesbands.international\/","logo":{"@type":"ImageObject","inLanguage":"de","@id":"https:\/\/www.omnesbands.international\/#\/schema\/logo\/image\/","url":"https:\/\/omnesbands.international\/wp-content\/uploads\/2023\/06\/Logo-Nuevo-.png","contentUrl":"https:\/\/omnesbands.international\/wp-content\/uploads\/2023\/06\/Logo-Nuevo-.png","width":394,"height":212,"caption":"Indra Consultores Internacionales"},"image":{"@id":"https:\/\/www.omnesbands.international\/#\/schema\/logo\/image\/"}}]},"product_price_amount":"45.00","product_price_currency":"USD","og_availability":"instock","product_availability":"instock","product_retailer_item_id":"CAN-SIN-ESP-22","product_condition":"new"},"uagb_featured_image_src":{"full":["https:\/\/www.omnesbands.international\/wp-content\/uploads\/2023\/01\/Cantares-de-la-Nueva-Tierra.jpg",600,420,false],"thumbnail":["https:\/\/www.omnesbands.international\/wp-content\/uploads\/2023\/01\/Cantares-de-la-Nueva-Tierra-150x150.jpg",150,150,true],"medium":["https:\/\/www.omnesbands.international\/wp-content\/uploads\/2023\/01\/Cantares-de-la-Nueva-Tierra-300x210.jpg",300,210,true],"medium_large":["https:\/\/www.omnesbands.international\/wp-content\/uploads\/2023\/01\/Cantares-de-la-Nueva-Tierra.jpg",600,420,false],"large":["https:\/\/www.omnesbands.international\/wp-content\/uploads\/2023\/01\/Cantares-de-la-Nueva-Tierra.jpg",600,420,false],"1536x1536":["https:\/\/www.omnesbands.international\/wp-content\/uploads\/2023\/01\/Cantares-de-la-Nueva-Tierra.jpg",600,420,false],"2048x2048":["https:\/\/www.omnesbands.international\/wp-content\/uploads\/2023\/01\/Cantares-de-la-Nueva-Tierra.jpg",600,420,false],"trp-custom-language-flag":["https:\/\/www.omnesbands.international\/wp-content\/uploads\/2023\/01\/Cantares-de-la-Nueva-Tierra.jpg",18,12,false],"gg_gallery_thumbnail":["https:\/\/www.omnesbands.international\/wp-content\/uploads\/2023\/01\/Cantares-de-la-Nueva-Tierra.jpg",357,250,false],"woocommerce_thumbnail":["https:\/\/www.omnesbands.international\/wp-content\/uploads\/2023\/01\/Cantares-de-la-Nueva-Tierra-300x300.jpg",300,300,true],"woocommerce_single":["https:\/\/www.omnesbands.international\/wp-content\/uploads\/2023\/01\/Cantares-de-la-Nueva-Tierra.jpg",600,420,false],"woocommerce_gallery_thumbnail":["https:\/\/www.omnesbands.international\/wp-content\/uploads\/2023\/01\/Cantares-de-la-Nueva-Tierra-100x100.jpg",100,100,true]},"uagb_author_info":{"display_name":"Melvin R. Portillo A:","author_link":"https:\/\/www.omnesbands.international\/de\/author\/"},"uagb_comment_info":0,"uagb_excerpt":"\u201cCantares de la nueva tierra\u201d ha sido escrita para conmemorar el 400 aniversario de la Carta Puebla de Chella (Valencia).","_links":{"self":[{"href":"https:\/\/www.omnesbands.international\/de\/wp-json\/wp\/v2\/product\/993","targetHints":{"allow":["GET"]}}],"collection":[{"href":"https:\/\/www.omnesbands.international\/de\/wp-json\/wp\/v2\/product"}],"about":[{"href":"https:\/\/www.omnesbands.international\/de\/wp-json\/wp\/v2\/types\/product"}],"replies":[{"embeddable":true,"href":"https:\/\/www.omnesbands.international\/de\/wp-json\/wp\/v2\/comments?post=993"}],"wp:featuredmedia":[{"embeddable":true,"href":"https:\/\/www.omnesbands.international\/de\/wp-json\/wp\/v2\/media\/994"}],"wp:attachment":[{"href":"https:\/\/www.omnesbands.international\/de\/wp-json\/wp\/v2\/media?parent=993"}],"wp:term":[{"taxonomy":"product_brand","embeddable":true,"href":"https:\/\/www.omnesbands.international\/de\/wp-json\/wp\/v2\/product_brand?post=993"},{"taxonomy":"product_cat","embeddable":true,"href":"https:\/\/www.omnesbands.international\/de\/wp-json\/wp\/v2\/product_cat?post=993"},{"taxonomy":"product_tag","embeddable":true,"href":"https:\/\/www.omnesbands.international\/de\/wp-json\/wp\/v2\/product_tag?post=993"}],"curies":[{"name":"wp","href":"https:\/\/api.w.org\/{rel}","templated":true}]}}