{"id":1592,"date":"2023-01-27T23:24:17","date_gmt":"2023-01-28T05:24:17","guid":{"rendered":"https:\/\/omnesbands.international\/?page_id=1592"},"modified":"2023-01-28T11:44:49","modified_gmt":"2023-01-28T17:44:49","slug":"damian-molina-beneyto-2","status":"publish","type":"page","link":"https:\/\/www.omnesbands.international\/en\/damian-molina-beneyto-2\/","title":{"rendered":"Damian Molina Beneyto"},"content":{"rendered":"<div class=\"wp-block-uagb-container uagb-block-ecdb5dfc alignfull uagb-is-root-container\"><div class=\"uagb-container-inner-blocks-wrap\">\n<div class=\"wp-block-uagb-advanced-heading uagb-block-99e8c84e\"><h1 class=\"uagb-heading-text\">Damian Molina Beneyto<\/h1><\/div>\n<\/div><\/div>\n\n\n\n<div class=\"wp-block-uagb-container uagb-block-fc663b89 alignfull uagb-is-root-container\"><div class=\"uagb-container-inner-blocks-wrap\">\n<div class=\"wp-block-uagb-container uagb-block-9938d031 alignfull uagb-is-root-container\"><div class=\"uagb-container-inner-blocks-wrap\">\n<p>Dami\u00e1n Molina Beneyto was born on September 19, 1970, son of Agust\u00ed Molina Molina Molina (a mechanic by profession) and Amparo Beneyto Gisbert (a weaver when she was young, and a magnificent mother and housewife).<\/p>\n<p>Without any musical tradition at home, at the age of 7 he asked his parents that he wanted to study music, which surprised his parents, but they did not hesitate to support the illusion of their son, who soon took the right path under the guidance of Antonio Calatayud Va\u00f1\u00f3, both in music theory and clarinet.<\/p>\n<p>When he was only nine years old, he was already attending the rehearsals of the Uni\u00f3n Musical de Boca-rent, to which he officially belonged since February 1980, performing his first concert with the clarinet on March 31, 1980.<\/p>\n<p>In September 1980 he began his studies at the Conservatory of Music \"Jos\u00e9 Melchor Gomis\" in Ontinyent, continuing his training at the conservatories \"Mestre Vert\" in Carcaixent, \"J. Rodrigo\" in Valencia, \"Teresa Bayona\" in Zaragoza, and \"Oscar Espl\u00e1\" in Alicante.<\/p>\n<p>In the summer of 1986 he began his training as a conductor, attending the International Choral Conducting Course in Lleida, an experience he repeated until 1991.<\/p>\n<p>In September 1986 he took over the direction of the parish choir of Bocairent, a facet that he would develop for more than a decade, reaching a high level of performance recognized in Bocairent and the surrounding villages.<\/p>\n<p>At the same time, at the Polytechnic University of Valencia, he obtained the degree of Industrial Technical Engineer, specializing in electricity, where he also completed other courses related to electrical switchgear.<\/p>\n<p>In 1993 he began his band conducting training, attending courses and seminars where he continued studying pedagogy, clarinet, orchestra conducting and composition. His teachers have been of high national and international prestige: Laszlo Heltay, Alain Langree, Stanislav Krousovsky, Ana Luc\u00eda Roza, Maravillas D\u00edaz, Jan Cober, Jos\u00e9 Rafael Pascual, Jos\u00e9 Vte. Herrera, Emilio Molina, Eugen Corporon, etc. They have been, among others, those who have complemented his training for more than two decades, intellectually and as a person open to all, willing to work and collaborate in all kinds of new projects, studies and musical experiments.<\/p>\n<p>ACTIVITIES CARRIED OUT AND DEVELOPED UP TO THE PRESENT TIME:<\/p>\n<p>Teacher:<\/p>\n<p>Clarinet teacher at the Academy of the Asociaci\u00f3n Uni\u00f3n Musical de Boca-rent, from 1986 to 1989.<br \/>Clarinet teacher at the Conservatory of Ontinyent, extension in Bocairent, during the academic years 1989-1990 and 1990-1991.<br \/>Clarinet and musical language teacher at the Regional School of Music of the Albaida Valley from the course 1.991-1.992, up to <br \/>2001-2002, except for the academic year 1995-1996, due to Military Service.<br \/>Teacher of E.S.O. in the specialty of music, in the C.C. La Milagrosa of Ontinyent, in the courses 1996-97, and 1997-98.<\/p>\n<p>As a composer he has won several prizes in composition competitions: we must highlight three first prizes, one in Benidorm, 1999, and another in Muro de Alcoi, 2009, with the work for symphonic band \"Dodecaedro Sonoro\", and another recently (2011), convened by the \"CESM\" (Spanish confederation of musical societies), with the symphonic work \"ONIROS\".<\/p>\n<p>He has been conductor of the polyphonic choir \"Ciutat d'Alcira\", of the \"Associaci\u00f3 Musical El Verger\" and of the \"Grup Tardor\" (group of voices and pulse and pua instruments). Since 2000 he has been the titular director of the \"Uni\u00f3n Musical Xeraco\", and since 2012 of the \"Societat Instructiva Uni\u00f3 Musical de Xeresa\".<\/p>\n<p>In the field of music teaching he has been professor of solf\u00e8ge and trumpet at the music school of Xeraco, professor of solf\u00e8ge at the music school of Alf\u00e1s del Pi, professor of harmony, counterpoint and analysis at the professional conservatory \"Districte Mar\u00edtim\" of Grau de Gandia and at the higher conservatories of music of Valencia, Castell\u00f3n and Alicante. Currently, and since 2006, he is a teacher by competitive examination at the municipal professional conservatory \"Jos\u00e9 P\u00e9rez Barcel\u00f3\" of Benidorm.<\/p>\n\n\n<div class=\"woocommerce columns-4\"><ul class=\"products columns-4\">\n<li class=\"desktop-align-left tablet-align-left mobile-align-left ast-product-gallery-layout-horizontal-slider product type-product post-1041 status-publish first instock product_cat-musica-de-calle product_tag-damian-molina-beneyto has-post-thumbnail downloadable virtual taxable purchasable product-type-simple\">\n\t<a href=\"https:\/\/www.omnesbands.international\/en\/product\/almogaver-consteta\/\" class=\"woocommerce-LoopProduct-link woocommerce-loop-product__link\"><img loading=\"lazy\" decoding=\"async\" width=\"300\" height=\"300\" src=\"https:\/\/www.omnesbands.international\/wp-content\/uploads\/2023\/01\/Almogavar-300x300.jpg\" class=\"attachment-woocommerce_thumbnail size-woocommerce_thumbnail\" alt=\"Almog\u00e1var Consteta\" srcset=\"https:\/\/www.omnesbands.international\/wp-content\/uploads\/2023\/01\/Almogavar-300x300.jpg 300w, https:\/\/www.omnesbands.international\/wp-content\/uploads\/2023\/01\/Almogavar-150x150.jpg 150w, https:\/\/www.omnesbands.international\/wp-content\/uploads\/2023\/01\/Almogavar-100x100.jpg 100w\" sizes=\"auto, (max-width: 300px) 100vw, 300px\" \/><h2 class=\"woocommerce-loop-product__title\">Almog\u00e1var Consteta<\/h2>\n\t<span class=\"price\"><span class=\"woocommerce-Price-amount amount\"><bdi><span class=\"woocommerce-Price-currencySymbol\">&#36;<\/span>25.00<\/bdi><\/span><\/span>\n<\/a><a href=\"\/en\/wp-json\/wp\/v2\/pages\/1592?add-to-cart=1041\" aria-describedby=\"woocommerce_loop_add_to_cart_link_describedby_1041\" data-quantity=\"1\" class=\"button product_type_simple add_to_cart_button ajax_add_to_cart\" data-product_id=\"1041\" data-product_sku=\"ALMO-CAL-ESP-22\" aria-label=\"Add to cart: \u201cAlmog\u00e1var Consteta\u201d\" rel=\"nofollow\" data-success_message=\"\u201cAlmog\u00e1var Consteta\u201d has been added to your cart\" role=\"button\" data-no-translation=\"\" data-trp-gettext=\"\" data-no-translation-aria-label=\"\" data-no-translation-data-success_message=\"\">Add to cart<\/a>\t<span id=\"woocommerce_loop_add_to_cart_link_describedby_1041\" class=\"screen-reader-text\">\n\t\t\t<\/span>\n<\/li>\n<li class=\"desktop-align-left tablet-align-left mobile-align-left ast-product-gallery-layout-horizontal-slider product type-product post-1194 status-publish instock product_cat-musica-de-calle product_tag-damian-molina-beneyto has-post-thumbnail downloadable virtual taxable purchasable product-type-simple\">\n\t<a href=\"https:\/\/www.omnesbands.international\/en\/product\/ignacio-capita-zuau\/\" class=\"woocommerce-LoopProduct-link woocommerce-loop-product__link\"><img loading=\"lazy\" decoding=\"async\" width=\"300\" height=\"300\" src=\"https:\/\/www.omnesbands.international\/wp-content\/uploads\/2023\/01\/Ignacio-Capita-Zuau-1-300x300.jpg\" class=\"attachment-woocommerce_thumbnail size-woocommerce_thumbnail\" alt=\"Ignacio Capit\u00e1 Zuau\" srcset=\"https:\/\/www.omnesbands.international\/wp-content\/uploads\/2023\/01\/Ignacio-Capita-Zuau-1-300x300.jpg 300w, https:\/\/www.omnesbands.international\/wp-content\/uploads\/2023\/01\/Ignacio-Capita-Zuau-1-150x150.jpg 150w, https:\/\/www.omnesbands.international\/wp-content\/uploads\/2023\/01\/Ignacio-Capita-Zuau-1-11x12.jpg 11w, https:\/\/www.omnesbands.international\/wp-content\/uploads\/2023\/01\/Ignacio-Capita-Zuau-1-100x100.jpg 100w\" sizes=\"auto, (max-width: 300px) 100vw, 300px\" \/><h2 class=\"woocommerce-loop-product__title\">Ignacio Capita Zuau<\/h2>\n\t<span class=\"price\"><span class=\"woocommerce-Price-amount amount\"><bdi><span class=\"woocommerce-Price-currencySymbol\">&#36;<\/span>25.00<\/bdi><\/span><\/span>\n<\/a><a href=\"\/en\/wp-json\/wp\/v2\/pages\/1592?add-to-cart=1194\" aria-describedby=\"woocommerce_loop_add_to_cart_link_describedby_1194\" data-quantity=\"1\" class=\"button product_type_simple add_to_cart_button ajax_add_to_cart\" data-product_id=\"1194\" data-product_sku=\"IGN-CAL-ESP-22\" aria-label=\"Add to cart: \u201cIgnacio Capit\u00e1 Zuau\u201d\" rel=\"nofollow\" data-success_message=\"\u201cIgnacio Capit\u00e1 Zuau\u201d has been added to your cart\" role=\"button\" data-no-translation=\"\" data-trp-gettext=\"\" data-no-translation-aria-label=\"\" data-no-translation-data-success_message=\"\">Add to cart<\/a>\t<span id=\"woocommerce_loop_add_to_cart_link_describedby_1194\" class=\"screen-reader-text\">\n\t\t\t<\/span>\n<\/li>\n<li class=\"desktop-align-left tablet-align-left mobile-align-left ast-product-gallery-layout-horizontal-slider product type-product post-1221 status-publish instock product_cat-musica-de-calle product_tag-damian-molina-beneyto has-post-thumbnail downloadable virtual taxable purchasable product-type-simple\">\n\t<a href=\"https:\/\/www.omnesbands.international\/en\/product\/marmotes\/\" class=\"woocommerce-LoopProduct-link woocommerce-loop-product__link\"><img loading=\"lazy\" decoding=\"async\" width=\"300\" height=\"300\" src=\"https:\/\/www.omnesbands.international\/wp-content\/uploads\/2023\/01\/Marmotes-1-300x300.jpg\" class=\"attachment-woocommerce_thumbnail size-woocommerce_thumbnail\" alt=\"Marmotes\" srcset=\"https:\/\/www.omnesbands.international\/wp-content\/uploads\/2023\/01\/Marmotes-1-300x300.jpg 300w, https:\/\/www.omnesbands.international\/wp-content\/uploads\/2023\/01\/Marmotes-1-150x150.jpg 150w, https:\/\/www.omnesbands.international\/wp-content\/uploads\/2023\/01\/Marmotes-1-100x100.jpg 100w\" sizes=\"auto, (max-width: 300px) 100vw, 300px\" \/><h2 class=\"woocommerce-loop-product__title\">marmots<\/h2>\n\t<span class=\"price\"><span class=\"woocommerce-Price-amount amount\"><bdi><span class=\"woocommerce-Price-currencySymbol\">&#36;<\/span>25.00<\/bdi><\/span><\/span>\n<\/a><a href=\"\/en\/wp-json\/wp\/v2\/pages\/1592?add-to-cart=1221\" aria-describedby=\"woocommerce_loop_add_to_cart_link_describedby_1221\" data-quantity=\"1\" class=\"button product_type_simple add_to_cart_button ajax_add_to_cart\" data-product_id=\"1221\" data-product_sku=\"MAR-CAL-ESP-22\" aria-label=\"Add to cart: \u201cMarmotes\u201d\" rel=\"nofollow\" data-success_message=\"\u201cMarmotes\u201d has been added to your cart\" role=\"button\" data-no-translation=\"\" data-trp-gettext=\"\" data-no-translation-aria-label=\"\" data-no-translation-data-success_message=\"\">Add to cart<\/a>\t<span id=\"woocommerce_loop_add_to_cart_link_describedby_1221\" class=\"screen-reader-text\">\n\t\t\t<\/span>\n<\/li>\n<\/ul>\n<\/div>\n<\/div><\/div>\n<\/div><\/div>","protected":false},"excerpt":{"rendered":"<p>Dami\u00e1n Molina Beneyto Dami\u00e1n Molina Beneyto, nace el 19 de septiembre de 1970, hijo de Agust\u00ed Molina Molina (mec\u00e1nico de profesi\u00f3n) y Amparo Beneyto Gisbert (tejedora de joven, y magn\u00edfica madre y due\u00f1a de casa). Sin ninguna tradici\u00f3n musical en casa, a la edad de 7 a\u00f1os pidi\u00f3 a sus padres que quer\u00eda estudiar m\u00fasica, [&hellip;]<\/p>\n","protected":false},"author":4,"featured_media":0,"parent":0,"menu_order":0,"comment_status":"closed","ping_status":"closed","template":"","meta":{"_acf_changed":false,"_uag_custom_page_level_css":"","site-sidebar-layout":"default","site-content-layout":"","ast-site-content-layout":"default","site-content-style":"default","site-sidebar-style":"default","ast-global-header-display":"","ast-banner-title-visibility":"","ast-main-header-display":"","ast-hfb-above-header-display":"","ast-hfb-below-header-display":"","ast-hfb-mobile-header-display":"","site-post-title":"disabled","ast-breadcrumbs-content":"","ast-featured-img":"","footer-sml-layout":"","ast-disable-related-posts":"","theme-transparent-header-meta":"","adv-header-id-meta":"","stick-header-meta":"","header-above-stick-meta":"","header-main-stick-meta":"","header-below-stick-meta":"","astra-migrate-meta-layouts":"default","ast-page-background-enabled":"default","ast-page-background-meta":{"desktop":{"background-color":"","background-image":"","background-repeat":"repeat","background-position":"center center","background-size":"auto","background-attachment":"scroll","background-type":"","background-media":"","overlay-type":"","overlay-color":"","overlay-opacity":"","overlay-gradient":""},"tablet":{"background-color":"","background-image":"","background-repeat":"repeat","background-position":"center center","background-size":"auto","background-attachment":"scroll","background-type":"","background-media":"","overlay-type":"","overlay-color":"","overlay-opacity":"","overlay-gradient":""},"mobile":{"background-color":"","background-image":"","background-repeat":"repeat","background-position":"center center","background-size":"auto","background-attachment":"scroll","background-type":"","background-media":"","overlay-type":"","overlay-color":"","overlay-opacity":"","overlay-gradient":""}},"ast-content-background-meta":{"desktop":{"background-color":"var(--ast-global-color-5)","background-image":"","background-repeat":"repeat","background-position":"center center","background-size":"auto","background-attachment":"scroll","background-type":"","background-media":"","overlay-type":"","overlay-color":"","overlay-opacity":"","overlay-gradient":""},"tablet":{"background-color":"var(--ast-global-color-5)","background-image":"","background-repeat":"repeat","background-position":"center center","background-size":"auto","background-attachment":"scroll","background-type":"","background-media":"","overlay-type":"","overlay-color":"","overlay-opacity":"","overlay-gradient":""},"mobile":{"background-color":"var(--ast-global-color-5)","background-image":"","background-repeat":"repeat","background-position":"center center","background-size":"auto","background-attachment":"scroll","background-type":"","background-media":"","overlay-type":"","overlay-color":"","overlay-opacity":"","overlay-gradient":""}},"footnotes":""},"class_list":["post-1592","page","type-page","status-publish","hentry"],"acf":[],"yoast_head":"<!-- This site is optimized with the Yoast SEO Premium plugin v22.4 (Yoast SEO v27.4) - https:\/\/yoast.com\/product\/yoast-seo-premium-wordpress\/ -->\n<title>Dami\u00e1n Molina Beneyto -<\/title>\n<meta name=\"robots\" content=\"index, follow, max-snippet:-1, max-image-preview:large, max-video-preview:-1\" \/>\n<link rel=\"canonical\" href=\"https:\/\/www.omnesbands.international\/en\/damian-molina-beneyto-2\/\" \/>\n<meta property=\"og:locale\" content=\"en_US\" \/>\n<meta property=\"og:type\" content=\"article\" \/>\n<meta property=\"og:title\" content=\"Dami\u00e1n Molina Beneyto\" \/>\n<meta property=\"og:description\" content=\"Dami\u00e1n Molina Beneyto Dami\u00e1n Molina Beneyto, nace el 19 de septiembre de 1970, hijo de Agust\u00ed Molina Molina (mec\u00e1nico de profesi\u00f3n) y Amparo Beneyto Gisbert (tejedora de joven, y magn\u00edfica madre y due\u00f1a de casa). Sin ninguna tradici\u00f3n musical en casa, a la edad de 7 a\u00f1os pidi\u00f3 a sus padres que quer\u00eda estudiar m\u00fasica, [&hellip;]\" \/>\n<meta property=\"og:url\" content=\"https:\/\/www.omnesbands.international\/en\/damian-molina-beneyto-2\/\" \/>\n<meta property=\"article:modified_time\" content=\"2023-01-28T17:44:49+00:00\" \/>\n<meta property=\"og:image\" content=\"https:\/\/www.omnesbands.international\/wp-content\/uploads\/2023\/01\/music-sheet-music-snowdrop-7107045.jpg\" \/>\n\t<meta property=\"og:image:width\" content=\"1280\" \/>\n\t<meta property=\"og:image:height\" content=\"742\" \/>\n\t<meta property=\"og:image:type\" content=\"image\/jpeg\" \/>\n<meta name=\"twitter:card\" content=\"summary_large_image\" \/>\n<meta name=\"twitter:label1\" content=\"Est. reading time\" \/>\n\t<meta name=\"twitter:data1\" content=\"3 minutes\" \/>\n<script type=\"application\/ld+json\" class=\"yoast-schema-graph\">{\"@context\":\"https:\\\/\\\/schema.org\",\"@graph\":[{\"@type\":\"WebPage\",\"@id\":\"https:\\\/\\\/www.omnesbands.international\\\/en\\\/damian-molina-beneyto-2\\\/\",\"url\":\"https:\\\/\\\/www.omnesbands.international\\\/en\\\/damian-molina-beneyto-2\\\/\",\"name\":\"Dami\u00e1n Molina Beneyto -\",\"isPartOf\":{\"@id\":\"https:\\\/\\\/www.omnesbands.international\\\/#website\"},\"datePublished\":\"2023-01-28T05:24:17+00:00\",\"dateModified\":\"2023-01-28T17:44:49+00:00\",\"breadcrumb\":{\"@id\":\"https:\\\/\\\/www.omnesbands.international\\\/en\\\/damian-molina-beneyto-2\\\/#breadcrumb\"},\"inLanguage\":\"en-US\",\"potentialAction\":[{\"@type\":\"ReadAction\",\"target\":[\"https:\\\/\\\/www.omnesbands.international\\\/en\\\/damian-molina-beneyto-2\\\/\"]}]},{\"@type\":\"BreadcrumbList\",\"@id\":\"https:\\\/\\\/www.omnesbands.international\\\/en\\\/damian-molina-beneyto-2\\\/#breadcrumb\",\"itemListElement\":[{\"@type\":\"ListItem\",\"position\":1,\"name\":\"Portada\",\"item\":\"https:\\\/\\\/www.omnesbands.international\\\/\"},{\"@type\":\"ListItem\",\"position\":2,\"name\":\"Dami\u00e1n Molina Beneyto\"}]},{\"@type\":\"WebSite\",\"@id\":\"https:\\\/\\\/www.omnesbands.international\\\/#website\",\"url\":\"https:\\\/\\\/www.omnesbands.international\\\/\",\"name\":\"OMNESBANDS International\",\"description\":\"Partituras Originales de autores y compositores independientes\",\"publisher\":{\"@id\":\"https:\\\/\\\/www.omnesbands.international\\\/#organization\"},\"potentialAction\":[{\"@type\":\"SearchAction\",\"target\":{\"@type\":\"EntryPoint\",\"urlTemplate\":\"https:\\\/\\\/www.omnesbands.international\\\/?s={search_term_string}\"},\"query-input\":{\"@type\":\"PropertyValueSpecification\",\"valueRequired\":true,\"valueName\":\"search_term_string\"}}],\"inLanguage\":\"en-US\"},{\"@type\":\"Organization\",\"@id\":\"https:\\\/\\\/www.omnesbands.international\\\/#organization\",\"name\":\"Indra Consultores Internacionales\",\"alternateName\":\"Omnesbands\",\"url\":\"https:\\\/\\\/www.omnesbands.international\\\/\",\"logo\":{\"@type\":\"ImageObject\",\"inLanguage\":\"en-US\",\"@id\":\"https:\\\/\\\/www.omnesbands.international\\\/#\\\/schema\\\/logo\\\/image\\\/\",\"url\":\"https:\\\/\\\/omnesbands.international\\\/wp-content\\\/uploads\\\/2023\\\/06\\\/Logo-Nuevo-.png\",\"contentUrl\":\"https:\\\/\\\/omnesbands.international\\\/wp-content\\\/uploads\\\/2023\\\/06\\\/Logo-Nuevo-.png\",\"width\":394,\"height\":212,\"caption\":\"Indra Consultores Internacionales\"},\"image\":{\"@id\":\"https:\\\/\\\/www.omnesbands.international\\\/#\\\/schema\\\/logo\\\/image\\\/\"}}]}<\/script>\n<!-- \/ Yoast SEO Premium plugin. -->","yoast_head_json":{"title":"Dami\u00e1n Molina Beneyto -","robots":{"index":"index","follow":"follow","max-snippet":"max-snippet:-1","max-image-preview":"max-image-preview:large","max-video-preview":"max-video-preview:-1"},"canonical":"https:\/\/www.omnesbands.international\/en\/damian-molina-beneyto-2\/","og_locale":"en_US","og_type":"article","og_title":"Dami\u00e1n Molina Beneyto","og_description":"Dami\u00e1n Molina Beneyto Dami\u00e1n Molina Beneyto, nace el 19 de septiembre de 1970, hijo de Agust\u00ed Molina Molina (mec\u00e1nico de profesi\u00f3n) y Amparo Beneyto Gisbert (tejedora de joven, y magn\u00edfica madre y due\u00f1a de casa). Sin ninguna tradici\u00f3n musical en casa, a la edad de 7 a\u00f1os pidi\u00f3 a sus padres que quer\u00eda estudiar m\u00fasica, [&hellip;]","og_url":"https:\/\/www.omnesbands.international\/en\/damian-molina-beneyto-2\/","article_modified_time":"2023-01-28T17:44:49+00:00","og_image":[{"width":1280,"height":742,"url":"https:\/\/www.omnesbands.international\/wp-content\/uploads\/2023\/01\/music-sheet-music-snowdrop-7107045.jpg","type":"image\/jpeg"}],"twitter_card":"summary_large_image","twitter_misc":{"Est. reading time":"3 minutes"},"schema":{"@context":"https:\/\/schema.org","@graph":[{"@type":"WebPage","@id":"https:\/\/www.omnesbands.international\/en\/damian-molina-beneyto-2\/","url":"https:\/\/www.omnesbands.international\/en\/damian-molina-beneyto-2\/","name":"Dami\u00e1n Molina Beneyto -","isPartOf":{"@id":"https:\/\/www.omnesbands.international\/#website"},"datePublished":"2023-01-28T05:24:17+00:00","dateModified":"2023-01-28T17:44:49+00:00","breadcrumb":{"@id":"https:\/\/www.omnesbands.international\/en\/damian-molina-beneyto-2\/#breadcrumb"},"inLanguage":"en-US","potentialAction":[{"@type":"ReadAction","target":["https:\/\/www.omnesbands.international\/en\/damian-molina-beneyto-2\/"]}]},{"@type":"BreadcrumbList","@id":"https:\/\/www.omnesbands.international\/en\/damian-molina-beneyto-2\/#breadcrumb","itemListElement":[{"@type":"ListItem","position":1,"name":"Portada","item":"https:\/\/www.omnesbands.international\/"},{"@type":"ListItem","position":2,"name":"Dami\u00e1n Molina Beneyto"}]},{"@type":"WebSite","@id":"https:\/\/www.omnesbands.international\/#website","url":"https:\/\/www.omnesbands.international\/","name":"OMNESBANDS International","description":"Original Sheet Music by independent authors and composers","publisher":{"@id":"https:\/\/www.omnesbands.international\/#organization"},"potentialAction":[{"@type":"SearchAction","target":{"@type":"EntryPoint","urlTemplate":"https:\/\/www.omnesbands.international\/?s={search_term_string}"},"query-input":{"@type":"PropertyValueSpecification","valueRequired":true,"valueName":"search_term_string"}}],"inLanguage":"en-US"},{"@type":"Organization","@id":"https:\/\/www.omnesbands.international\/#organization","name":"Indra International Consultants","alternateName":"Omnesbands","url":"https:\/\/www.omnesbands.international\/","logo":{"@type":"ImageObject","inLanguage":"en-US","@id":"https:\/\/www.omnesbands.international\/#\/schema\/logo\/image\/","url":"https:\/\/omnesbands.international\/wp-content\/uploads\/2023\/06\/Logo-Nuevo-.png","contentUrl":"https:\/\/omnesbands.international\/wp-content\/uploads\/2023\/06\/Logo-Nuevo-.png","width":394,"height":212,"caption":"Indra Consultores Internacionales"},"image":{"@id":"https:\/\/www.omnesbands.international\/#\/schema\/logo\/image\/"}}]}},"uagb_featured_image_src":{"full":false,"thumbnail":false,"medium":false,"medium_large":false,"large":false,"1536x1536":false,"2048x2048":false,"trp-custom-language-flag":false,"gg_gallery_thumbnail":false,"woocommerce_thumbnail":false,"woocommerce_single":false,"woocommerce_gallery_thumbnail":false},"uagb_author_info":{"display_name":"Melvin R. Portillo A:","author_link":"https:\/\/www.omnesbands.international\/en\/author\/portand\/"},"uagb_comment_info":0,"uagb_excerpt":"Dami\u00e1n Molina Beneyto Dami\u00e1n Molina Beneyto, nace el 19 de septiembre de 1970, hijo de Agust\u00ed Molina Molina (mec\u00e1nico de profesi\u00f3n) y Amparo Beneyto Gisbert (tejedora de joven, y magn\u00edfica madre y due\u00f1a de casa). Sin ninguna tradici\u00f3n musical en casa, a la edad de 7 a\u00f1os pidi\u00f3 a sus padres que quer\u00eda estudiar m\u00fasica,&hellip;","_links":{"self":[{"href":"https:\/\/www.omnesbands.international\/en\/wp-json\/wp\/v2\/pages\/1592","targetHints":{"allow":["GET"]}}],"collection":[{"href":"https:\/\/www.omnesbands.international\/en\/wp-json\/wp\/v2\/pages"}],"about":[{"href":"https:\/\/www.omnesbands.international\/en\/wp-json\/wp\/v2\/types\/page"}],"author":[{"embeddable":true,"href":"https:\/\/www.omnesbands.international\/en\/wp-json\/wp\/v2\/users\/4"}],"replies":[{"embeddable":true,"href":"https:\/\/www.omnesbands.international\/en\/wp-json\/wp\/v2\/comments?post=1592"}],"version-history":[{"count":4,"href":"https:\/\/www.omnesbands.international\/en\/wp-json\/wp\/v2\/pages\/1592\/revisions"}],"predecessor-version":[{"id":1609,"href":"https:\/\/www.omnesbands.international\/en\/wp-json\/wp\/v2\/pages\/1592\/revisions\/1609"}],"wp:attachment":[{"href":"https:\/\/www.omnesbands.international\/en\/wp-json\/wp\/v2\/media?parent=1592"}],"curies":[{"name":"wp","href":"https:\/\/api.w.org\/{rel}","templated":true}]}}