{"id":1566,"date":"2023-01-27T22:43:48","date_gmt":"2023-01-28T04:43:48","guid":{"rendered":"https:\/\/omnesbands.international\/?page_id=1566"},"modified":"2023-01-28T11:37:47","modified_gmt":"2023-01-28T17:37:47","slug":"antonio-cuenca-castello-2","status":"publish","type":"page","link":"https:\/\/www.omnesbands.international\/fr\/antonio-cuenca-castello-2\/","title":{"rendered":"ANTONIO CUENCA CASTELL\u00d3"},"content":{"rendered":"<div class=\"wp-block-uagb-container uagb-block-c3e9acd5 alignfull uagb-is-root-container\"><div class=\"uagb-container-inner-blocks-wrap\">\n<div class=\"wp-block-uagb-advanced-heading uagb-block-e73e0a66\"><h1 class=\"uagb-heading-text\">ANTONIO CUENCA CASTELL\u00d3<\/h1><\/div>\n<\/div><\/div>\n\n\n\n<div class=\"wp-block-uagb-container uagb-block-ad6db023 alignfull uagb-is-root-container\"><div class=\"uagb-container-inner-blocks-wrap\">\n<div class=\"wp-block-uagb-container uagb-block-1b6538b3 alignfull uagb-is-root-container\"><div class=\"uagb-container-inner-blocks-wrap\">\n<p>N\u00e9 \u00e0 Xeraco (Valence). Il a commenc\u00e9 ses \u00e9tudes au Conservatoire de Musique de Valence dans les mati\u00e8res de trompette, piano, harmonie, contrepoint, fugue, composition et instrumentation, obtenant une mention honorable dans la sp\u00e9cialit\u00e9 de composition.<\/p>\n<p>Il a \u00e9galement \u00e9tudi\u00e9 la direction d&#039;orchestre, de ch\u0153ur et d&#039;orchestre avec les professeurs Juan Espinosa, Francisco Cabrelles, Jos\u00e9 Rafael Pascual Vilaplana et Franco Cesarinni, puis a \u00e9largi sa formation avec Denise Ham, professeur d&#039;orchestre \u00e0 la Royal Academy of Music de Londres.<\/p>\n<p>En tant que compositeur, il a remport\u00e9 plusieurs prix dans des concours de composition : trois premiers prix sont \u00e0 souligner, un \u00e0 Benidorm, en 1999, et un autre \u00e0 Muro de Alcoi, en 2009, avec l&#039;\u0153uvre pour groupe symphonique \u00ab Dodecaedro Sonoro \u00bb, et un autre r\u00e9cemment (2011), convoqu\u00e9 par le &quot;CESM&quot; (Conf\u00e9d\u00e9ration espagnole des soci\u00e9t\u00e9s musicales), avec l&#039;oeuvre symphonique &quot;ONIROS&quot;.<\/p>\n<p>Il a \u00e9t\u00e9 chef principal du ch\u0153ur polyphonique &quot;Ciutat d&#039;Alcira&quot;, de l&#039;&quot;Associaci\u00f3 Musical El Verger&quot; et du &quot;Grup Tardor&quot; (groupe de voix et d&#039;instruments \u00e0 impulsion et pua). Depuis 2000, il est le chef principal de la \u00ab Uni\u00f3n Musical Xeraco \u00bb, et depuis 2012 de la \u00ab Societat Instructiva Uni\u00f3 Musical de Xeresa \u00bb.<\/p>\n<p>Dans la section d&#039;enseignement de la musique, il a \u00e9t\u00e9 professeur de solf\u00e8ge et de trompette \u00e0 l&#039;\u00e9cole de musique Xeraco, professeur de solf\u00e8ge \u00e0 l&#039;\u00e9cole de musique Alf\u00e1s del Pi, professeur d&#039;harmonie, de contrepoint et d&#039;analyse au conservatoire professionnel &quot;District Mar\u00edtim&quot; de le Grau de Gandia et les conservatoires sup\u00e9rieurs de musique de Valence, Castell\u00f3n et Alicante. Actuellement, et depuis 2006, il est professeur par opposition au conservatoire professionnel municipal &quot;Jos\u00e9 P\u00e9rez Barcel\u00f3&quot; de Benidorm.<\/p>\n\n\n<div class=\"woocommerce columns-4\"><ul class=\"products columns-4\">\n<li class=\"desktop-align-left tablet-align-left mobile-align-left ast-product-gallery-layout-horizontal-slider product type-product post-1127 status-publish first instock product_cat-sinfonicas product_tag-antonio-cuenca-castello has-post-thumbnail downloadable virtual taxable purchasable product-type-simple\">\n\t<a href=\"https:\/\/www.omnesbands.international\/fr\/produit\/dodecaedro-sonoro\/\" class=\"woocommerce-LoopProduct-link woocommerce-loop-product__link\"><img loading=\"lazy\" decoding=\"async\" width=\"300\" height=\"300\" src=\"https:\/\/www.omnesbands.international\/wp-content\/uploads\/2023\/01\/Dodecaedro-Sonoro-300x300.jpg\" class=\"attachment-woocommerce_thumbnail size-woocommerce_thumbnail\" alt=\"Dodecaedro Sonoro\" srcset=\"https:\/\/www.omnesbands.international\/wp-content\/uploads\/2023\/01\/Dodecaedro-Sonoro-300x300.jpg 300w, https:\/\/www.omnesbands.international\/wp-content\/uploads\/2023\/01\/Dodecaedro-Sonoro-150x150.jpg 150w, https:\/\/www.omnesbands.international\/wp-content\/uploads\/2023\/01\/Dodecaedro-Sonoro-100x100.jpg 100w\" sizes=\"auto, (max-width: 300px) 100vw, 300px\" \/><h2 class=\"woocommerce-loop-product__title\">Dod\u00e9ca\u00e8dre sonore<\/h2>\n\t<span class=\"price\"><span class=\"woocommerce-Price-amount amount\"><bdi><span class=\"woocommerce-Price-currencySymbol\">&#36;<\/span>40.00<\/bdi><\/span><\/span>\n<\/a><a href=\"\/fr\/wp-json\/wp\/v2\/pages\/1566?add-to-cart=1127\" aria-describedby=\"woocommerce_loop_add_to_cart_link_describedby_1127\" data-quantity=\"1\" class=\"button product_type_simple add_to_cart_button ajax_add_to_cart\" data-product_id=\"1127\" data-product_sku=\"DOD-SIN-ESP-22\" aria-label=\"Ajouter au panier : \u00ab Dodecaedro Sonoro \u00bb\" rel=\"nofollow\" data-success_message=\"\u00ab\u00a0Dodecaedro Sonoro\u00a0\u00bb a \u00e9t\u00e9 ajout\u00e9 \u00e0 votre panier\" role=\"button\" data-no-translation=\"\" data-trp-gettext=\"\" data-no-translation-aria-label=\"\" data-no-translation-data-success_message=\"\">Ajouter au panier<\/a>\t<span id=\"woocommerce_loop_add_to_cart_link_describedby_1127\" class=\"screen-reader-text\">\n\t\t\t<\/span>\n<\/li>\n<\/ul>\n<\/div>\n<\/div><\/div>\n<\/div><\/div>","protected":false},"excerpt":{"rendered":"<p>ANTONIO CUENCA CASTELL\u00d3 Natural de Xeraco (Valencia). Inicia sus estudios en el Conservatorio de M\u00fasica de Valencia en las materias de trompeta, piano, armon\u00eda, contrapunto, fuga, composici\u00f3n e instrumentaci\u00f3n, obteniendo la menci\u00f3n de honor en la especialidad de composici\u00f3n. Tambi\u00e9n ha estudiado direcci\u00f3n de banda, coro y orquesta con los profesores Juan Espinosa, Francisco Cabrelles, [&hellip;]<\/p>\n","protected":false},"author":4,"featured_media":0,"parent":0,"menu_order":0,"comment_status":"closed","ping_status":"closed","template":"","meta":{"_acf_changed":false,"_uag_custom_page_level_css":"","site-sidebar-layout":"default","site-content-layout":"","ast-site-content-layout":"default","site-content-style":"default","site-sidebar-style":"default","ast-global-header-display":"","ast-banner-title-visibility":"","ast-main-header-display":"","ast-hfb-above-header-display":"","ast-hfb-below-header-display":"","ast-hfb-mobile-header-display":"","site-post-title":"disabled","ast-breadcrumbs-content":"","ast-featured-img":"","footer-sml-layout":"","ast-disable-related-posts":"","theme-transparent-header-meta":"","adv-header-id-meta":"","stick-header-meta":"","header-above-stick-meta":"","header-main-stick-meta":"","header-below-stick-meta":"","astra-migrate-meta-layouts":"default","ast-page-background-enabled":"default","ast-page-background-meta":{"desktop":{"background-color":"","background-image":"","background-repeat":"repeat","background-position":"center center","background-size":"auto","background-attachment":"scroll","background-type":"","background-media":"","overlay-type":"","overlay-color":"","overlay-opacity":"","overlay-gradient":""},"tablet":{"background-color":"","background-image":"","background-repeat":"repeat","background-position":"center center","background-size":"auto","background-attachment":"scroll","background-type":"","background-media":"","overlay-type":"","overlay-color":"","overlay-opacity":"","overlay-gradient":""},"mobile":{"background-color":"","background-image":"","background-repeat":"repeat","background-position":"center center","background-size":"auto","background-attachment":"scroll","background-type":"","background-media":"","overlay-type":"","overlay-color":"","overlay-opacity":"","overlay-gradient":""}},"ast-content-background-meta":{"desktop":{"background-color":"var(--ast-global-color-5)","background-image":"","background-repeat":"repeat","background-position":"center center","background-size":"auto","background-attachment":"scroll","background-type":"","background-media":"","overlay-type":"","overlay-color":"","overlay-opacity":"","overlay-gradient":""},"tablet":{"background-color":"var(--ast-global-color-5)","background-image":"","background-repeat":"repeat","background-position":"center center","background-size":"auto","background-attachment":"scroll","background-type":"","background-media":"","overlay-type":"","overlay-color":"","overlay-opacity":"","overlay-gradient":""},"mobile":{"background-color":"var(--ast-global-color-5)","background-image":"","background-repeat":"repeat","background-position":"center center","background-size":"auto","background-attachment":"scroll","background-type":"","background-media":"","overlay-type":"","overlay-color":"","overlay-opacity":"","overlay-gradient":""}},"footnotes":""},"class_list":["post-1566","page","type-page","status-publish","hentry"],"acf":[],"yoast_head":"<!-- This site is optimized with the Yoast SEO Premium plugin v22.4 (Yoast SEO v27.4) - https:\/\/yoast.com\/product\/yoast-seo-premium-wordpress\/ -->\n<title>ANTONIO CUENCA CASTELL\u00d3 -<\/title>\n<meta name=\"robots\" content=\"index, follow, max-snippet:-1, max-image-preview:large, max-video-preview:-1\" \/>\n<link rel=\"canonical\" href=\"https:\/\/www.omnesbands.international\/fr\/antonio-cuenca-castello-2\/\" \/>\n<meta property=\"og:locale\" content=\"fr_FR\" \/>\n<meta property=\"og:type\" content=\"article\" \/>\n<meta property=\"og:title\" content=\"ANTONIO CUENCA CASTELL\u00d3\" \/>\n<meta property=\"og:description\" content=\"ANTONIO CUENCA CASTELL\u00d3 Natural de Xeraco (Valencia). Inicia sus estudios en el Conservatorio de M\u00fasica de Valencia en las materias de trompeta, piano, armon\u00eda, contrapunto, fuga, composici\u00f3n e instrumentaci\u00f3n, obteniendo la menci\u00f3n de honor en la especialidad de composici\u00f3n. Tambi\u00e9n ha estudiado direcci\u00f3n de banda, coro y orquesta con los profesores Juan Espinosa, Francisco Cabrelles, [&hellip;]\" \/>\n<meta property=\"og:url\" content=\"https:\/\/www.omnesbands.international\/fr\/antonio-cuenca-castello-2\/\" \/>\n<meta property=\"article:modified_time\" content=\"2023-01-28T17:37:47+00:00\" \/>\n<meta property=\"og:image\" content=\"https:\/\/www.omnesbands.international\/wp-content\/uploads\/2023\/01\/music-sheet-music-snowdrop-7107045.jpg\" \/>\n\t<meta property=\"og:image:width\" content=\"1280\" \/>\n\t<meta property=\"og:image:height\" content=\"742\" \/>\n\t<meta property=\"og:image:type\" content=\"image\/jpeg\" \/>\n<meta name=\"twitter:card\" content=\"summary_large_image\" \/>\n<meta name=\"twitter:label1\" content=\"Dur\u00e9e de lecture estim\u00e9e\" \/>\n\t<meta name=\"twitter:data1\" content=\"1 minute\" \/>\n<script type=\"application\/ld+json\" class=\"yoast-schema-graph\">{\"@context\":\"https:\\\/\\\/schema.org\",\"@graph\":[{\"@type\":\"WebPage\",\"@id\":\"https:\\\/\\\/www.omnesbands.international\\\/fr\\\/antonio-cuenca-castello-2\\\/\",\"url\":\"https:\\\/\\\/www.omnesbands.international\\\/fr\\\/antonio-cuenca-castello-2\\\/\",\"name\":\"ANTONIO CUENCA CASTELL\u00d3 -\",\"isPartOf\":{\"@id\":\"https:\\\/\\\/www.omnesbands.international\\\/#website\"},\"datePublished\":\"2023-01-28T04:43:48+00:00\",\"dateModified\":\"2023-01-28T17:37:47+00:00\",\"breadcrumb\":{\"@id\":\"https:\\\/\\\/www.omnesbands.international\\\/fr\\\/antonio-cuenca-castello-2\\\/#breadcrumb\"},\"inLanguage\":\"fr-FR\",\"potentialAction\":[{\"@type\":\"ReadAction\",\"target\":[\"https:\\\/\\\/www.omnesbands.international\\\/fr\\\/antonio-cuenca-castello-2\\\/\"]}]},{\"@type\":\"BreadcrumbList\",\"@id\":\"https:\\\/\\\/www.omnesbands.international\\\/fr\\\/antonio-cuenca-castello-2\\\/#breadcrumb\",\"itemListElement\":[{\"@type\":\"ListItem\",\"position\":1,\"name\":\"Portada\",\"item\":\"https:\\\/\\\/www.omnesbands.international\\\/\"},{\"@type\":\"ListItem\",\"position\":2,\"name\":\"ANTONIO CUENCA CASTELL\u00d3\"}]},{\"@type\":\"WebSite\",\"@id\":\"https:\\\/\\\/www.omnesbands.international\\\/#website\",\"url\":\"https:\\\/\\\/www.omnesbands.international\\\/\",\"name\":\"OMNESBANDS International\",\"description\":\"Partituras Originales de autores y compositores independientes\",\"publisher\":{\"@id\":\"https:\\\/\\\/www.omnesbands.international\\\/#organization\"},\"potentialAction\":[{\"@type\":\"SearchAction\",\"target\":{\"@type\":\"EntryPoint\",\"urlTemplate\":\"https:\\\/\\\/www.omnesbands.international\\\/?s={search_term_string}\"},\"query-input\":{\"@type\":\"PropertyValueSpecification\",\"valueRequired\":true,\"valueName\":\"search_term_string\"}}],\"inLanguage\":\"fr-FR\"},{\"@type\":\"Organization\",\"@id\":\"https:\\\/\\\/www.omnesbands.international\\\/#organization\",\"name\":\"Indra Consultores Internacionales\",\"alternateName\":\"Omnesbands\",\"url\":\"https:\\\/\\\/www.omnesbands.international\\\/\",\"logo\":{\"@type\":\"ImageObject\",\"inLanguage\":\"fr-FR\",\"@id\":\"https:\\\/\\\/www.omnesbands.international\\\/#\\\/schema\\\/logo\\\/image\\\/\",\"url\":\"https:\\\/\\\/omnesbands.international\\\/wp-content\\\/uploads\\\/2023\\\/06\\\/Logo-Nuevo-.png\",\"contentUrl\":\"https:\\\/\\\/omnesbands.international\\\/wp-content\\\/uploads\\\/2023\\\/06\\\/Logo-Nuevo-.png\",\"width\":394,\"height\":212,\"caption\":\"Indra Consultores Internacionales\"},\"image\":{\"@id\":\"https:\\\/\\\/www.omnesbands.international\\\/#\\\/schema\\\/logo\\\/image\\\/\"}}]}<\/script>\n<!-- \/ Yoast SEO Premium plugin. -->","yoast_head_json":{"title":"ANTONIO CUENCA CASTELL\u00d3 -","robots":{"index":"index","follow":"follow","max-snippet":"max-snippet:-1","max-image-preview":"max-image-preview:large","max-video-preview":"max-video-preview:-1"},"canonical":"https:\/\/www.omnesbands.international\/fr\/antonio-cuenca-castello-2\/","og_locale":"fr_FR","og_type":"article","og_title":"ANTONIO CUENCA CASTELL\u00d3","og_description":"ANTONIO CUENCA CASTELL\u00d3 Natural de Xeraco (Valencia). Inicia sus estudios en el Conservatorio de M\u00fasica de Valencia en las materias de trompeta, piano, armon\u00eda, contrapunto, fuga, composici\u00f3n e instrumentaci\u00f3n, obteniendo la menci\u00f3n de honor en la especialidad de composici\u00f3n. Tambi\u00e9n ha estudiado direcci\u00f3n de banda, coro y orquesta con los profesores Juan Espinosa, Francisco Cabrelles, [&hellip;]","og_url":"https:\/\/www.omnesbands.international\/fr\/antonio-cuenca-castello-2\/","article_modified_time":"2023-01-28T17:37:47+00:00","og_image":[{"width":1280,"height":742,"url":"https:\/\/www.omnesbands.international\/wp-content\/uploads\/2023\/01\/music-sheet-music-snowdrop-7107045.jpg","type":"image\/jpeg"}],"twitter_card":"summary_large_image","twitter_misc":{"Dur\u00e9e de lecture estim\u00e9e":"1 minute"},"schema":{"@context":"https:\/\/schema.org","@graph":[{"@type":"WebPage","@id":"https:\/\/www.omnesbands.international\/fr\/antonio-cuenca-castello-2\/","url":"https:\/\/www.omnesbands.international\/fr\/antonio-cuenca-castello-2\/","name":"ANTONIO CUENCA CASTELL\u00d3 -","isPartOf":{"@id":"https:\/\/www.omnesbands.international\/#website"},"datePublished":"2023-01-28T04:43:48+00:00","dateModified":"2023-01-28T17:37:47+00:00","breadcrumb":{"@id":"https:\/\/www.omnesbands.international\/fr\/antonio-cuenca-castello-2\/#breadcrumb"},"inLanguage":"fr-FR","potentialAction":[{"@type":"ReadAction","target":["https:\/\/www.omnesbands.international\/fr\/antonio-cuenca-castello-2\/"]}]},{"@type":"BreadcrumbList","@id":"https:\/\/www.omnesbands.international\/fr\/antonio-cuenca-castello-2\/#breadcrumb","itemListElement":[{"@type":"ListItem","position":1,"name":"Portada","item":"https:\/\/www.omnesbands.international\/"},{"@type":"ListItem","position":2,"name":"ANTONIO CUENCA CASTELL\u00d3"}]},{"@type":"WebSite","@id":"https:\/\/www.omnesbands.international\/#website","url":"https:\/\/www.omnesbands.international\/","name":"OMNESBANDS International","description":"Partitions originales d&#039;auteurs et compositeurs ind\u00e9pendants","publisher":{"@id":"https:\/\/www.omnesbands.international\/#organization"},"potentialAction":[{"@type":"SearchAction","target":{"@type":"EntryPoint","urlTemplate":"https:\/\/www.omnesbands.international\/?s={search_term_string}"},"query-input":{"@type":"PropertyValueSpecification","valueRequired":true,"valueName":"search_term_string"}}],"inLanguage":"fr-FR"},{"@type":"Organization","@id":"https:\/\/www.omnesbands.international\/#organization","name":"Indra Consultants Internationaux","alternateName":"Omnesbands","url":"https:\/\/www.omnesbands.international\/","logo":{"@type":"ImageObject","inLanguage":"fr-FR","@id":"https:\/\/www.omnesbands.international\/#\/schema\/logo\/image\/","url":"https:\/\/omnesbands.international\/wp-content\/uploads\/2023\/06\/Logo-Nuevo-.png","contentUrl":"https:\/\/omnesbands.international\/wp-content\/uploads\/2023\/06\/Logo-Nuevo-.png","width":394,"height":212,"caption":"Indra Consultores Internacionales"},"image":{"@id":"https:\/\/www.omnesbands.international\/#\/schema\/logo\/image\/"}}]}},"uagb_featured_image_src":{"full":false,"thumbnail":false,"medium":false,"medium_large":false,"large":false,"1536x1536":false,"2048x2048":false,"trp-custom-language-flag":false,"gg_gallery_thumbnail":false,"woocommerce_thumbnail":false,"woocommerce_single":false,"woocommerce_gallery_thumbnail":false},"uagb_author_info":{"display_name":"Melvin R. Portillo A:","author_link":"https:\/\/www.omnesbands.international\/fr\/author\/portand\/"},"uagb_comment_info":0,"uagb_excerpt":"ANTONIO CUENCA CASTELL\u00d3 Natural de Xeraco (Valencia). Inicia sus estudios en el Conservatorio de M\u00fasica de Valencia en las materias de trompeta, piano, armon\u00eda, contrapunto, fuga, composici\u00f3n e instrumentaci\u00f3n, obteniendo la menci\u00f3n de honor en la especialidad de composici\u00f3n. Tambi\u00e9n ha estudiado direcci\u00f3n de banda, coro y orquesta con los profesores Juan Espinosa, Francisco Cabrelles,\u2026","_links":{"self":[{"href":"https:\/\/www.omnesbands.international\/fr\/wp-json\/wp\/v2\/pages\/1566","targetHints":{"allow":["GET"]}}],"collection":[{"href":"https:\/\/www.omnesbands.international\/fr\/wp-json\/wp\/v2\/pages"}],"about":[{"href":"https:\/\/www.omnesbands.international\/fr\/wp-json\/wp\/v2\/types\/page"}],"author":[{"embeddable":true,"href":"https:\/\/www.omnesbands.international\/fr\/wp-json\/wp\/v2\/users\/4"}],"replies":[{"embeddable":true,"href":"https:\/\/www.omnesbands.international\/fr\/wp-json\/wp\/v2\/comments?post=1566"}],"version-history":[{"count":4,"href":"https:\/\/www.omnesbands.international\/fr\/wp-json\/wp\/v2\/pages\/1566\/revisions"}],"predecessor-version":[{"id":1607,"href":"https:\/\/www.omnesbands.international\/fr\/wp-json\/wp\/v2\/pages\/1566\/revisions\/1607"}],"wp:attachment":[{"href":"https:\/\/www.omnesbands.international\/fr\/wp-json\/wp\/v2\/media?parent=1566"}],"curies":[{"name":"wp","href":"https:\/\/api.w.org\/{rel}","templated":true}]}}