{"id":1747,"date":"2023-01-29T09:16:03","date_gmt":"2023-01-29T15:16:03","guid":{"rendered":"https:\/\/omnesbands.international\/?page_id=1747"},"modified":"2023-01-29T09:16:05","modified_gmt":"2023-01-29T15:16:05","slug":"llorenc-belda-juan-2","status":"publish","type":"page","link":"https:\/\/www.omnesbands.international\/fr\/llorenc-belda-juan-2\/","title":{"rendered":"LLOREN\u00c7 BELDA JUAN"},"content":{"rendered":"<div class=\"wp-block-uagb-container uagb-block-3ed47a08 alignfull uagb-is-root-container\"><div class=\"uagb-container-inner-blocks-wrap\">\n<div class=\"wp-block-uagb-advanced-heading uagb-block-03020f9f\"><h1 class=\"uagb-heading-text\"><strong>LLOREN\u00c7 BELDA JUAN<\/strong><\/h1><\/div>\n<\/div><\/div>\n\n\n\n<div class=\"wp-block-uagb-container uagb-block-be3eaed8 alignfull uagb-is-root-container\"><div class=\"uagb-container-inner-blocks-wrap\">\n<div class=\"wp-block-uagb-container uagb-block-7a653d2b\">\n<p>N\u00e9 \u00e0 Aielo de Malferit (1972). Il a commenc\u00e9 \u00e0 \u00e9tudier la musique \u00e0 l&#039;\u00e9cole de musique de l&#039;Aielo Music Union. Plus tard, il a commenc\u00e9 \u00e0 \u00e9tudier la clarinette avec Jos\u00e9 Barber\u00e1 dans la m\u00eame \u00e9cole en 1980. Plus tard, il est all\u00e9 au Conservatoire Carcaixent &quot;Maestro Vert&quot; o\u00f9 il a obtenu le dipl\u00f4me \u00e9l\u00e9mentaire et au Conservatoire Ontinyent &quot;Melchor Gomis&quot; o\u00f9 il a obtenu le dipl\u00f4me interm\u00e9diaire. Titre de Professeur Sup\u00e9rieur de Clarinette au Conservatoire &quot;Oscar Espl\u00e0&quot; d&#039;Alicante. Il a \u00e9galement \u00e9tudi\u00e9 l&#039;harmonie, le contrepoint et la fugue. Il \u00e9tudie actuellement le contrepoint et la fugue 3e au Conservatoire d&#039;Alicante.<br \/>Tout au long de sa carri\u00e8re, il a \u00e9tudi\u00e9 la clarinette avec Jos\u00e9 Barber\u00e1, Rogelio Blasco, Juanjo Borras, Salvador Navarro, Antoni Ribera et Francisco Florido. Et il a suivi des cours de perfectionnement de clarinette avec Juanjo Borr\u00e0s, Miguel \u00c1ngel Tamarit, Francisco Florido, Enrique P\u00e9rez et Miguel Espejo. Dans le domaine de l&#039;harmonie, il a \u00e9tudi\u00e9 avec Juan Enrique Canet, Esmarado I\u00f1esta, Francisco Javier Costa, Joaqu\u00edn Civera, Daniel Juan Ferrero et Jos\u00e9 Vicent Asensi ; et il a suivi un cours de perfectionnement avec Norman Milan\u00e9s Dans le domaine de la p\u00e9dagogie, il a \u00e9tudi\u00e9 avec M\u00aa Carmen Sansaloni et Carmen Agull\u00f3, et a suivi deux cours de perfectionnement avec Maravillas D\u00edaz et Ana Lucia Frega. Il a \u00e9galement \u00e9tudi\u00e9 la didactique des instruments \u00e0 vent avec Sylvia Schwarzenbach.<\/p>\n<p>Il a suivi plusieurs cours de perfectionnement organis\u00e9s par l&#039;\u00c9cole r\u00e9gionale de musique Valle de Albaida : PNL avec Inma Cap\u00f3, Didactique de l&#039;improvisation avec Emilio Molina. Il est en possession des certificats du CAP (Cours d&#039;Aptitude P\u00e9dagogique) et du Dipl\u00f4me Interm\u00e9diaire du Conseil de Qualification des Connaissances Valenciennes. Il a \u00e9tudi\u00e9 la direction d&#039;orchestre avec Jose Rafael Pascual Vilaplana pendant deux ann\u00e9es universitaires. Il a \u00e9galement suivi un cours de remise \u00e0 niveau dans le domaine de l&#039;Acoustique et du Son organis\u00e9 par la soci\u00e9t\u00e9 Tecno-Star SA<br \/>Il se consacre \u00e9galement \u00e0 la composition, notamment dans le domaine des musiques festives maures et chr\u00e9tiennes. Il a \u00e9t\u00e9 finaliste \u00e0 deux \u00e9preuves du concours de composition Callosa d&#039;En Sarri\u00e0, obtenant le deuxi\u00e8me prix du public dans l&#039;une d&#039;elles (1995). Il a obtenu une mention honorable pour l&#039;innovation au Concours de composition Bocairent (1999) et a remport\u00e9 le premier prix du concours de composition du II Symposium de musique festive organis\u00e9 par le FNUD.<\/p>\n<p>Dans le domaine de l&#039;informatique musicale, il a donn\u00e9 des cours de perfectionnement et ma\u00eetrise tout ce qui touche \u00e0 l&#039;\u00e9dition de partitions et au syst\u00e8me MIDI. Depuis septembre 1999, il est directeur de l&#039;Union musicale de Benissoda.<br \/>Il a enseign\u00e9 le langage musical dans les \u00e9coles municipales d&#039;Aielo de Malferit et d&#039;Agullent, et est actuellement professeur \u00e0 l&#039;\u00c9cole r\u00e9gionale de musique Valle de Albaida, o\u00f9 il enseigne l&#039;ensemble instrumental, la clarinette et l&#039;informatique musicale.<\/p>\n<\/div>\n<\/div><\/div>\n\n\n<div class=\"woocommerce columns-4\"><ul class=\"products columns-4\">\n<li class=\"desktop-align-left tablet-align-left mobile-align-left ast-product-gallery-layout-horizontal-slider product type-product post-1192 status-publish first instock product_cat-musica-de-calle product_tag-llorenc-belda-juan has-post-thumbnail downloadable virtual taxable purchasable product-type-simple\">\n\t<a href=\"https:\/\/www.omnesbands.international\/fr\/produit\/fiore\/\" class=\"woocommerce-LoopProduct-link woocommerce-loop-product__link\"><img loading=\"lazy\" decoding=\"async\" width=\"300\" height=\"300\" src=\"https:\/\/www.omnesbands.international\/wp-content\/uploads\/2023\/01\/Fiore-1-300x300.jpg\" class=\"attachment-woocommerce_thumbnail size-woocommerce_thumbnail\" alt=\"Fiore\" srcset=\"https:\/\/www.omnesbands.international\/wp-content\/uploads\/2023\/01\/Fiore-1-300x300.jpg 300w, https:\/\/www.omnesbands.international\/wp-content\/uploads\/2023\/01\/Fiore-1-150x150.jpg 150w, https:\/\/www.omnesbands.international\/wp-content\/uploads\/2023\/01\/Fiore-1-100x100.jpg 100w\" sizes=\"auto, (max-width: 300px) 100vw, 300px\" \/><h2 class=\"woocommerce-loop-product__title\">fleur<\/h2>\n\t<span class=\"price\"><span class=\"woocommerce-Price-amount amount\"><bdi><span class=\"woocommerce-Price-currencySymbol\">&#36;<\/span>25.00<\/bdi><\/span><\/span>\n<\/a><a href=\"\/fr\/wp-json\/wp\/v2\/pages\/1747?add-to-cart=1192\" aria-describedby=\"woocommerce_loop_add_to_cart_link_describedby_1192\" data-quantity=\"1\" class=\"button product_type_simple add_to_cart_button ajax_add_to_cart\" data-product_id=\"1192\" data-product_sku=\"FIO-CAL-ESP-22\" aria-label=\"Ajouter au panier : \u00ab Fiore \u00bb\" rel=\"nofollow\" data-success_message=\"\u00ab\u00a0Fiore\u00a0\u00bb a \u00e9t\u00e9 ajout\u00e9 \u00e0 votre panier\" role=\"button\" data-no-translation=\"\" data-trp-gettext=\"\" data-no-translation-aria-label=\"\" data-no-translation-data-success_message=\"\">Ajouter au panier<\/a>\t<span id=\"woocommerce_loop_add_to_cart_link_describedby_1192\" class=\"screen-reader-text\">\n\t\t\t<\/span>\n<\/li>\n<li class=\"desktop-align-left tablet-align-left mobile-align-left ast-product-gallery-layout-horizontal-slider product type-product post-1207 status-publish instock product_cat-musica-de-calle product_tag-llorenc-belda-juan has-post-thumbnail downloadable virtual taxable purchasable product-type-simple\">\n\t<a href=\"https:\/\/www.omnesbands.international\/fr\/produit\/juan-emilio-bru\/\" class=\"woocommerce-LoopProduct-link woocommerce-loop-product__link\"><img loading=\"lazy\" decoding=\"async\" width=\"300\" height=\"300\" src=\"https:\/\/www.omnesbands.international\/wp-content\/uploads\/2023\/01\/Juan-Emilio-Bru-1-300x300.jpg\" class=\"attachment-woocommerce_thumbnail size-woocommerce_thumbnail\" alt=\"Juan Emilio Bru\" srcset=\"https:\/\/www.omnesbands.international\/wp-content\/uploads\/2023\/01\/Juan-Emilio-Bru-1-300x300.jpg 300w, https:\/\/www.omnesbands.international\/wp-content\/uploads\/2023\/01\/Juan-Emilio-Bru-1-150x150.jpg 150w, https:\/\/www.omnesbands.international\/wp-content\/uploads\/2023\/01\/Juan-Emilio-Bru-1-12x12.jpg 12w, https:\/\/www.omnesbands.international\/wp-content\/uploads\/2023\/01\/Juan-Emilio-Bru-1-100x100.jpg 100w\" sizes=\"auto, (max-width: 300px) 100vw, 300px\" \/><h2 class=\"woocommerce-loop-product__title\">John Emilio Bru<\/h2>\n\t<span class=\"price\"><span class=\"woocommerce-Price-amount amount\"><bdi><span class=\"woocommerce-Price-currencySymbol\">&#36;<\/span>25.00<\/bdi><\/span><\/span>\n<\/a><a href=\"\/fr\/wp-json\/wp\/v2\/pages\/1747?add-to-cart=1207\" aria-describedby=\"woocommerce_loop_add_to_cart_link_describedby_1207\" data-quantity=\"1\" class=\"button product_type_simple add_to_cart_button ajax_add_to_cart\" data-product_id=\"1207\" data-product_sku=\"JUA-CAL-ESP-22\" aria-label=\"Ajouter au panier : \u00ab Juan Emilio Bru \u00bb\" rel=\"nofollow\" data-success_message=\"\u00ab\u00a0Juan Emilio Bru\u00a0\u00bb a \u00e9t\u00e9 ajout\u00e9 \u00e0 votre panier\" role=\"button\" data-no-translation=\"\" data-trp-gettext=\"\" data-no-translation-aria-label=\"\" data-no-translation-data-success_message=\"\">Ajouter au panier<\/a>\t<span id=\"woocommerce_loop_add_to_cart_link_describedby_1207\" class=\"screen-reader-text\">\n\t\t\t<\/span>\n<\/li>\n<li class=\"desktop-align-left tablet-align-left mobile-align-left ast-product-gallery-layout-horizontal-slider product type-product post-1335 status-publish instock product_cat-pasodobles product_tag-llorenc-belda-juan has-post-thumbnail downloadable virtual taxable purchasable product-type-simple\">\n\t<a href=\"https:\/\/www.omnesbands.international\/fr\/produit\/july-six\/\" class=\"woocommerce-LoopProduct-link woocommerce-loop-product__link\"><img loading=\"lazy\" decoding=\"async\" width=\"300\" height=\"300\" src=\"https:\/\/www.omnesbands.international\/wp-content\/uploads\/2023\/01\/July-Six-1-300x300.jpg\" class=\"attachment-woocommerce_thumbnail size-woocommerce_thumbnail\" alt=\"July Six\" srcset=\"https:\/\/www.omnesbands.international\/wp-content\/uploads\/2023\/01\/July-Six-1-300x300.jpg 300w, https:\/\/www.omnesbands.international\/wp-content\/uploads\/2023\/01\/July-Six-1-150x150.jpg 150w, https:\/\/www.omnesbands.international\/wp-content\/uploads\/2023\/01\/July-Six-1-100x100.jpg 100w\" sizes=\"auto, (max-width: 300px) 100vw, 300px\" \/><h2 class=\"woocommerce-loop-product__title\">6 juillet<\/h2>\n\t<span class=\"price\"><span class=\"woocommerce-Price-amount amount\"><bdi><span class=\"woocommerce-Price-currencySymbol\">&#36;<\/span>25.00<\/bdi><\/span><\/span>\n<\/a><a href=\"\/fr\/wp-json\/wp\/v2\/pages\/1747?add-to-cart=1335\" aria-describedby=\"woocommerce_loop_add_to_cart_link_describedby_1335\" data-quantity=\"1\" class=\"button product_type_simple add_to_cart_button ajax_add_to_cart\" data-product_id=\"1335\" data-product_sku=\"JUL-PAS-ESP-22\" aria-label=\"Ajouter au panier : \u00ab July Six \u00bb\" rel=\"nofollow\" data-success_message=\"\u00ab\u00a0July Six\u00a0\u00bb a \u00e9t\u00e9 ajout\u00e9 \u00e0 votre panier\" role=\"button\" data-no-translation=\"\" data-trp-gettext=\"\" data-no-translation-aria-label=\"\" data-no-translation-data-success_message=\"\">Ajouter au panier<\/a>\t<span id=\"woocommerce_loop_add_to_cart_link_describedby_1335\" class=\"screen-reader-text\">\n\t\t\t<\/span>\n<\/li>\n<\/ul>\n<\/div>","protected":false},"excerpt":{"rendered":"<p>LLOREN\u00c7 BELDA JUAN Nace en Aielo de Malferit (1972). Empieza a estudiar m\u00fasica en la escuela de m\u00fasica de la Uni\u00f3n Musical de Aielo. Posteriormente comienza a estudiar clarinete de la mano de Jos\u00e9 Barber\u00e1 en la misma escuela en el a\u00f1o 1980. Despu\u00e9s va al Conservatorio de Carcaixent &#8220;Maestro Vert&#8221; donde obtiene el Grado [&hellip;]<\/p>\n","protected":false},"author":4,"featured_media":0,"parent":0,"menu_order":0,"comment_status":"closed","ping_status":"closed","template":"","meta":{"_acf_changed":false,"_uag_custom_page_level_css":"","site-sidebar-layout":"default","site-content-layout":"","ast-site-content-layout":"default","site-content-style":"default","site-sidebar-style":"default","ast-global-header-display":"","ast-banner-title-visibility":"","ast-main-header-display":"","ast-hfb-above-header-display":"","ast-hfb-below-header-display":"","ast-hfb-mobile-header-display":"","site-post-title":"disabled","ast-breadcrumbs-content":"","ast-featured-img":"","footer-sml-layout":"","ast-disable-related-posts":"","theme-transparent-header-meta":"","adv-header-id-meta":"","stick-header-meta":"","header-above-stick-meta":"","header-main-stick-meta":"","header-below-stick-meta":"","astra-migrate-meta-layouts":"default","ast-page-background-enabled":"default","ast-page-background-meta":{"desktop":{"background-color":"","background-image":"","background-repeat":"repeat","background-position":"center center","background-size":"auto","background-attachment":"scroll","background-type":"","background-media":"","overlay-type":"","overlay-color":"","overlay-opacity":"","overlay-gradient":""},"tablet":{"background-color":"","background-image":"","background-repeat":"repeat","background-position":"center center","background-size":"auto","background-attachment":"scroll","background-type":"","background-media":"","overlay-type":"","overlay-color":"","overlay-opacity":"","overlay-gradient":""},"mobile":{"background-color":"","background-image":"","background-repeat":"repeat","background-position":"center center","background-size":"auto","background-attachment":"scroll","background-type":"","background-media":"","overlay-type":"","overlay-color":"","overlay-opacity":"","overlay-gradient":""}},"ast-content-background-meta":{"desktop":{"background-color":"var(--ast-global-color-5)","background-image":"","background-repeat":"repeat","background-position":"center center","background-size":"auto","background-attachment":"scroll","background-type":"","background-media":"","overlay-type":"","overlay-color":"","overlay-opacity":"","overlay-gradient":""},"tablet":{"background-color":"var(--ast-global-color-5)","background-image":"","background-repeat":"repeat","background-position":"center center","background-size":"auto","background-attachment":"scroll","background-type":"","background-media":"","overlay-type":"","overlay-color":"","overlay-opacity":"","overlay-gradient":""},"mobile":{"background-color":"var(--ast-global-color-5)","background-image":"","background-repeat":"repeat","background-position":"center center","background-size":"auto","background-attachment":"scroll","background-type":"","background-media":"","overlay-type":"","overlay-color":"","overlay-opacity":"","overlay-gradient":""}},"footnotes":""},"class_list":["post-1747","page","type-page","status-publish","hentry"],"acf":[],"yoast_head":"<!-- This site is optimized with the Yoast SEO Premium plugin v22.4 (Yoast SEO v27.4) - https:\/\/yoast.com\/product\/yoast-seo-premium-wordpress\/ -->\n<title>LLOREN\u00c7 BELDA JUAN -<\/title>\n<meta name=\"robots\" content=\"index, follow, max-snippet:-1, max-image-preview:large, max-video-preview:-1\" \/>\n<link rel=\"canonical\" href=\"https:\/\/www.omnesbands.international\/fr\/llorenc-belda-juan-2\/\" \/>\n<meta property=\"og:locale\" content=\"fr_FR\" \/>\n<meta property=\"og:type\" content=\"article\" \/>\n<meta property=\"og:title\" content=\"LLOREN\u00c7 BELDA JUAN\" \/>\n<meta property=\"og:description\" content=\"LLOREN\u00c7 BELDA JUAN Nace en Aielo de Malferit (1972). Empieza a estudiar m\u00fasica en la escuela de m\u00fasica de la Uni\u00f3n Musical de Aielo. Posteriormente comienza a estudiar clarinete de la mano de Jos\u00e9 Barber\u00e1 en la misma escuela en el a\u00f1o 1980. Despu\u00e9s va al Conservatorio de Carcaixent &#8220;Maestro Vert&#8221; donde obtiene el Grado [&hellip;]\" \/>\n<meta property=\"og:url\" content=\"https:\/\/www.omnesbands.international\/fr\/llorenc-belda-juan-2\/\" \/>\n<meta property=\"article:modified_time\" content=\"2023-01-29T15:16:05+00:00\" \/>\n<meta property=\"og:image\" content=\"https:\/\/www.omnesbands.international\/wp-content\/uploads\/2023\/01\/music-sheet-music-snowdrop-7107045.jpg\" \/>\n\t<meta property=\"og:image:width\" content=\"1280\" \/>\n\t<meta property=\"og:image:height\" content=\"742\" \/>\n\t<meta property=\"og:image:type\" content=\"image\/jpeg\" \/>\n<meta name=\"twitter:card\" content=\"summary_large_image\" \/>\n<meta name=\"twitter:label1\" content=\"Dur\u00e9e de lecture estim\u00e9e\" \/>\n\t<meta name=\"twitter:data1\" content=\"3 minutes\" \/>\n<script type=\"application\/ld+json\" class=\"yoast-schema-graph\">{\"@context\":\"https:\\\/\\\/schema.org\",\"@graph\":[{\"@type\":\"WebPage\",\"@id\":\"https:\\\/\\\/www.omnesbands.international\\\/ja\\\/llorenc-belda-juan-2\\\/\",\"url\":\"https:\\\/\\\/www.omnesbands.international\\\/ja\\\/llorenc-belda-juan-2\\\/\",\"name\":\"LLOREN\u00c7 BELDA JUAN -\",\"isPartOf\":{\"@id\":\"https:\\\/\\\/www.omnesbands.international\\\/#website\"},\"datePublished\":\"2023-01-29T15:16:03+00:00\",\"dateModified\":\"2023-01-29T15:16:05+00:00\",\"breadcrumb\":{\"@id\":\"https:\\\/\\\/www.omnesbands.international\\\/ja\\\/llorenc-belda-juan-2\\\/#breadcrumb\"},\"inLanguage\":\"fr-FR\",\"potentialAction\":[{\"@type\":\"ReadAction\",\"target\":[\"https:\\\/\\\/www.omnesbands.international\\\/ja\\\/llorenc-belda-juan-2\\\/\"]}]},{\"@type\":\"BreadcrumbList\",\"@id\":\"https:\\\/\\\/www.omnesbands.international\\\/ja\\\/llorenc-belda-juan-2\\\/#breadcrumb\",\"itemListElement\":[{\"@type\":\"ListItem\",\"position\":1,\"name\":\"Portada\",\"item\":\"https:\\\/\\\/www.omnesbands.international\\\/\"},{\"@type\":\"ListItem\",\"position\":2,\"name\":\"LLOREN\u00c7 BELDA JUAN\"}]},{\"@type\":\"WebSite\",\"@id\":\"https:\\\/\\\/www.omnesbands.international\\\/#website\",\"url\":\"https:\\\/\\\/www.omnesbands.international\\\/\",\"name\":\"OMNESBANDS International\",\"description\":\"Partituras Originales de autores y compositores independientes\",\"publisher\":{\"@id\":\"https:\\\/\\\/www.omnesbands.international\\\/#organization\"},\"potentialAction\":[{\"@type\":\"SearchAction\",\"target\":{\"@type\":\"EntryPoint\",\"urlTemplate\":\"https:\\\/\\\/www.omnesbands.international\\\/?s={search_term_string}\"},\"query-input\":{\"@type\":\"PropertyValueSpecification\",\"valueRequired\":true,\"valueName\":\"search_term_string\"}}],\"inLanguage\":\"fr-FR\"},{\"@type\":\"Organization\",\"@id\":\"https:\\\/\\\/www.omnesbands.international\\\/#organization\",\"name\":\"Indra Consultores Internacionales\",\"alternateName\":\"Omnesbands\",\"url\":\"https:\\\/\\\/www.omnesbands.international\\\/\",\"logo\":{\"@type\":\"ImageObject\",\"inLanguage\":\"fr-FR\",\"@id\":\"https:\\\/\\\/www.omnesbands.international\\\/#\\\/schema\\\/logo\\\/image\\\/\",\"url\":\"https:\\\/\\\/omnesbands.international\\\/wp-content\\\/uploads\\\/2023\\\/06\\\/Logo-Nuevo-.png\",\"contentUrl\":\"https:\\\/\\\/omnesbands.international\\\/wp-content\\\/uploads\\\/2023\\\/06\\\/Logo-Nuevo-.png\",\"width\":394,\"height\":212,\"caption\":\"Indra Consultores Internacionales\"},\"image\":{\"@id\":\"https:\\\/\\\/www.omnesbands.international\\\/#\\\/schema\\\/logo\\\/image\\\/\"}}]}<\/script>\n<!-- \/ Yoast SEO Premium plugin. -->","yoast_head_json":{"title":"LLOREN\u00c7 BELDA JUAN -","robots":{"index":"index","follow":"follow","max-snippet":"max-snippet:-1","max-image-preview":"max-image-preview:large","max-video-preview":"max-video-preview:-1"},"canonical":"https:\/\/www.omnesbands.international\/fr\/llorenc-belda-juan-2\/","og_locale":"fr_FR","og_type":"article","og_title":"LLOREN\u00c7 BELDA JUAN","og_description":"LLOREN\u00c7 BELDA JUAN Nace en Aielo de Malferit (1972). Empieza a estudiar m\u00fasica en la escuela de m\u00fasica de la Uni\u00f3n Musical de Aielo. Posteriormente comienza a estudiar clarinete de la mano de Jos\u00e9 Barber\u00e1 en la misma escuela en el a\u00f1o 1980. Despu\u00e9s va al Conservatorio de Carcaixent &#8220;Maestro Vert&#8221; donde obtiene el Grado [&hellip;]","og_url":"https:\/\/www.omnesbands.international\/fr\/llorenc-belda-juan-2\/","article_modified_time":"2023-01-29T15:16:05+00:00","og_image":[{"width":1280,"height":742,"url":"https:\/\/www.omnesbands.international\/wp-content\/uploads\/2023\/01\/music-sheet-music-snowdrop-7107045.jpg","type":"image\/jpeg"}],"twitter_card":"summary_large_image","twitter_misc":{"Dur\u00e9e de lecture estim\u00e9e":"3 minutes"},"schema":{"@context":"https:\/\/schema.org","@graph":[{"@type":"WebPage","@id":"https:\/\/www.omnesbands.international\/ja\/llorenc-belda-juan-2\/","url":"https:\/\/www.omnesbands.international\/ja\/llorenc-belda-juan-2\/","name":"LLOREN\u00c7 BELDA JUAN -","isPartOf":{"@id":"https:\/\/www.omnesbands.international\/#website"},"datePublished":"2023-01-29T15:16:03+00:00","dateModified":"2023-01-29T15:16:05+00:00","breadcrumb":{"@id":"https:\/\/www.omnesbands.international\/ja\/llorenc-belda-juan-2\/#breadcrumb"},"inLanguage":"fr-FR","potentialAction":[{"@type":"ReadAction","target":["https:\/\/www.omnesbands.international\/ja\/llorenc-belda-juan-2\/"]}]},{"@type":"BreadcrumbList","@id":"https:\/\/www.omnesbands.international\/ja\/llorenc-belda-juan-2\/#breadcrumb","itemListElement":[{"@type":"ListItem","position":1,"name":"Portada","item":"https:\/\/www.omnesbands.international\/"},{"@type":"ListItem","position":2,"name":"LLOREN\u00c7 BELDA JUAN"}]},{"@type":"WebSite","@id":"https:\/\/www.omnesbands.international\/#website","url":"https:\/\/www.omnesbands.international\/","name":"OMNESBANDS International","description":"Partitions originales d&#039;auteurs et compositeurs ind\u00e9pendants","publisher":{"@id":"https:\/\/www.omnesbands.international\/#organization"},"potentialAction":[{"@type":"SearchAction","target":{"@type":"EntryPoint","urlTemplate":"https:\/\/www.omnesbands.international\/?s={search_term_string}"},"query-input":{"@type":"PropertyValueSpecification","valueRequired":true,"valueName":"search_term_string"}}],"inLanguage":"fr-FR"},{"@type":"Organization","@id":"https:\/\/www.omnesbands.international\/#organization","name":"Indra Consultants Internationaux","alternateName":"Omnesbands","url":"https:\/\/www.omnesbands.international\/","logo":{"@type":"ImageObject","inLanguage":"fr-FR","@id":"https:\/\/www.omnesbands.international\/#\/schema\/logo\/image\/","url":"https:\/\/omnesbands.international\/wp-content\/uploads\/2023\/06\/Logo-Nuevo-.png","contentUrl":"https:\/\/omnesbands.international\/wp-content\/uploads\/2023\/06\/Logo-Nuevo-.png","width":394,"height":212,"caption":"Indra Consultores Internacionales"},"image":{"@id":"https:\/\/www.omnesbands.international\/#\/schema\/logo\/image\/"}}]}},"uagb_featured_image_src":{"full":false,"thumbnail":false,"medium":false,"medium_large":false,"large":false,"1536x1536":false,"2048x2048":false,"trp-custom-language-flag":false,"gg_gallery_thumbnail":false,"woocommerce_thumbnail":false,"woocommerce_single":false,"woocommerce_gallery_thumbnail":false},"uagb_author_info":{"display_name":"Melvin R. Portillo A:","author_link":"https:\/\/www.omnesbands.international\/fr\/author\/portand\/"},"uagb_comment_info":0,"uagb_excerpt":"LLOREN\u00c7 BELDA JUAN Nace en Aielo de Malferit (1972). Empieza a estudiar m\u00fasica en la escuela de m\u00fasica de la Uni\u00f3n Musical de Aielo. Posteriormente comienza a estudiar clarinete de la mano de Jos\u00e9 Barber\u00e1 en la misma escuela en el a\u00f1o 1980. Despu\u00e9s va al Conservatorio de Carcaixent &#8220;Maestro Vert&#8221; donde obtiene el Grado\u2026","_links":{"self":[{"href":"https:\/\/www.omnesbands.international\/fr\/wp-json\/wp\/v2\/pages\/1747","targetHints":{"allow":["GET"]}}],"collection":[{"href":"https:\/\/www.omnesbands.international\/fr\/wp-json\/wp\/v2\/pages"}],"about":[{"href":"https:\/\/www.omnesbands.international\/fr\/wp-json\/wp\/v2\/types\/page"}],"author":[{"embeddable":true,"href":"https:\/\/www.omnesbands.international\/fr\/wp-json\/wp\/v2\/users\/4"}],"replies":[{"embeddable":true,"href":"https:\/\/www.omnesbands.international\/fr\/wp-json\/wp\/v2\/comments?post=1747"}],"version-history":[{"count":1,"href":"https:\/\/www.omnesbands.international\/fr\/wp-json\/wp\/v2\/pages\/1747\/revisions"}],"predecessor-version":[{"id":1748,"href":"https:\/\/www.omnesbands.international\/fr\/wp-json\/wp\/v2\/pages\/1747\/revisions\/1748"}],"wp:attachment":[{"href":"https:\/\/www.omnesbands.international\/fr\/wp-json\/wp\/v2\/media?parent=1747"}],"curies":[{"name":"wp","href":"https:\/\/api.w.org\/{rel}","templated":true}]}}