{"id":1802,"date":"2023-01-29T18:11:46","date_gmt":"2023-01-30T00:11:46","guid":{"rendered":"https:\/\/omnesbands.international\/?page_id=1802"},"modified":"2023-01-29T18:11:48","modified_gmt":"2023-01-30T00:11:48","slug":"victor-valles-fornet-2","status":"publish","type":"page","link":"https:\/\/www.omnesbands.international\/fr\/victor-valles-fornet-2\/","title":{"rendered":"VICTOR VALLES FORNET"},"content":{"rendered":"<div class=\"wp-block-uagb-container uagb-block-cf31e1bf alignfull uagb-is-root-container\"><div class=\"uagb-container-inner-blocks-wrap\">\n<div class=\"wp-block-uagb-advanced-heading uagb-block-7b0d8b09\"><h1 class=\"uagb-heading-text\"><strong>VICTOR VALLES FORNET<\/strong><\/h1><\/div>\n<\/div><\/div>\n\n\n\n<div class=\"wp-block-uagb-container uagb-block-8a7e71be alignfull uagb-is-root-container\"><div class=\"uagb-container-inner-blocks-wrap\">\n<div class=\"wp-block-uagb-container uagb-block-4a7ed608\">\n<p>V\u00edctor Vall\u00e9s Fornet (1984) est n\u00e9 \u00e0 Vergel (Alicante). Il termine le dipl\u00f4me interm\u00e9diaire en trompette et piano respectivement aux Conservatoires Professionnels \u00ab Tenor Cortis \u00bb et \u00ab Josep Climent \u00bb de Denia et d&#039;Oliva. En 2008, il obtient le dipl\u00f4me sup\u00e9rieur de composition et le prix extraordinaire de fin d&#039;ann\u00e9e au Conservatoire Sup\u00e9rieur de Musique \u00ab Joaqu\u00edn Rodrigo \u00bb de Valence, \u00e9tudiant avec des professeurs tels que Ram\u00f3n Ramos, Gregorio Jim\u00e9nez, Enrique Sanz, C\u00e9sar Cano, Emilio Caland\u00edn, Francisco Tamarit. .. et r\u00e9aliser un projet de recherche (Honors) sur les deux quintettes de m\u00e9tal qu&#039;Enrique Sanz-Burguete a jusqu&#039;\u00e0 pr\u00e9sent : Gaud\u00ed*um et Bettina contre Goethe. Ouvrage publi\u00e9 sous forme d&#039;analyse dans la revue sp\u00e9cialis\u00e9e en musique contemporaine Espacio Sonoro (www.tallersonoro.com\/anterioresES\/25\/index.html). En 2010, il compl\u00e8te le Master de Musique dans la sp\u00e9cialit\u00e9 \u00ab Musique Contemporaine \u00bb \u00e0 l&#039;UPV avec un travail de recherche sur Carmelo A. Bernaola intitul\u00e9 \u00ab Analyse, flexibilit\u00e9 et ph\u00e9nom\u00e9nologie dans la morphologie sonore de Carmelo A. Bernaola \u00bb.<\/p>\n<p>Il suit des cours d&#039;analyse et de composition avec Ivan Nonmick, Agust\u00edn Charles, Leonardo Balada, Bishoff... et de direction d&#039;orchestre avec Jos\u00e9 R. Pascual-Vilaplana (pendant 4 ans), Joan Espinosa, Jan Cober, Alex Schillings, Thomas Doos et Eugene Corporon.<\/p>\n<p>Ses \u0153uvres ont \u00e9t\u00e9 jou\u00e9es dans des Festivals tels que \u00ab Synth\u00e8se 2008 de Bourges \u00bb (France), \u00ab IV Conf\u00e9rence de Musique Contemporaine \u00bb (C\u00f3rdoba -Argentine-), \u00ab Conf\u00e9rence Quadraphonique \u00bb Universit\u00e9 de Quilmes (Buenos Aires -Argentine-), \u00ab Zeppel\u00edn 2008 \u00bb (Barcelone), \u00ab Llocs de Pas 2009 et 2010 \u00bb (Barcelone), \u00ab Punto de Encuentro 2007, 2008, 2010, 2011, 2012, 2013, 2014 et 2016 \u00bb (Festival de musique \u00e9lectroacoustique organis\u00e9 par l&#039;AMEE -Association espagnole des Musique \u00e9lectroacoustique - ) \u00ab Printemps \u00e9lectroacoustique de Valence 2007 et 2008 \u00bb (Valence), \u00ab Cuivres espagnols Alzira 2010, 2014, 2015 et 2017 \u00bb, \u00ab Festival Brassurround Torrent 2012 et 2016 \u00bb, \u00ab Saison musicale Avu\u00ed 2012 \u2013 2021 \u00bb (Barcelone) , \u00ab Ensems \u00bb 2015, 2020 et 2021 (Valence)\u2026 y cr\u00e9ent des \u0153uvres, des interpr\u00e8tes de la stature de Josep Fuster (clarinette OBC), Vicent L\u00f3pez (tuba), Amores Grup de Percussi\u00f3, Spanish Brass Luur Metalls, Quintet Cuesta, Art of Brass Valencia, Quintet Verger, QMAV et Bandes Municipales de Valencia, Majorque et Bilbao... dans des auditoriums comme le Palau de la M\u00fasica de Valencia, le si\u00e8ge de la fondation BBVA de Madrid, la Salle Magistrale de l&#039;Op\u00e9ra Reina Sof\u00eda de Valencia, Auditorium Mompou \u00e0 Barcelone, Palais Euskalduna \u00e0 Bilbao et Auditorium Alfredo Kraus \u00e0 Gran Canaria.<\/p>\n<p>Certaines de ces \u0153uvres sont enregistr\u00e9es \u00e0 la fois sur CD et en partitions dans les maisons d&#039;\u00e9dition Al Puerto, Brotons &amp; Mercadal, B&amp;M Levante, Omnes Band, Piles, MusicVall et la maison d&#039;\u00e9dition Spanish Brass (SB).<\/p>\n<p>Il a \u00e9t\u00e9 r\u00e9compens\u00e9 dans les concours de composition suivants :<\/p>\n<p>\u2013 1er Prix de l\u2019\u00e9dition XLVIII du Concours de Composition Musicale Festive d\u2019Alcoy 2012.<br \/>\u2013 1er Prix de la IV \u00e9dition du Concours International de Composition pour Banda Villa de Muro 2012.<br \/>\u2013 1er Prix de la 1\u00e8re \u00e9dition du Concours de Composition Musicale du Festival de Villena 2013.<br \/>(Entre autres)<\/p>\n<\/div>\n<\/div><\/div>\n\n\n<div class=\"woocommerce columns-4\"><ul class=\"products columns-4\">\n<li class=\"desktop-align-left tablet-align-left mobile-align-left ast-product-gallery-layout-horizontal-slider product type-product post-1142 status-publish first instock product_cat-sinfonicas product_tag-victor-valles-fornet has-post-thumbnail downloadable virtual taxable purchasable product-type-simple\">\n\t<a href=\"https:\/\/www.omnesbands.international\/fr\/produit\/mutacions\/\" class=\"woocommerce-LoopProduct-link woocommerce-loop-product__link\"><img loading=\"lazy\" decoding=\"async\" width=\"300\" height=\"300\" src=\"https:\/\/www.omnesbands.international\/wp-content\/uploads\/2023\/01\/Mutaciones-300x300.jpg\" class=\"attachment-woocommerce_thumbnail size-woocommerce_thumbnail\" alt=\"Mutaciones\" srcset=\"https:\/\/www.omnesbands.international\/wp-content\/uploads\/2023\/01\/Mutaciones-300x300.jpg 300w, https:\/\/www.omnesbands.international\/wp-content\/uploads\/2023\/01\/Mutaciones-150x150.jpg 150w, https:\/\/www.omnesbands.international\/wp-content\/uploads\/2023\/01\/Mutaciones-12x12.jpg 12w, https:\/\/www.omnesbands.international\/wp-content\/uploads\/2023\/01\/Mutaciones-100x100.jpg 100w\" sizes=\"auto, (max-width: 300px) 100vw, 300px\" \/><h2 class=\"woocommerce-loop-product__title\">mutations<\/h2>\n\t<span class=\"price\"><span class=\"woocommerce-Price-amount amount\"><bdi><span class=\"woocommerce-Price-currencySymbol\">&#36;<\/span>40.00<\/bdi><\/span><\/span>\n<\/a><a href=\"\/fr\/wp-json\/wp\/v2\/pages\/1802?add-to-cart=1142\" aria-describedby=\"woocommerce_loop_add_to_cart_link_describedby_1142\" data-quantity=\"1\" class=\"button product_type_simple add_to_cart_button ajax_add_to_cart\" data-product_id=\"1142\" data-product_sku=\"MUT-SIN-ESP-22\" aria-label=\"Ajouter au panier : \u00ab Mutacions \u00bb\" rel=\"nofollow\" data-success_message=\"\u00ab\u00a0Mutacions\u00a0\u00bb a \u00e9t\u00e9 ajout\u00e9 \u00e0 votre panier\" role=\"button\" data-no-translation=\"\" data-trp-gettext=\"\" data-no-translation-aria-label=\"\" data-no-translation-data-success_message=\"\">Ajouter au panier<\/a>\t<span id=\"woocommerce_loop_add_to_cart_link_describedby_1142\" class=\"screen-reader-text\">\n\t\t\t<\/span>\n<\/li>\n<\/ul>\n<\/div>","protected":false},"excerpt":{"rendered":"<p>VICTOR VALL\u00c9S FORNET V\u00edctor Vall\u00e9s Fornet (1984) nace en Vergel (Alicante). Finaliza el Grado Medio de trompeta y piano en los Conservatorios Profesionales \u201cTenor Cortis\u201d y \u201cJosep Climent\u201d de Denia y Oliva respectivamente. En el 2008 obtiene el t\u00edtulo superior de Composici\u00f3n y Premio Extraordinario Final de Carrera en el Conservatorio Superior de M\u00fasica \u201cJoaqu\u00edn [&hellip;]<\/p>\n","protected":false},"author":4,"featured_media":0,"parent":0,"menu_order":0,"comment_status":"closed","ping_status":"closed","template":"","meta":{"_acf_changed":false,"_uag_custom_page_level_css":"","site-sidebar-layout":"default","site-content-layout":"","ast-site-content-layout":"default","site-content-style":"default","site-sidebar-style":"default","ast-global-header-display":"","ast-banner-title-visibility":"","ast-main-header-display":"","ast-hfb-above-header-display":"","ast-hfb-below-header-display":"","ast-hfb-mobile-header-display":"","site-post-title":"disabled","ast-breadcrumbs-content":"","ast-featured-img":"","footer-sml-layout":"","ast-disable-related-posts":"","theme-transparent-header-meta":"","adv-header-id-meta":"","stick-header-meta":"","header-above-stick-meta":"","header-main-stick-meta":"","header-below-stick-meta":"","astra-migrate-meta-layouts":"default","ast-page-background-enabled":"default","ast-page-background-meta":{"desktop":{"background-color":"","background-image":"","background-repeat":"repeat","background-position":"center center","background-size":"auto","background-attachment":"scroll","background-type":"","background-media":"","overlay-type":"","overlay-color":"","overlay-opacity":"","overlay-gradient":""},"tablet":{"background-color":"","background-image":"","background-repeat":"repeat","background-position":"center center","background-size":"auto","background-attachment":"scroll","background-type":"","background-media":"","overlay-type":"","overlay-color":"","overlay-opacity":"","overlay-gradient":""},"mobile":{"background-color":"","background-image":"","background-repeat":"repeat","background-position":"center center","background-size":"auto","background-attachment":"scroll","background-type":"","background-media":"","overlay-type":"","overlay-color":"","overlay-opacity":"","overlay-gradient":""}},"ast-content-background-meta":{"desktop":{"background-color":"var(--ast-global-color-5)","background-image":"","background-repeat":"repeat","background-position":"center center","background-size":"auto","background-attachment":"scroll","background-type":"","background-media":"","overlay-type":"","overlay-color":"","overlay-opacity":"","overlay-gradient":""},"tablet":{"background-color":"var(--ast-global-color-5)","background-image":"","background-repeat":"repeat","background-position":"center center","background-size":"auto","background-attachment":"scroll","background-type":"","background-media":"","overlay-type":"","overlay-color":"","overlay-opacity":"","overlay-gradient":""},"mobile":{"background-color":"var(--ast-global-color-5)","background-image":"","background-repeat":"repeat","background-position":"center center","background-size":"auto","background-attachment":"scroll","background-type":"","background-media":"","overlay-type":"","overlay-color":"","overlay-opacity":"","overlay-gradient":""}},"footnotes":""},"class_list":["post-1802","page","type-page","status-publish","hentry"],"acf":[],"yoast_head":"<!-- This site is optimized with the Yoast SEO Premium plugin v22.4 (Yoast SEO v27.4) - https:\/\/yoast.com\/product\/yoast-seo-premium-wordpress\/ -->\n<title>VICTOR VALL\u00c9S FORNET -<\/title>\n<meta name=\"robots\" content=\"index, follow, max-snippet:-1, max-image-preview:large, max-video-preview:-1\" \/>\n<link rel=\"canonical\" href=\"https:\/\/www.omnesbands.international\/fr\/victor-valles-fornet-2\/\" \/>\n<meta property=\"og:locale\" content=\"fr_FR\" \/>\n<meta property=\"og:type\" content=\"article\" \/>\n<meta property=\"og:title\" content=\"VICTOR VALL\u00c9S FORNET\" \/>\n<meta property=\"og:description\" content=\"VICTOR VALL\u00c9S FORNET V\u00edctor Vall\u00e9s Fornet (1984) nace en Vergel (Alicante). Finaliza el Grado Medio de trompeta y piano en los Conservatorios Profesionales \u201cTenor Cortis\u201d y \u201cJosep Climent\u201d de Denia y Oliva respectivamente. En el 2008 obtiene el t\u00edtulo superior de Composici\u00f3n y Premio Extraordinario Final de Carrera en el Conservatorio Superior de M\u00fasica \u201cJoaqu\u00edn [&hellip;]\" \/>\n<meta property=\"og:url\" content=\"https:\/\/www.omnesbands.international\/fr\/victor-valles-fornet-2\/\" \/>\n<meta property=\"article:modified_time\" content=\"2023-01-30T00:11:48+00:00\" \/>\n<meta property=\"og:image\" content=\"https:\/\/www.omnesbands.international\/wp-content\/uploads\/2023\/01\/music-sheet-music-snowdrop-7107045.jpg\" \/>\n\t<meta property=\"og:image:width\" content=\"1280\" \/>\n\t<meta property=\"og:image:height\" content=\"742\" \/>\n\t<meta property=\"og:image:type\" content=\"image\/jpeg\" \/>\n<meta name=\"twitter:card\" content=\"summary_large_image\" \/>\n<meta name=\"twitter:label1\" content=\"Dur\u00e9e de lecture estim\u00e9e\" \/>\n\t<meta name=\"twitter:data1\" content=\"3 minutes\" \/>\n<script type=\"application\/ld+json\" class=\"yoast-schema-graph\">{\"@context\":\"https:\\\/\\\/schema.org\",\"@graph\":[{\"@type\":\"WebPage\",\"@id\":\"https:\\\/\\\/www.omnesbands.international\\\/victor-valles-fornet-2\\\/\",\"url\":\"https:\\\/\\\/www.omnesbands.international\\\/victor-valles-fornet-2\\\/\",\"name\":\"VICTOR VALL\u00c9S FORNET -\",\"isPartOf\":{\"@id\":\"https:\\\/\\\/www.omnesbands.international\\\/#website\"},\"datePublished\":\"2023-01-30T00:11:46+00:00\",\"dateModified\":\"2023-01-30T00:11:48+00:00\",\"breadcrumb\":{\"@id\":\"https:\\\/\\\/www.omnesbands.international\\\/victor-valles-fornet-2\\\/#breadcrumb\"},\"inLanguage\":\"fr-FR\",\"potentialAction\":[{\"@type\":\"ReadAction\",\"target\":[\"https:\\\/\\\/www.omnesbands.international\\\/victor-valles-fornet-2\\\/\"]}]},{\"@type\":\"BreadcrumbList\",\"@id\":\"https:\\\/\\\/www.omnesbands.international\\\/victor-valles-fornet-2\\\/#breadcrumb\",\"itemListElement\":[{\"@type\":\"ListItem\",\"position\":1,\"name\":\"Portada\",\"item\":\"https:\\\/\\\/www.omnesbands.international\\\/\"},{\"@type\":\"ListItem\",\"position\":2,\"name\":\"VICTOR VALL\u00c9S FORNET\"}]},{\"@type\":\"WebSite\",\"@id\":\"https:\\\/\\\/www.omnesbands.international\\\/#website\",\"url\":\"https:\\\/\\\/www.omnesbands.international\\\/\",\"name\":\"OMNESBANDS International\",\"description\":\"Partituras Originales de autores y compositores independientes\",\"publisher\":{\"@id\":\"https:\\\/\\\/www.omnesbands.international\\\/#organization\"},\"potentialAction\":[{\"@type\":\"SearchAction\",\"target\":{\"@type\":\"EntryPoint\",\"urlTemplate\":\"https:\\\/\\\/www.omnesbands.international\\\/?s={search_term_string}\"},\"query-input\":{\"@type\":\"PropertyValueSpecification\",\"valueRequired\":true,\"valueName\":\"search_term_string\"}}],\"inLanguage\":\"fr-FR\"},{\"@type\":\"Organization\",\"@id\":\"https:\\\/\\\/www.omnesbands.international\\\/#organization\",\"name\":\"Indra Consultores Internacionales\",\"alternateName\":\"Omnesbands\",\"url\":\"https:\\\/\\\/www.omnesbands.international\\\/\",\"logo\":{\"@type\":\"ImageObject\",\"inLanguage\":\"fr-FR\",\"@id\":\"https:\\\/\\\/www.omnesbands.international\\\/#\\\/schema\\\/logo\\\/image\\\/\",\"url\":\"https:\\\/\\\/omnesbands.international\\\/wp-content\\\/uploads\\\/2023\\\/06\\\/Logo-Nuevo-.png\",\"contentUrl\":\"https:\\\/\\\/omnesbands.international\\\/wp-content\\\/uploads\\\/2023\\\/06\\\/Logo-Nuevo-.png\",\"width\":394,\"height\":212,\"caption\":\"Indra Consultores Internacionales\"},\"image\":{\"@id\":\"https:\\\/\\\/www.omnesbands.international\\\/#\\\/schema\\\/logo\\\/image\\\/\"}}]}<\/script>\n<!-- \/ Yoast SEO Premium plugin. -->","yoast_head_json":{"title":"VICTOR VALL\u00c9S FORNET -","robots":{"index":"index","follow":"follow","max-snippet":"max-snippet:-1","max-image-preview":"max-image-preview:large","max-video-preview":"max-video-preview:-1"},"canonical":"https:\/\/www.omnesbands.international\/fr\/victor-valles-fornet-2\/","og_locale":"fr_FR","og_type":"article","og_title":"VICTOR VALL\u00c9S FORNET","og_description":"VICTOR VALL\u00c9S FORNET V\u00edctor Vall\u00e9s Fornet (1984) nace en Vergel (Alicante). Finaliza el Grado Medio de trompeta y piano en los Conservatorios Profesionales \u201cTenor Cortis\u201d y \u201cJosep Climent\u201d de Denia y Oliva respectivamente. En el 2008 obtiene el t\u00edtulo superior de Composici\u00f3n y Premio Extraordinario Final de Carrera en el Conservatorio Superior de M\u00fasica \u201cJoaqu\u00edn [&hellip;]","og_url":"https:\/\/www.omnesbands.international\/fr\/victor-valles-fornet-2\/","article_modified_time":"2023-01-30T00:11:48+00:00","og_image":[{"width":1280,"height":742,"url":"https:\/\/www.omnesbands.international\/wp-content\/uploads\/2023\/01\/music-sheet-music-snowdrop-7107045.jpg","type":"image\/jpeg"}],"twitter_card":"summary_large_image","twitter_misc":{"Dur\u00e9e de lecture estim\u00e9e":"3 minutes"},"schema":{"@context":"https:\/\/schema.org","@graph":[{"@type":"WebPage","@id":"https:\/\/www.omnesbands.international\/victor-valles-fornet-2\/","url":"https:\/\/www.omnesbands.international\/victor-valles-fornet-2\/","name":"VICTOR VALL\u00c9S FORNET -","isPartOf":{"@id":"https:\/\/www.omnesbands.international\/#website"},"datePublished":"2023-01-30T00:11:46+00:00","dateModified":"2023-01-30T00:11:48+00:00","breadcrumb":{"@id":"https:\/\/www.omnesbands.international\/victor-valles-fornet-2\/#breadcrumb"},"inLanguage":"fr-FR","potentialAction":[{"@type":"ReadAction","target":["https:\/\/www.omnesbands.international\/victor-valles-fornet-2\/"]}]},{"@type":"BreadcrumbList","@id":"https:\/\/www.omnesbands.international\/victor-valles-fornet-2\/#breadcrumb","itemListElement":[{"@type":"ListItem","position":1,"name":"Portada","item":"https:\/\/www.omnesbands.international\/"},{"@type":"ListItem","position":2,"name":"VICTOR VALL\u00c9S FORNET"}]},{"@type":"WebSite","@id":"https:\/\/www.omnesbands.international\/#website","url":"https:\/\/www.omnesbands.international\/","name":"OMNESBANDS International","description":"Partitions originales d&#039;auteurs et compositeurs ind\u00e9pendants","publisher":{"@id":"https:\/\/www.omnesbands.international\/#organization"},"potentialAction":[{"@type":"SearchAction","target":{"@type":"EntryPoint","urlTemplate":"https:\/\/www.omnesbands.international\/?s={search_term_string}"},"query-input":{"@type":"PropertyValueSpecification","valueRequired":true,"valueName":"search_term_string"}}],"inLanguage":"fr-FR"},{"@type":"Organization","@id":"https:\/\/www.omnesbands.international\/#organization","name":"Indra Consultants Internationaux","alternateName":"Omnesbands","url":"https:\/\/www.omnesbands.international\/","logo":{"@type":"ImageObject","inLanguage":"fr-FR","@id":"https:\/\/www.omnesbands.international\/#\/schema\/logo\/image\/","url":"https:\/\/omnesbands.international\/wp-content\/uploads\/2023\/06\/Logo-Nuevo-.png","contentUrl":"https:\/\/omnesbands.international\/wp-content\/uploads\/2023\/06\/Logo-Nuevo-.png","width":394,"height":212,"caption":"Indra Consultores Internacionales"},"image":{"@id":"https:\/\/www.omnesbands.international\/#\/schema\/logo\/image\/"}}]}},"uagb_featured_image_src":{"full":false,"thumbnail":false,"medium":false,"medium_large":false,"large":false,"1536x1536":false,"2048x2048":false,"trp-custom-language-flag":false,"gg_gallery_thumbnail":false,"woocommerce_thumbnail":false,"woocommerce_single":false,"woocommerce_gallery_thumbnail":false},"uagb_author_info":{"display_name":"Melvin R. Portillo A:","author_link":"https:\/\/www.omnesbands.international\/fr\/author\/portand\/"},"uagb_comment_info":0,"uagb_excerpt":"VICTOR VALL\u00c9S FORNET V\u00edctor Vall\u00e9s Fornet (1984) nace en Vergel (Alicante). Finaliza el Grado Medio de trompeta y piano en los Conservatorios Profesionales \u201cTenor Cortis\u201d y \u201cJosep Climent\u201d de Denia y Oliva respectivamente. En el 2008 obtiene el t\u00edtulo superior de Composici\u00f3n y Premio Extraordinario Final de Carrera en el Conservatorio Superior de M\u00fasica \u201cJoaqu\u00edn\u2026","_links":{"self":[{"href":"https:\/\/www.omnesbands.international\/fr\/wp-json\/wp\/v2\/pages\/1802","targetHints":{"allow":["GET"]}}],"collection":[{"href":"https:\/\/www.omnesbands.international\/fr\/wp-json\/wp\/v2\/pages"}],"about":[{"href":"https:\/\/www.omnesbands.international\/fr\/wp-json\/wp\/v2\/types\/page"}],"author":[{"embeddable":true,"href":"https:\/\/www.omnesbands.international\/fr\/wp-json\/wp\/v2\/users\/4"}],"replies":[{"embeddable":true,"href":"https:\/\/www.omnesbands.international\/fr\/wp-json\/wp\/v2\/comments?post=1802"}],"version-history":[{"count":1,"href":"https:\/\/www.omnesbands.international\/fr\/wp-json\/wp\/v2\/pages\/1802\/revisions"}],"predecessor-version":[{"id":1803,"href":"https:\/\/www.omnesbands.international\/fr\/wp-json\/wp\/v2\/pages\/1802\/revisions\/1803"}],"wp:attachment":[{"href":"https:\/\/www.omnesbands.international\/fr\/wp-json\/wp\/v2\/media?parent=1802"}],"curies":[{"name":"wp","href":"https:\/\/api.w.org\/{rel}","templated":true}]}}