{"id":1635,"date":"2023-01-28T15:01:36","date_gmt":"2023-01-28T21:01:36","guid":{"rendered":"https:\/\/omnesbands.international\/?page_id=1635"},"modified":"2023-01-28T15:01:38","modified_gmt":"2023-01-28T21:01:38","slug":"daniel-ferrero-silvaje-2","status":"publish","type":"page","link":"https:\/\/www.omnesbands.international\/ja\/daniel-ferrero-silvaje-2\/","title":{"rendered":"\u30c0\u30cb\u30a8\u30eb\u30fb\u30d5\u30a7\u30ec\u30ed\u30fb\u30b7\u30eb\u30d0\u30d8"},"content":{"rendered":"<div class=\"wp-block-uagb-container uagb-block-16a956b1 alignfull uagb-is-root-container\"><div class=\"uagb-container-inner-blocks-wrap\">\n<div class=\"wp-block-uagb-advanced-heading uagb-block-5bea610e\"><h1 class=\"uagb-heading-text\"><strong>\u30c0\u30cb\u30a8\u30eb\u30fb\u30d5\u30a7\u30ec\u30ed\u30fb\u30b7\u30eb\u30d0\u30d8<\/strong><\/h1><\/div>\n<\/div><\/div>\n\n\n\n<div class=\"wp-block-uagb-container uagb-block-d447bf77 alignfull uagb-is-root-container\"><div class=\"uagb-container-inner-blocks-wrap\">\n<p>\u30db\u30eb\u30f3\u3001\u30cf\u30fc\u30e2\u30cb\u30fc\u3001\u4f5c\u66f2\u3068\u697d\u5668\u7de8\u6210\u3001\u5408\u5531\u6307\u63ee\u3001\u30aa\u30fc\u30b1\u30b9\u30c8\u30e9\u6307\u63ee\u306e\u5b66\u4f4d\u3092\u53d6\u5f97\u3057\u305f\u30c0\u30cb\u30a8\u30eb\u30fb\u30d5\u30a7\u30ec\u30fc\u30ed\u306f\u3001\u30d0\u30ec\u30f3\u30b7\u30a2\u97f3\u697d\u9662\u30aa\u30fc\u30b1\u30b9\u30c8\u30e9\u3001\u30d0\u30ec\u30b9\u4ea4\u97ff\u697d\u56e3\u3001\u30e6\u30cb\u30aa\u30fb\u30df\u30e5\u30fc\u30b8\u30ab\u30eb\u30fb\u30c7\u30fb\u30e0\u30ed\u3001\u30d3\u30ea\u30a7\u30ca\u5e02\u7acb\u97f3\u697d\u968a\u306a\u3069\u3001\u3044\u304f\u3064\u304b\u306e\u30b0\u30eb\u30fc\u30d7\u3092\u6307\u63ee\u3057\u3066\u304d\u307e\u3057\u305f\u3002 1987 \u5e74\u304b\u3089 2000 \u5e74\u307e\u3067\u3001\u5f7c\u306f Ontinyent Musical Artistic Union Band \u306e\u9996\u5e2d\u6307\u63ee\u8005\u3092\u52d9\u3081\u3001\u6570\u3005\u306e\u8cde\u3092\u53d7\u8cde\u3057\u307e\u3057\u305f\u3002 2001 \u5e74\u304b\u3089 2005 \u5e74\u307e\u3067\u3001\u30a2\u30eb\u30c6\u30a2\u30cd\u30f3\u30bb \u30d5\u30a3\u30eb\u30cf\u30fc\u30e2\u30cb\u30c3\u30af\u5354\u4f1a\u30d0\u30f3\u30c9\u306e\u9996\u5e2d\u6307\u63ee\u8005\u3092\u52d9\u3081\u307e\u3057\u305f\u3002\u3053\u306e\u30d0\u30f3\u30c9\u3068\u3068\u3082\u306b\u30d1\u30e9\u30aa \u30a2\u30eb\u30c6\u30a2\u3092\u767a\u8db3\u3055\u305b\u3001\u30e0\u30eb\u30b7\u30a2\u3068 2005 \u5e74\u306e\u30b1\u30eb\u30af\u30e9\u30fc\u30c7 \u30b3\u30f3\u30af\u30fc\u30eb\u3067\u3044\u304f\u3064\u304b\u306e\u8cde\u3092\u53d7\u8cde\u3057\u307e\u3057\u305f\u3002<\/p>\n<p>\u5f7c\u306f\u3044\u304f\u3064\u304b\u306e\u9332\u97f3\u3092\u884c\u3063\u3066\u304a\u308a\u3001\u30a8\u30eb\u30c0\u3001\u30a2\u30eb\u30c6\u30a2\u30fb\u30e9\u30fb\u30d9\u30ea\u30e3\u3001\u30d3\u30ec\u30fc\u30ca\u3001\u30d0\u30ec\u30f3\u30b7\u30a2\u3001\u30d1\u30a4\u30d1\uff08\u30b3\u30ed\u30f3\u30d3\u30a2\uff09\u306e\u3044\u304f\u3064\u304b\u306e\u30b3\u30f3\u30af\u30fc\u30eb\u3067\u5be9\u67fb\u54e1\u3092\u52d9\u3081\u3066\u3044\u307e\u3059\u3002 2008\u5e74\u306b\u306f\u30dd\u30eb\u30c8\u30ac\u30eb\u306e\u30df\u30e9\u30f3\u30c7\u30e9\u30fb\u30a4\u30fb\u30f4\u30a3\u30bc\u30a6\u5927\u5b66\u30ad\u30e3\u30f3\u30d1\u30b9\u3067\u884c\u308f\u308c\u305f\u300c\u7b2c4\u56de\u30bd\u30d7\u30ed\u30b9\u30fb\u30d4\u30a2\u30b8\u30a7\u30fb\u30aa\u30fc\u30b1\u30b9\u30c8\u30e9\u30fb\u30b9\u30c6\u30fc\u30b8\u300d\u3067\u5ba2\u6f14\u6307\u63ee\u8005\u3092\u52d9\u3081\u305f\u3002<br \/>2010\u5e74\u306b\u5f7c\u306fFSMCV\u304b\u3089\u30d1\u30fc\u30c6\u30a3\u30fc\u97f3\u697d\u306e\u4f5c\u66f2\u90e8\u9580\u3067\u30a8\u30a6\u30c6\u30eb\u30da\u8cde\u3092\u53d7\u8cde\u3057\u305f\u3002\u4f5c\u66f2\u5bb6\u3068\u3057\u3066\u3001\u5f7c\u306f 50 \u3092\u8d85\u3048\u308b\u884c\u9032\u66f2\u3084\u30d1\u30bd\u30c9\u30d6\u30ec\u306e\u4f5c\u8005\u3067\u3059\u3002\u5f7c\u306f\u4ed6\u306e\u697d\u5668\u30b0\u30eb\u30fc\u30d7\u306e\u305f\u3081\u306b\u4f5c\u66f2\u3082\u884c\u3063\u3066\u3044\u307e\u3059\u3002<\/p>\n<p>\u5f7c\u306f\u73fe\u5728\u3001\u30af\u30ea\u30a7\u30e9\u97f3\u697d\u9662\u306e\u30d5\u30ec\u30f3\u30c1\u30db\u30eb\u30f3\u6559\u5e2b\u3067\u3042\u308a\u3001\u30a2\u30eb\u30d9\u30ea\u30c3\u30af\u97f3\u697d\u697d\u56e3\u306e\u30c7\u30a3\u30ec\u30af\u30bf\u30fc\u3067\u3082\u3042\u308a\u30012007\u5e74\u30682013\u5e74\u306b\u306f\u30b7\u30a6\u30c0\u30fc\u30fb\u30c7\u30fb\u30d0\u30ec\u30f3\u30b7\u30a2\u56fd\u969b\u30b3\u30f3\u30af\u30fc\u30eb\u306e\u540d\u8a89\u90e8\u9580\u3067\u7b2c2\u4f4d\u30012013\u5e74\u306b\u306f\u7b2c3\u4f4d\u3092\u53d7\u8cde\u3057\u3066\u3044\u308b\u3002 2011\u5e74\u306b\u540c\u30b3\u30f3\u30af\u30fc\u30eb\u3067\u512a\u52dd\u3057\u30012009\u5e74\u306b\u306f\u30f4\u30a3\u30e9\u30fb\u30c0\u30eb\u30c6\u30a2\u56fd\u969b\u30b3\u30f3\u30af\u30fc\u30eb\u306e\u30b7\u30f3\u30d5\u30a9\u30cb\u30c3\u30af\u90e8\u9580\u3067\u7b2c1\u4f4d\u3092\u53d7\u8cde\u3057\u305f\u3002<\/p>\n<\/div><\/div>\n\n\n<div class=\"woocommerce columns-4\"><ul class=\"products columns-4\">\n<li class=\"desktop-align-left tablet-align-left mobile-align-left ast-product-gallery-layout-horizontal-slider product type-product post-1036 status-publish first instock product_cat-musica-de-calle product_tag-daniel-ferrero-silvaje has-post-thumbnail downloadable virtual taxable purchasable product-type-simple\">\n\t<a href=\"https:\/\/www.omnesbands.international\/ja\/product\/aladins\/\" class=\"woocommerce-LoopProduct-link woocommerce-loop-product__link\"><img loading=\"lazy\" decoding=\"async\" width=\"300\" height=\"300\" src=\"https:\/\/www.omnesbands.international\/wp-content\/uploads\/2023\/01\/Aladins-300x300.jpg\" class=\"attachment-woocommerce_thumbnail size-woocommerce_thumbnail\" alt=\"Aladins\" srcset=\"https:\/\/www.omnesbands.international\/wp-content\/uploads\/2023\/01\/Aladins-300x300.jpg 300w, https:\/\/www.omnesbands.international\/wp-content\/uploads\/2023\/01\/Aladins-150x150.jpg 150w, https:\/\/www.omnesbands.international\/wp-content\/uploads\/2023\/01\/Aladins-100x100.jpg 100w\" sizes=\"auto, (max-width: 300px) 100vw, 300px\" \/><h2 class=\"woocommerce-loop-product__title\">\u30a2\u30e9\u30b8\u30f3<\/h2>\n\t<span class=\"price\"><span class=\"woocommerce-Price-amount amount\"><bdi><span class=\"woocommerce-Price-currencySymbol\">&#36;<\/span>25.00<\/bdi><\/span><\/span>\n<\/a><a href=\"\/ja\/wp-json\/wp\/v2\/pages\/1635?add-to-cart=1036\" aria-describedby=\"woocommerce_loop_add_to_cart_link_describedby_1036\" data-quantity=\"1\" class=\"button product_type_simple add_to_cart_button ajax_add_to_cart\" data-product_id=\"1036\" data-product_sku=\"ALA-CAL-ESP-22\" aria-label=\"\u30ab\u30fc\u30c8\u306b\u8ffd\u52a0: \u300cAladins\u300d\" rel=\"nofollow\" data-success_message=\"\u300cAladins\u300d\u3092\u304a\u8cb7\u3044\u7269\u30ab\u30b4\u306b\u8ffd\u52a0\u3057\u307e\u3057\u305f\" role=\"button\" data-no-translation=\"\" data-trp-gettext=\"\" data-no-translation-aria-label=\"\" data-no-translation-data-success_message=\"\">\u304a\u8cb7\u3044\u7269\u30ab\u30b4\u306b\u8ffd\u52a0<\/a>\t<span id=\"woocommerce_loop_add_to_cart_link_describedby_1036\" class=\"screen-reader-text\">\n\t\t\t<\/span>\n<\/li>\n<li class=\"desktop-align-left tablet-align-left mobile-align-left ast-product-gallery-layout-horizontal-slider product type-product post-1056 status-publish instock product_cat-musica-de-calle product_tag-daniel-ferrero-silvaje has-post-thumbnail downloadable virtual taxable purchasable product-type-simple\">\n\t<a href=\"https:\/\/www.omnesbands.international\/ja\/product\/aragonesos-99\/\" class=\"woocommerce-LoopProduct-link woocommerce-loop-product__link\"><img loading=\"lazy\" decoding=\"async\" width=\"300\" height=\"300\" src=\"https:\/\/www.omnesbands.international\/wp-content\/uploads\/2023\/01\/Aragonesos-99-300x300.jpg\" class=\"attachment-woocommerce_thumbnail size-woocommerce_thumbnail\" alt=\"Aragonesos 99\" srcset=\"https:\/\/www.omnesbands.international\/wp-content\/uploads\/2023\/01\/Aragonesos-99-300x300.jpg 300w, https:\/\/www.omnesbands.international\/wp-content\/uploads\/2023\/01\/Aragonesos-99-150x150.jpg 150w, https:\/\/www.omnesbands.international\/wp-content\/uploads\/2023\/01\/Aragonesos-99-100x100.jpg 100w\" sizes=\"auto, (max-width: 300px) 100vw, 300px\" \/><h2 class=\"woocommerce-loop-product__title\">\u30a2\u30e9\u30b4\u30f399<\/h2>\n\t<span class=\"price\"><span class=\"woocommerce-Price-amount amount\"><bdi><span class=\"woocommerce-Price-currencySymbol\">&#36;<\/span>30.00<\/bdi><\/span><\/span>\n<\/a><a href=\"\/ja\/wp-json\/wp\/v2\/pages\/1635?add-to-cart=1056\" aria-describedby=\"woocommerce_loop_add_to_cart_link_describedby_1056\" data-quantity=\"1\" class=\"button product_type_simple add_to_cart_button ajax_add_to_cart\" data-product_id=\"1056\" data-product_sku=\"ARA-CAL-ESP-22\" aria-label=\"\u30ab\u30fc\u30c8\u306b\u8ffd\u52a0: \u300cAragonesos 99\u300d\" rel=\"nofollow\" data-success_message=\"\u300cAragonesos 99\u300d\u3092\u304a\u8cb7\u3044\u7269\u30ab\u30b4\u306b\u8ffd\u52a0\u3057\u307e\u3057\u305f\" role=\"button\" data-no-translation=\"\" data-trp-gettext=\"\" data-no-translation-aria-label=\"\" data-no-translation-data-success_message=\"\">\u304a\u8cb7\u3044\u7269\u30ab\u30b4\u306b\u8ffd\u52a0<\/a>\t<span id=\"woocommerce_loop_add_to_cart_link_describedby_1056\" class=\"screen-reader-text\">\n\t\t\t<\/span>\n<\/li>\n<li class=\"desktop-align-left tablet-align-left mobile-align-left ast-product-gallery-layout-horizontal-slider product type-product post-1186 status-publish instock product_cat-musica-de-calle product_tag-daniel-ferrero-silvaje has-post-thumbnail downloadable virtual taxable purchasable product-type-simple\">\n\t<a href=\"https:\/\/www.omnesbands.international\/ja\/product\/embajador-moro\/\" class=\"woocommerce-LoopProduct-link woocommerce-loop-product__link\"><img loading=\"lazy\" decoding=\"async\" width=\"300\" height=\"300\" src=\"https:\/\/www.omnesbands.international\/wp-content\/uploads\/2023\/01\/Embajador-Moro-1-300x300.jpg\" class=\"attachment-woocommerce_thumbnail size-woocommerce_thumbnail\" alt=\"Embajador Moro\" srcset=\"https:\/\/www.omnesbands.international\/wp-content\/uploads\/2023\/01\/Embajador-Moro-1-300x300.jpg 300w, https:\/\/www.omnesbands.international\/wp-content\/uploads\/2023\/01\/Embajador-Moro-1-150x150.jpg 150w, https:\/\/www.omnesbands.international\/wp-content\/uploads\/2023\/01\/Embajador-Moro-1-11x12.jpg 11w, https:\/\/www.omnesbands.international\/wp-content\/uploads\/2023\/01\/Embajador-Moro-1-100x100.jpg 100w\" sizes=\"auto, (max-width: 300px) 100vw, 300px\" \/><h2 class=\"woocommerce-loop-product__title\">\u30e0\u30fc\u30a2\u5927\u4f7f<\/h2>\n\t<span class=\"price\"><span class=\"woocommerce-Price-amount amount\"><bdi><span class=\"woocommerce-Price-currencySymbol\">&#36;<\/span>30.00<\/bdi><\/span><\/span>\n<\/a><a href=\"\/ja\/wp-json\/wp\/v2\/pages\/1635?add-to-cart=1186\" aria-describedby=\"woocommerce_loop_add_to_cart_link_describedby_1186\" data-quantity=\"1\" class=\"button product_type_simple add_to_cart_button ajax_add_to_cart\" data-product_id=\"1186\" data-product_sku=\"EMB-CAL-ESP-22\" aria-label=\"\u30ab\u30fc\u30c8\u306b\u8ffd\u52a0: \u300cEmbajador Moro\u300d\" rel=\"nofollow\" data-success_message=\"\u300cEmbajador Moro\u300d\u3092\u304a\u8cb7\u3044\u7269\u30ab\u30b4\u306b\u8ffd\u52a0\u3057\u307e\u3057\u305f\" role=\"button\" data-no-translation=\"\" data-trp-gettext=\"\" data-no-translation-aria-label=\"\" data-no-translation-data-success_message=\"\">\u304a\u8cb7\u3044\u7269\u30ab\u30b4\u306b\u8ffd\u52a0<\/a>\t<span id=\"woocommerce_loop_add_to_cart_link_describedby_1186\" class=\"screen-reader-text\">\n\t\t\t<\/span>\n<\/li>\n<li class=\"desktop-align-left tablet-align-left mobile-align-left ast-product-gallery-layout-horizontal-slider product type-product post-1242 status-publish last instock product_cat-musica-de-calle product_tag-daniel-ferrero-silvaje has-post-thumbnail downloadable virtual taxable purchasable product-type-simple\">\n\t<a href=\"https:\/\/www.omnesbands.international\/ja\/product\/rais-kabir\/\" class=\"woocommerce-LoopProduct-link woocommerce-loop-product__link\"><img loading=\"lazy\" decoding=\"async\" width=\"300\" height=\"300\" src=\"https:\/\/www.omnesbands.international\/wp-content\/uploads\/2023\/01\/Rais-Kabir-1-300x300.jpg\" class=\"attachment-woocommerce_thumbnail size-woocommerce_thumbnail\" alt=\"Rais Kabir\" srcset=\"https:\/\/www.omnesbands.international\/wp-content\/uploads\/2023\/01\/Rais-Kabir-1-300x300.jpg 300w, https:\/\/www.omnesbands.international\/wp-content\/uploads\/2023\/01\/Rais-Kabir-1-150x150.jpg 150w, https:\/\/www.omnesbands.international\/wp-content\/uploads\/2023\/01\/Rais-Kabir-1-100x100.jpg 100w\" sizes=\"auto, (max-width: 300px) 100vw, 300px\" \/><h2 class=\"woocommerce-loop-product__title\">\u30e9\u30a4\u30b9\u30fb\u30ab\u30d3\u30fc\u30eb<\/h2>\n\t<span class=\"price\"><span class=\"woocommerce-Price-amount amount\"><bdi><span class=\"woocommerce-Price-currencySymbol\">&#36;<\/span>30.00<\/bdi><\/span><\/span>\n<\/a><a href=\"\/ja\/wp-json\/wp\/v2\/pages\/1635?add-to-cart=1242\" aria-describedby=\"woocommerce_loop_add_to_cart_link_describedby_1242\" data-quantity=\"1\" class=\"button product_type_simple add_to_cart_button ajax_add_to_cart\" data-product_id=\"1242\" data-product_sku=\"RAI-CAL-ESP-22\" aria-label=\"\u30ab\u30fc\u30c8\u306b\u8ffd\u52a0: \u300cRais Kabir\u300d\" rel=\"nofollow\" data-success_message=\"\u300cRais Kabir\u300d\u3092\u304a\u8cb7\u3044\u7269\u30ab\u30b4\u306b\u8ffd\u52a0\u3057\u307e\u3057\u305f\" role=\"button\" data-no-translation=\"\" data-trp-gettext=\"\" data-no-translation-aria-label=\"\" data-no-translation-data-success_message=\"\">\u304a\u8cb7\u3044\u7269\u30ab\u30b4\u306b\u8ffd\u52a0<\/a>\t<span id=\"woocommerce_loop_add_to_cart_link_describedby_1242\" class=\"screen-reader-text\">\n\t\t\t<\/span>\n<\/li>\n<li class=\"desktop-align-left tablet-align-left mobile-align-left ast-product-gallery-layout-horizontal-slider product type-product post-1274 status-publish first instock product_cat-musica-de-calle product_tag-daniel-ferrero-silvaje has-post-thumbnail downloadable virtual taxable purchasable product-type-simple\">\n\t<a href=\"https:\/\/www.omnesbands.international\/ja\/product\/sisco\/\" class=\"woocommerce-LoopProduct-link woocommerce-loop-product__link\"><img loading=\"lazy\" decoding=\"async\" width=\"300\" height=\"300\" src=\"https:\/\/www.omnesbands.international\/wp-content\/uploads\/2023\/01\/Sisco-1-300x300.jpg\" class=\"attachment-woocommerce_thumbnail size-woocommerce_thumbnail\" alt=\"Sisco\" srcset=\"https:\/\/www.omnesbands.international\/wp-content\/uploads\/2023\/01\/Sisco-1-300x300.jpg 300w, https:\/\/www.omnesbands.international\/wp-content\/uploads\/2023\/01\/Sisco-1-150x150.jpg 150w, https:\/\/www.omnesbands.international\/wp-content\/uploads\/2023\/01\/Sisco-1-100x100.jpg 100w\" sizes=\"auto, (max-width: 300px) 100vw, 300px\" \/><h2 class=\"woocommerce-loop-product__title\">\u30b7\u30b9\u30b3<\/h2>\n\t<span class=\"price\"><span class=\"woocommerce-Price-amount amount\"><bdi><span class=\"woocommerce-Price-currencySymbol\">&#36;<\/span>30.00<\/bdi><\/span><\/span>\n<\/a><a href=\"\/ja\/wp-json\/wp\/v2\/pages\/1635?add-to-cart=1274\" aria-describedby=\"woocommerce_loop_add_to_cart_link_describedby_1274\" data-quantity=\"1\" class=\"button product_type_simple add_to_cart_button ajax_add_to_cart\" data-product_id=\"1274\" data-product_sku=\"SIS-CAL-ESP-22\" aria-label=\"\u30ab\u30fc\u30c8\u306b\u8ffd\u52a0: \u300cSisco\u300d\" rel=\"nofollow\" data-success_message=\"\u300cSisco\u300d\u3092\u304a\u8cb7\u3044\u7269\u30ab\u30b4\u306b\u8ffd\u52a0\u3057\u307e\u3057\u305f\" role=\"button\" data-no-translation=\"\" data-trp-gettext=\"\" data-no-translation-aria-label=\"\" data-no-translation-data-success_message=\"\">\u304a\u8cb7\u3044\u7269\u30ab\u30b4\u306b\u8ffd\u52a0<\/a>\t<span id=\"woocommerce_loop_add_to_cart_link_describedby_1274\" class=\"screen-reader-text\">\n\t\t\t<\/span>\n<\/li>\n<\/ul>\n<\/div>","protected":false},"excerpt":{"rendered":"<p>DANIEL FERRERO SILVAJE Titulado superior de trompa, armon\u00eda, composici\u00f3n e instrumentaci\u00f3n, direcci\u00f3n de coros y direcci\u00f3n de orquesta, Daniel Ferrero ha dirigido varias agrupaciones, entre ellas, la orquesta del Conservatorio de Valencia, Orquesta Sinf\u00f3nica del Vall\u00e9s, la Uni\u00f3 Musical de Muro y la Banda Municipal de Villena. Desde 1987 hasta el a\u00f1o 2000 ha sido [&hellip;]<\/p>\n","protected":false},"author":4,"featured_media":0,"parent":0,"menu_order":0,"comment_status":"closed","ping_status":"closed","template":"","meta":{"_acf_changed":false,"_uag_custom_page_level_css":"","site-sidebar-layout":"default","site-content-layout":"","ast-site-content-layout":"default","site-content-style":"default","site-sidebar-style":"default","ast-global-header-display":"","ast-banner-title-visibility":"","ast-main-header-display":"","ast-hfb-above-header-display":"","ast-hfb-below-header-display":"","ast-hfb-mobile-header-display":"","site-post-title":"disabled","ast-breadcrumbs-content":"","ast-featured-img":"","footer-sml-layout":"","ast-disable-related-posts":"","theme-transparent-header-meta":"","adv-header-id-meta":"","stick-header-meta":"","header-above-stick-meta":"","header-main-stick-meta":"","header-below-stick-meta":"","astra-migrate-meta-layouts":"default","ast-page-background-enabled":"default","ast-page-background-meta":{"desktop":{"background-color":"","background-image":"","background-repeat":"repeat","background-position":"center center","background-size":"auto","background-attachment":"scroll","background-type":"","background-media":"","overlay-type":"","overlay-color":"","overlay-opacity":"","overlay-gradient":""},"tablet":{"background-color":"","background-image":"","background-repeat":"repeat","background-position":"center center","background-size":"auto","background-attachment":"scroll","background-type":"","background-media":"","overlay-type":"","overlay-color":"","overlay-opacity":"","overlay-gradient":""},"mobile":{"background-color":"","background-image":"","background-repeat":"repeat","background-position":"center center","background-size":"auto","background-attachment":"scroll","background-type":"","background-media":"","overlay-type":"","overlay-color":"","overlay-opacity":"","overlay-gradient":""}},"ast-content-background-meta":{"desktop":{"background-color":"var(--ast-global-color-5)","background-image":"","background-repeat":"repeat","background-position":"center center","background-size":"auto","background-attachment":"scroll","background-type":"","background-media":"","overlay-type":"","overlay-color":"","overlay-opacity":"","overlay-gradient":""},"tablet":{"background-color":"var(--ast-global-color-5)","background-image":"","background-repeat":"repeat","background-position":"center center","background-size":"auto","background-attachment":"scroll","background-type":"","background-media":"","overlay-type":"","overlay-color":"","overlay-opacity":"","overlay-gradient":""},"mobile":{"background-color":"var(--ast-global-color-5)","background-image":"","background-repeat":"repeat","background-position":"center center","background-size":"auto","background-attachment":"scroll","background-type":"","background-media":"","overlay-type":"","overlay-color":"","overlay-opacity":"","overlay-gradient":""}},"footnotes":""},"class_list":["post-1635","page","type-page","status-publish","hentry"],"acf":[],"yoast_head":"<!-- This site is optimized with the Yoast SEO Premium plugin v22.4 (Yoast SEO v27.4) - https:\/\/yoast.com\/product\/yoast-seo-premium-wordpress\/ -->\n<title>DANIEL FERRERO SILVAJE -<\/title>\n<meta name=\"robots\" content=\"index, follow, max-snippet:-1, max-image-preview:large, max-video-preview:-1\" \/>\n<link rel=\"canonical\" href=\"https:\/\/www.omnesbands.international\/ja\/daniel-ferrero-silvaje-2\/\" \/>\n<meta property=\"og:locale\" content=\"ja_JP\" \/>\n<meta property=\"og:type\" content=\"article\" \/>\n<meta property=\"og:title\" content=\"DANIEL FERRERO SILVAJE\" \/>\n<meta property=\"og:description\" content=\"DANIEL FERRERO SILVAJE Titulado superior de trompa, armon\u00eda, composici\u00f3n e instrumentaci\u00f3n, direcci\u00f3n de coros y direcci\u00f3n de orquesta, Daniel Ferrero ha dirigido varias agrupaciones, entre ellas, la orquesta del Conservatorio de Valencia, Orquesta Sinf\u00f3nica del Vall\u00e9s, la Uni\u00f3 Musical de Muro y la Banda Municipal de Villena. Desde 1987 hasta el a\u00f1o 2000 ha sido [&hellip;]\" \/>\n<meta property=\"og:url\" content=\"https:\/\/www.omnesbands.international\/ja\/daniel-ferrero-silvaje-2\/\" \/>\n<meta property=\"article:modified_time\" content=\"2023-01-28T21:01:38+00:00\" \/>\n<meta property=\"og:image\" content=\"https:\/\/www.omnesbands.international\/wp-content\/uploads\/2023\/01\/music-sheet-music-snowdrop-7107045.jpg\" \/>\n\t<meta property=\"og:image:width\" content=\"1280\" \/>\n\t<meta property=\"og:image:height\" content=\"742\" \/>\n\t<meta property=\"og:image:type\" content=\"image\/jpeg\" \/>\n<meta name=\"twitter:card\" content=\"summary_large_image\" \/>\n<meta name=\"twitter:label1\" content=\"\u63a8\u5b9a\u8aad\u307f\u53d6\u308a\u6642\u9593\" \/>\n\t<meta name=\"twitter:data1\" content=\"1\u5206\" \/>\n<script type=\"application\/ld+json\" class=\"yoast-schema-graph\">{\"@context\":\"https:\\\/\\\/schema.org\",\"@graph\":[{\"@type\":\"WebPage\",\"@id\":\"https:\\\/\\\/www.omnesbands.international\\\/daniel-ferrero-silvaje-2\\\/\",\"url\":\"https:\\\/\\\/www.omnesbands.international\\\/daniel-ferrero-silvaje-2\\\/\",\"name\":\"DANIEL FERRERO SILVAJE -\",\"isPartOf\":{\"@id\":\"https:\\\/\\\/www.omnesbands.international\\\/#website\"},\"datePublished\":\"2023-01-28T21:01:36+00:00\",\"dateModified\":\"2023-01-28T21:01:38+00:00\",\"breadcrumb\":{\"@id\":\"https:\\\/\\\/www.omnesbands.international\\\/daniel-ferrero-silvaje-2\\\/#breadcrumb\"},\"inLanguage\":\"ja\",\"potentialAction\":[{\"@type\":\"ReadAction\",\"target\":[\"https:\\\/\\\/www.omnesbands.international\\\/daniel-ferrero-silvaje-2\\\/\"]}]},{\"@type\":\"BreadcrumbList\",\"@id\":\"https:\\\/\\\/www.omnesbands.international\\\/daniel-ferrero-silvaje-2\\\/#breadcrumb\",\"itemListElement\":[{\"@type\":\"ListItem\",\"position\":1,\"name\":\"Portada\",\"item\":\"https:\\\/\\\/www.omnesbands.international\\\/\"},{\"@type\":\"ListItem\",\"position\":2,\"name\":\"DANIEL FERRERO SILVAJE\"}]},{\"@type\":\"WebSite\",\"@id\":\"https:\\\/\\\/www.omnesbands.international\\\/#website\",\"url\":\"https:\\\/\\\/www.omnesbands.international\\\/\",\"name\":\"OMNESBANDS International\",\"description\":\"Partituras Originales de autores y compositores independientes\",\"publisher\":{\"@id\":\"https:\\\/\\\/www.omnesbands.international\\\/#organization\"},\"potentialAction\":[{\"@type\":\"SearchAction\",\"target\":{\"@type\":\"EntryPoint\",\"urlTemplate\":\"https:\\\/\\\/www.omnesbands.international\\\/?s={search_term_string}\"},\"query-input\":{\"@type\":\"PropertyValueSpecification\",\"valueRequired\":true,\"valueName\":\"search_term_string\"}}],\"inLanguage\":\"ja\"},{\"@type\":\"Organization\",\"@id\":\"https:\\\/\\\/www.omnesbands.international\\\/#organization\",\"name\":\"Indra Consultores Internacionales\",\"alternateName\":\"Omnesbands\",\"url\":\"https:\\\/\\\/www.omnesbands.international\\\/\",\"logo\":{\"@type\":\"ImageObject\",\"inLanguage\":\"ja\",\"@id\":\"https:\\\/\\\/www.omnesbands.international\\\/#\\\/schema\\\/logo\\\/image\\\/\",\"url\":\"https:\\\/\\\/omnesbands.international\\\/wp-content\\\/uploads\\\/2023\\\/06\\\/Logo-Nuevo-.png\",\"contentUrl\":\"https:\\\/\\\/omnesbands.international\\\/wp-content\\\/uploads\\\/2023\\\/06\\\/Logo-Nuevo-.png\",\"width\":394,\"height\":212,\"caption\":\"Indra Consultores Internacionales\"},\"image\":{\"@id\":\"https:\\\/\\\/www.omnesbands.international\\\/#\\\/schema\\\/logo\\\/image\\\/\"}}]}<\/script>\n<!-- \/ Yoast SEO Premium plugin. -->","yoast_head_json":{"title":"DANIEL FERRERO SILVAJE -","robots":{"index":"index","follow":"follow","max-snippet":"max-snippet:-1","max-image-preview":"max-image-preview:large","max-video-preview":"max-video-preview:-1"},"canonical":"https:\/\/www.omnesbands.international\/ja\/daniel-ferrero-silvaje-2\/","og_locale":"ja_JP","og_type":"article","og_title":"DANIEL FERRERO SILVAJE","og_description":"DANIEL FERRERO SILVAJE Titulado superior de trompa, armon\u00eda, composici\u00f3n e instrumentaci\u00f3n, direcci\u00f3n de coros y direcci\u00f3n de orquesta, Daniel Ferrero ha dirigido varias agrupaciones, entre ellas, la orquesta del Conservatorio de Valencia, Orquesta Sinf\u00f3nica del Vall\u00e9s, la Uni\u00f3 Musical de Muro y la Banda Municipal de Villena. Desde 1987 hasta el a\u00f1o 2000 ha sido [&hellip;]","og_url":"https:\/\/www.omnesbands.international\/ja\/daniel-ferrero-silvaje-2\/","article_modified_time":"2023-01-28T21:01:38+00:00","og_image":[{"width":1280,"height":742,"url":"https:\/\/www.omnesbands.international\/wp-content\/uploads\/2023\/01\/music-sheet-music-snowdrop-7107045.jpg","type":"image\/jpeg"}],"twitter_card":"summary_large_image","twitter_misc":{"\u63a8\u5b9a\u8aad\u307f\u53d6\u308a\u6642\u9593":"1\u5206"},"schema":{"@context":"https:\/\/schema.org","@graph":[{"@type":"WebPage","@id":"https:\/\/www.omnesbands.international\/daniel-ferrero-silvaje-2\/","url":"https:\/\/www.omnesbands.international\/daniel-ferrero-silvaje-2\/","name":"DANIEL FERRERO SILVAJE -","isPartOf":{"@id":"https:\/\/www.omnesbands.international\/#website"},"datePublished":"2023-01-28T21:01:36+00:00","dateModified":"2023-01-28T21:01:38+00:00","breadcrumb":{"@id":"https:\/\/www.omnesbands.international\/daniel-ferrero-silvaje-2\/#breadcrumb"},"inLanguage":"ja","potentialAction":[{"@type":"ReadAction","target":["https:\/\/www.omnesbands.international\/daniel-ferrero-silvaje-2\/"]}]},{"@type":"BreadcrumbList","@id":"https:\/\/www.omnesbands.international\/daniel-ferrero-silvaje-2\/#breadcrumb","itemListElement":[{"@type":"ListItem","position":1,"name":"Portada","item":"https:\/\/www.omnesbands.international\/"},{"@type":"ListItem","position":2,"name":"DANIEL FERRERO SILVAJE"}]},{"@type":"WebSite","@id":"https:\/\/www.omnesbands.international\/#website","url":"https:\/\/www.omnesbands.international\/","name":"OMNESBANDS International","description":"\u72ec\u7acb\u3057\u305f\u4f5c\u5bb6\u3084\u4f5c\u66f2\u5bb6\u306b\u3088\u308b\u30aa\u30ea\u30b8\u30ca\u30eb\u306e\u697d\u8b5c","publisher":{"@id":"https:\/\/www.omnesbands.international\/#organization"},"potentialAction":[{"@type":"SearchAction","target":{"@type":"EntryPoint","urlTemplate":"https:\/\/www.omnesbands.international\/?s={search_term_string}"},"query-input":{"@type":"PropertyValueSpecification","valueRequired":true,"valueName":"search_term_string"}}],"inLanguage":"ja"},{"@type":"Organization","@id":"https:\/\/www.omnesbands.international\/#organization","name":"\u30a4\u30f3\u30c9\u30e9\u56fd\u969b\u30b3\u30f3\u30b5\u30eb\u30bf\u30f3\u30c8","alternateName":"Omnesbands","url":"https:\/\/www.omnesbands.international\/","logo":{"@type":"ImageObject","inLanguage":"ja","@id":"https:\/\/www.omnesbands.international\/#\/schema\/logo\/image\/","url":"https:\/\/omnesbands.international\/wp-content\/uploads\/2023\/06\/Logo-Nuevo-.png","contentUrl":"https:\/\/omnesbands.international\/wp-content\/uploads\/2023\/06\/Logo-Nuevo-.png","width":394,"height":212,"caption":"Indra Consultores Internacionales"},"image":{"@id":"https:\/\/www.omnesbands.international\/#\/schema\/logo\/image\/"}}]}},"uagb_featured_image_src":{"full":false,"thumbnail":false,"medium":false,"medium_large":false,"large":false,"1536x1536":false,"2048x2048":false,"trp-custom-language-flag":false,"gg_gallery_thumbnail":false,"woocommerce_thumbnail":false,"woocommerce_single":false,"woocommerce_gallery_thumbnail":false},"uagb_author_info":{"display_name":"Melvin R. Portillo A:","author_link":"https:\/\/www.omnesbands.international\/ja\/author\/portand\/"},"uagb_comment_info":0,"uagb_excerpt":"DANIEL FERRERO SILVAJE Titulado superior de trompa, armon\u00eda, composici\u00f3n e instrumentaci\u00f3n, direcci\u00f3n de coros y direcci\u00f3n de orquesta, Daniel Ferrero ha dirigido varias agrupaciones, entre ellas, la orquesta del Conservatorio de Valencia, Orquesta Sinf\u00f3nica del Vall\u00e9s, la Uni\u00f3 Musical de Muro y la Banda Municipal de Villena. Desde 1987 hasta el a\u00f1o 2000 ha sido&hellip;","_links":{"self":[{"href":"https:\/\/www.omnesbands.international\/ja\/wp-json\/wp\/v2\/pages\/1635","targetHints":{"allow":["GET"]}}],"collection":[{"href":"https:\/\/www.omnesbands.international\/ja\/wp-json\/wp\/v2\/pages"}],"about":[{"href":"https:\/\/www.omnesbands.international\/ja\/wp-json\/wp\/v2\/types\/page"}],"author":[{"embeddable":true,"href":"https:\/\/www.omnesbands.international\/ja\/wp-json\/wp\/v2\/users\/4"}],"replies":[{"embeddable":true,"href":"https:\/\/www.omnesbands.international\/ja\/wp-json\/wp\/v2\/comments?post=1635"}],"version-history":[{"count":1,"href":"https:\/\/www.omnesbands.international\/ja\/wp-json\/wp\/v2\/pages\/1635\/revisions"}],"predecessor-version":[{"id":1636,"href":"https:\/\/www.omnesbands.international\/ja\/wp-json\/wp\/v2\/pages\/1635\/revisions\/1636"}],"wp:attachment":[{"href":"https:\/\/www.omnesbands.international\/ja\/wp-json\/wp\/v2\/media?parent=1635"}],"curies":[{"name":"wp","href":"https:\/\/api.w.org\/{rel}","templated":true}]}}